{"id":233834,"date":"2024-04-24T10:10:44","date_gmt":"2024-04-24T08:10:44","guid":{"rendered":"https:\/\/www.studiobnc.net\/sito\/?page_id=233834"},"modified":"2024-04-24T10:13:28","modified_gmt":"2024-04-24T08:13:28","slug":"archivio-precedenti-2023-i-venerdi-dello-studio-bnc","status":"publish","type":"page","link":"https:\/\/www.studiobnc.net\/sito\/archivio-precedenti-2023-i-venerdi-dello-studio-bnc\/","title":{"rendered":"Archivio precedenti 2023 - I venerd\u00ec dello studio BNC"},"content":{"rendered":"<p>[et_pb_section fb_built=\"1\" admin_label=\"section\" _builder_version=\"4.16\" global_colors_info=\"{}\"][et_pb_row _builder_version=\"4.16\" custom_padding=\"0px||0px|||\" global_colors_info=\"{}\"][et_pb_column type=\"4_4\" _builder_version=\"4.16\" global_colors_info=\"{}\"][et_pb_text _builder_version=\"4.24.3\" text_text_color=\"#628fc6\" text_font_size=\"40px\" text_line_height=\"1.8em\" hover_enabled=\"0\" global_colors_info=\"{}\" sticky_enabled=\"0\"]<\/p>\n<p style=\"text-align: center;\">I venerd\u00ec dello Studio BNC - Eventi precedenti - 2023<\/p>\n<p>[\/et_pb_text][\/et_pb_column][\/et_pb_row][et_pb_row disabled_on=\"off|off|off\" admin_label=\"riga 1 video\" _builder_version=\"4.19.4\" _module_preset=\"default\" custom_padding=\"0px||0px|||\" global_colors_info=\"{}\"][et_pb_column type=\"4_4\" _builder_version=\"4.16\" _module_preset=\"default\" global_colors_info=\"{}\"][et_pb_text _builder_version=\"4.23.1\" text_text_color=\"#628fc6\" text_font_size=\"40px\" text_line_height=\"1.8em\" global_colors_info=\"{}\"]<\/p>\n<p style=\"text-align: center;\">\n<p>[\/et_pb_text][\/et_pb_column][\/et_pb_row][et_pb_row column_structure=\"1_2,1_2\" disabled_on=\"off|off|off\" admin_label=\"riga 1 cima\" _builder_version=\"4.16\" _module_preset=\"default\" global_colors_info=\"{}\"][et_pb_column type=\"1_2\" _builder_version=\"4.16\" _module_preset=\"default\" global_colors_info=\"{}\"][et_pb_video src=\"https:\/\/vimeo.com\/897212086?share=copy\" thumbnail_overlay_color=\"rgba(0,0,0,0.6)\" admin_label=\"22 dicembre Massarini\" module_id=\"#ancora\" _builder_version=\"4.23.1\" locked=\"off\" global_colors_info=\"{}\"][\/et_pb_video][et_pb_text disabled_on=\"off|off|off\" _builder_version=\"4.23.1\" _module_preset=\"default\" locked=\"off\" global_colors_info=\"{}\"]<\/p>\n<p><em>Giornalista, conduttore televisivo e speaker radiofonico. <\/em>In breve, Mister Fantasy.<\/p>\n<p>Classe \u201952,\u00a0<strong>Carlo Massarini<\/strong> \u00e8 un personaggio unico nella storia della musica italiana.<\/p>\n<p>A lui si deve il merito di aver portato le migliori novit\u00e0 musicali al grande pubblico, molto tempo prima dell\u2019arrivo dei social e delle piattaforme streaming.<\/p>\n<p><em>Persino prima della nascita di MTV Music.<\/em><\/p>\n<p>Rivoluzionario per natura, Massarini \u00e8 ospite de \u201cI venerd\u00ec dello studio BNC\u201d, intervistato da <strong>Francesca Lai<\/strong>.<\/p>\n<p>Al centro dell\u2019incontro virtuale l\u2019ultima fatica del giornalista ligure \u201cVivo dal vivo 2010-2023\u201d, un foto-racconto di 120 concerti, in cui emergono l\u2019ironia e l\u2019energia che da sempre contraddistinguono la sua penna.<\/p>\n<p>[\/et_pb_text][\/et_pb_column][et_pb_column type=\"1_2\" _builder_version=\"4.16\" _module_preset=\"default\" global_colors_info=\"{}\"][et_pb_video src=\"https:\/\/vimeo.com\/890267612?share=copy\" thumbnail_overlay_color=\"rgba(0,0,0,0.6)\" admin_label=\"15 dicembre Gandolfi\" _builder_version=\"4.23.1\" locked=\"off\" global_colors_info=\"{}\"][\/et_pb_video][et_pb_text disabled_on=\"off|off|off\" _builder_version=\"4.23.1\" _module_preset=\"default\" locked=\"off\" global_colors_info=\"{}\"]<\/p>\n<div dir=\"auto\">\n<div dir=\"auto\">\n<div dir=\"auto\">\n<p><em><strong>Pasquale Gandolfi<\/strong>, presidente della Provincia di Bergamo, fa il punto sul 2023 sotto il profilo dell\u2019occupazione dei giovani sul territorio bergamasco e sulle opere di mantenimento del patrimonio eseguite nell\u2019anno che si sta per concludere.<\/em><br \/>Intervista <strong>Giorgio Dusi<\/strong>, giornalista di Bergamonews.<\/p>\n<\/div>\n<\/div>\n<\/div>\n<p>[\/et_pb_text][\/et_pb_column][\/et_pb_row][et_pb_row column_structure=\"1_2,1_2\" disabled_on=\"off|off|off\" admin_label=\"riga 1 cima\" _builder_version=\"4.16\" _module_preset=\"default\" global_colors_info=\"{}\"][et_pb_column type=\"1_2\" _builder_version=\"4.16\" _module_preset=\"default\" global_colors_info=\"{}\"][et_pb_video src=\"https:\/\/vimeo.com\/887965082?share=copy\" thumbnail_overlay_color=\"rgba(0,0,0,0.6)\" admin_label=\"1 Dicembre Vegini Zoccali\" module_id=\"#ancora\" _builder_version=\"4.22.1\" locked=\"off\" global_colors_info=\"{}\"][\/et_pb_video][et_pb_text disabled_on=\"off|off|off\" _builder_version=\"4.22.1\" _module_preset=\"default\" locked=\"off\" global_colors_info=\"{}\"]<\/p>\n<p><em>Christmas Design \u00e8 la mostra diffusa che, fino al 7 gennaio 2024, porter\u00e0 l'arte e la creativit\u00e0 nelle piazze di Bergamo.<\/em><\/p>\n<p>Tra le installazioni esposte nei luoghi simbolo di Bergamo anche \"Cielo Colorato\" l\u2019opera firmata da Angelo Micheli e Banafsheh Razavi di AMDL CIRCLE e realizzata grazie al contributo di Studio BNC e Bergamo+, che racconta il percorso interiore dell\u2019uomo.<\/p>\n<p>A parlarcene l\u2019ideatore e direttore artistico <strong>Maurizio Vegini<\/strong> di Studio GPT, intervistato da <strong>Gaetano Zoccali<\/strong>, giornalista e Head of content del progetto.<\/p>\n<p>[\/et_pb_text][\/et_pb_column][et_pb_column type=\"1_2\" _builder_version=\"4.16\" _module_preset=\"default\" global_colors_info=\"{}\"][et_pb_video src=\"https:\/\/vimeo.com\/885618295?share=copy\" thumbnail_overlay_color=\"rgba(0,0,0,0.6)\" admin_label=\"24 novembre Belloni Manzato\" _builder_version=\"4.22.1\" locked=\"off\" global_colors_info=\"{}\"][\/et_pb_video][et_pb_text disabled_on=\"off|off|off\" _builder_version=\"4.22.1\" _module_preset=\"default\" locked=\"off\" global_colors_info=\"{}\"]<\/p>\n<div dir=\"auto\">\n<div dir=\"auto\">\n<div dir=\"auto\">\n<p>Le famiglie imprenditoriali sono il tessuto produttivo del nostro Paese.<\/p>\n<p><em>Per tenerle insieme, definirne la strategia, includere tutti gli attori e tutte le generazioni, diventa cruciale il ruolo del Family Office, ancora poco conosciuto in Italia ma molto diffuso nei paesi anglosassoni e sempre di pi\u00f9 anche nello Stivale.<\/em><\/p>\n<p>Di questo abbiamo parlato con <strong>Erika Belloni<\/strong> e <strong>Carlo Manzato<\/strong> di Scouting Tra Partners SIM, Multi Family Office con oltre 20 anni di storia.<\/p>\n<p>Intervista <strong>Antonio Tognoli<\/strong>, responsabile Macroanalisi e Comunicazione di CFO SIM.<\/p>\n<\/div>\n<\/div>\n<\/div>\n<p>[\/et_pb_text][\/et_pb_column][\/et_pb_row][et_pb_row column_structure=\"1_2,1_2\" disabled_on=\"off|off|off\" admin_label=\"riga 1 cima\" _builder_version=\"4.16\" _module_preset=\"default\" global_colors_info=\"{}\"][et_pb_column type=\"1_2\" _builder_version=\"4.16\" _module_preset=\"default\" global_colors_info=\"{}\"][et_pb_video src=\"https:\/\/vimeo.com\/883240228?share=copy\" thumbnail_overlay_color=\"rgba(0,0,0,0.6)\" admin_label=\"17 novembre 2023\" module_id=\"#ancora\" _builder_version=\"4.22.1\" locked=\"off\" global_colors_info=\"{}\"][\/et_pb_video][et_pb_text disabled_on=\"off|off|off\" _builder_version=\"4.22.1\" _module_preset=\"default\" locked=\"off\" global_colors_info=\"{}\"]<\/p>\n<p><em>Bergamo e Brescia due citt\u00e0 costeggiate da un'autostrada che \u00e8 anche il corridoio 5 dell'Europa, due terre protagoniste della trasformazione da mondi agricoli a centri nevralgici dell'industria.<\/em><\/p>\n<p>Due citt\u00e0 che vivono la consacrazione di Capitali della Cultura 2023 riscoprendo tesori artistici, cattedrali e basiliche, musei e percorsi eno-gastronomici che completano la loro vera essenza.<\/p>\n<p><em>Tutto da scoprire con un imperativo: andare adagio.<\/em><\/p>\n<p>Ne abbiamo parlato con <strong>Paola Bianchi<\/strong>, dottoressa in storia dell'arte e <strong>Massimo Tedeschi<\/strong>, giornalista e scrittore intervistati da <strong>Davide Agazzi<\/strong>, direttore di Bergamonews.<\/p>\n<p>[\/et_pb_text][\/et_pb_column][et_pb_column type=\"1_2\" _builder_version=\"4.16\" _module_preset=\"default\" global_colors_info=\"{}\"][et_pb_video src=\"https:\/\/vimeo.com\/880860137?share=copy\" thumbnail_overlay_color=\"rgba(0,0,0,0.6)\" admin_label=\"10 novembre Bosatelli\" _builder_version=\"4.22.1\" locked=\"off\" global_colors_info=\"{}\"][\/et_pb_video][et_pb_text disabled_on=\"off|off|off\" _builder_version=\"4.22.1\" _module_preset=\"default\" locked=\"off\" global_colors_info=\"{}\"]<\/p>\n<div dir=\"auto\">\n<div dir=\"auto\">\n<div dir=\"auto\">\n<p style=\"text-align: left;\"><strong>Oliviero Bosatelli<\/strong> \u00e8 un atleta instancabile.<\/p>\n<p style=\"text-align: left;\"><em>A 54 anni il trailer di Gandino continua a correre su e gi\u00f9 per le montagne completando il temibile \u201cTor des Geant\u201d che lo ha visto vittorioso nel 2016 e nel 2019.<\/em><\/p>\n<p style=\"text-align: left;\">Una passione che continua ad alimentarsi e a viaggiare di pari passo con la propria professione da vigile del fuoco che lo vede impegnato quando non si trova ad alta quota.<\/p>\n<p style=\"text-align: left;\">A intervistarlo \u00e8 <strong>Marco Cangelli<\/strong>, giornalista di Terzo Tempo Sport Magazine.<\/p>\n<\/div>\n<\/div>\n<\/div>\n<p>[\/et_pb_text][\/et_pb_column][\/et_pb_row][et_pb_row column_structure=\"1_2,1_2\" disabled_on=\"off|off|off\" admin_label=\"riga 1 cima\" _builder_version=\"4.16\" _module_preset=\"default\" global_colors_info=\"{}\"][et_pb_column type=\"1_2\" _builder_version=\"4.16\" _module_preset=\"default\" global_colors_info=\"{}\"][et_pb_video src=\"https:\/\/vimeo.com\/878624015?share=copy\" thumbnail_overlay_color=\"rgba(0,0,0,0.6)\" admin_label=\"3 novembre 2023\" module_id=\"#ancora\" _builder_version=\"4.22.1\" locked=\"off\" global_colors_info=\"{}\"][\/et_pb_video][et_pb_text disabled_on=\"off|off|off\" _builder_version=\"4.22.1\" _module_preset=\"default\" locked=\"off\" global_colors_info=\"{}\"]<\/p>\n<p><em>Una cura semplice e naturale che si rivela efficace per contrastare i disturbi caratterizzati da infiammazione e dolore, primo tra tutti il mal di schiena.<\/em><\/p>\n<p><strong>Marianno Franzini<\/strong> e <strong>Claudio Pedrazzini<\/strong> ci hanno raccontato cos'\u00e8 l'ozonoterapia, come si utilizza e perch\u00e9 rappresenta uno strumento di cura per molte patologie, assicurando benefici e nessun effetto indesiderato.<\/p>\n<p>A intervistarli <strong>Monica Pagani <\/strong>di Bergamonews.<\/p>\n<p>[\/et_pb_text][\/et_pb_column][et_pb_column type=\"1_2\" _builder_version=\"4.16\" _module_preset=\"default\" global_colors_info=\"{}\"][et_pb_video src=\"https:\/\/vimeo.com\/876338208?share=copy\" thumbnail_overlay_color=\"rgba(0,0,0,0.6)\" admin_label=\"27 ottobre Santini Lanfranchi\" _builder_version=\"4.22.1\" locked=\"off\" global_colors_info=\"{}\"][\/et_pb_video][et_pb_text disabled_on=\"off|off|off\" _builder_version=\"4.22.1\" _module_preset=\"default\" locked=\"off\" global_colors_info=\"{}\"]<\/p>\n<div dir=\"auto\">\n<div dir=\"auto\">\n<div dir=\"auto\">\n<p style=\"text-align: left;\">Archiviata l\u2019ultima tourn\u00e9e, il critico e giornalista <strong>Fabio Santini<\/strong> e <strong>Alberto Lanfranchi<\/strong>, promotore e instancabile organizzatore di \u201cNoi &amp; Springsteen\u201d, si interrogano sullo stato dell\u2019arte dell\u2019ultima produzione del cantante<br \/>e chitarrista del New Jersey.<\/p>\n<p style=\"text-align: left;\"><em>Le canzoni del Boss hanno ancora la proverbiale poetica letteraria<\/em><br \/><em>di una volta? <\/em><\/p>\n<p style=\"text-align: left;\"><em>La E Street Band ha ancora quell\u2019impatto mitologico di un tempo?\u00a0<\/em><\/p>\n<p style=\"text-align: left;\"><em>E quale futuro attende Springsteen e in genere tutto il mondo del rock?\u00a0<\/em><em><\/em><\/p>\n<p style=\"text-align: left;\">Santini e Lanfranchi esprimendo il loro contrapposto punto di vista\u00a0 cercano di dare una risposta a questi quesiti e di delineare cos\u00ec l\u2019ipotesi di un possibile futuro della cosiddetta Musica del Diavolo.<\/p>\n<\/div>\n<\/div>\n<\/div>\n<p>[\/et_pb_text][\/et_pb_column][\/et_pb_row][et_pb_row column_structure=\"1_2,1_2\" disabled_on=\"off|off|off\" admin_label=\"riga 1 cima\" _builder_version=\"4.16\" _module_preset=\"default\" global_colors_info=\"{}\"][et_pb_column type=\"1_2\" _builder_version=\"4.16\" _module_preset=\"default\" global_colors_info=\"{}\"][et_pb_video src=\"https:\/\/vimeo.com\/874031154?share=copy\" thumbnail_overlay_color=\"rgba(0,0,0,0.6)\" admin_label=\"20 ottobre Bonassi\" module_id=\"#ancora\" _builder_version=\"4.22.1\" locked=\"off\" global_colors_info=\"{}\"][\/et_pb_video][et_pb_text disabled_on=\"off|off|off\" _builder_version=\"4.22.1\" _module_preset=\"default\" locked=\"off\" global_colors_info=\"{}\"]<\/p>\n<p><em>Pianura Network \u00e8 un\u2019organizzazione composta da un gruppo di professionisti (marketing, event management, big data analytics e comunicazione) che accompagna le aziende in un percorso di crescita e visibilit\u00e0 attraverso un metodo di cooperazione territoriale su tutta la pianura lombarda.<\/em><\/p>\n<p>L\u2019area d\u2019azione ha come punto di incontro sei vertici: Bergamo, Brescia, Lodi, Cremona, Pavia e Mantova.<br \/><em>Pianura Network \u00e8 un progetto unico e innovativo che genera e promuove reti, contatti e connessioni, con una mission chiara: dare voce alle imprese del territorio della pianura lombarda, un\u2019area che aggregata rappresenta la terza realt\u00e0 economica aziendale.<\/em><\/p>\n<p>Ne abbiamo parlato con <strong>Bruno Bonassi<\/strong>, giornalista e direttore di Pianura Network, intervistato da <strong>Silvia Arnoldi<\/strong>, giornalista de L'Eco di Bergamo.<\/p>\n<p>[\/et_pb_text][\/et_pb_column][et_pb_column type=\"1_2\" _builder_version=\"4.16\" _module_preset=\"default\" global_colors_info=\"{}\"][et_pb_video src=\"https:\/\/vimeo.com\/871794661?share=copy\" thumbnail_overlay_color=\"rgba(0,0,0,0.6)\" admin_label=\"13 ottobre Cesani Ferrandi\" _builder_version=\"4.22.1\" locked=\"off\" global_colors_info=\"{}\"][\/et_pb_video][et_pb_text disabled_on=\"off|off|off\" _builder_version=\"4.22.1\" _module_preset=\"default\" locked=\"off\" global_colors_info=\"{}\"]<\/p>\n<div dir=\"auto\">\n<div dir=\"auto\">\n<div dir=\"auto\">\n<p><em>Basket inclusivo: il Baskin \u00e8 uno sport nato poco pi\u00f9 di vent'anni fa e che oggi \u00e8 diffuso a livello nazionale con 170 associazioni.<\/em><\/p>\n<p><strong>Carlo Cesani<\/strong> e <strong>Milvo Ferrandi<\/strong> di Excelsior Bergamo ci raccontano il ruolo sociale di uno sport davvero per tutti.<\/p>\n<p>A intervistarli <strong>Giorgio Dusi<\/strong>, giornalista di Bergamonews.<\/p>\n<\/div>\n<\/div>\n<\/div>\n<p>[\/et_pb_text][\/et_pb_column][\/et_pb_row][et_pb_row column_structure=\"1_2,1_2\" disabled_on=\"off|off|off\" admin_label=\"riga 1 cima\" _builder_version=\"4.16\" _module_preset=\"default\" global_colors_info=\"{}\"][et_pb_column type=\"1_2\" _builder_version=\"4.16\" _module_preset=\"default\" global_colors_info=\"{}\"][et_pb_video src=\"https:\/\/vimeo.com\/869508837?share=copy\" thumbnail_overlay_color=\"rgba(0,0,0,0.6)\" admin_label=\"6 ottobre Agostini\" module_id=\"#ancora\" _builder_version=\"4.22.1\" locked=\"off\" global_colors_info=\"{}\"][\/et_pb_video][et_pb_text disabled_on=\"off|off|off\" _builder_version=\"4.22.1\" _module_preset=\"default\" locked=\"off\" global_colors_info=\"{}\"]<\/p>\n<p>Si tiene stretti i suoi titoli da record <strong>Giacomo Agostini<\/strong> - 15 mondiali, 123 gran premi vinti, 160 podi su 190 gare disputate - e d\u2019altra parte ha corso tutta la vita per conquistarli.<\/p>\n<p><em>Inarrivabile campione di motociclismo, \u201cAgo\u201d, oggi fresco 81enne, \u00e8 stato anche una delle prime figure sportive italiane a essere \u201cDivo\u201d.<\/em><\/p>\n<p>Nell\u2019intervista di <strong>Lorenzo Catania<\/strong>, giornalista di Bergamonews, ha raccontato passato, presente e futuro di un\u2019esistenza che ha fatto sognare.<\/p>\n<p>[\/et_pb_text][\/et_pb_column][et_pb_column type=\"1_2\" _builder_version=\"4.16\" _module_preset=\"default\" global_colors_info=\"{}\"][et_pb_video src=\"https:\/\/vimeo.com\/867125440?share=copy\" thumbnail_overlay_color=\"rgba(0,0,0,0.6)\" admin_label=\"29 settembre Nacci Sannino\" _builder_version=\"4.22.1\" locked=\"off\" global_colors_info=\"{}\"][\/et_pb_video][et_pb_text disabled_on=\"off|off|off\" _builder_version=\"4.22.1\" _module_preset=\"default\" locked=\"off\" global_colors_info=\"{}\"]<\/p>\n<div dir=\"auto\">\n<div dir=\"auto\">\n<div dir=\"auto\">\n<p><em>Terre Di Artisti \u00e8 un\u2019associazione culturale nata nel 2022 per indagare e valorizzare il rapporto tra gli artisti ed il territorio in cui vivono e producono le loro opere.<\/em><\/p>\n<p>In primis, la bergamasca, ma nelle intenzioni della associazione, anche altri territori vicini.<\/p>\n<p>Il progetto artistico di Nacci, adottato da Terre di Artisti per questa prima iniziativa, intende divulgare il \"pensiero creativo\", i volti e parole di 50 artiste e 50 artisti, intervistati dal noto regista, dando vita ad un\u2019imponente opera-testimonianza, digitale e duratura, di alcuni dei protagonisti del mondo delle arti visive.<\/p>\n<p>Ci hanno presentato questo affascinante progetto <strong>Alberto Nacci<\/strong>, regista e <strong>Fabio Sannino<\/strong>, dottore commercialista e presidente dell'associazione Terre di Artisti intervistati da <strong>Elisabetta Olivari<\/strong>, comunicatrice e giornalista.<\/p>\n<\/div>\n<\/div>\n<\/div>\n<p>[\/et_pb_text][\/et_pb_column][\/et_pb_row][et_pb_row column_structure=\"1_2,1_2\" disabled_on=\"off|off|off\" admin_label=\"riga 1 cima\" _builder_version=\"4.16\" _module_preset=\"default\" global_colors_info=\"{}\"][et_pb_column type=\"1_2\" _builder_version=\"4.16\" _module_preset=\"default\" global_colors_info=\"{}\"][et_pb_video src=\"https:\/\/vimeo.com\/864766591?share=copy\" thumbnail_overlay_color=\"rgba(0,0,0,0.6)\" admin_label=\"22 settembre 2023 Masserini\" module_id=\"#ancora\" _builder_version=\"4.22.1\" locked=\"off\" global_colors_info=\"{}\"][\/et_pb_video][et_pb_text disabled_on=\"off|off|off\" _builder_version=\"4.22.1\" _module_preset=\"default\" locked=\"off\" global_colors_info=\"{}\"]<\/p>\n<p><em>Quanto incide l\u2019aspetto mentale nella vita di uno sportivo?<\/em><\/p>\n<p><em>E quanto conta allenare la parte psicologica?<\/em><\/p>\n<p>Con il dottor <strong>Massimo Masserini<\/strong>, psicologo dello sport, abbiamo approfondito le tematiche che riguardano la salute mentale e la psiche degli atleti professionisti e non.<\/p>\n<p>A intervistarlo <strong>Giorgio Dusi<\/strong>, giornalista di Bergamonews.<\/p>\n<p>[\/et_pb_text][\/et_pb_column][et_pb_column type=\"1_2\" _builder_version=\"4.16\" _module_preset=\"default\" global_colors_info=\"{}\"][et_pb_video src=\"https:\/\/vimeo.com\/862354176?share=copy\" thumbnail_overlay_color=\"rgba(0,0,0,0.6)\" admin_label=\"15 settembre Anzovino\" _builder_version=\"4.22.1\" locked=\"off\" global_colors_info=\"{}\"][\/et_pb_video][et_pb_text disabled_on=\"off|off|off\" _builder_version=\"4.22.1\" _module_preset=\"default\" locked=\"off\" global_colors_info=\"{}\"]<\/p>\n<div dir=\"auto\">\n<div dir=\"auto\">\n<div dir=\"auto\">\n<p><em>Pu\u00f2 l\u2019intelligenza artificiale far parte della vita di tutti i giorni?<\/em><\/p>\n<p><em>Quali sono i risvolti pratici nel quotidiano?<\/em><\/p>\n<p>Il dottor <strong>Marco Anzovino<\/strong>, amministratore delegato di Skyline con una specializzazione accademica proprio nell'ambito dell'intelligenza artificiale, ci ha mostrato le applicazioni della tecnologia e come queste possano supportare la decisione umana.<\/p>\n<p>A intervistarlo <strong>Giorgio Dusi<\/strong>, giornalista di Bergamonews.<\/p>\n<\/div>\n<\/div>\n<\/div>\n<p>[\/et_pb_text][\/et_pb_column][\/et_pb_row][et_pb_row column_structure=\"1_2,1_2\" disabled_on=\"off|off|off\" admin_label=\"riga 1 cima\" _builder_version=\"4.16\" _module_preset=\"default\" global_colors_info=\"{}\"][et_pb_column type=\"1_2\" _builder_version=\"4.16\" _module_preset=\"default\" global_colors_info=\"{}\"][et_pb_video src=\"https:\/\/vimeo.com\/849432554?share=copy\" thumbnail_overlay_color=\"rgba(0,0,0,0.6)\" admin_label=\"8 settembre 2023 Marabini\" module_id=\"#ancora\" _builder_version=\"4.22.1\" locked=\"off\" global_colors_info=\"{}\"][\/et_pb_video][et_pb_text disabled_on=\"off|off|off\" _builder_version=\"4.22.1\" _module_preset=\"default\" locked=\"off\" global_colors_info=\"{}\"]<\/p>\n<p>Dopo la pausa estiva, ricominciano le puntate de \u201cI venerd\u00ec dello Studio BNC\u201d.<\/p>\n<p><em>Abbiamo parlato della narrazione sportiva e di come negli anni sia cambiata, sia dal punto di vista giornalistico che di quello saggistico.\u00a0<\/em><\/p>\n<p>A \u201cRaccontare lo Sport\u201d\u00a0 <strong>Paolo Marabini<\/strong> giornalista de \u201cLa Gazzetta dello Sport\u201d, autore e ideatore dell\u2019innovativa \u201cBiblioteca dello Sport \u2013 Nerio Marabini\u201d e <strong>Giorgio Dusi<\/strong> giornalista di Bergamonews.<\/p>\n<p>[\/et_pb_text][\/et_pb_column][et_pb_column type=\"1_2\" _builder_version=\"4.16\" _module_preset=\"default\" global_colors_info=\"{}\"][et_pb_video src=\"https:\/\/vimeo.com\/847289662?share=copy\" thumbnail_overlay_color=\"rgba(0,0,0,0.6)\" admin_label=\"28 luglio Micheli\" _builder_version=\"4.22.1\" locked=\"off\" global_colors_info=\"{}\"][\/et_pb_video][et_pb_text disabled_on=\"off|off|off\" _builder_version=\"4.22.1\" _module_preset=\"default\" locked=\"off\" global_colors_info=\"{}\"]<\/p>\n<div dir=\"auto\">\n<div dir=\"auto\">\n<div dir=\"auto\">\n<p><em>Raffaella Carr\u00e0, non una donna ma uno stile di vita.<\/em><br \/>L\u2019icona pop pi\u00f9 amata di sempre, anima della televisione italiana e personaggio internazionale, diventa protagonista di un\u2019opera lirica: \u201cRaffa in the Sky\u201d.<br \/>A curare la regia dello spettacolo sar\u00e0 Francesco Micheli, direttore artistico del Donizetti Opera Festival e ideatore di \u201cRaffa in the Sky\u201d.<\/p>\n<p><em>L\u2019opera, commissionata dalla Fondazione Teatro Donizetti per Bergamo Brescia Capitale della Cultura 2023 e realizzata grazie al sostegno di privati, andr\u00e0 in scena al Teatro Donizetti dal 29 settembre all\u20198 ottobre.<\/em><br \/>Lo ha raccontato <strong>Francesco Micheli<\/strong>, intervistato da <strong>Francesca Lai<\/strong>, giornalista e content writer, ospite della scorsa puntata de \u201cI venerd\u00ec dello Studio BNC\u201d.<\/p>\n<\/div>\n<\/div>\n<\/div>\n<p>[\/et_pb_text][\/et_pb_column][\/et_pb_row][et_pb_row column_structure=\"1_2,1_2\" disabled_on=\"off|off|off\" admin_label=\"riga 1 cima\" _builder_version=\"4.16\" _module_preset=\"default\" global_colors_info=\"{}\"][et_pb_column type=\"1_2\" _builder_version=\"4.16\" _module_preset=\"default\" global_colors_info=\"{}\"][et_pb_video src=\"https:\/\/vimeo.com\/845251828?share=copy\" thumbnail_overlay_color=\"rgba(0,0,0,0.6)\" admin_label=\"21 luglio 2023 Mazzola\" module_id=\"#ancora\" _builder_version=\"4.21.0\" locked=\"off\" global_colors_info=\"{}\"][\/et_pb_video][et_pb_text disabled_on=\"off|off|off\" _builder_version=\"4.21.0\" _module_preset=\"default\" locked=\"off\" global_colors_info=\"{}\"]<\/p>\n<p><em><span>Friulchem \u00e8 una PMI innovativa del settore chimico-farmaceutico B2B, P2P privata.<\/span><\/em><\/p>\n<p><span>Da oltre 20 anni si occupa di ricerca, sviluppo e produzione di prodotti farmaceutici originali e generici per uso umano e veterinario e vanta collaborazioni con diversi leader internazionali nel settore farmaceutico, grazie alla capacit\u00e0 di fondere ricerca e sviluppo con solide opportunit\u00e0 di business.<\/span><\/p>\n<p><em><span>L\u2019obiettivo di Friulchem \u00e8 fornire ai propri partner i migliori prodotti per contribuire a rafforzare la loro posizione nei rispettivi mercati.<\/span><\/em><\/p>\n<p>Ne abbiamo parlato con <strong>Disma Giovanni Mazzola<\/strong>, amministratore delegato di Friulchem intervistato da <strong>Antonio Tognoli<\/strong>, Responsabile macroanalisi e comunicazione Corporate Family Office SIM<\/p>\n<p>[\/et_pb_text][\/et_pb_column][et_pb_column type=\"1_2\" _builder_version=\"4.16\" _module_preset=\"default\" global_colors_info=\"{}\"][et_pb_video src=\"https:\/\/vimeo.com\/843167154?share=copy\" thumbnail_overlay_color=\"rgba(0,0,0,0.6)\" admin_label=\"14 luglio Ricuperati\" _builder_version=\"4.21.0\" locked=\"off\" global_colors_info=\"{}\"][\/et_pb_video][et_pb_text disabled_on=\"off|off|off\" _builder_version=\"4.21.0\" _module_preset=\"default\" locked=\"off\" global_colors_info=\"{}\"]<\/p>\n<div dir=\"auto\">\n<div dir=\"auto\">\n<div dir=\"auto\">\n<p class=\"xmsonormal\">Nella scorsa puntata de \u201cI venerd\u00ec dello Studio BNC\u201d abbiamo parlato con <strong>Giovanna Ricuperati<\/strong>, presidente di Confindustria Bergamo e Ceo di Multi.<br \/><em>\"Competitivit\u00e0 sostenibile\u201d \u00e8 lo slogan che ha scelto all'inizio del suo mandato alla guida di Confindustria Bergamo.<\/em><br \/>Uno slogan che \u00e8 diventato un mantra per traghettare le imprese verso il futuro investendo in sostenibilit\u00e0: <em>la vera chiave di volta per il futuro delle aziende e dove si giocher\u00e0 la competitivit\u00e0.<\/em><br \/>A intervistarla <strong>Davide Agazzi<\/strong>, direttore di Bergamonews.<\/p>\n<\/div>\n<\/div>\n<\/div>\n<p>[\/et_pb_text][\/et_pb_column][\/et_pb_row][et_pb_row column_structure=\"1_2,1_2\" disabled_on=\"off|off|off\" admin_label=\"riga 1 cima\" _builder_version=\"4.16\" _module_preset=\"default\" global_colors_info=\"{}\"][et_pb_column type=\"1_2\" _builder_version=\"4.16\" _module_preset=\"default\" global_colors_info=\"{}\"][et_pb_video src=\"https:\/\/vimeo.com\/841182210?share=copy\" thumbnail_overlay_color=\"rgba(0,0,0,0.6)\" admin_label=\"7 luglio 2023 Bonaldi\" module_id=\"#ancora\" _builder_version=\"4.20.4\" locked=\"off\" global_colors_info=\"{}\"][\/et_pb_video][et_pb_text disabled_on=\"off|off|off\" _builder_version=\"4.20.4\" _module_preset=\"default\" locked=\"off\" global_colors_info=\"{}\"]<em><strong>Simona Bonaldi<\/strong> conosciuta nel mondo economico per aver guidato una delle imprese storiche bergamasche: il Gruppo Bonaldi, concessionaria che gestiva tutti i marchi di auto del gruppo Volkswagen e contava oltre 300 dipendenti.<\/em><\/p>\n<p>Poi il cambio di passo, entra in societ\u00e0 con il marito e gestisce Skyline, azienda che si occupa di digitalizzazione dei processi aziendali, viene chiamata nel board della Fondazione della Comunit\u00e0 Bergamasca, partecipa alla programmazione e alla vita della Gamec ed \u00e8 amministratore delegato di Bergamonews il primo quotidiano on line di Bergamo.<\/p>\n<p>Intervista <strong>Davide Agazzi<\/strong>, direttore di Bergamonews.[\/et_pb_text][\/et_pb_column][et_pb_column type=\"1_2\" _builder_version=\"4.16\" _module_preset=\"default\" global_colors_info=\"{}\"][et_pb_video src=\"https:\/\/vimeo.com\/838987878?share=copy\" thumbnail_overlay_color=\"rgba(0,0,0,0.6)\" admin_label=\"30 giugno Boffelli\" _builder_version=\"4.20.4\" locked=\"off\" global_colors_info=\"{}\"][\/et_pb_video][et_pb_text disabled_on=\"off|off|off\" _builder_version=\"4.20.4\" _module_preset=\"default\" locked=\"off\" global_colors_info=\"{}\"]<\/p>\n<div dir=\"auto\">\n<div dir=\"auto\">\n<div dir=\"auto\">\n<p class=\"xmsonormal\"><em>Una nuova visione di teatro, pi\u00f9 aperto, in cui le persone sono le vere protagoniste.<\/em><\/p>\n<p class=\"xmsonormal\">L\u2019anno di Bergamo Brescia Capitale della Cultura 2023 \u00e8 testimone dell\u2019anima rinnovata della Fondazione Teatro Donizetti di Bergamo.<\/p>\n<p class=\"xmsonormal\"><em>Da sempre impegnata nel proporre attivit\u00e0 rivolte alla citt\u00e0 e alla provincia, ora la Fondazione si spinge oltre e decide di far uscire il Donizetti oltre le mura del teatro.<\/em><\/p>\n<p class=\"xmsonormal\">Dal Donizetti Studio, alla Donizetti Night, dal Progetto Young, alla rassegna \u201cIl centro della musica\u201d: le porte del teatro si apro e abbattono i confini fisici tra le mura e la societ\u00e0.\u00a0<br \/>Ne abbiamo parlato con <strong>Massimo Boffelli<\/strong>, Direttore Generale della Fondazione Teatro Donizetti, intervistato dalla giornalista <strong>Francesca Lai<\/strong>.<\/p>\n<\/div>\n<\/div>\n<\/div>\n<p>[\/et_pb_text][\/et_pb_column][\/et_pb_row][et_pb_row column_structure=\"1_2,1_2\" disabled_on=\"off|off|off\" admin_label=\"riga 1 cima\" _builder_version=\"4.16\" _module_preset=\"default\" global_colors_info=\"{}\"][et_pb_column type=\"1_2\" _builder_version=\"4.16\" _module_preset=\"default\" global_colors_info=\"{}\"][et_pb_video src=\"https:\/\/vimeo.com\/836858373?share=copy\" thumbnail_overlay_color=\"rgba(0,0,0,0.6)\" admin_label=\"23 giugno Serpellini\" module_id=\"#ancora\" _builder_version=\"4.20.4\" locked=\"off\" global_colors_info=\"{}\"][\/et_pb_video][et_pb_text disabled_on=\"off|off|off\" _builder_version=\"4.20.4\" _module_preset=\"default\" locked=\"off\" global_colors_info=\"{}\"]<\/p>\n<p><strong>Stefano Serpellini <\/strong>\u00e8 inviato del quotidiano l\u2019Eco di Bergamo, si occupa principalmente di cronaca giudiziaria con qualche incursione nel mondo Atalanta, sul quale ha gi\u00e0 firmato due libri.<\/p>\n<p>Il terzo \u00e8 uscito in questi giorni per Bolis Edizioni e si intitola \"L\u2019anno della Coppa\".<\/p>\n<p>Narra della conquista della Coppa Italia il 2 giugno 1963, l\u2019unico trofeo della storia atalantina, che per\u00f2 Bergamo non potr\u00e0 festeggiare per rispetto nei confronti di Papa Giovanni, che \u00e8 in agonia e che morir\u00e0 il giorno successivo.<\/p>\n<p><em>L\u2019episodio \u00e8 lo spunto per raccontare una Bergamasca sull\u2019orlo del boom economico ma ancora di mentalit\u00e0 contadina.<\/em><br \/><em>Come scrive nella prefazione il giornalista e scrittore Gigi Riva, questo libro \"restituisce uno spaccato di come eravamo che eccede lo sport.<\/em><br \/><em>Dalle pagine emerge il quotidiano e un collettivo semplice, frugale, ma non per questo meno felice\".<\/em><\/p>\n<p>Di tutto questo abbiamo parlato con l\u2019autore, intervistato da <strong>Giorgio Dusi<\/strong>, giornalista di Bergamonews.<\/p>\n<p>[\/et_pb_text][\/et_pb_column][et_pb_column type=\"1_2\" _builder_version=\"4.16\" _module_preset=\"default\" global_colors_info=\"{}\"][et_pb_video src=\"https:\/\/vimeo.com\/834712777?share=copy\" thumbnail_overlay_color=\"rgba(0,0,0,0.6)\" admin_label=\"16 giugno Di Pietro\" _builder_version=\"4.20.4\" locked=\"off\" global_colors_info=\"{}\"][\/et_pb_video][et_pb_text disabled_on=\"off|off|off\" _builder_version=\"4.20.4\" _module_preset=\"default\" locked=\"off\" global_colors_info=\"{}\"]<\/p>\n<div dir=\"auto\">\n<div dir=\"auto\">\n<div dir=\"auto\">\n<p class=\"xmsonormal\"><em>I Meta-Influencer stanno prendendo sempre pi\u00f9 piede in tutto il mondo.<\/em><\/p>\n<p class=\"xmsonormal\">Le loro possibilit\u00e0 sono pressoch\u00e9 infinite, consentendogli di mutare e cambiare forma cos\u00ec da adattarsi a tutti i tipi di contesti.<\/p>\n<p class=\"xmsonormal\"><em>Incarnano i valori e gli obiettivi di un brand, ma non solo.<\/em><\/p>\n<p class=\"xmsonormal\"><strong>Edoardo di Pietro<\/strong>, fondatore di Wando Agency, ci parla dei loro numerosi vantaggi nell\u2019intervista con <strong>Luca Samotti<\/strong>, giornalista di Bergamonews.<\/p>\n<p class=\"xmsonormal\">Tra i benefici infatti si possono annoverare la Brand-Safety, l\u2019innovazione, l\u2019attrazione e il coinvolgimento e una capacit\u00e0 di raccontare storie su pi\u00f9 tipi di canali, dal mondo reale fino al Metaverso.<\/p>\n<\/div>\n<\/div>\n<\/div>\n<p>[\/et_pb_text][\/et_pb_column][\/et_pb_row][et_pb_row column_structure=\"1_2,1_2\" disabled_on=\"off|off|off\" admin_label=\"riga 1 cima\" _builder_version=\"4.16\" _module_preset=\"default\" global_colors_info=\"{}\"][et_pb_column type=\"1_2\" _builder_version=\"4.16\" _module_preset=\"default\" global_colors_info=\"{}\"][et_pb_video src=\"https:\/\/vimeo.com\/832585095\" thumbnail_overlay_color=\"rgba(0,0,0,0.6)\" admin_label=\"9 giugno Costa\" module_id=\"#ancora\" _builder_version=\"4.20.4\" locked=\"off\" global_colors_info=\"{}\"][\/et_pb_video][et_pb_text disabled_on=\"off|off|off\" _builder_version=\"4.20.4\" _module_preset=\"default\" locked=\"off\" global_colors_info=\"{}\"]<\/p>\n<p><em>Il business come fine, la tecnologia come servizio, il digitale come cultura e visione.<\/em><\/p>\n<p>\u00c8 la filosofia aziendale di Spindox, societ\u00e0 leader nella trasformazione digitale e dal 2007 al fianco di grandi imprese che vogliono accrescere e liberare il loro potenziale.<\/p>\n<p>Nella puntata di venerd\u00ec 9 giugno <strong>Paolo Costa<\/strong>, socio fondatore e direttore marketing di Spindox, racconta il lavoro dell\u2019azienda analizzando il rapporto con temi di attualit\u00e0 come cybersecurity e artificial intelligence e alcuni degli investimenti di Spindox tra cui Mimex - il progetto europeo di IOT Retail - e la piattaforma Ultra, nuova societ\u00e0 del gruppo che progetta esperienze immersive per aziende, imprese culturali, brand e istituzioni.<\/p>\n<p>L\u2019intervista \u00e8 a cura di <strong>Fabrizio Barini<\/strong> Senior Banker e Responsabile Digital Media Marketing di Integrae SIM.\u00a0<\/p>\n<p>[\/et_pb_text][\/et_pb_column][et_pb_column type=\"1_2\" _builder_version=\"4.16\" _module_preset=\"default\" global_colors_info=\"{}\"][et_pb_video src=\"https:\/\/vimeo.com\/829332846?share=copy\" thumbnail_overlay_color=\"rgba(0,0,0,0.6)\" admin_label=\"2 giugno De Simone\" _builder_version=\"4.20.4\" locked=\"off\" global_colors_info=\"{}\"][\/et_pb_video][et_pb_text disabled_on=\"off|off|off\" _builder_version=\"4.20.4\" _module_preset=\"default\" locked=\"off\" global_colors_info=\"{}\"]<\/p>\n<div dir=\"auto\">\n<div dir=\"auto\">\n<div dir=\"auto\">\n<p><em>Il 19 e il 20 giugno il Teatro Donizetti ospiter\u00e0 la quinta edizione dell\u2019annuale convegno dell\u2019Ordine dei Commercialisti e degli Esperti Contabili di Bergamo sul tema della crisi aziendale, quest\u2019anno con un focus dal titolo \u201cLa composizione negoziata e i contratti di risanamento dell\u2019impresa in crisi\u201d.<\/em><\/p>\n<p>Fra i relatori dell\u2019evento alcuni tra i massimi esperti nazionali in materia, come <strong>Laura De Simone<\/strong>, Presidente di Sezione del Tribunale di Bergamo.<br \/>Nella puntata di venerd\u00ec 2 giugno la dottoressa De Simone, insieme alla Presidente del Comitato Scientifico del convegno dott.ssa <strong>Simona Bonomelli<\/strong>, ha affrontato il tema della composizione negoziata soffermandosi sull\u2019impatto della stessa sulle imprese del territorio bergamasco.<\/p>\n<p><em>Si \u00e8 parlato inoltre dell\u2019importanza della formazione per tutti i professionisti.<\/em><\/p>\n<\/div>\n<\/div>\n<\/div>\n<p>[\/et_pb_text][\/et_pb_column][\/et_pb_row][et_pb_row column_structure=\"1_2,1_2\" disabled_on=\"off|off|off\" admin_label=\"riga 1 cima\" _builder_version=\"4.16\" _module_preset=\"default\" global_colors_info=\"{}\"][et_pb_column type=\"1_2\" _builder_version=\"4.16\" _module_preset=\"default\" global_colors_info=\"{}\"][et_pb_video src=\"https:\/\/vimeo.com\/828299345?share=copy\" thumbnail_overlay_color=\"rgba(0,0,0,0.6)\" admin_label=\"26 maggio Invernici\" module_id=\"#ancora\" _builder_version=\"4.20.4\" locked=\"off\" global_colors_info=\"{}\"][\/et_pb_video][et_pb_text disabled_on=\"off|off|off\" _builder_version=\"4.20.4\" _module_preset=\"default\" locked=\"off\" global_colors_info=\"{}\"]<\/p>\n<p><strong>Alessandro Invernici<\/strong> \u00e8 l'ideatore del progetto \u201cRagazzi on the road\u201d, giunto quest'anno alla sua sedicesima edizione.<\/p>\n<p><em>Un format partito da Bergamo e diffuso ormai in tutta Italia, che punta a promuovere i concetti di legalit\u00e0 e sicurezza nei giovani dai 17 ai 20 anni.<\/em><\/p>\n<p>Grazie alla collaborazione delle istituzioni, delle forze dell'ordine e degli operatori sanitari, i ragazzi possono vivere esperienze \u201csul campo\u201d e sperimentare direttamente la gestione delle emergenze, acquisendo maggiore consapevolezza dei rischi che si corrono sulla strada.<\/p>\n<p>Intervista <strong>Manuela Bergamonti<\/strong> di Bergamonews.<\/p>\n<p>[\/et_pb_text][\/et_pb_column][et_pb_column type=\"1_2\" _builder_version=\"4.16\" _module_preset=\"default\" global_colors_info=\"{}\"][et_pb_video src=\"https:\/\/vimeo.com\/826168666?share=copy\" thumbnail_overlay_color=\"rgba(0,0,0,0.6)\" admin_label=\"19 maggio Don Giulio\" _builder_version=\"4.20.4\" locked=\"off\" global_colors_info=\"{}\"][\/et_pb_video][et_pb_text disabled_on=\"off|off|off\" _builder_version=\"4.20.4\" _module_preset=\"default\" locked=\"off\" global_colors_info=\"{}\"]<\/p>\n<div dir=\"auto\">\n<div dir=\"auto\">\n<div dir=\"auto\">\n<p><strong>Monsignor Giulio Dellavite<\/strong>, segretario generale della Curia di Bergamo, formatore in management e etica del business, che ha sperimentato anche in anni di servizio in Vaticano, d\u00e0 libero sfogo alla penna e torna con un libro dal titolo \"Elogio della Normalit\u00e0\", un testo in cui accompagna il pensiero e le azioni del vivere quotidiano ai passi del Vangelo.<\/p>\n<p><em>Una rinnovata, ritrovata e cercata scoperta dei pensieri dell'uomo, in cerca di se stesso, accompagnato dalle \"dritte\" del Divino.<\/em><\/p>\n<p><em>Un libro per tutte le et\u00e0 che, attraverso storie di incontri e vita vissuta, mira a far riscoprire la bellezza del fare comune grazie allo stupore dell'infinito.<\/em><\/p>\n<\/div>\n<\/div>\n<\/div>\n<p>[\/et_pb_text][\/et_pb_column][\/et_pb_row][et_pb_row column_structure=\"1_2,1_2\" disabled_on=\"off|off|off\" admin_label=\"riga 1 cima\" _builder_version=\"4.16\" _module_preset=\"default\" global_colors_info=\"{}\"][et_pb_column type=\"1_2\" _builder_version=\"4.16\" _module_preset=\"default\" global_colors_info=\"{}\"][et_pb_video src=\"https:\/\/vimeo.com\/824052026?share=copy\" thumbnail_overlay_color=\"rgba(0,0,0,0.6)\" admin_label=\"12 maggio geneletti\" module_id=\"#ancora\" _builder_version=\"4.20.4\" locked=\"off\" global_colors_info=\"{}\"][\/et_pb_video][et_pb_text disabled_on=\"off|off|off\" _builder_version=\"4.20.4\" _module_preset=\"default\" locked=\"off\" global_colors_info=\"{}\"]<\/p>\n<p><em>Una professione in continua evoluzione, sempre pi\u00f9 orientata a un\u2019estrema specializzazione, e che riveste un ruolo di primissimo piano nei rapporti con il governo:<\/em> con <strong>Francesco Geneletti<\/strong>, Presidente dell\u2019Ordine dei Dottori Commercialisti e degli Esperti Contabili di Bergamo, abbiamo parlato degli scenari e delle possibili evoluzioni, affrontando anche i temi pi\u00f9 caldi del momento in fase di discussione con il governo.<\/p>\n<p><span>A intervistarlo <strong>Luca Samotti<\/strong>, giornalista di Bergamonews.<\/span><\/p>\n<p>[\/et_pb_text][\/et_pb_column][et_pb_column type=\"1_2\" _builder_version=\"4.16\" _module_preset=\"default\" global_colors_info=\"{}\"][et_pb_video src=\"https:\/\/vimeo.com\/821986194?share=copy\" thumbnail_overlay_color=\"rgba(0,0,0,0.6)\" admin_label=\"5 Maggio Farnetti\" _builder_version=\"4.20.4\" locked=\"off\" global_colors_info=\"{}\"][\/et_pb_video][et_pb_text disabled_on=\"off|off|off\" _builder_version=\"4.20.4\" _module_preset=\"default\" locked=\"off\" global_colors_info=\"{}\"]<\/p>\n<div dir=\"auto\">\n<div dir=\"auto\">\n<div dir=\"auto\">\n<p><em>Vivere una vita pi\u00f9 sana, pi\u00f9 a lungo.<\/em><\/p>\n<p>\u00c8 un obiettivo ambizioso che possiamo raggiungere facendoci accompagnare da una preziosa alleata: la medicina di precisione.<\/p>\n<p><em>Con le sue quattro P - personalizzata, preventiva, predittiva, partecipativa \u2013 e unitamente alla nutrizione funzionale pu\u00f2 aiutarci a risolvere le cause delle malattie in atto, ad anticipare quelle future e a cogliere le opportunit\u00e0 per una longevit\u00e0 sana.<\/em><\/p>\n<p>Una longevit\u00e0 che non va predicata, ma praticata, come ha spiegato la dottoressa <strong>Sara Farnetti <\/strong>medico, specialista in Medicina Interna con PhD in Fisiopatologia della Nutrizione e del Metabolismo, in occasione de <em>I Venerd\u00ec dello Studio BNC<\/em>, in diretta streaming, il 5 maggio alle ore 12.30.<\/p>\n<p>Ha moderato la giornalista <strong>Silvia Pagliuca<\/strong>.<\/p>\n<\/div>\n<\/div>\n<\/div>\n<p>[\/et_pb_text][\/et_pb_column][\/et_pb_row][et_pb_row column_structure=\"1_2,1_2\" disabled_on=\"off|off|off\" admin_label=\"riga 1 cima\" _builder_version=\"4.16\" _module_preset=\"default\" global_colors_info=\"{}\"][et_pb_column type=\"1_2\" _builder_version=\"4.16\" _module_preset=\"default\" global_colors_info=\"{}\"][et_pb_video src=\"https:\/\/vimeo.com\/819818677?share=copy\" thumbnail_overlay_color=\"rgba(0,0,0,0.6)\" admin_label=\"28 aprile Guadalupi\" module_id=\"#ancora\" _builder_version=\"4.20.4\" locked=\"off\" global_colors_info=\"{}\"][\/et_pb_video][et_pb_text disabled_on=\"off|off|off\" _builder_version=\"4.20.4\" _module_preset=\"default\" locked=\"off\" global_colors_info=\"{}\"]<\/p>\n<p><em>Arriva in citt\u00e0 il 69esimo festival Pianistico e a presentarlo \u00e8 la sua presidente, <strong>Daniela Guadalupi<\/strong>.<\/em><\/p>\n<p>Un appuntamento che appartiene alla storia del nostro territorio e che per questa edizione \u00e8 avvalorato dalla concomitanza con l'anno della Capitale della Cultura.<\/p>\n<p><em>Il tema si snoda attorno agli autori della met\u00e0 del Novecento e alla sua Avanguardia.<\/em><\/p>\n<p>A latere scopriamo una donna che ha fatto dell'imprenditoria e dell'impegno sociale la sua Mission.<\/p>\n<p>Quest'anno consegner\u00e0 il premio della seconda edizione della Rosa canina e festeggia, anche, un traguardo importante con Anrm.<\/p>\n<p>Intervista <strong>Monica Pagani<\/strong> di Bergamonews.<\/p>\n<p>[\/et_pb_text][\/et_pb_column][et_pb_column type=\"1_2\" _builder_version=\"4.16\" _module_preset=\"default\" global_colors_info=\"{}\"][et_pb_video src=\"https:\/\/vimeo.com\/817606230\" thumbnail_overlay_color=\"rgba(0,0,0,0.6)\" admin_label=\"21 aprile Bianchi\" _builder_version=\"4.20.4\" locked=\"off\" global_colors_info=\"{}\"][\/et_pb_video][et_pb_text disabled_on=\"off|off|off\" _builder_version=\"4.20.4\" _module_preset=\"default\" locked=\"off\" global_colors_info=\"{}\"]<\/p>\n<div dir=\"auto\">\n<div dir=\"auto\">\n<div dir=\"auto\">\n<p>Donare il sangue permette di salvare vite, e in Lombardia lo sappiamo bene: sono ben 646 le sedi Avis della nostra Regione sulle 3379 presenti in tutta Italia e i lombardi costituiscono il 20% del totale dei donatori del nostro Paese.<\/p>\n<p>Una Regione virtuosa diventata modello su scala nazionale.<\/p>\n<p>Di questi e altri dati ha parlato nella scorsa puntata il presidente di <strong>Avis Regionale<\/strong> Lombardia Oscar Bianchi insieme al giornalista <strong>Giorgio Lazzari<\/strong>.<\/p>\n<\/div>\n<\/div>\n<\/div>\n<p>[\/et_pb_text][\/et_pb_column][\/et_pb_row][et_pb_row column_structure=\"1_2,1_2\" disabled_on=\"off|off|off\" admin_label=\"riga 1 cima\" _builder_version=\"4.16\" _module_preset=\"default\" global_colors_info=\"{}\"][et_pb_column type=\"1_2\" _builder_version=\"4.16\" _module_preset=\"default\" global_colors_info=\"{}\"][et_pb_video src=\"https:\/\/vimeo.com\/815604267?share=copy\" thumbnail_overlay_color=\"rgba(0,0,0,0.6)\" admin_label=\"14 aprile Esposito\" module_id=\"#ancora\" _builder_version=\"4.20.4\" locked=\"off\" global_colors_info=\"{}\"][\/et_pb_video][et_pb_text disabled_on=\"off|off|off\" _builder_version=\"4.20.4\" _module_preset=\"default\" locked=\"off\" global_colors_info=\"{}\"]<\/p>\n<p><em>La <span class=\"xv78j7m\">Camera di Commercio di Bergamo<\/span>: un\u2019istituzione a servizio delle imprese del territorio.<\/em><\/p>\n<p><span>Dialogo con <strong>Maria Paola Esposito<\/strong>, Segretario Generale della Camera di Commercio di Bergamo: le sfide quotidiane della comunit\u00e0\u00a0<\/span><span class=\"xv78j7m\">economica<\/span><span> bergamasca, tra transizione\u00a0<\/span><span class=\"xv78j7m\">digitale<\/span><span> e attenzione alla\u00a0<\/span><span class=\"xv78j7m\">sostenibilit\u00e0<\/span><span> e cultura d\u2019impresa.<\/span><\/p>\n<p><span>A intervistarla<\/span><span>\u00a0<strong>Elisabetta Olivari<\/strong>, comunicatrice e giornalista di Bergamonews.<\/span><\/p>\n<p>[\/et_pb_text][\/et_pb_column][et_pb_column type=\"1_2\" _builder_version=\"4.16\" _module_preset=\"default\" global_colors_info=\"{}\"][et_pb_video src=\"https:\/\/vimeo.com\/813515401\" thumbnail_overlay_color=\"rgba(0,0,0,0.6)\" admin_label=\"7 aprile Paravisi\" _builder_version=\"4.20.1\" locked=\"off\" global_colors_info=\"{}\"][\/et_pb_video][et_pb_text disabled_on=\"off|off|off\" _builder_version=\"4.20.4\" _module_preset=\"default\" locked=\"off\" global_colors_info=\"{}\"]<\/p>\n<div dir=\"auto\">\n<div dir=\"auto\">\n<div dir=\"auto\">\n<p><em>Delitti nella Bergamo dell'800: tra giallo e commedia.<\/em><\/p>\n<p>\u00c8 un affascinante mix fra storia, crime e ironia quello al centro della puntata di venerd\u00ec 7 aprile.<\/p>\n<p><strong>Fabio Paravisi<\/strong>, giornalista del Corriere Bergamo e scrittore, ci ha fatto scoprire la sua sesta e avvincente fatica letteraria: Scena del crimine (Bolis Edizioni, 2023). Ha presentato la puntata <strong>Lorenzo Catania<\/strong>, giornalista di Bergamonews.<\/p>\n<\/div>\n<\/div>\n<\/div>\n<p>[\/et_pb_text][\/et_pb_column][\/et_pb_row][et_pb_row column_structure=\"1_2,1_2\" disabled_on=\"off|off|off\" admin_label=\"riga 1 cima\" _builder_version=\"4.16\" _module_preset=\"default\" global_colors_info=\"{}\"][et_pb_column type=\"1_2\" _builder_version=\"4.16\" _module_preset=\"default\" global_colors_info=\"{}\"][et_pb_video src=\"https:\/\/vimeo.com\/811261294\" thumbnail_overlay_color=\"rgba(0,0,0,0.6)\" admin_label=\"31 marzo Santini\" module_id=\"#ancora\" _builder_version=\"4.20.1\" locked=\"off\" global_colors_info=\"{}\"][\/et_pb_video][et_pb_text disabled_on=\"off|off|off\" _builder_version=\"4.20.1\" _module_preset=\"default\" locked=\"off\" global_colors_info=\"{}\"]<\/p>\n<p><em>Com\u2019\u00e8 cambiato il ruolo del critico musicale nella civilt\u00e0 della comunicazione planetaria,\u00a0un ruolo che si \u00e8 modificato da analista critico di un prodotto artistico<\/em><br \/><em>a amplificatore promozionale di quel prodotto.<\/em><\/p>\n<p>E ancora, il significato che assume la critica musicale nella civilt\u00e0 dei social e del microfono aperto a tutti.<br \/><em>Quali sono i nuovi modelli musicali di oggi nella musica pop e nel jazz<\/em><br \/><em>e la nuova funzione critica di storicizzazione del rock.\u00a0<\/em><\/p>\n<p>Sono questi alcuni dei temi affrontati da due giornalisti di vecchia data (<strong>Fabio Santini<\/strong> e <strong>Ugo Bacci<\/strong>) che definiscono l\u2019area del giornalismo musicale di oggi<br \/>e le sue prospettive di domani.<\/p>\n<p>[\/et_pb_text][\/et_pb_column][et_pb_column type=\"1_2\" _builder_version=\"4.16\" _module_preset=\"default\" global_colors_info=\"{}\"][et_pb_video src=\"https:\/\/vimeo.com\/809032199\" thumbnail_overlay_color=\"rgba(0,0,0,0.6)\" admin_label=\"24 marzo Lanza\" _builder_version=\"4.20.1\" locked=\"off\" global_colors_info=\"{}\"][\/et_pb_video][et_pb_text disabled_on=\"off|off|off\" _builder_version=\"4.20.1\" _module_preset=\"default\" locked=\"off\" global_colors_info=\"{}\"]<\/p>\n<div dir=\"auto\">\n<div dir=\"auto\">\n<div dir=\"auto\">\n<p><em>L\u2019intelligenza artificiale \u00e8 un settore in fortissima crescita.<\/em><\/p>\n<p>I numeri dell\u2019Osservatorio Artificial Intelligence del Politecnico di Milano ne danno la prova: il mercato dell\u2019AI ha raggiunto i 500 milioni di euro nel 2022, con una crescita del 32% rispetto al 2021.\u00a0<br \/><em>Questo \u00e8 il contesto in cui opera FAE Technology, societ\u00e0 benefit e PMI Innovativa specializzata nel design, prototipazione, progettazione e produzione di soluzioni per il settore dell\u2019elettronica integrata.<\/em><br \/>Nella puntata di venerd\u00ec 24 marzo <strong>Gianmarco Lanza<\/strong>, Presidente e Amministratore Delegato di FAE Technology ne parla con <strong>Fabrizio Barini<\/strong>, Senior Banker e Responsabile Digital Media Marketing di Integrae SIM.<\/p>\n<\/div>\n<\/div>\n<\/div>\n<p>[\/et_pb_text][\/et_pb_column][\/et_pb_row][et_pb_row column_structure=\"1_2,1_2\" disabled_on=\"off|off|off\" admin_label=\"riga 1 cima\" _builder_version=\"4.16\" _module_preset=\"default\" global_colors_info=\"{}\"][et_pb_column type=\"1_2\" _builder_version=\"4.16\" _module_preset=\"default\" global_colors_info=\"{}\"][et_pb_video src=\"https:\/\/vimeo.com\/806731990\" thumbnail_overlay_color=\"rgba(0,0,0,0.6)\" admin_label=\"17 marzo Bellinazzo\" module_id=\"#ancora\" _builder_version=\"4.20.1\" locked=\"off\" global_colors_info=\"{}\"][\/et_pb_video][et_pb_text disabled_on=\"off|off|off\" _builder_version=\"4.20.1\" _module_preset=\"default\" locked=\"off\" global_colors_info=\"{}\"]<\/p>\n<p>Il calcio si \u00e8 trasformato: <em>club che diventano multinazionali, lotte per l\u2019acquisizione dei diritti mediatici, un modello sempre pi\u00f9 vicino allo show-business e un ormai stretto legame con le relazioni di potere dentro e fuori dall\u2019Europa.\u00a0<\/em><\/p>\n<p>Nella puntata di venerd\u00ec 17 marzo <strong>Marco Bellinazzo<\/strong>, giornalista de Il Sole 24 Ore, ci porta nel cuore di questo cambiamento con il suo ultimo libro <em>Le nuove guerre del calcio, Gli affari delle corporation e la rivolta dei tifosi<\/em>.<\/p>\n<p><em>Cosa sar\u00e0 del calcio in futuro?<\/em><\/p>\n<p>Bellinazzo riflette insieme alla giornalista di Bergamonews\u00a0<strong>Monica Pagani<\/strong>.<\/p>\n<p>[\/et_pb_text][\/et_pb_column][et_pb_column type=\"1_2\" _builder_version=\"4.16\" _module_preset=\"default\" global_colors_info=\"{}\"][et_pb_video src=\"https:\/\/vimeo.com\/804272771\" thumbnail_overlay_color=\"rgba(0,0,0,0.6)\" admin_label=\"10 marzo De Vito\" _builder_version=\"4.20.1\" locked=\"off\" global_colors_info=\"{}\"][\/et_pb_video][et_pb_text disabled_on=\"off|off|off\" _builder_version=\"4.20.1\" _module_preset=\"default\" locked=\"off\" global_colors_info=\"{}\"]<\/p>\n<div dir=\"auto\">\n<div dir=\"auto\">\n<div dir=\"auto\">\n<p>In vista dell'imminente 44esima edizione di <em>Bergamo Jazz<\/em>, uno dei pi\u00f9 prestigiosi festival europei dedicati alla musica afroamericana e alle sue diramazioni europee, la Direttrice Artistica <strong>Maria Pia de Vito<\/strong> si sofferma sugli aspetti spirituali di un linguaggio espressivo che per sua natura \u00e8 veicolo di forti messaggi.<\/p>\n<p><em>Una musica che, proprio i suoi valori intrinsechi, l'UNESCO ha eletto a Patrimonio Universale dell'Umanit\u00e0.<\/em><\/p>\n<p>A intervistarla il giornalista <strong>Roberto Valentino<\/strong>.<\/p>\n<\/div>\n<\/div>\n<\/div>\n<p>[\/et_pb_text][\/et_pb_column][\/et_pb_row][et_pb_row column_structure=\"1_2,1_2\" disabled_on=\"off|off|off\" admin_label=\"riga 1 cima\" _builder_version=\"4.16\" _module_preset=\"default\" global_colors_info=\"{}\"][et_pb_column type=\"1_2\" _builder_version=\"4.16\" _module_preset=\"default\" global_colors_info=\"{}\"][et_pb_video src=\"https:\/\/vimeo.com\/801938439\" thumbnail_overlay_color=\"rgba(0,0,0,0.6)\" admin_label=\"3 marzo Giannotta\" module_id=\"#ancora\" _builder_version=\"4.19.4\" locked=\"off\" global_colors_info=\"{}\"][\/et_pb_video][et_pb_text disabled_on=\"off|off|off\" _builder_version=\"4.19.4\" _module_preset=\"default\" locked=\"off\" global_colors_info=\"{}\"]<\/p>\n<p>In questa puntata de \u201cI venerd\u00ec dello Studio BNC\u201d abbiamo trattato temi di finanza straordinaria, in particolare il motivo per il quale una societ\u00e0 dovrebbe avvicinarsi al mercato dei capitali, con riferimento specifico al listino Euronext Growth Milan di Borsa Italiana, il mercato dedicato alle PMI dinamiche e ad alto potenziale di crescita.<\/p>\n<p><em>Una occasione per PMI, imprenditori, controparti di mercato e investitori.<\/em><\/p>\n<p>Ne abbiamo parlato con <strong>Luigi Giannotta<\/strong>, direttore generale di Integrae SIM intervistato da <strong>Franco Velcich<\/strong>, giornalista e consulente per la comunicazione.<\/p>\n<p>[\/et_pb_text][\/et_pb_column][et_pb_column type=\"1_2\" _builder_version=\"4.16\" _module_preset=\"default\" global_colors_info=\"{}\"][et_pb_video src=\"https:\/\/vimeo.com\/799819910\" thumbnail_overlay_color=\"rgba(0,0,0,0.6)\" admin_label=\"24 febbraio Minali\" _builder_version=\"4.19.4\" locked=\"off\" global_colors_info=\"{}\"][\/et_pb_video][et_pb_text disabled_on=\"off|off|off\" _builder_version=\"4.19.4\" _module_preset=\"default\" locked=\"off\" global_colors_info=\"{}\"]<\/p>\n<div dir=\"auto\">\n<div dir=\"auto\">\n<div dir=\"auto\">\n<p><em>Bellezza, mistero, riflessione.<\/em><\/p>\n<p>Si potrebbe riassumere con queste parole la puntata de I venerd\u00ec dello studio BNC del 24 febbraio.<\/p>\n<p>Perch\u00e9 si \u00e8 parlato di letteratura, e con un autore bergamasco.<\/p>\n<p><strong>Giovanni Minali<\/strong>, 60 anni, dirigente sindacale con la passione per l\u2019astronomia, la montagna, la corsa e ovviamente per la scrittura ha presentato infatti il suo romanzo La Cura del Mare.<\/p>\n<p>Un giallo, ma che ha nella natura - nello specifico quella sarda - non solo una meravigliosa cornice paesaggistica ma l\u2019elemento determinante per una meditazione esistenziale che coinvolge la societ\u00e0, in particolare il suo essere diventata materialista e traditrice dei suoi stessi valori.<\/p>\n<p>A intervistarlo in un confronto ricco di significati la giornalista di Bergamonews <strong>Monica Pagani<\/strong>.<\/p>\n<\/div>\n<\/div>\n<\/div>\n<p>[\/et_pb_text][\/et_pb_column][\/et_pb_row][et_pb_row column_structure=\"1_2,1_2\" disabled_on=\"off|off|off\" admin_label=\"riga 1 cima\" _builder_version=\"4.16\" _module_preset=\"default\" global_colors_info=\"{}\"][et_pb_column type=\"1_2\" _builder_version=\"4.16\" _module_preset=\"default\" global_colors_info=\"{}\"][et_pb_video src=\"https:\/\/vimeo.com\/797678086\" thumbnail_overlay_color=\"rgba(0,0,0,0.6)\" admin_label=\"17 febbraio Nava\" module_id=\"#ancora\" _builder_version=\"4.19.4\" locked=\"off\" global_colors_info=\"{}\"][\/et_pb_video][et_pb_text disabled_on=\"off|off|off\" _builder_version=\"4.19.4\" _module_preset=\"default\" locked=\"off\" global_colors_info=\"{}\"]<\/p>\n<p><em>Come sono andate le elezioni regionali?<\/em><\/p>\n<p><em>Quali scenari e quali riflessioni politiche hanno aperto i risultati?<\/em><\/p>\n<p>Questi i temi della scorsa puntata de I venerd\u00ec dello Studio BNC con ospite <strong>Massimo Nava<\/strong>, editorialista del Corriere della Sera, e <strong>Sergio Cotti<\/strong>, giornalista de L\u2019Eco di Bergamo.<\/p>\n<p>[\/et_pb_text][\/et_pb_column][et_pb_column type=\"1_2\" _builder_version=\"4.16\" _module_preset=\"default\" global_colors_info=\"{}\"][et_pb_video src=\"https:\/\/vimeo.com\/795572321\" thumbnail_overlay_color=\"rgba(0,0,0,0.6)\" admin_label=\"10 febbraio Lemme\" _builder_version=\"4.19.4\" locked=\"off\" global_colors_info=\"{}\"][\/et_pb_video][et_pb_text disabled_on=\"off|off|off\" _builder_version=\"4.19.4\" _module_preset=\"default\" locked=\"off\" global_colors_info=\"{}\"]<\/p>\n<div dir=\"auto\">\n<div dir=\"auto\">\n<div dir=\"auto\"><em>Ha coniato un metodo disruptive nel campo della scienza dell\u2019alimentazione.<\/em><\/div>\n<div dir=\"auto\"><em>Ha scardinato moltissimi concetti chiave nella dietologia.<\/em><\/div>\n<div dir=\"auto\"><em>Ha creato una vera e propria accademia mettendo a sistema competenze e opportunit\u00e0 formative.<\/em><\/div>\n<div dir=\"auto\">Il dott. <strong>Alberico Lemme<\/strong> porta la sua esperienza a \"I Venerd\u00ec dello Studio BNC\" svelando quali sono i capisaldi della sua filosofia alimentare e perch\u00e9 dimagrire \u00e8, prima di tutto, un processo biochimico ormonale.<\/div>\n<div dir=\"auto\">A intervistarlo <strong>Silvia Pagliuca<\/strong>, <span><a tabindex=\"-1\"><\/a><\/span>giornalista del Corriere della Sera - Nuvola del lavoro.<\/div>\n<\/div>\n<\/div>\n<p>[\/et_pb_text][\/et_pb_column][\/et_pb_row][et_pb_row column_structure=\"1_2,1_2\" disabled_on=\"off|off|off\" admin_label=\"riga 1 cima\" _builder_version=\"4.16\" _module_preset=\"default\" global_colors_info=\"{}\"][et_pb_column type=\"1_2\" _builder_version=\"4.16\" _module_preset=\"default\" global_colors_info=\"{}\"][et_pb_video src=\"https:\/\/vimeo.com\/795559820\" thumbnail_overlay_color=\"rgba(0,0,0,0.6)\" admin_label=\"3 febbraio Misiani\" module_id=\"#ancora\" _builder_version=\"4.19.4\" locked=\"off\" global_colors_info=\"{}\"][\/et_pb_video][et_pb_text disabled_on=\"off|off|off\" _builder_version=\"4.19.4\" _module_preset=\"default\" locked=\"off\" global_colors_info=\"{}\"]<\/p>\n<p><em>Confronto sul ruolo del Pd all\u2019opposizione del governo Meloni mentre entra nel vivo la campagna per la scelta del nuovo segretario.<\/em><br \/><strong>Antonio Misiani<\/strong>, senatore e responsabile Economia del Pd, intervistato da <strong>Cesare Zapperi<\/strong>, giornalista del Corriere della sera.<\/p>\n<p>[\/et_pb_text][\/et_pb_column][et_pb_column type=\"1_2\" _builder_version=\"4.16\" _module_preset=\"default\" global_colors_info=\"{}\"][et_pb_video src=\"https:\/\/vimeo.com\/791138870\" thumbnail_overlay_color=\"rgba(0,0,0,0.6)\" admin_label=\"3 febbraio Gallasso\" _builder_version=\"4.19.4\" locked=\"off\" global_colors_info=\"{}\"][\/et_pb_video][et_pb_text disabled_on=\"off|off|off\" _builder_version=\"4.19.4\" _module_preset=\"default\" locked=\"off\" global_colors_info=\"{}\"]<\/p>\n<div dir=\"auto\">\n<div dir=\"auto\">\n<p style=\"text-align: left;\"><em>Il mese di febbraio per il Rotary \u00e8 dedicato alla pace.<\/em><br \/><em>\u00c8 il mese in cui \u00e8 nato il primo Rotary nel 1905.<\/em><br \/>Una singolare coincidenza che evidenza ancora una volta l'impegno alla pace per lo sviluppo della vita di donne e uomini, oltre che delle idee.<br \/>Un dovere morale che si unisce a tutte le iniziative del Rotary per aiutare le popolazioni a crescere in armonia permettendo l'istruzione, la sanit\u00e0 e la realizzazione delle persone.<br \/>Abbiamo trattati questi argomenti con <strong>Davide M. Gallasso<\/strong>, governatore del distretto 2042 del Rotary International intervistato da <strong>Davide Agazzi<\/strong>, direttore di Bergamonews.<\/p>\n<\/div>\n<\/div>\n<p>[\/et_pb_text][\/et_pb_column][\/et_pb_row][et_pb_row column_structure=\"1_2,1_2\" disabled_on=\"off|off|off\" admin_label=\"riga 1 cima\" _builder_version=\"4.16\" _module_preset=\"default\" global_colors_info=\"{}\"][et_pb_column type=\"1_2\" _builder_version=\"4.16\" _module_preset=\"default\" global_colors_info=\"{}\"][et_pb_video src=\"https:\/\/vimeo.com\/788978348\" thumbnail_overlay_color=\"rgba(0,0,0,0.6)\" admin_label=\"20 gennaio Divizia\" module_id=\"#ancora\" _builder_version=\"4.19.4\" locked=\"off\" global_colors_info=\"{}\"][\/et_pb_video][et_pb_text disabled_on=\"off|off|off\" _builder_version=\"4.19.4\" _module_preset=\"default\" locked=\"off\" global_colors_info=\"{}\"]<\/p>\n<p>L'inizio dell'anno \u00e8 il momento ideale per fare una valutazione dello \"stato dell'arte\" della Riforma del Terzo Settore.<\/p>\n<p><em>Quali sono le prospettive per il 2023? Quali sono i vantaggi derivanti dall'ingresso nel RUNTS?<\/em><\/p>\n<p><em>Il mondo Onlus non \u00e8 stato ancora pienamente coinvolto dalla Riforma? Bergamo come ha reagito all'impatto della Riforma?<\/em><\/p>\n<p>Sono alcune delle domande alle quali ha risposto il notaio <strong>Paolo Divizia<\/strong> intervistato da <strong>Davide Agazzi<\/strong> nell'incontro che ha avuto come tema il punto della riforma del Terzo Settore.<\/p>\n<p>[\/et_pb_text][\/et_pb_column][et_pb_column type=\"1_2\" _builder_version=\"4.16\" _module_preset=\"default\" global_colors_info=\"{}\"][et_pb_video src=\"https:\/\/vimeo.com\/783910552\" thumbnail_overlay_color=\"rgba(0,0,0,0.6)\" admin_label=\"13 gennaio Moratti\" _builder_version=\"4.19.4\" locked=\"off\" global_colors_info=\"{}\"][\/et_pb_video][et_pb_text disabled_on=\"off|off|off\" _builder_version=\"4.19.4\" _module_preset=\"default\" locked=\"off\" global_colors_info=\"{}\"]<\/p>\n<div dir=\"auto\">\n<div dir=\"auto\">\n<p style=\"text-align: left;\"><em>\u201cSo di poter mettere al servizio della mia regione la mia esperienza e le mie competenze. L\u2019ho fatto in passato con EXPO nella mia citt\u00e0, Milano, e sono pronta a farlo in Lombardia. Corro per vincere\u201d.<\/em><br \/>Ci ha parlato di come immagina il futuro della nostra Regione l\u2019ospite della puntata de I venerd\u00ec dello Studio BNC del 13 gennaio.<br \/>Parliamo di <strong>Letizia Moratti<\/strong>, candidata alla presidenza della Lombardia alle elezioni del prossimo 12 e 13 febbraio con la sua lista civica Letizia Moratti Presidente e sostenuta dal Terzo Polo di Carlo Calenda (Azione) e Matteo Renzi (Italia Viva).<br \/>Qual \u00e8 lo stato di salute del centrodestra? La collaborazione con il Terzo Polo proseguir\u00e0 anche dopo le elezioni? Quali saranno le prime tre azioni da governatrice della Regione in caso di vittoria?<br \/>Queste alcune delle domande poste da <strong>Dino Nikpalj<\/strong>, vicecaporedattore de L\u2019Eco di Bergamo.<\/p>\n<\/div>\n<\/div>\n<p>[\/et_pb_text][\/et_pb_column][\/et_pb_row][et_pb_row column_structure=\"1_2,1_2\" _builder_version=\"4.19.0\" _module_preset=\"default\" global_colors_info=\"{}\"][et_pb_column type=\"1_2\" _builder_version=\"4.19.0\" _module_preset=\"default\" global_colors_info=\"{}\"][et_pb_button button_url=\"https:\/\/www.studiobnc.net\/sito\/archivio-i-venerdi-dello-studio-bnc\/\" url_new_window=\"on\" button_text=\"Puntate gennaio - luglio 2022\" button_alignment=\"center\" _builder_version=\"4.24.3\" custom_margin=\"||||false|false\" hover_enabled=\"0\" locked=\"off\" global_colors_info=\"{}\" sticky_enabled=\"0\"][\/et_pb_button][\/et_pb_column][et_pb_column type=\"1_2\" _builder_version=\"4.19.0\" _module_preset=\"default\" global_colors_info=\"{}\"][et_pb_button button_url=\"https:\/\/www.studiobnc.net\/sito\/archivio-2021-i-venerdi-dello-studio-bnc\/\" url_new_window=\"on\" button_text=\"Puntate anno 2021\" button_alignment=\"center\" _builder_version=\"4.19.0\" custom_margin=\"||||false|false\" hover_enabled=\"0\" locked=\"off\" global_colors_info=\"{}\" sticky_enabled=\"0\"][\/et_pb_button][\/et_pb_column][\/et_pb_row][et_pb_row disabled_on=\"off|off|off\" admin_label=\"riga 1 video\" _builder_version=\"4.19.0\" _module_preset=\"default\" custom_padding=\"0px||0px|||\" global_colors_info=\"{}\"][et_pb_column type=\"4_4\" _builder_version=\"4.16\" _module_preset=\"default\" global_colors_info=\"{}\"][et_pb_text _builder_version=\"4.19.0\" text_text_color=\"#628fc6\" text_font_size=\"40px\" text_line_height=\"1.8em\" global_colors_info=\"{}\"]<\/p>\n<p style=\"text-align: center;\">Puntate dal 15 luglio a oggi<\/p>\n<p>[\/et_pb_text][\/et_pb_column][\/et_pb_row][et_pb_row column_structure=\"1_5,3_5,1_5\" disabled_on=\"off|off|off\" admin_label=\"riga 1 video\" _builder_version=\"4.19.4\" _module_preset=\"default\" global_colors_info=\"{}\"][et_pb_column type=\"1_5\" _builder_version=\"4.16\" _module_preset=\"default\" global_colors_info=\"{}\"][\/et_pb_column][et_pb_column type=\"3_5\" _builder_version=\"4.17.4\" _module_preset=\"default\" global_colors_info=\"{}\"][et_pb_video src=\"https:\/\/vimeo.com\/781803133\" thumbnail_overlay_color=\"rgba(0,0,0,0.6)\" admin_label=\"23 dicembre don Carminati\" _builder_version=\"4.19.4\" locked=\"off\" global_colors_info=\"{}\"][\/et_pb_video][et_pb_text disabled_on=\"off|off|off\" _builder_version=\"4.19.4\" _module_preset=\"default\" locked=\"off\" global_colors_info=\"{}\"]<\/p>\n<div dir=\"auto\">\n<div dir=\"auto\">\n<p style=\"text-align: left;\"><em>La ricchezza della Chiesa \u00e8 fatta certamente di beni immobiliari \u2013 chiese, oratori, case di riposo, scuole dell\u2019infanzia, centri sportivi , ma la vera ricchezza sta nella generosit\u00e0 della gente, una generosit\u00e0 che nasce dal legame di appartenenza delle persone con le proprie parrocchie.<\/em><em>\u00a0<\/em><\/p>\n<p>Secondo <strong>Don Mario Eugenio Carminati<\/strong>, Vicario episcopale per gli Affari economici della Curia di Bergamo, il senso di carit\u00e0 dei bergamaschi resiste al tempo e alle grandi difficolt\u00e0 che hanno caratterizzato gli ultimi due decenni del nuovo millennio, a cominciare dalla crisi finanziaria del 2008 fino alla \u201ctempesta perfetta\u201d di fronte alla quale ci troviamo oggi fra pandemia, crisi energetica e guerra in Ucraina.<\/p>\n<p>Di questo - ma non solo - ha parlato Don Mario nell\u2019intervista con il direttore de L\u2019Eco di Bergamo <strong>Alberto<\/strong> <strong>Ceresoli<\/strong> per \u201cI venerd\u00ec dello studio BNC\u201d.<\/p>\n<p>Fra i altri temi anche una riflessione su come sono cambiate la Chiesa e la figura del parroco negli anni, sulla loro capacit\u00e0 di coinvolgimento di giovani e, naturalmente, sul senso del Natale passato.<\/p>\n<\/div>\n<\/div>\n<p>[\/et_pb_text][\/et_pb_column][et_pb_column type=\"1_5\" _builder_version=\"4.16\" _module_preset=\"default\" global_colors_info=\"{}\"][\/et_pb_column][\/et_pb_row][et_pb_row column_structure=\"1_2,1_2\" disabled_on=\"off|off|off\" admin_label=\"riga 1 cima\" _builder_version=\"4.16\" _module_preset=\"default\" global_colors_info=\"{}\"][et_pb_column type=\"1_2\" _builder_version=\"4.16\" _module_preset=\"default\" global_colors_info=\"{}\"][et_pb_video src=\"https:\/\/vimeo.com\/779584299\" thumbnail_overlay_color=\"rgba(0,0,0,0.6)\" admin_label=\"16 dicembre Roma\" module_id=\"#ancora\" _builder_version=\"4.19.0\" locked=\"off\" global_colors_info=\"{}\"][\/et_pb_video][et_pb_text disabled_on=\"off|off|off\" _builder_version=\"4.19.0\" _module_preset=\"default\" locked=\"off\" global_colors_info=\"{}\"]<\/p>\n<p><em>\u201cL'attimo presente \u00e8 tutto ci\u00f2 che abbiamo a disposizione per dare senso e qualit\u00e0 alle nostre vite\".\u00a0<\/em><br \/>Queste le parole con cui Angelo Roma, giornalista e scrittore originario di Brindisi e bergamasco d\u2019adozione, presenta il suo ultimo romanzo, edito da Mondadori.<\/p>\n<p><em>L'attimo presente \u00e8 una storia che parla di sentimenti profondi, di accoglienza, di adozione. Di vita vera. \u201cOgni cosa bella che ci appartiene \u2013 dice l\u2019autore \u2013 nasce da un'imperfezione, da una diversit\u00e0, mai da una certezza infrangibile\".\u00a0<\/em><br \/>Questo \u00e8 un romanzo che si fa divorare, con una narrazione incalzante che tocca il lettore nell'intimit\u00e0 accompagnandolo, pagina dopo pagina, nelle infinite potenzialit\u00e0 di rinascita dell'animo umano.<\/p>\n<p>Ne abbiamo parlato con l\u2019autore, <strong>Angelo Roma<\/strong> e <strong>Elisabetta Olivari<\/strong>, comunicatrice e giornalista.<\/p>\n<p>[\/et_pb_text][\/et_pb_column][et_pb_column type=\"1_2\" _builder_version=\"4.16\" _module_preset=\"default\" global_colors_info=\"{}\"][et_pb_video src=\"https:\/\/vimeo.com\/777322325\" thumbnail_overlay_color=\"rgba(0,0,0,0.6)\" admin_label=\"9 dicemnbre Egidi\" _builder_version=\"4.19.0\" locked=\"off\" global_colors_info=\"{}\"][\/et_pb_video][et_pb_text disabled_on=\"off|off|off\" _builder_version=\"4.19.0\" _module_preset=\"default\" locked=\"off\" global_colors_info=\"{}\"]<\/p>\n<div dir=\"auto\">\n<div dir=\"auto\">\n<p style=\"text-align: left;\"><em>Mentre l\u2019Italia soffre della crisi del prezzo dell\u2019energia, il settore delle Energie rinnovabili gode oggi di un incremento esplosivo, che pare limitato solo dalle possibilit\u00e0<\/em><\/p>\n<p style=\"text-align: left;\"><em>di approvvigionamento e di produzione, e che non si verifica solo in Europa.<\/em><\/p>\n<p style=\"text-align: left;\">Perch\u00e9, dove e come si determina questo sviluppo, e con quali effetti e fino a quando perdurer\u00e0?<\/p>\n<p style=\"text-align: left;\">Abbiamo trattato questi argomenti con l'ingegner <strong>Felice Egidi<\/strong>, presidente di ESI S.p.A. e <strong>Micaela Osella<\/strong>, giornalista di Merger Market.<\/p>\n<\/div>\n<\/div>\n<p>[\/et_pb_text][\/et_pb_column][\/et_pb_row][et_pb_row column_structure=\"1_2,1_2\" disabled_on=\"off|off|off\" admin_label=\"riga 1 cima\" _builder_version=\"4.16\" _module_preset=\"default\" global_colors_info=\"{}\"][et_pb_column type=\"1_2\" _builder_version=\"4.16\" _module_preset=\"default\" global_colors_info=\"{}\"][et_pb_video src=\"https:\/\/vimeo.com\/775034277\" thumbnail_overlay_color=\"rgba(0,0,0,0.6)\" admin_label=\"2 dicembre Cervo\" module_id=\"#ancora\" _builder_version=\"4.19.0\" locked=\"off\" global_colors_info=\"{}\"][\/et_pb_video][et_pb_text disabled_on=\"off|off|off\" _builder_version=\"4.19.0\" _module_preset=\"default\" locked=\"off\" global_colors_info=\"{}\"]<\/p>\n<p><em>Nel suo ultimo romanzo \u201cI Centurioni del Malabar\u201d,\u00a0<strong>Guido Cervo<\/strong> torna a raccontare con il suo stile inconfondibile avventure e guerre, al tempo della Roma imperiale.<\/em><\/p>\n<p>Agli inizi del terzo secolo d.C., una coorte, spedita da Settimio Severo in India, a scopo diplomatico, si trova, invece, al centro di un feroce conflitto, tra intrighi e battaglie.<\/p>\n<p><em>I Romani duri e caratterizzati da un fortissimo spirito identitario dei romanzi di Cervo, questa volta si mescolano a guerrieri Pandya, per scrivere nuove pagine epiche, che l\u2019abile mano dello scrittore tratteggia con sicurezza e mestiere.<\/em><\/p>\n<p>A intervistare lo scrittore troviamo <strong>Marco Cimmino<\/strong>, Storico della Societ\u00e0 italiana di storia militare.<\/p>\n<p>[\/et_pb_text][\/et_pb_column][et_pb_column type=\"1_2\" _builder_version=\"4.16\" _module_preset=\"default\" global_colors_info=\"{}\"][et_pb_video src=\"https:\/\/vimeo.com\/772416043\" thumbnail_overlay_color=\"rgba(0,0,0,0.6)\" admin_label=\"25 novembre Roby Facchinetti\" _builder_version=\"4.19.0\" locked=\"off\" global_colors_info=\"{}\"][\/et_pb_video][et_pb_text disabled_on=\"off|off|off\" _builder_version=\"4.19.0\" _module_preset=\"default\" locked=\"off\" global_colors_info=\"{}\"]<\/p>\n<div dir=\"auto\">\n<div dir=\"auto\">\n<p>Durante lo scorso appuntamento de \u201cI venerd\u00ec dello Studio BNC\u201d abbiamo incontrato <strong>Roby Facchinetti<\/strong>, musicista e cantautore dei Pooh.<br \/><em>Originario di Bergamo, ha concluso il suo ultimo tour \u201cSymphony\u201d con un tutto esaurito al Teatro Donizetti.\u00a0<\/em><\/p>\n<p>Ad intervistarlo, nella puntata di venerd\u00ec 25 novembre, <strong>Emanuela Lanfranco,<\/strong> direttore responsabile del magazine Citt\u00e0 dei Mille.<\/p>\n<p><em>Insieme abbiamo parlato anche della sua vita da compositore e del quotidiano processo creativo che sta dietro il successo della sua carriera.<\/em><\/p>\n<\/div>\n<\/div>\n<p>[\/et_pb_text][\/et_pb_column][\/et_pb_row][et_pb_row column_structure=\"1_2,1_2\" disabled_on=\"off|off|off\" admin_label=\"riga 1 cima\" _builder_version=\"4.16\" _module_preset=\"default\" global_colors_info=\"{}\"][et_pb_column type=\"1_2\" _builder_version=\"4.16\" _module_preset=\"default\" global_colors_info=\"{}\"][et_pb_video src=\"https:\/\/vimeo.com\/769855188\" thumbnail_overlay_color=\"rgba(0,0,0,0.6)\" admin_label=\"18 novembre Tellini\" module_id=\"#ancora\" _builder_version=\"4.19.0\" locked=\"off\" global_colors_info=\"{}\"][\/et_pb_video][et_pb_text disabled_on=\"off|off|off\" _builder_version=\"4.19.0\" _module_preset=\"default\" locked=\"off\" global_colors_info=\"{}\"]<\/p>\n<p><em>Per Intesa Sanpaolo l\u2019economia circolare \u00e8 una strategia concreta per la crescita sostenibile delle imprese, che permette di slegarne lo sviluppo dallo sfruttamento delle risorse naturali esauribili e migliorarne il posizionamento competitivo.<\/em><\/p>\n<p>Grandi sfide che richiedono soluzioni innovative.<br \/>Ne parler\u00e0 <strong>Massimiano Tellini<\/strong>, Head of Circular Economy di Intesa Sanpaolo Innovation Center, societ\u00e0 del Gruppo Intesa Sanpaolo che offre soluzioni mirate per accompagnare startup e imprese nel percorso di crescita e sviluppo del business secondo i criteri dell\u2019open innovation e dell\u2019economia circolare.<br \/>A intervistarlo <strong>Antonio Tognoli<\/strong>, responsabile macro-analisi e comunicazione presso Corporate Family Office SIM SpA.<\/p>\n<p>[\/et_pb_text][\/et_pb_column][et_pb_column type=\"1_2\" _builder_version=\"4.16\" _module_preset=\"default\" global_colors_info=\"{}\"][et_pb_video src=\"https:\/\/vimeo.com\/767263443\" thumbnail_overlay_color=\"rgba(0,0,0,0.6)\" admin_label=\"11 novembre Cozzi\" _builder_version=\"4.19.0\" locked=\"off\" global_colors_info=\"{}\"][\/et_pb_video][et_pb_text disabled_on=\"off|off|off\" _builder_version=\"4.19.0\" _module_preset=\"default\" locked=\"off\" global_colors_info=\"{}\"]<\/p>\n<div dir=\"auto\">\n<div dir=\"auto\">\n<p>Dalle stravaganze irrazionali e men\u00f9 \u201cinutilmente\u201d fantasiosi, alla ricerca smodata della qualit\u00e0 fino alla meticolosa attenzione ai processi di lavorazione e produzione.<\/p>\n<p><em>Quale sar\u00e0 il futuro del Luxury Food e del Superfood?<\/em><\/p>\n<p><em>Diventer\u00e0 parte della nostra quotidianit\u00e0 o sparir\u00e0 del tutto dalla nostra dieta?<\/em><\/p>\n<p>Ne abbiamo parlato in occasione della centoquindicesima puntata de \u201cI venerd\u00ec dello Studio BNC\u201d con <strong>Simone Cozzi<\/strong> ,presidente e AD di <span><span class=\"xt0psk2\">High Quality Food<\/span><\/span> e <span><span class=\"xt0psk2\"><strong>Antonio Tognoli<\/strong>, r<\/span><\/span>esponsabile macro-analisi e comunicazione presso <span><span class=\"xt0psk2\">Corporate Family Office SIM SpA<\/span><\/span>.<\/p>\n<\/div>\n<\/div>\n<p>[\/et_pb_text][\/et_pb_column][\/et_pb_row][et_pb_row column_structure=\"1_2,1_2\" disabled_on=\"off|off|off\" admin_label=\"riga 1 cima\" _builder_version=\"4.16\" _module_preset=\"default\" global_colors_info=\"{}\"][et_pb_column type=\"1_2\" _builder_version=\"4.16\" _module_preset=\"default\" global_colors_info=\"{}\"][et_pb_video src=\"https:\/\/vimeo.com\/764908567\" thumbnail_overlay_color=\"rgba(0,0,0,0.6)\" admin_label=\"4 novembre Bertocchi\" _builder_version=\"4.19.0\" locked=\"off\" global_colors_info=\"{}\"][\/et_pb_video][et_pb_text disabled_on=\"off|off|off\" _builder_version=\"4.17.5\" _module_preset=\"default\" locked=\"off\" global_colors_info=\"{}\"]<\/p>\n<p>Con <strong>Pierangelo Bertocchi<\/strong>, amministratore delegato di Uniacque, analizziamo il complicato momento legato alla siccit\u00e0 nella nostra provincia: <em>dalla mancanza di precipitazioni ai provvedimenti urgenti che la societ\u00e0 che gestisce la maggior parte della nostra rete idrica ha messo in campo per far fronte alle criticit\u00e0 che si sono presentate soprattutto nella stagione estiva.\u00a0<\/em><br \/>Intervistato da <strong>Luca Samotti<\/strong>, giornalista di Bergamonews, ha affrontato anche i temi della transizione ecologica e delle ricadute sul territorio dei fondi del Pnrr.<\/p>\n<p>[\/et_pb_text][\/et_pb_column][et_pb_column type=\"1_2\" _builder_version=\"4.16\" _module_preset=\"default\" global_colors_info=\"{}\"][et_pb_video src=\"https:\/\/vimeo.com\/762603807\" thumbnail_overlay_color=\"rgba(0,0,0,0.6)\" admin_label=\"14 ottobre Bettonagli\" _builder_version=\"4.17.5\" locked=\"off\" global_colors_info=\"{}\"][\/et_pb_video][et_pb_text disabled_on=\"off|off|off\" _builder_version=\"4.17.5\" _module_preset=\"default\" locked=\"off\" global_colors_info=\"{}\"]<\/p>\n<div dir=\"auto\">\n<div dir=\"auto\">\n<p><em>Quale futuro\u00a0per la Lombardia<\/em><br \/><span>Con<strong> Ivan Rota<\/strong>, deputato al Parlamento italiano nella XVI legislatura, abbiamo parlato delle prossime elezioni regionali 2023 e della lista civica Lombardia Migliore.<\/span><br \/><span>A intervistarlo <strong>Davide <\/strong><\/span><strong>Agazzi<\/strong><span>, direttore di Bergamonews.<\/span><\/p>\n<\/div>\n<\/div>\n<p>[\/et_pb_text][\/et_pb_column][\/et_pb_row][et_pb_row column_structure=\"1_2,1_2\" disabled_on=\"off|off|off\" admin_label=\"riga 1 cima\" _builder_version=\"4.16\" _module_preset=\"default\" global_colors_info=\"{}\"][et_pb_column type=\"1_2\" _builder_version=\"4.16\" _module_preset=\"default\" global_colors_info=\"{}\"][et_pb_video src=\"https:\/\/vimeo.com\/760257286\" thumbnail_overlay_color=\"rgba(0,0,0,0.6)\" admin_label=\"21 ottobre Roma\" _builder_version=\"4.17.5\" locked=\"off\" global_colors_info=\"{}\"][\/et_pb_video][et_pb_text disabled_on=\"off|off|off\" _builder_version=\"4.17.5\" _module_preset=\"default\" locked=\"off\" global_colors_info=\"{}\"]<\/p>\n<p><em>Il nuovo governo italiano e l\u2019Europa: sfide e opportunit\u00e0.<\/em><\/p>\n<p>Le riflessioni del professor <strong>Pino Roma<\/strong>,<strong> <\/strong>gi\u00e0 alto dirigente Bankitalia e docente universitario attualmente editorialista de l'Eco di Bergamo intervistato da <strong>Cesare Zapperi<\/strong>, giornalista del Corriere della Sera.<\/p>\n<p>[\/et_pb_text][\/et_pb_column][et_pb_column type=\"1_2\" _builder_version=\"4.16\" _module_preset=\"default\" global_colors_info=\"{}\"][et_pb_video src=\"https:\/\/vimeo.com\/757930195\" thumbnail_overlay_color=\"rgba(0,0,0,0.6)\" admin_label=\"14 ottobre Bettonagli\" _builder_version=\"4.17.5\" locked=\"off\" global_colors_info=\"{}\"][\/et_pb_video][et_pb_text disabled_on=\"off|off|off\" _builder_version=\"4.17.5\" _module_preset=\"default\" locked=\"off\" global_colors_info=\"{}\"]<\/p>\n<div dir=\"auto\">\n<div dir=\"auto\">\n<p><em>L\u2019arte pu\u00f2 essere scienza. \u00c8 cos\u00ec da sempre. Nelle reazioni dei colori, nelle leggi del suono e del movimento. Troviamo la matematica persino in Bach.<\/em><br \/>La vera domanda che rimane da chiedersi \u00e8 quindi: la scienza pu\u00f2 essere arte? <br \/>S\u00ec, pu\u00f2 esserlo.<\/p>\n<p><em>Pu\u00f2 diventare una tra le pi\u00f9 belle forme di arte, in grado di meravigliare il pi\u00f9 scettico dei terrestri.<\/em><\/p>\n<p>A raccontarci la bellezza della scienza \u00e8 <strong>Alessandro Bettonagli<\/strong>, co-fondatore e direttore artistico di BergamoScienza e fondatore di Contaminazioni Contemporanee, festival internazionale di musica contemporanea targato ECM (Editions of Contemporary Music) intervistato da <strong>Francesca Lai<\/strong>, giornalista di Bergamonews e DiverCity<\/p>\n<\/div>\n<\/div>\n<p>[\/et_pb_text][\/et_pb_column][\/et_pb_row][et_pb_row column_structure=\"1_2,1_2\" disabled_on=\"off|off|off\" admin_label=\"riga 1 cima\" _builder_version=\"4.16\" _module_preset=\"default\" global_colors_info=\"{}\"][et_pb_column type=\"1_2\" _builder_version=\"4.16\" _module_preset=\"default\" global_colors_info=\"{}\"][et_pb_video src=\"https:\/\/vimeo.com\/755514066\" thumbnail_overlay_color=\"rgba(0,0,0,0.6)\" admin_label=\"7 ottobre Pasotti\" _builder_version=\"4.17.5\" locked=\"off\" global_colors_info=\"{}\"][\/et_pb_video][et_pb_text disabled_on=\"off|off|off\" _builder_version=\"4.17.5\" _module_preset=\"default\" locked=\"off\" global_colors_info=\"{}\"]<\/p>\n<p>Nello scorso appuntamento de \u201cI venerd\u00ec dello studio BNC\u201d abbiamo incontrato <strong>Giorgio Pasotti<\/strong>, noto e apprezzato attore bergamasco.\u00a0<\/p>\n<p><em>\u00a0<\/em><em>Tutto \u00e8 partito dalla Citt\u00e0 dei Mille, dove \u00e8 nato e cresciuto.<\/em><\/p>\n<p>\u00a0Prima del successo \u00a0tra cinema, tv e soprattutto il teatro - realt\u00e0 che vive a 360 gradi come attore e direttore artistico del Teatro Stabile d\u2019Abruzzo - lo sport lo ha salvato.<\/p>\n<p>Intervistato da <strong>Francesca Lai<\/strong>, giornalista di Bergamonews e DiverCity Magazine, ci ha raccontato la Bergamo della sua infanzia, il sogno<\/p>\n<p>del cinema e gli esordi, la vita di teatro e le tante soddisfazioni, come quella di lavorare dietro la cinepresa.<\/p>\n<p>[\/et_pb_text][\/et_pb_column][et_pb_column type=\"1_2\" _builder_version=\"4.16\" _module_preset=\"default\" global_colors_info=\"{}\"][et_pb_video src=\"https:\/\/vimeo.com\/752915098\" thumbnail_overlay_color=\"rgba(0,0,0,0.6)\" admin_label=\"30 settembre D'Ettorre\" _builder_version=\"4.17.5\" locked=\"off\" global_colors_info=\"{}\"][\/et_pb_video][et_pb_text disabled_on=\"off|off|off\" _builder_version=\"4.17.5\" _module_preset=\"default\" locked=\"off\" global_colors_info=\"{}\"]<\/p>\n<div dir=\"auto\">\n<div dir=\"auto\">\n<p><em>La pensione rischia di diventare sempre pi\u00f9 un miraggio per molti Italiani, specie per quelli appartenenti alle generazioni pi\u00f9 giovani.<\/em><br \/>Come ovviare al problema?<br \/>Tanto per cominciare, perch\u00e9 non approfittare del welfare che le Imprese potrebbero mettere a disposizione dei loro Dipendenti e nel quale, all\u2019interno di un ricco e variegato paniere di beni e servizi, che aumentano il benessere dei collaboratori, c\u2019\u00e8 anche la possibilit\u00e0 di destinare tutto o parte del valore del welfare alla previdenza integrativa?<\/p>\n<p><em>In questo modo, entrambe le parti trarrebbero vantaggi.<\/em><\/p>\n<p>Quali? Ne abbiamo parlato con il <strong>dott. Matteo D\u2019Ettorre<\/strong>, Amministratore delegato di Azimut Financial Insurance Spa intervistato dal giornalista <strong>Fabrizio Calvo<\/strong>.<\/p>\n<\/div>\n<\/div>\n<p>[\/et_pb_text][\/et_pb_column][\/et_pb_row][et_pb_row column_structure=\"1_2,1_2\" disabled_on=\"off|off|off\" admin_label=\"riga 1 cima\" _builder_version=\"4.16\" _module_preset=\"default\" global_colors_info=\"{}\"][et_pb_column type=\"1_2\" _builder_version=\"4.16\" _module_preset=\"default\" global_colors_info=\"{}\"][et_pb_video src=\"https:\/\/vimeo.com\/750327101\" thumbnail_overlay_color=\"rgba(0,0,0,0.6)\" admin_label=\"23 settembre ravelli\" _builder_version=\"4.17.5\" locked=\"off\" global_colors_info=\"{}\"][\/et_pb_video][et_pb_text disabled_on=\"off|off|off\" _builder_version=\"4.17.5\" _module_preset=\"default\" locked=\"off\" global_colors_info=\"{}\"]<\/p>\n<p><em>\u201c25 anni di Elisabetta II\u201d il titolo della centottesima puntata de \u201cI venerd\u00ec dello Studio BNC\u201d.<\/em><\/p>\n<p>Insieme a <strong>Radames Bonaccorsi Ravelli<\/strong>, Presidente dell\u2019ente bergamaschi nel mondo a Londra abbiamo parlato della recente scomparsa della sovrana d\u2019Inghilterra e dei conseguenti mutamenti nel regno britannico.<\/p>\n<p>A intervistarlo <strong>Elisabetta Olivari<\/strong>, comunicatrice e giornalista di Bergamonews.<\/p>\n<p>[\/et_pb_text][\/et_pb_column][et_pb_column type=\"1_2\" _builder_version=\"4.16\" _module_preset=\"default\" global_colors_info=\"{}\"][et_pb_video src=\"https:\/\/vimeo.com\/747985422\" thumbnail_overlay_color=\"rgba(0,0,0,0.6)\" admin_label=\"16 settembre Messina\" _builder_version=\"4.17.5\" locked=\"off\" global_colors_info=\"{}\"][\/et_pb_video][et_pb_text disabled_on=\"off|off|off\" _builder_version=\"4.17.5\" _module_preset=\"default\" locked=\"off\" global_colors_info=\"{}\"]<\/p>\n<div dir=\"auto\">\n<div dir=\"auto\">\n<p><em>Le politiche di welfare richiedono oggi in un ripensamento forte sotto la spinta dell\u2019innovazione. <\/em><\/p>\n<p>L\u2019emergenza sanitaria ha dato la possibilit\u00e0 di costruire nuove forme di protezione sociale legate all\u2019emergenza ma queste non sono sufficienti se non sono rese strutturali.<\/p>\n<p><em>Oggi il welfare ha una spesa sociale alta ma un numero limitato di fruitori, in Italia la societ\u00e0 invecchia rapidamente e non si fanno pi\u00f9 bambini.<\/em><\/p>\n<p>Quali ricadute sulle politiche locali e come immaginare di modificare il trend?<\/p>\n<p>Le politiche di welfare non sono solo delle pubbliche istituzioni ma soprattutto delle comunit\u00e0 attraverso il terzo settore: cittadini, associazioni, cooperazione sociale.<\/p>\n<p><em>Quale ruolo possono e devono giocare? Quali sono i limiti e le possibilit\u00e0?<\/em><br \/><em>Si parla molto di impatto sociale: a che punto siamo?<\/em><\/p>\n<p>Abbiamo trattato questi temi con <strong>Marcella Messina<\/strong>, assessore alle politiche sociali del Comune di Bergamo e <strong>Davide Agazzi<\/strong>, direttore di Bergamonews.\u00a0<\/p>\n<\/div>\n<\/div>\n<p>[\/et_pb_text][\/et_pb_column][\/et_pb_row][et_pb_row column_structure=\"1_2,1_2\" disabled_on=\"off|off|off\" admin_label=\"riga 1 cima\" _builder_version=\"4.16\" _module_preset=\"default\" global_colors_info=\"{}\"][et_pb_column type=\"1_2\" _builder_version=\"4.16\" _module_preset=\"default\" global_colors_info=\"{}\"][et_pb_video src=\"https:\/\/vimeo.com\/745742249\" thumbnail_overlay_color=\"rgba(0,0,0,0.6)\" admin_label=\"9 settembre Remuzzi\" _builder_version=\"4.17.5\" locked=\"off\" global_colors_info=\"{}\"][\/et_pb_video][et_pb_text disabled_on=\"off|off|off\" _builder_version=\"4.17.5\" _module_preset=\"default\" locked=\"off\" global_colors_info=\"{}\"]<\/p>\n<div dir=\"auto\">\n<div dir=\"auto\">\n<div dir=\"auto\">\n<div dir=\"auto\">\n<p>La \u201cBergamo che non ti aspetti\u201d \u00e8 quella vista con gli occhi del professor Giuseppe Remuzzi, Direttore dell\u2019Istituto di Ricerche Farmacologiche Mario Negri: \u00e8 il titolo che lui stesso ha scelto per il suo libro, che racchiude i suoi scritti degli ultimi 20 anni e si configura quasi come un quaderno di appunti.\u00a0<\/p>\n<p><em>\u00a0<\/em><em>Note che in gran parte ripercorrono la parabola di successo della Medicina bergamasca, tra personaggi e primari illustri al \u201ccambio\u201d casa dall\u2019ospedale Maggiore al Papa Giovanni XXIII.<\/em><\/p>\n<p><em>\u00a0<\/em><em>Ma c\u2019\u00e8 tanto, molto di pi\u00f9: ricordi di scuola, momenti di vita privata e professionale, un inevitabile sguardo sul mondo della ricerca.<\/em><\/p>\n<p><em>\u00a0<\/em>Ma anche il Kilometro Rosso, la quarta corsia dell\u2019autostrada...e poteva mancare l\u2019Atalanta?\u00a0<\/p>\n<p>Di tutto questo abbiamo parlato nella scorsa con il professor <strong>Giuseppe Remuzzi<\/strong> e <strong>Luca Samotti<\/strong>, Giornalista di BergamoNews.<\/p>\n<\/div>\n<\/div>\n<\/div>\n<\/div>\n<p>[\/et_pb_text][\/et_pb_column][et_pb_column type=\"1_2\" _builder_version=\"4.16\" _module_preset=\"default\" global_colors_info=\"{}\"][et_pb_video src=\"https:\/\/vimeo.com\/734676504\" thumbnail_overlay_color=\"rgba(0,0,0,0.6)\" admin_label=\"2 settembre Salvadeo\" _builder_version=\"4.17.5\" locked=\"off\" global_colors_info=\"{}\"][\/et_pb_video][et_pb_text disabled_on=\"off|off|off\" _builder_version=\"4.17.5\" _module_preset=\"default\" locked=\"off\" global_colors_info=\"{}\"]<\/p>\n<div dir=\"auto\">\n<div dir=\"auto\">\n<p><em>Una luce speciale creata dall\u2019uomo, oggi utilizzata in una miriade di applicazioni. Il laser si utilizza per calcolare distanze, guarire malattie, per interventi chirurgici, contrastare i segni del tempo e tanto altro.<\/em><br \/>Ne abbiamo parlato nella nuova puntata de \u201cI venerd\u00ec dello Studio BNC\u201d e approfondiremo l\u2019argomento con il dott. <strong>Paolo Salvadeo<\/strong>, direttore generale di Gruppo El.En. S.p.A. e con <strong>Antonio Tognoli<\/strong>, Responsabile Macro-analisi e Comunicazione presso Corporate Family Office SIM.<\/p>\n<\/div>\n<\/div>\n<p>[\/et_pb_text][\/et_pb_column][\/et_pb_row][et_pb_row column_structure=\"1_2,1_2\" disabled_on=\"off|off|off\" admin_label=\"riga 1 cima\" _builder_version=\"4.16\" _module_preset=\"default\" global_colors_info=\"{}\"][et_pb_column type=\"1_2\" _builder_version=\"4.16\" _module_preset=\"default\" global_colors_info=\"{}\"][et_pb_video src=\"https:\/\/vimeo.com\/732428945\" thumbnail_overlay_color=\"rgba(0,0,0,0.6)\" admin_label=\"29 luglio Ghilardi\" _builder_version=\"4.17.5\" locked=\"off\" global_colors_info=\"{}\"][\/et_pb_video][et_pb_text disabled_on=\"off|off|off\" _builder_version=\"4.17.5\" _module_preset=\"default\" locked=\"off\" global_colors_info=\"{}\"]<\/p>\n<div dir=\"auto\">\n<div dir=\"auto\">\n<p><em>Il recupero della chiesa di Sant\u2019Agata, l\u2019ampliamento degli spazi di ristorazione, gli incontri con gli scrittori, mostre e spettacoli nella nuova Sala Civica aperta alla citt\u00e0.<\/em><\/p>\n<p>E ancora, un corso di scrittura con al prestigiosa scuola Belleville che partir\u00e0 nel prossimo autunno.<\/p>\n<p>La Cooperativa Citt\u00e0 Alta cresce ancora, non si ferma e rilancia il proprio ruolo socioculturale con un obiettivo, sognare ancora e sognare di pi\u00f9.<\/p>\n<p>Ne abbiamo parlato con il presidente <strong>Tomaso Ghilardi<\/strong> e <strong>Luca Samotti<\/strong>, giornalista di Bergamonews.<\/p>\n<\/div>\n<\/div>\n<p>[\/et_pb_text][\/et_pb_column][et_pb_column type=\"1_2\" _builder_version=\"4.16\" _module_preset=\"default\" global_colors_info=\"{}\"][et_pb_video src=\"https:\/\/vimeo.com\/732420372\" thumbnail_overlay_color=\"rgba(0,0,0,0.6)\" admin_label=\"22 luglio Trotta Lanfranchi\" _builder_version=\"4.17.5\" locked=\"off\" global_colors_info=\"{}\"][\/et_pb_video][et_pb_text disabled_on=\"off|off|off\" _builder_version=\"4.17.5\" _module_preset=\"default\" locked=\"off\" global_colors_info=\"{}\"]<\/p>\n<div dir=\"auto\">\n<div dir=\"auto\">\n<p><em>\u201cLa vita, le opere e le imprese di uno dei pi\u00f9 grandi organizzatori di <a href=\"https:\/\/www.facebook.com\/hashtag\/eventiculturali?__eep__=6&amp;__cft__[0]=AZVJMZlIsFguW_T-CTpGkGBGeAndmnILYz12QjlsLRCPUSHxEzbNukNhLQZTK2DDFthLGAFNHMsUWJM3iody__PYxlw0DfBOPD6nGTjmm-0XMdtNrg93iOErllkAhWSOxXXCr-lTR_lunpLljwG6yMm7Kz7ymNRuvbguajE3ReA4lKw_5v2X2gjSMPnk8YSjJHWJZnwansYwGzZkh5fkd88b&amp;__tn__=*NK-R\" class=\"oajrlxb2 g5ia77u1 qu0x051f esr5mh6w e9989ue4 r7d6kgcz rq0escxv nhd2j8a9 nc684nl6 p7hjln8o kvgmc6g5 cxmmr5t8 oygrvhab hcukyx3x jb3vyjys rz4wbd8a qt6c0cv9 a8nywdso i1ao9s8h esuyzwwr f1sip0of lzcic4wl gpro0wi8 q66pz984 b1v8xokw\">#eventiculturali<\/a> europei, tra emergenze sanitarie, incomprensioni e star del <a href=\"https:\/\/www.facebook.com\/hashtag\/rock?__eep__=6&amp;__cft__[0]=AZVJMZlIsFguW_T-CTpGkGBGeAndmnILYz12QjlsLRCPUSHxEzbNukNhLQZTK2DDFthLGAFNHMsUWJM3iody__PYxlw0DfBOPD6nGTjmm-0XMdtNrg93iOErllkAhWSOxXXCr-lTR_lunpLljwG6yMm7Kz7ymNRuvbguajE3ReA4lKw_5v2X2gjSMPnk8YSjJHWJZnwansYwGzZkh5fkd88b&amp;__tn__=*NK-R\" class=\"oajrlxb2 g5ia77u1 qu0x051f esr5mh6w e9989ue4 r7d6kgcz rq0escxv nhd2j8a9 nc684nl6 p7hjln8o kvgmc6g5 cxmmr5t8 oygrvhab hcukyx3x jb3vyjys rz4wbd8a qt6c0cv9 a8nywdso i1ao9s8h esuyzwwr f1sip0of lzcic4wl gpro0wi8 q66pz984 b1v8xokw\">#rock<\/a>, a volte, capricciose\u201d<\/em> ne abbiamo parlato con <strong>Claudio Trotta<\/strong> e <strong>Alberto Lanfranchi<\/strong> nella centotreesima puntata de \u201cI venerd\u00ec dello Studio BNC\u201d.<br \/>Ad intervistarli, <strong>Ugo Bacci<\/strong>.<\/p>\n<\/div>\n<\/div>\n<p>[\/et_pb_text][\/et_pb_column][\/et_pb_row][et_pb_row _builder_version=\"4.16\" global_colors_info=\"{}\"][et_pb_column type=\"4_4\" _builder_version=\"4.16\" global_colors_info=\"{}\"][et_pb_button button_url=\"https:\/\/www.studiobnc.net\/sito\/archivio-i-venerdi-dello-studio-bnc\/\" url_new_window=\"on\" button_text=\"Vuoi vedere gli eventi precedenti? Clicca QUI\" button_alignment=\"center\" _builder_version=\"4.17.5\" custom_margin=\"||||false|false\" locked=\"off\" global_colors_info=\"{}\"][\/et_pb_button][\/et_pb_column][\/et_pb_row][\/et_pb_section]<\/p>\n","protected":false},"excerpt":{"rendered":"<p>I venerd\u00ec dello Studio BNC - Eventi precedenti - 2023Giornalista, conduttore televisivo e speaker radiofonico. In breve, Mister Fantasy. Classe \u201952,\u00a0Carlo Massarini \u00e8 un personaggio unico nella storia della musica italiana. A lui si deve il merito di aver portato le migliori novit\u00e0 musicali al grande pubblico, molto tempo prima dell\u2019arrivo dei social e delle [&hellip;]<\/p>\n","protected":false},"author":1,"featured_media":329,"parent":0,"menu_order":0,"comment_status":"closed","ping_status":"closed","template":"","meta":{"_et_pb_use_builder":"on","_et_pb_old_content":"","_et_gb_content_width":"","footnotes":""},"class_list":["post-233834","page","type-page","status-publish","has-post-thumbnail","hentry"],"yoast_head":"<!-- This site is optimized with the Yoast SEO plugin v27.4 - https:\/\/yoast.com\/product\/yoast-seo-wordpress\/ -->\n<title>Archivio precedenti 2023 - I venerd\u00ec dello studio BNC - Studio BNC<\/title>\n<meta name=\"robots\" content=\"index, follow, max-snippet:-1, max-image-preview:large, max-video-preview:-1\" \/>\n<link rel=\"canonical\" href=\"https:\/\/www.studiobnc.net\/sito\/archivio-precedenti-2023-i-venerdi-dello-studio-bnc\/\" \/>\n<meta property=\"og:locale\" content=\"it_IT\" \/>\n<meta property=\"og:type\" content=\"article\" \/>\n<meta property=\"og:title\" content=\"Archivio precedenti 2023 - I venerd\u00ec dello studio BNC - Studio BNC\" \/>\n<meta property=\"og:description\" content=\"I venerd\u00ec dello Studio BNC - Eventi precedenti - 2023Giornalista, conduttore televisivo e speaker radiofonico. In breve, Mister Fantasy. Classe \u201952,\u00a0Carlo Massarini \u00e8 un personaggio unico nella storia della musica italiana. A lui si deve il merito di aver portato le migliori novit\u00e0 musicali al grande pubblico, molto tempo prima dell\u2019arrivo dei social e delle [&hellip;]\" \/>\n<meta property=\"og:url\" content=\"https:\/\/www.studiobnc.net\/sito\/archivio-precedenti-2023-i-venerdi-dello-studio-bnc\/\" \/>\n<meta property=\"og:site_name\" content=\"Studio BNC\" \/>\n<meta property=\"article:modified_time\" content=\"2024-04-24T08:13:28+00:00\" \/>\n<meta property=\"og:image\" content=\"https:\/\/www.studiobnc.net\/sito\/wp-content\/uploads\/2020\/03\/BNC.png\" \/>\n\t<meta property=\"og:image:width\" content=\"1448\" \/>\n\t<meta property=\"og:image:height\" content=\"549\" \/>\n\t<meta property=\"og:image:type\" content=\"image\/png\" \/>\n<meta name=\"twitter:card\" content=\"summary_large_image\" \/>\n<meta name=\"twitter:label1\" content=\"Tempo di lettura stimato\" \/>\n\t<meta name=\"twitter:data1\" content=\"1 minuto\" \/>\n<script type=\"application\/ld+json\" class=\"yoast-schema-graph\">{\"@context\":\"https:\\\/\\\/schema.org\",\"@graph\":[{\"@type\":\"WebPage\",\"@id\":\"https:\\\/\\\/www.studiobnc.net\\\/sito\\\/archivio-precedenti-2023-i-venerdi-dello-studio-bnc\\\/\",\"url\":\"https:\\\/\\\/www.studiobnc.net\\\/sito\\\/archivio-precedenti-2023-i-venerdi-dello-studio-bnc\\\/\",\"name\":\"Archivio precedenti 2023 - I venerd\u00ec dello studio BNC - Studio BNC\",\"isPartOf\":{\"@id\":\"https:\\\/\\\/www.studiobnc.net\\\/sito\\\/#website\"},\"primaryImageOfPage\":{\"@id\":\"https:\\\/\\\/www.studiobnc.net\\\/sito\\\/archivio-precedenti-2023-i-venerdi-dello-studio-bnc\\\/#primaryimage\"},\"image\":{\"@id\":\"https:\\\/\\\/www.studiobnc.net\\\/sito\\\/archivio-precedenti-2023-i-venerdi-dello-studio-bnc\\\/#primaryimage\"},\"thumbnailUrl\":\"https:\\\/\\\/www.studiobnc.net\\\/sito\\\/wp-content\\\/uploads\\\/2020\\\/03\\\/BNC.png\",\"datePublished\":\"2024-04-24T08:10:44+00:00\",\"dateModified\":\"2024-04-24T08:13:28+00:00\",\"breadcrumb\":{\"@id\":\"https:\\\/\\\/www.studiobnc.net\\\/sito\\\/archivio-precedenti-2023-i-venerdi-dello-studio-bnc\\\/#breadcrumb\"},\"inLanguage\":\"it-IT\",\"potentialAction\":[{\"@type\":\"ReadAction\",\"target\":[\"https:\\\/\\\/www.studiobnc.net\\\/sito\\\/archivio-precedenti-2023-i-venerdi-dello-studio-bnc\\\/\"]}]},{\"@type\":\"ImageObject\",\"inLanguage\":\"it-IT\",\"@id\":\"https:\\\/\\\/www.studiobnc.net\\\/sito\\\/archivio-precedenti-2023-i-venerdi-dello-studio-bnc\\\/#primaryimage\",\"url\":\"https:\\\/\\\/www.studiobnc.net\\\/sito\\\/wp-content\\\/uploads\\\/2020\\\/03\\\/BNC.png\",\"contentUrl\":\"https:\\\/\\\/www.studiobnc.net\\\/sito\\\/wp-content\\\/uploads\\\/2020\\\/03\\\/BNC.png\",\"width\":1448,\"height\":549},{\"@type\":\"BreadcrumbList\",\"@id\":\"https:\\\/\\\/www.studiobnc.net\\\/sito\\\/archivio-precedenti-2023-i-venerdi-dello-studio-bnc\\\/#breadcrumb\",\"itemListElement\":[{\"@type\":\"ListItem\",\"position\":1,\"name\":\"Home\",\"item\":\"https:\\\/\\\/www.studiobnc.net\\\/sito\\\/\"},{\"@type\":\"ListItem\",\"position\":2,\"name\":\"Archivio precedenti 2023 &#8211; I venerd\u00ec dello studio BNC\"}]},{\"@type\":\"WebSite\",\"@id\":\"https:\\\/\\\/www.studiobnc.net\\\/sito\\\/#website\",\"url\":\"https:\\\/\\\/www.studiobnc.net\\\/sito\\\/\",\"name\":\"Circolari Studio BNC\",\"description\":\"Studio BNC\",\"publisher\":{\"@id\":\"https:\\\/\\\/www.studiobnc.net\\\/sito\\\/#organization\"},\"potentialAction\":[{\"@type\":\"SearchAction\",\"target\":{\"@type\":\"EntryPoint\",\"urlTemplate\":\"https:\\\/\\\/www.studiobnc.net\\\/sito\\\/?s={search_term_string}\"},\"query-input\":{\"@type\":\"PropertyValueSpecification\",\"valueRequired\":true,\"valueName\":\"search_term_string\"}}],\"inLanguage\":\"it-IT\"},{\"@type\":\"Organization\",\"@id\":\"https:\\\/\\\/www.studiobnc.net\\\/sito\\\/#organization\",\"name\":\"Studio BNC\",\"url\":\"https:\\\/\\\/www.studiobnc.net\\\/sito\\\/\",\"logo\":{\"@type\":\"ImageObject\",\"inLanguage\":\"it-IT\",\"@id\":\"https:\\\/\\\/www.studiobnc.net\\\/sito\\\/#\\\/schema\\\/logo\\\/image\\\/\",\"url\":\"https:\\\/\\\/www.studiobnc.net\\\/sito\\\/wp-content\\\/uploads\\\/2020\\\/03\\\/BNC.png\",\"contentUrl\":\"https:\\\/\\\/www.studiobnc.net\\\/sito\\\/wp-content\\\/uploads\\\/2020\\\/03\\\/BNC.png\",\"width\":1448,\"height\":549,\"caption\":\"Studio BNC\"},\"image\":{\"@id\":\"https:\\\/\\\/www.studiobnc.net\\\/sito\\\/#\\\/schema\\\/logo\\\/image\\\/\"},\"sameAs\":[\"http:\\\/\\\/linkedin.com\\\/company\\\/studio-bnc\"]}]}<\/script>\n<!-- \/ Yoast SEO plugin. -->","yoast_head_json":{"title":"Archivio precedenti 2023 - I venerd\u00ec dello studio BNC - Studio BNC","robots":{"index":"index","follow":"follow","max-snippet":"max-snippet:-1","max-image-preview":"max-image-preview:large","max-video-preview":"max-video-preview:-1"},"canonical":"https:\/\/www.studiobnc.net\/sito\/archivio-precedenti-2023-i-venerdi-dello-studio-bnc\/","og_locale":"it_IT","og_type":"article","og_title":"Archivio precedenti 2023 - I venerd\u00ec dello studio BNC - Studio BNC","og_description":"I venerd\u00ec dello Studio BNC - Eventi precedenti - 2023Giornalista, conduttore televisivo e speaker radiofonico. In breve, Mister Fantasy. Classe \u201952,\u00a0Carlo Massarini \u00e8 un personaggio unico nella storia della musica italiana. A lui si deve il merito di aver portato le migliori novit\u00e0 musicali al grande pubblico, molto tempo prima dell\u2019arrivo dei social e delle [&hellip;]","og_url":"https:\/\/www.studiobnc.net\/sito\/archivio-precedenti-2023-i-venerdi-dello-studio-bnc\/","og_site_name":"Studio BNC","article_modified_time":"2024-04-24T08:13:28+00:00","og_image":[{"width":1448,"height":549,"url":"https:\/\/www.studiobnc.net\/sito\/wp-content\/uploads\/2020\/03\/BNC.png","type":"image\/png"}],"twitter_card":"summary_large_image","twitter_misc":{"Tempo di lettura stimato":"1 minuto"},"schema":{"@context":"https:\/\/schema.org","@graph":[{"@type":"WebPage","@id":"https:\/\/www.studiobnc.net\/sito\/archivio-precedenti-2023-i-venerdi-dello-studio-bnc\/","url":"https:\/\/www.studiobnc.net\/sito\/archivio-precedenti-2023-i-venerdi-dello-studio-bnc\/","name":"Archivio precedenti 2023 - I venerd\u00ec dello studio BNC - Studio BNC","isPartOf":{"@id":"https:\/\/www.studiobnc.net\/sito\/#website"},"primaryImageOfPage":{"@id":"https:\/\/www.studiobnc.net\/sito\/archivio-precedenti-2023-i-venerdi-dello-studio-bnc\/#primaryimage"},"image":{"@id":"https:\/\/www.studiobnc.net\/sito\/archivio-precedenti-2023-i-venerdi-dello-studio-bnc\/#primaryimage"},"thumbnailUrl":"https:\/\/www.studiobnc.net\/sito\/wp-content\/uploads\/2020\/03\/BNC.png","datePublished":"2024-04-24T08:10:44+00:00","dateModified":"2024-04-24T08:13:28+00:00","breadcrumb":{"@id":"https:\/\/www.studiobnc.net\/sito\/archivio-precedenti-2023-i-venerdi-dello-studio-bnc\/#breadcrumb"},"inLanguage":"it-IT","potentialAction":[{"@type":"ReadAction","target":["https:\/\/www.studiobnc.net\/sito\/archivio-precedenti-2023-i-venerdi-dello-studio-bnc\/"]}]},{"@type":"ImageObject","inLanguage":"it-IT","@id":"https:\/\/www.studiobnc.net\/sito\/archivio-precedenti-2023-i-venerdi-dello-studio-bnc\/#primaryimage","url":"https:\/\/www.studiobnc.net\/sito\/wp-content\/uploads\/2020\/03\/BNC.png","contentUrl":"https:\/\/www.studiobnc.net\/sito\/wp-content\/uploads\/2020\/03\/BNC.png","width":1448,"height":549},{"@type":"BreadcrumbList","@id":"https:\/\/www.studiobnc.net\/sito\/archivio-precedenti-2023-i-venerdi-dello-studio-bnc\/#breadcrumb","itemListElement":[{"@type":"ListItem","position":1,"name":"Home","item":"https:\/\/www.studiobnc.net\/sito\/"},{"@type":"ListItem","position":2,"name":"Archivio precedenti 2023 &#8211; I venerd\u00ec dello studio BNC"}]},{"@type":"WebSite","@id":"https:\/\/www.studiobnc.net\/sito\/#website","url":"https:\/\/www.studiobnc.net\/sito\/","name":"Circolari Studio BNC","description":"Studio BNC","publisher":{"@id":"https:\/\/www.studiobnc.net\/sito\/#organization"},"potentialAction":[{"@type":"SearchAction","target":{"@type":"EntryPoint","urlTemplate":"https:\/\/www.studiobnc.net\/sito\/?s={search_term_string}"},"query-input":{"@type":"PropertyValueSpecification","valueRequired":true,"valueName":"search_term_string"}}],"inLanguage":"it-IT"},{"@type":"Organization","@id":"https:\/\/www.studiobnc.net\/sito\/#organization","name":"Studio BNC","url":"https:\/\/www.studiobnc.net\/sito\/","logo":{"@type":"ImageObject","inLanguage":"it-IT","@id":"https:\/\/www.studiobnc.net\/sito\/#\/schema\/logo\/image\/","url":"https:\/\/www.studiobnc.net\/sito\/wp-content\/uploads\/2020\/03\/BNC.png","contentUrl":"https:\/\/www.studiobnc.net\/sito\/wp-content\/uploads\/2020\/03\/BNC.png","width":1448,"height":549,"caption":"Studio BNC"},"image":{"@id":"https:\/\/www.studiobnc.net\/sito\/#\/schema\/logo\/image\/"},"sameAs":["http:\/\/linkedin.com\/company\/studio-bnc"]}]}},"_links":{"self":[{"href":"https:\/\/www.studiobnc.net\/sito\/wp-json\/wp\/v2\/pages\/233834","targetHints":{"allow":["GET"]}}],"collection":[{"href":"https:\/\/www.studiobnc.net\/sito\/wp-json\/wp\/v2\/pages"}],"about":[{"href":"https:\/\/www.studiobnc.net\/sito\/wp-json\/wp\/v2\/types\/page"}],"author":[{"embeddable":true,"href":"https:\/\/www.studiobnc.net\/sito\/wp-json\/wp\/v2\/users\/1"}],"replies":[{"embeddable":true,"href":"https:\/\/www.studiobnc.net\/sito\/wp-json\/wp\/v2\/comments?post=233834"}],"version-history":[{"count":2,"href":"https:\/\/www.studiobnc.net\/sito\/wp-json\/wp\/v2\/pages\/233834\/revisions"}],"predecessor-version":[{"id":233840,"href":"https:\/\/www.studiobnc.net\/sito\/wp-json\/wp\/v2\/pages\/233834\/revisions\/233840"}],"wp:featuredmedia":[{"embeddable":true,"href":"https:\/\/www.studiobnc.net\/sito\/wp-json\/wp\/v2\/media\/329"}],"wp:attachment":[{"href":"https:\/\/www.studiobnc.net\/sito\/wp-json\/wp\/v2\/media?parent=233834"}],"curies":[{"name":"wp","href":"https:\/\/api.w.org\/{rel}","templated":true}]}}