{"id":2824,"date":"2022-09-07T16:23:40","date_gmt":"2022-09-07T14:23:40","guid":{"rendered":"https:\/\/www.studiobnc.net\/sito\/?page_id=2824"},"modified":"2026-04-22T15:18:54","modified_gmt":"2026-04-22T13:18:54","slug":"archivio-i-venerdi-dello-studio-bnc-nuovo","status":"publish","type":"page","link":"https:\/\/www.studiobnc.net\/sito\/archivio-i-venerdi-dello-studio-bnc-nuovo\/","title":{"rendered":"Archivio - I venerd\u00ec dello studio BNC"},"content":{"rendered":"<p>[et_pb_section fb_built=\"1\" admin_label=\"section\" _builder_version=\"4.16\" global_colors_info=\"{}\"][et_pb_row _builder_version=\"4.16\" custom_padding=\"0px||0px|||\" global_colors_info=\"{}\"][et_pb_column type=\"4_4\" _builder_version=\"4.16\" global_colors_info=\"{}\"][et_pb_text disabled_on=\"off|off|off\" _builder_version=\"4.27.5\" text_text_color=\"#628fc6\" text_font_size=\"40px\" text_line_height=\"1.8em\" global_colors_info=\"{}\"]<\/p>\n<p style=\"text-align: center;\">I venerd\u00ec dello Studio BNC - Eventi precedenti - 2026<\/p>\n<p>[\/et_pb_text][\/et_pb_column][\/et_pb_row][et_pb_row column_structure=\"1_5,3_5,1_5\" disabled_on=\"off|off|off\" admin_label=\"riga 1 cima\" _builder_version=\"4.27.6\" _module_preset=\"default\" locked=\"off\" global_colors_info=\"{}\"][et_pb_column type=\"1_5\" _builder_version=\"4.16\" _module_preset=\"default\" global_colors_info=\"{}\"][\/et_pb_column][et_pb_column type=\"3_5\" _builder_version=\"4.16\" _module_preset=\"default\" global_colors_info=\"{}\"][\/et_pb_column][et_pb_column type=\"1_5\" _builder_version=\"4.16\" _module_preset=\"default\" global_colors_info=\"{}\"][\/et_pb_column][\/et_pb_row][et_pb_row column_structure=\"1_2,1_2\" disabled_on=\"off|off|off\" admin_label=\"riga 1 cima\" _builder_version=\"4.16\" _module_preset=\"default\" locked=\"off\" global_colors_info=\"{}\"][et_pb_column type=\"1_2\" _builder_version=\"4.16\" _module_preset=\"default\" global_colors_info=\"{}\"][et_pb_video src=\"https:\/\/vimeo.com\/1181903829?fl=ip&fe=ec\" admin_label=\"17 aprile Saran\" _builder_version=\"4.27.6\" _module_preset=\"default\" hover_enabled=\"0\" locked=\"off\" global_colors_info=\"{}\" sticky_enabled=\"0\"][\/et_pb_video][et_pb_text disabled_on=\"off|off|off\" _builder_version=\"4.27.6\" _module_preset=\"default\" hover_enabled=\"0\" locked=\"off\" global_colors_info=\"{}\" sticky_enabled=\"0\"]<\/p>\n<p style=\"text-align: center;\">In questa puntata de \"I venerd\u00ec dello Studio BNC\" abbiamo parlato del libro Peccatori di Gola 2 con l\u2019autore <strong>Giancarlo Saran<\/strong>, intervistato da <strong>Riccardo Quarti<\/strong>, giornalista di Bergamonews.<\/p>\n<p style=\"text-align: center;\">C\u2019\u00e8 chi si siede a tavola per necessit\u00e0 e chi invece, attraverso la cucina, scopre un mondo fatto di storie, tradizioni e cultura.<br \/><em>Peccatori di Gola 2 accompagna il lettore in questo universo, raccontando personaggi che hanno vissuto la cucina, ma anche figure che l\u2019hanno narrata, valorizzata e resa parte del nostro immaginario collettivo.<\/em><\/p>\n<p style=\"text-align: center;\">Tra i protagonisti citati ci sono nomi come Andrea Camilleri, Leonardo Sciascia, Ugo Tognazzi, Pellegrino Artusi, Luigi Pirandello, Pietro Marzotto e Bepo Maffioli, accanto ad altri protagonisti pi\u00f9 inattesi.<br \/><em>Una interessante occasione per approfondire il legame tra cibo e racconto, tra gusto e cultura, e per capire come la tavola possa diventare anche uno straordinario strumento per leggere la societ\u00e0, il costume e il nostro immaginario collettivo.<\/em><\/p>\n<p>[\/et_pb_text][\/et_pb_column][et_pb_column type=\"1_2\" _builder_version=\"4.16\" _module_preset=\"default\" global_colors_info=\"{}\"][et_pb_video src=\"https:\/\/vimeo.com\/1179862689?share=copy&fl=sv&fe=ci\" admin_label=\"10 aprile Milesi\" _builder_version=\"4.27.6\" _module_preset=\"default\" locked=\"off\" global_colors_info=\"{}\"][\/et_pb_video][et_pb_text disabled_on=\"off|off|off\" _builder_version=\"4.27.6\" _module_preset=\"default\" locked=\"off\" global_colors_info=\"{}\"]<\/p>\n<p style=\"text-align: center;\">A \"I venerd\u00ec dello Studio BNC\" <strong>Letizia Milesi<\/strong>, nuotatrice paralimpica bergamasca protagonista di un percorso sportivo e umano di grande forza, dialoga con <strong>Sara Nicoli<\/strong>.<\/p>\n<p style=\"text-align: center;\"><em>Al centro della puntata la sua storia: una storia di determinazione, allenamento, crescita e capacit\u00e0 di trasformare una prova durissima in una nuova possibilit\u00e0.<\/em><\/p>\n<p style=\"text-align: center;\">Letizia ci racconta il proprio legame con l\u2019acqua, la scelta di dedicarsi al nuoto paralimpico, il lavoro quotidiano dietro ogni gara e i traguardi costruiti con impegno e costanza. Un'occasione per approfondire non solo i risultati raggiunti, ma anche il percorso personale che l\u2019ha portata a diventare un punto di riferimento dentro e fuori dalla vasca.<br \/><em>Un\u2019intervista che mette al centro la sua voce, la sua esperienza e i suoi obiettivi, restituendo il ritratto di un\u2019atleta che continua a guardare avanti con coraggio, ambizione e consapevolezza.<\/em><\/p>\n<p>[\/et_pb_text][\/et_pb_column][\/et_pb_row][et_pb_row column_structure=\"1_2,1_2\" disabled_on=\"off|off|off\" admin_label=\"riga 1 cima\" _builder_version=\"4.16\" _module_preset=\"default\" locked=\"off\" global_colors_info=\"{}\"][et_pb_column type=\"1_2\" _builder_version=\"4.16\" _module_preset=\"default\" global_colors_info=\"{}\"][et_pb_video src=\"https:\/\/vimeo.com\/1177675281?fl=ip&fe=ec\" admin_label=\"3 aprile Marabini\" _builder_version=\"4.27.6\" _module_preset=\"default\" locked=\"off\" global_colors_info=\"{}\"][\/et_pb_video][et_pb_text disabled_on=\"off|off|off\" _builder_version=\"4.27.6\" _module_preset=\"default\" locked=\"off\" global_colors_info=\"{}\"]<\/p>\n<p style=\"text-align: center;\">In questa intervista abbiamo parlato di \u201cBergamo Olimpica Invernale\u201d, il nuovo libro di <strong>Paolo Marabini<\/strong>, in dialogo con <strong>Luca Samotti<\/strong> di BergamoNews.<\/p>\n<p style=\"text-align: center;\"><em>Il volume ripercorre 102 anni di Olimpiadi invernali, o 78 anni se consideriamo la prima partecipazione bergamasca, attraverso le partecipazioni pi\u00f9 significative degli atleti bergamaschi, tra medaglie, imprese e storie da riscoprire. Il libro \u00e8 edito da Bolis Edizioni.<\/em><br \/>Abbiamo fatto anche un accenno a \u201cBergamo Olimpica\u201d, il precedente libro di Marabini dedicato alle Olimpiadi estive, che racconta 120 anni di Giochi attraverso i protagonisti bergamaschi, da Enrico Brusoni a Simone Consonni.<\/p>\n<p style=\"text-align: center;\"><em>Un\u2019occasione per approfondire il legame tra sport, memoria e territorio, e per capire come Bergamo abbia scritto, anche sulla scena olimpica, pagine importanti capaci di raccontare talento, sacrificio e identit\u00e0.<\/em><\/p>\n<p>[\/et_pb_text][\/et_pb_column][et_pb_column type=\"1_2\" _builder_version=\"4.16\" _module_preset=\"default\" global_colors_info=\"{}\"][et_pb_video src=\"https:\/\/vimeo.com\/1175464691?fl=tl&fe=ec\" admin_label=\"27 marzo Santini Valentino\" _builder_version=\"4.27.6\" _module_preset=\"default\" locked=\"off\" global_colors_info=\"{}\"][\/et_pb_video][et_pb_text disabled_on=\"off|off|off\" _builder_version=\"4.27.6\" _module_preset=\"default\" locked=\"off\" global_colors_info=\"{}\"]<\/p>\n<p style=\"text-align: center;\"><em>Dal 19 al 22 marzo Bergamo Jazz ha riportato in citt\u00e0 i mille linguaggi del jazz, tra teatri, musei e spazi urbani, confermandosi un festival diffuso capace di mettere in relazione musica, pubblico e luoghi.<\/em><br \/>Nel corso della puntata <strong>Roberto Valentino<\/strong>, assistente alla direzione artistica del festival e giornalista, ha dialogato con il giornalista e critico musicale <strong>Fabio Santini<\/strong>.<\/p>\n<p style=\"text-align: center;\">Hanno approfondito il valore culturale del festival, del jazz, la sua capacit\u00e0 di rinnovarsi nel tempo e il legame sempre pi\u00f9 stretto tra proposta artistica, identit\u00e0 urbana e partecipazione del pubblico.<\/p>\n<p>[\/et_pb_text][\/et_pb_column][\/et_pb_row][et_pb_row column_structure=\"1_2,1_2\" disabled_on=\"off|off|off\" admin_label=\"riga 1 cima\" _builder_version=\"4.16\" _module_preset=\"default\" locked=\"off\" global_colors_info=\"{}\"][et_pb_column type=\"1_2\" _builder_version=\"4.16\" _module_preset=\"default\" global_colors_info=\"{}\"][et_pb_video src=\"https:\/\/vimeo.com\/1173268097?share=copy&fl=sv&fe=ci\" admin_label=\"20 marzo Cotti\" _builder_version=\"4.27.5\" _module_preset=\"default\" locked=\"off\" global_colors_info=\"{}\"][\/et_pb_video][et_pb_text disabled_on=\"off|off|off\" _builder_version=\"4.27.5\" _module_preset=\"default\" locked=\"off\" global_colors_info=\"{}\"]<\/p>\n<p style=\"text-align: center;\">Alla taverna sulla Prom\u2019: <strong>Sergio Cotti<\/strong> racconta Nizza tra cucina, ironia e storie incredibili.<br \/>Nella scorsa intervista condotta da <strong>Marta Bendotti<\/strong>, l\u2019autore ha presentato il libro La taverna sulla Prom\u2019, edito da Bolis Edizioni.<\/p>\n<p style=\"text-align: center;\"><em>Dieci storie incredibili ma vere tra italiani e francesi, ricette improbabili, misteri e colpi di scena.<\/em><br \/>Un viaggio ironico e surreale sulla Riviera, tra vita vissuta e osservazione del quotidiano.<\/p>\n<p>[\/et_pb_text][\/et_pb_column][et_pb_column type=\"1_2\" _builder_version=\"4.16\" _module_preset=\"default\" global_colors_info=\"{}\"][et_pb_video src=\"https:\/\/vimeo.com\/1171010900?share=copy&fl=sv&fe=ci\" admin_label=\"13 marzo Sbergia\" _builder_version=\"4.27.5\" _module_preset=\"default\" locked=\"off\" global_colors_info=\"{}\"][\/et_pb_video][et_pb_text disabled_on=\"off|off|off\" _builder_version=\"4.27.5\" _module_preset=\"default\" locked=\"off\" global_colors_info=\"{}\"]<\/p>\n<p style=\"text-align: center;\"><em>Il Brazilian Jiu Jitsu \u00e8 una disciplina che unisce tecnica, disciplina e storia.<\/em><\/p>\n<p style=\"text-align: center;\">Nella puntata de \"I venerd\u00ec dello Studio BNC\" raccontiamo la nascita della Grey Wolf Jiu Jitsu Bergamo \u2013 BJJ, la prima accademia dedicata a questa arte marziale in citt\u00e0.<\/p>\n<p style=\"text-align: center;\">Il maestro <strong>Massimiliano Sbergia<\/strong> dialoga con il giornalista <strong>Riccardo Quarti<\/strong> per ripercorrere il legame tra la storia internazionale del Brazilian Jiu Jitsu e il percorso che ha portato alla sua diffusione a Bergamo.<\/p>\n<p style=\"text-align: center;\"><em>Un racconto fatto di passione, allenamento e comunit\u00e0.<\/em><\/p>\n<p style=\"text-align: center;\"><em>Un viaggio tra radici, filosofia e pratica di una disciplina che negli ultimi anni ha conquistato sempre pi\u00f9 appassionati anche in Italia.<\/em><\/p>\n<p>[\/et_pb_text][\/et_pb_column][\/et_pb_row][et_pb_row column_structure=\"1_2,1_2\" disabled_on=\"off|off|off\" admin_label=\"riga 1 cima\" _builder_version=\"4.16\" _module_preset=\"default\" locked=\"off\" global_colors_info=\"{}\"][et_pb_column type=\"1_2\" _builder_version=\"4.16\" _module_preset=\"default\" global_colors_info=\"{}\"][et_pb_video src=\"https:\/\/vimeo.com\/1168830838?share=copy&fl=sv&fe=ci\" admin_label=\"6 marzo Brolis Carobbio\" _builder_version=\"4.27.5\" _module_preset=\"default\" locked=\"off\" global_colors_info=\"{}\"][\/et_pb_video][et_pb_text disabled_on=\"off|off|off\" _builder_version=\"4.27.5\" _module_preset=\"default\" locked=\"off\" global_colors_info=\"{}\"]<\/p>\n<p style=\"text-align: center;\">In questa puntata abbiamo ospitato <strong>Maria Teresa Brolis<\/strong> (scrittrice e storica) e <strong>Marco Carobbio<\/strong> (scrittore e storico) per parlare del libro <em>I ragazzi del dottor Brolis \u2013 Storie di un calcio che non finir\u00e0<\/em> (Equa Edizioni).\u00a0<\/p>\n<p style=\"text-align: center;\">Al centro c\u2019\u00e8 la figura di Giuseppe Brolis, legata alla nascita e alla crescita del vivaio atalantino: un uomo capace di \u201cvedere\u201d i ragazzi prima ancora dei calciatori, e di lasciare un\u2019eredit\u00e0 fatta di cura, umanit\u00e0 e metodo.<\/p>\n<p style=\"text-align: center;\"><em>Il libro intreccia voci, ricordi e testimonianze, e usa il calcio per parlare ai giovani di oggi: talento da incoraggiare, rispetto, correttezza, e l\u2019idea che non serva diventare campioni per \u201cvincere\u201d davvero.<\/em> <br \/>Tra gli episodi e i ritratti affiorano anche nomi che hanno segnato un\u2019epoca, raccontati quando erano semplicemente ragazzi: Domenghini, Scirea, Fanna (e altri ancora).<\/p>\n<p style=\"text-align: center;\">A guidare la conversazione \u00e8 <strong>Marco Cangelli<\/strong>, giornalista sportivo (attivo anche in ambito radio) con un\u2019attenzione particolare alle storie dietro i risultati.\u00a0<\/p>\n<p>[\/et_pb_text][\/et_pb_column][et_pb_column type=\"1_2\" _builder_version=\"4.16\" _module_preset=\"default\" global_colors_info=\"{}\"][et_pb_video src=\"https:\/\/vimeo.com\/1166655535?fl=tl&fe=ec\" admin_label=\"27 febbraio Guadalupi\" _builder_version=\"4.27.5\" _module_preset=\"default\" locked=\"off\" global_colors_info=\"{}\"][\/et_pb_video][et_pb_text disabled_on=\"off|off|off\" _builder_version=\"4.27.5\" _module_preset=\"default\" locked=\"off\" global_colors_info=\"{}\"]<\/p>\n<p style=\"text-align: center;\">In questa puntata de \"I venerd\u00ec dello Studio BNC\" <strong>Vittoria Guadalupi<\/strong>, presidente della Fondazione A.R.M.R. - Aiuti Ricerca Malattie Rare incontra\u00a0<strong>Riccardo Quarti<\/strong>, giornalista di BergamoNews.<\/p>\n<p style=\"text-align: center;\">Si \u00e8 parlato di come A.R.M.R. trasforma volontariato e donazioni in sostegno concreto alla ricerca scientifica indipendente, grazie anche alle 15 delegazioni attive sul territorio.<\/p>\n<p style=\"text-align: center;\"><em>Un racconto che parte dalla XXXIII Cerimonia di consegna delle Borse di Studio, dei Grant di Ricerca e dei Career Development Program 2026 e arriva al prossimo appuntamento pubblico: la Carovana della Ricerca di sabato 28 febbraio.<\/em><\/p>\n<p style=\"text-align: center;\">Scopri come partecipare: la ricerca, quando fa rete, diventa comunit\u00e0.<\/p>\n<p style=\"text-align: center;\">[\/et_pb_text][\/et_pb_column][\/et_pb_row][et_pb_row column_structure=\"1_2,1_2\" disabled_on=\"off|off|off\" admin_label=\"riga 1 cima\" _builder_version=\"4.16\" _module_preset=\"default\" locked=\"off\" global_colors_info=\"{}\"][et_pb_column type=\"1_2\" _builder_version=\"4.16\" _module_preset=\"default\" global_colors_info=\"{}\"][et_pb_video src=\"https:\/\/vimeo.com\/1164668725?fl=tl&fe=ec\" admin_label=\"20 febbraio Guglielminetti\" _builder_version=\"4.27.5\" _module_preset=\"default\" locked=\"off\" global_colors_info=\"{}\"][\/et_pb_video][et_pb_text disabled_on=\"off|off|off\" _builder_version=\"4.27.5\" _module_preset=\"default\" locked=\"off\" global_colors_info=\"{}\"]<\/p>\n<p style=\"text-align: center;\">In questa puntata de \"I venerd\u00ec dello Studio BNC\" <strong>Vittoria Guadalupi<\/strong>, presidente della Fondazione A.R.M.R. - Aiuti Ricerca Malattie Rare incontra\u00a0<strong>Riccardo Quarti<\/strong>, giornalista di BergamoNews.<\/p>\n<p style=\"text-align: center;\">Si \u00e8 parlato di come A.R.M.R. trasforma volontariato e donazioni in sostegno concreto alla ricerca scientifica indipendente, grazie anche alle 15 delegazioni attive sul territorio.<\/p>\n<p style=\"text-align: center;\"><em>Un racconto che parte dalla XXXIII Cerimonia di consegna delle Borse di Studio, dei Grant di Ricerca e dei Career Development Program 2026 e arriva al prossimo appuntamento pubblico: la Carovana della Ricerca di sabato 28 febbraio.<\/em><\/p>\n<p style=\"text-align: center;\">Scopri come partecipare: la ricerca, quando fa rete, diventa comunit\u00e0.<\/p>\n<p>[\/et_pb_text][\/et_pb_column][et_pb_column type=\"1_2\" _builder_version=\"4.16\" _module_preset=\"default\" global_colors_info=\"{}\"][et_pb_video src=\"https:\/\/vimeo.com\/1162514703?share=copy&fl=sv&fe=ci\" admin_label=\"13 febbraio Biffignandi\" _builder_version=\"4.27.5\" _module_preset=\"default\" locked=\"off\" global_colors_info=\"{}\"][\/et_pb_video][et_pb_text disabled_on=\"off|off|off\" _builder_version=\"4.27.5\" _module_preset=\"default\" locked=\"off\" global_colors_info=\"{}\"]<\/p>\n<p style=\"text-align: center;\">Nella scorsa puntata de \"I venerd\u00ec dello Studio BNC\" abbiamo parlato del libro<em> Il cuore oltre l'ostacolo<\/em>, edito da Bolis Edizioni con l\u2019autore <strong>Federico Biffignandi<\/strong>, in dialogo con il giornalista <strong>Marco Cangelli<\/strong>, che conduce la puntata.<\/p>\n<p style=\"text-align: center;\">Un libro che raccoglie venti interviste a venti atleti paralimpici italiani, protagonisti di storie di rinascita umana e sportiva.<br \/><em>Un racconto che va oltre la disabilit\u00e0, oltre la retorica, e ci accompagna verso le Paralimpiadi invernali di Milano-Cortina 2026.<\/em><\/p>\n<p>[\/et_pb_text][\/et_pb_column][\/et_pb_row][et_pb_row column_structure=\"1_2,1_2\" disabled_on=\"off|off|off\" admin_label=\"riga 1 cima\" _builder_version=\"4.16\" _module_preset=\"default\" locked=\"off\" global_colors_info=\"{}\"][et_pb_column type=\"1_2\" _builder_version=\"4.16\" _module_preset=\"default\" global_colors_info=\"{}\"][et_pb_video src=\"https:\/\/vimeo.com\/1160169401?share=copy&fl=sv&fe=ci\" admin_label=\"6 febbraio Gualdi Gherardi\" _builder_version=\"4.27.5\" _module_preset=\"default\" locked=\"off\" global_colors_info=\"{}\"][\/et_pb_video][et_pb_text disabled_on=\"off|off|off\" _builder_version=\"4.27.5\" _module_preset=\"default\" locked=\"off\" global_colors_info=\"{}\"]<\/p>\n<p style=\"text-align: center;\">Venerd\u00ec 6 febbraio sono iniziate le Olimpiadi di Milano Cortina 2026, con la Fiamma Olimpica che ha illuminato i bracieri posizionati all\u2019Arco della Pace a Milano e in Piazza Dibona a Cortina, progettati per accendersi in simultanea.<\/p>\n<p style=\"text-align: center;\"><em>Noi vi portiamo sulle tracce dei tedofori che dallo scorso dicembre hanno percorso le strade di 110 province italiane.<\/em><\/p>\n<p style=\"text-align: center;\">Protagonisti dell\u2019intervista sono <strong>Mirco Gualdi<\/strong> e <strong>Giambattista Gherardi<\/strong>, due storie diverse ma legate dallo stesso filo: la Val Seriana. Gualdi, nato nel 1968, ha scritto pagine importanti del ciclismo azzurro: campione del mondo Dilettanti su strada nel 1990 a Utsunomiya (Giappone) e azzurro nella prova su strada alle Olimpiadi di Barcellona 1992. Un atleta che ha intrecciato la propria vita personale e sportiva con le comunit\u00e0 di Leffe, Vertova e Colzate.<\/p>\n<p style=\"text-align: center;\">Accanto a lui, la voce e lo sguardo di Giambattista Gherardi (classe 1966), giornalista pubblicista: dal 1982 punto di riferimento in ValSeriana per tutto ci\u00f2 che riguarda la comunicazione, ma anche sindaco dal 2004 al 2009 a Moio de\u2019 Calvi, in Val Brembana, terra d\u2019origine dei genitori. Oggi \u00e8 collaboratore di Prima Bergamo, cronista atalantino per Valseriana News e Terzo Tempo Sport Magazine, ma anche responsabile comunicazione di Promoserio e coordinatore del Distretto de \u201cLe Cinque terre della Val Gandino\u201d.<\/p>\n<p style=\"text-align: center;\"><em>Mirco e Giambattista insieme raccontano cosa significa essere tedofori di Milano Cortina 2026 proprio vicino a casa, tra emozione, responsabilit\u00e0 e orgoglio: un\u2019esperienza che accende non solo la fiaccola, ma anche il senso di appartenenza di un\u2019intera Valle.<\/em><\/p>\n<p>[\/et_pb_text][\/et_pb_column][et_pb_column type=\"1_2\" _builder_version=\"4.16\" _module_preset=\"default\" global_colors_info=\"{}\"][et_pb_video src=\"https:\/\/vimeo.com\/1157550665?share=copy&fl=sv&fe=ci\" admin_label=\"30 gennaio Coniglio\" _builder_version=\"4.27.5\" _module_preset=\"default\" locked=\"off\" global_colors_info=\"{}\"][\/et_pb_video][et_pb_text disabled_on=\"off|off|off\" _builder_version=\"4.27.5\" _module_preset=\"default\" locked=\"off\" global_colors_info=\"{}\"]<\/p>\n<p style=\"text-align: center;\">Venerd\u00ec 30 gennaio a \u201cI venerd\u00ec dello Studio BNC\u201d il prof. <strong>Stefano Coniglio<\/strong>, docente di Informatica e Intelligenza Artificiale all\u2019Universit\u00e0 degli Studi di Bergamo, ha incontrato <strong>Riccardo Quarti<\/strong> di BergamoNews.<\/p>\n<p style=\"text-align: center;\">Un dialogo per capire, senza slogan, che cosa c\u2019\u00e8 dietro l\u2019AI: come \u201cragiona\u201d, perch\u00e9 a volte sbaglia e quali limiti dobbiamo conoscere.<br \/><em>Dalla scuola al lavoro, dalla privacy alla sicurezza: opportunit\u00e0 concrete e rischi reali dell\u2019intelligenza artificiale nella vita di tutti i giorni.<\/em><\/p>\n<p>[\/et_pb_text][\/et_pb_column][\/et_pb_row][et_pb_row column_structure=\"1_2,1_2\" disabled_on=\"off|off|off\" admin_label=\"riga 1 cima\" _builder_version=\"4.16\" _module_preset=\"default\" locked=\"off\" global_colors_info=\"{}\"][et_pb_column type=\"1_2\" _builder_version=\"4.16\" _module_preset=\"default\" global_colors_info=\"{}\"][et_pb_video src=\"https:\/\/vimeo.com\/1155004858?share=copy&fl=sv&fe=ci\" admin_label=\"23 Gennaio Rossi\" _builder_version=\"4.27.5\" _module_preset=\"default\" locked=\"off\" global_colors_info=\"{}\"][\/et_pb_video][et_pb_text disabled_on=\"off|off|off\" _builder_version=\"4.27.5\" _module_preset=\"default\" locked=\"off\" global_colors_info=\"{}\"]<\/p>\n<p style=\"text-align: center;\"><em>Un dialogo per raccontare un evento capace di richiamare maestri cioccolatieri da tutta Italia e dall\u2019Europa, tra stand-laboratorio, degustazioni e curiosit\u00e0 sulla lavorazione del cacao, ma anche per scoprire i momenti clou del programma: l\u2019inaugurazione con la maxi tavoletta, la cena solidale, la \u201cNotte Nera\u201d fino alle 22 e la scultura di cioccolato firmata da Bruno Manenti dedicata a Milano Cortina 2026.<\/em><\/p>\n<p style=\"text-align: center;\">Nella puntata de \u201cI venerd\u00ec dello Studio BNC\u201d in onda il 23 gennaio <strong>Cesare Rossi<\/strong>, vicedirettore di Confesercenti Bergamo e direttore di Promozioni Confesercenti Bergamo, ha incontrato la giornalista <strong>Viola di Silvestre<\/strong> di BergamoNews per parlare della Festa del Cioccolato, che dal 22 al 25 gennaio \u00e8 tornata sul Sentierone con la sua 13\u00aa edizione.<\/p>\n<p>[\/et_pb_text][\/et_pb_column][et_pb_column type=\"1_2\" _builder_version=\"4.16\" _module_preset=\"default\" global_colors_info=\"{}\"][et_pb_video src=\"https:\/\/vimeo.com\/1148017873?share=copy&fl=sv&fe=ci\" admin_label=\"16 gennaio Gabrieli\" _builder_version=\"4.27.5\" _module_preset=\"default\" locked=\"off\" global_colors_info=\"{}\"][\/et_pb_video][et_pb_text disabled_on=\"off|off|off\" _builder_version=\"4.27.5\" _module_preset=\"default\" locked=\"off\" global_colors_info=\"{}\"]<\/p>\n<p style=\"text-align: center;\"><em>Dazi, protezionismo e richiami al \u201cprima noi\u201d tornano al centro del dibattito pubblico proprio mentre l\u2019Italia vive di export e mercati aperti.<\/em><\/p>\n<p style=\"text-align: center;\">Nel saggio Il nazionalismo fa male (anche al Prosecco), <strong>Gianmarco Gabrieli<\/strong> smonta con dati ed esempi i miti del sovranismo economico, mostrando come le politiche di chiusura colpiscano soprattutto i territori pi\u00f9 produttivi e le PMI del Made in Italy.<\/p>\n<p style=\"text-align: center;\">In questa puntata de \"I venerd\u00ec dello Studio BNC\", Gabrieli dialoga con la giornalista di BergamoNews<strong> Viola Di Silvestre<\/strong> su globalizzazione, dazi e ruolo dell\u2019Unione Europea, per capire perch\u00e9 oggi l\u2019unico patriottismo possibile passi dall\u2019apertura e da un\u2019Europa pi\u00f9 forte.<\/p>\n<p>[\/et_pb_text][\/et_pb_column][\/et_pb_row][et_pb_row _builder_version=\"4.16\" custom_padding=\"0px||0px|||\" global_colors_info=\"{}\"][et_pb_column type=\"4_4\" _builder_version=\"4.16\" global_colors_info=\"{}\"][et_pb_text _builder_version=\"4.16\" text_text_color=\"#628fc6\" text_font_size=\"40px\" text_line_height=\"1.8em\" global_colors_info=\"{}\"]<\/p>\n<p style=\"text-align: center;\">I venerd\u00ec dello Studio BNC - Eventi precedenti - 2025<\/p>\n<p>[\/et_pb_text][\/et_pb_column][\/et_pb_row][et_pb_row column_structure=\"1_2,1_2\" disabled_on=\"off|off|off\" admin_label=\"riga 1 cima\" _builder_version=\"4.16\" _module_preset=\"default\" locked=\"off\" global_colors_info=\"{}\"][et_pb_column type=\"1_2\" _builder_version=\"4.16\" _module_preset=\"default\" global_colors_info=\"{}\"][et_pb_video src=\"https:\/\/vimeo.com\/1145923136?share=copy&fl=sv&fe=ci\" admin_label=\"19 dicembre Monaci Galli\" _builder_version=\"4.27.5\" _module_preset=\"default\" locked=\"off\" global_colors_info=\"{}\"][\/et_pb_video][et_pb_text disabled_on=\"off|off|off\" _builder_version=\"4.27.5\" _module_preset=\"default\" locked=\"off\" global_colors_info=\"{}\"]<\/p>\n<p style=\"text-align: center;\">Nella ultima puntata del 2025 abbiamo incontrato due voci della Fondazione Angelo Custode: <strong>Maria Luisa Galli<\/strong>, responsabile dell\u2019Area Minori, e don <strong>Alberto Monaci<\/strong>, assistente spirituale, per raccontarne l\u2019esperienza: una realt\u00e0 nata dal desiderio di prendersi cura delle persone pi\u00f9 fragili, dando vita a una casa che non \u00e8 solo uno spazio fisico, ma un luogo di relazioni, accompagnamento e attenzione alla persona nella sua interezza.<\/p>\n<p style=\"text-align: center;\"><em>Un dialogo che attraversa la nascita dell\u2019idea, lo sviluppo dei servizi \u2013 tra cui l\u2019esperienza di Casa Amoris Laetitia \u2013 il valore dell\u2019accompagnamento spirituale e il legame profondo con il territorio, fino al significato che questa esperienza assume nel tempo che ci conduce al Natale.<\/em><\/p>\n<p style=\"text-align: center;\">A intervistarli il giornalista <strong>Marco Cangelli<\/strong>.<\/p>\n<p>[\/et_pb_text][\/et_pb_column][et_pb_column type=\"1_2\" _builder_version=\"4.16\" _module_preset=\"default\" global_colors_info=\"{}\"][et_pb_video src=\"https:\/\/vimeo.com\/1143804543?share=copy&fl=sv&fe=ci\" admin_label=\"12 dicembre Nacci\" _builder_version=\"4.27.5\" _module_preset=\"default\" locked=\"off\" global_colors_info=\"{}\"][\/et_pb_video][et_pb_text disabled_on=\"off|off|off\" _builder_version=\"4.27.5\" _module_preset=\"default\" locked=\"off\" global_colors_info=\"{}\"]<\/p>\n<p style=\"text-align: center;\">In questa puntata de \u201cI Venerd\u00ec dello Studio BNC\u201d abbiamo incontrato il regista <strong>Alberto Nacci<\/strong>, da sempre attento ai temi sociali e al potere del cinema come strumento di narrazione e consapevolezza.<\/p>\n<p style=\"text-align: center;\"><em>Nel corso della sua carriera ha realizzato numerosi film, tra cortometraggi e lungometraggi, spesso dedicati alla musica e all\u2019arte contemporanea, ambiti che dialogano costantemente con la sua ricerca visiva.<\/em><\/p>\n<p style=\"text-align: center;\">Intervistato dalla giornalista <strong>Viola Di Silvestre<\/strong>, Nacci ci ha guidato attraverso alcune delle sue opere pi\u00f9 significative, tra cui Il Tulipano Viola, un intenso racconto dedicato a chi convive con la malattia di Parkinson, e OLTRElaMUSICA, che esplora il rapporto profondo tra musica e anzianit\u00e0, mostrando come il suono possa diventare memoria e cura.<\/p>\n<p style=\"text-align: center;\"><em>Una conversazione che ha messo al centro le storie, le fragilit\u00e0 e la forza delle persone, e che ci ha invitato a riflettere sul ruolo del cinema nel dare voce a ci\u00f2 che spesso resta invisibile.<\/em><\/p>\n<p>[\/et_pb_text][\/et_pb_column][\/et_pb_row][et_pb_row column_structure=\"1_2,1_2\" disabled_on=\"off|off|off\" admin_label=\"riga 1 cima\" _builder_version=\"4.16\" _module_preset=\"default\" locked=\"off\" global_colors_info=\"{}\"][et_pb_column type=\"1_2\" _builder_version=\"4.16\" _module_preset=\"default\" global_colors_info=\"{}\"][et_pb_video src=\"https:\/\/vimeo.com\/1141406816?fl=tl&fe=ec\" admin_label=\"5 dicembre Nava\" _builder_version=\"4.27.4\" _module_preset=\"default\" locked=\"off\" global_colors_info=\"{}\"][\/et_pb_video][et_pb_text disabled_on=\"off|off|off\" _builder_version=\"4.27.4\" _module_preset=\"default\" locked=\"off\" global_colors_info=\"{}\"]<\/p>\n<p style=\"text-align: center;\"><em>Censure brutali nei regimi, pressioni silenziose nelle democrazie: oggi il confine \u00e8 pi\u00f9 sottile che mai.<\/em><\/p>\n<p style=\"text-align: center;\">Nel suo ultimo libro Tastiere in gabbia, <strong>Massimo Nava<\/strong> svela il \u201ccirco mediatico\u201d fatto di format identici, voci sempre uguali, propaganda e fake news.<\/p>\n<p style=\"text-align: center;\">In questa puntata Massimo Nava, editorialista del Corriere della Sera ha dialogato con <strong>Davide Agazzi<\/strong>, direttore di BergamoNews, per capire come stanno cambiando i meccanismi dell\u2019informazione e quanto \u00e8 davvero a rischio la nostra libert\u00e0 di parola.<\/p>\n<p style=\"text-align: center;\"><em>Un confronto diretto per vedere ci\u00f2 che spesso non si vede: chi controlla ci\u00f2 che leggiamo, ascoltiamo e condividiamo.<\/em><\/p>\n<p>[\/et_pb_text][\/et_pb_column][et_pb_column type=\"1_2\" _builder_version=\"4.16\" _module_preset=\"default\" global_colors_info=\"{}\"][et_pb_video src=\"https:\/\/vimeo.com\/1139284907?fl=tl&fe=ec\" admin_label=\"28 novembre Belotti\" _builder_version=\"4.27.4\" _module_preset=\"default\" locked=\"off\" global_colors_info=\"{}\"][\/et_pb_video][et_pb_text disabled_on=\"off|off|off\" _builder_version=\"4.27.4\" _module_preset=\"default\" locked=\"off\" global_colors_info=\"{}\"]<\/p>\n<p style=\"text-align: center;\">Nella trasmissione del 28 novembre abbiamo parlato con <strong>Daniele Belotti<\/strong>, ex parlamentare e scrittore, per esplorare il filo che unisce i suoi libri al profondo legame con l\u2019Atalanta e con Bergamo.<\/p>\n<p style=\"text-align: center;\">L\u2019intervista, condotta da <strong>Marco Cangelli<\/strong>, ha messo in luce come sport, identit\u00e0 e narrazione possano diventare strumenti culturali capaci di raccontare un territorio.<\/p>\n<p style=\"text-align: center;\">\u00a0<em>Un incontro che unisce passione,\u00a0 professionalit\u00e0 e ironia, offrendo uno sguardo autentico sul lavoro dell\u2019autore.<\/em><\/p>\n<p>[\/et_pb_text][\/et_pb_column][\/et_pb_row][et_pb_row column_structure=\"1_2,1_2\" disabled_on=\"off|off|off\" admin_label=\"riga 1 cima\" _builder_version=\"4.16\" _module_preset=\"default\" locked=\"off\" global_colors_info=\"{}\"][et_pb_column type=\"1_2\" _builder_version=\"4.16\" _module_preset=\"default\" global_colors_info=\"{}\"][et_pb_video src=\"https:\/\/vimeo.com\/1136868854?share=copy&fl=sv&fe=ci\" admin_label=\"21 novembre Beltran\" _builder_version=\"4.27.4\" _module_preset=\"default\" locked=\"off\" global_colors_info=\"{}\"][\/et_pb_video][et_pb_text disabled_on=\"off|off|off\" _builder_version=\"4.27.4\" _module_preset=\"default\" locked=\"off\" global_colors_info=\"{}\"]<\/p>\n<p style=\"text-align: center;\">In questa puntata abbiamo intervistato <strong>Omar Beltran<\/strong>, mental coach e preparatore atletico con una consolidata esperienza nel mondo dello sport.\u00a0<\/p>\n<p style=\"text-align: center;\"><em>Omar ha sviluppato metodologie innovative \u2014 come la \u201cSoundTraining\u201d \u2014 che puntano a ottimizzare non solo la performance fisica, ma anche la gestione mentale dello sportivo.\u00a0<\/em><br \/>A guidare l'intervista <strong>Viola di Silvestre<\/strong>.<\/p>\n<p style=\"text-align: center;\"><em>Abbiamo parlato di come la mente pu\u00f2 diventare un fattore decisivo, non solo in gara ma anche nella quotidianit\u00e0 e scoperto insieme quali strumenti adottare, come gestire l\u2019ansia da performance, come integrare l\u2019allenamento mentale nella vita di tutti i giorni e nel lavoro.<\/em><\/p>\n<p style=\"text-align: center;\">Una puntata per chi ama lo sport, ma anche per chi desidera migliorare s\u00e9 stesso.<\/p>\n<p>[\/et_pb_text][\/et_pb_column][et_pb_column type=\"1_2\" _builder_version=\"4.16\" _module_preset=\"default\" global_colors_info=\"{}\"][et_pb_video src=\"https:\/\/vimeo.com\/1134585466?share=copy&fl=sv&fe=ci\" admin_label=\"14 novembre Vannelli\" _builder_version=\"4.27.4\" _module_preset=\"default\" locked=\"off\" global_colors_info=\"{}\"][\/et_pb_video][et_pb_text disabled_on=\"off|off|off\" _builder_version=\"4.27.4\" _module_preset=\"default\" locked=\"off\" global_colors_info=\"{}\"]<\/p>\n<p style=\"text-align: center;\">In questa puntata abbiamo incontrato il Dott. <strong>Alberto Vannelli<\/strong>, chirurgo oncologo e presidente di ERONE Onlus.<\/p>\n<p style=\"text-align: center;\"><em>Con lui abbiamo parlato di salute, prevenzione e dell\u2019importanza del supporto umano nel percorso oncologico.<\/em><br \/><em>Un dialogo per capire come la cura vada oltre la medicina, coinvolgendo persone, comunit\u00e0 e consapevolezza.<\/em><\/p>\n<p style=\"text-align: center;\">A intervistarlo la giornalista di BergamoNews <strong>Viola Di Silvestre<\/strong>.<\/p>\n<p>[\/et_pb_text][\/et_pb_column][\/et_pb_row][et_pb_row column_structure=\"1_2,1_2\" disabled_on=\"off|off|off\" admin_label=\"riga 1 cima\" _builder_version=\"4.16\" _module_preset=\"default\" locked=\"off\" global_colors_info=\"{}\"][et_pb_column type=\"1_2\" _builder_version=\"4.16\" _module_preset=\"default\" global_colors_info=\"{}\"][et_pb_video src=\"https:\/\/vimeo.com\/1132487098?fl=ip&fe=ec\" admin_label=\"7 novembre Santini Lanfranchi\" _builder_version=\"4.27.4\" _module_preset=\"default\" locked=\"off\" global_colors_info=\"{}\"][\/et_pb_video][et_pb_text disabled_on=\"off|off|off\" _builder_version=\"4.27.4\" _module_preset=\"default\" locked=\"off\" global_colors_info=\"{}\"]<\/p>\n<p style=\"text-align: center;\">In questa punatata de \"I Venerd\u00ec dello Studio BNC\" si \u00e8 parlato di Bruce Springsteen e del nuovo film Deliver Me from Nowhere \u2013 Liberami dal nulla, che ricostruisce uno dei momenti pi\u00f9 intensi e intimi della carriera del \u201cBoss\u201d: la genesi di Nebraska (1982), un album registrato in solitudine che segn\u00f2 una svolta artistica e personale.<\/p>\n<p style=\"text-align: center;\">A discuterne <strong>Alberto Lanfranchi<\/strong>, promotore e instancabile organizzatore di Noi &amp; Springsteen, e <strong>Fabio Santini<\/strong>, critico e giornalista musicale, in un dialogo che attraversa la dimensione psicologica e musicale del film diretto da Scott Cooper, con Jeremy Allen White nel ruolo di Springsteen.<\/p>\n<p style=\"text-align: center;\"><em>Un incontro per riflettere sulla forza narrativa della musica, sul mito e sulla fragilit\u00e0 dell\u2019artista.<\/em><\/p>\n<p>[\/et_pb_text][\/et_pb_column][et_pb_column type=\"1_2\" _builder_version=\"4.16\" _module_preset=\"default\" global_colors_info=\"{}\"][et_pb_video src=\"https:\/\/vimeo.com\/1130181626?fl=tl&fe=ec\" admin_label=\"31 Ottobre Merelli Fermi\" _builder_version=\"4.27.4\" _module_preset=\"default\" locked=\"off\" global_colors_info=\"{}\"][\/et_pb_video][et_pb_text disabled_on=\"off|off|off\" _builder_version=\"4.27.4\" _module_preset=\"default\" locked=\"off\" global_colors_info=\"{}\"]<\/p>\n<p style=\"text-align: center;\"><em>In questa puntata de \u201cI venerd\u00ec dello Studio BNC\u201d ci siamo immersi nel cuore dell\u2019evento che ogni anno accende la citt\u00e0 di Bergamo: gli Internazionali di Bergamo \u2013 Trofeo FAIP-Perrel.<\/em><\/p>\n<p style=\"text-align: center;\">Il presidente di The Olme Sport <strong>Glauco Merelli<\/strong> e il direttore degli internazionali di Bergamo trofeo FAIP PERREL <strong>Marco Fermi<\/strong>, ospiti del giornalista <strong>Marco Cangelli<\/strong> ci hanno raccontato la storia, le sfide e le ambizioni di un torneo che ha gi\u00e0 lanciato futuri campioni del circuito ATP.<\/p>\n<p style=\"text-align: center;\"><em>Dalle prime edizioni alle novit\u00e0 della 2025, abbiamo scoperto come lo sport, la passione e una comunit\u00e0 si intrecciano per creare un grande appuntamento internazionale della racchetta.<\/em><\/p>\n<p>[\/et_pb_text][\/et_pb_column][\/et_pb_row][et_pb_row column_structure=\"1_2,1_2\" disabled_on=\"off|off|off\" admin_label=\"riga 1 cima\" _builder_version=\"4.16\" _module_preset=\"default\" locked=\"off\" global_colors_info=\"{}\"][et_pb_column type=\"1_2\" _builder_version=\"4.16\" _module_preset=\"default\" global_colors_info=\"{}\"][et_pb_video src=\"https:\/\/vimeo.com\/1128175208?fl=tl&fe=ec\" admin_label=\"24 ottobre Moltrasio\" _builder_version=\"4.27.4\" _module_preset=\"default\" locked=\"off\" global_colors_info=\"{}\"][\/et_pb_video][et_pb_text disabled_on=\"off|off|off\" _builder_version=\"4.27.4\" _module_preset=\"default\" locked=\"off\" global_colors_info=\"{}\"]<\/p>\n<p style=\"text-align: center;\">Questa puntata de \u201cI venerd\u00ec dello Studio BNC\u201d \u00e8 dedicata a BergamoScienza, il principale festival italiano di divulgazione scientifica, cresciuto anno dopo anno portando la scienza tra le persone, nelle scuole e nelle piazze.<\/p>\n<p style=\"text-align: center;\">Con noi <strong>Andrea Moltrasio<\/strong>, presidente della Fondazione BergamoScienza, per raccontare l\u2019edizione appena conclusa: i numeri, i risultati e le nuove sfide di un impegno che continua e si rafforza.<br \/><em>Un\u2019occasione per riflettere sul ruolo della scienza come bene comune e sul futuro della divulgazione in un mondo che cambia rapidamente.<\/em><\/p>\n<p style=\"text-align: center;\">A condurre l\u2019intervista la comunicatrice e giornalista <strong>Elisabetta Olivari<\/strong>.<\/p>\n<p>[\/et_pb_text][\/et_pb_column][et_pb_column type=\"1_2\" _builder_version=\"4.16\" _module_preset=\"default\" global_colors_info=\"{}\"][et_pb_video src=\"https:\/\/vimeo.com\/1126156564?fl=tl&fe=ec\" admin_label=\"17 ottobre Rossi\" _builder_version=\"4.27.4\" _module_preset=\"default\" locked=\"off\" global_colors_info=\"{}\"][\/et_pb_video][et_pb_text disabled_on=\"off|off|off\" _builder_version=\"4.27.4\" _module_preset=\"default\" locked=\"off\" global_colors_info=\"{}\"]<\/p>\n<p style=\"text-align: center;\">In questa puntata de \u201cI venerd\u00ec dello Studio BNC\u201d <strong>Cesare Rossi<\/strong>, vicedirettore di Confesercenti Bergamo e direttore Promozioni Confesercenti Bergamo ha incontrato la giornalista <strong>Viola di Silvestre<\/strong> di BergamoNews per parlare dei Mercatanti, uno degli eventi pi\u00f9 amati e partecipati di Bergamo.<\/p>\n<p style=\"text-align: center;\"><em>Un dialogo per scoprire come si organizza una manifestazione che porta in citt\u00e0 culture, sapori e artigianato da tutta Europa, ma anche per riflettere sul ruolo che eventi come questo hanno per il turismo, il commercio locale e la vita sociale bergamasca.<\/em><\/p>\n<p>[\/et_pb_text][\/et_pb_column][\/et_pb_row][et_pb_row column_structure=\"1_2,1_2\" disabled_on=\"off|off|off\" admin_label=\"riga 1 cima\" _builder_version=\"4.16\" _module_preset=\"default\" locked=\"off\" global_colors_info=\"{}\"][et_pb_column type=\"1_2\" _builder_version=\"4.16\" _module_preset=\"default\" global_colors_info=\"{}\"][et_pb_video src=\"https:\/\/vimeo.com\/1124176763?share=copy&fl=sv&fe=ci\" admin_label=\"10 ottobre Fiasco\" _builder_version=\"4.27.4\" _module_preset=\"default\" locked=\"off\" global_colors_info=\"{}\"][\/et_pb_video][et_pb_text disabled_on=\"off|off|off\" _builder_version=\"4.27.4\" _module_preset=\"default\" locked=\"off\" global_colors_info=\"{}\"]<\/p>\n<p style=\"text-align: center;\">Il peso del debito sulle famiglie italiane e le sue conseguenze sulla capacit\u00e0 di guardare al futuro sono state al centro della puntata de \u201cI Venerd\u00ec dello Studio BNC\u201d andata in onda venerd\u00ec 10 ottobre alle 12:30.<\/p>\n<p style=\"text-align: center;\">Ospite della giornalista <strong>Viola Di Silvestre<\/strong> di Bergamonews <strong>Maurizio Fiasco<\/strong>, sociologo ed esperto della Consulta Nazionale Antiusura \u201cGiovanni Paolo II\u201d.<\/p>\n<p style=\"text-align: center;\">Il tema del sovraindebitamento non riguarda soltanto le difficolt\u00e0 economiche, ma tocca in profondit\u00e0 la sfera delle relazioni personali e la stessa coesione sociale.<\/p>\n<p style=\"text-align: center;\"><em>Fiasco ha approfondito questi aspetti anche nel suo intervento dal titolo \u201cFamiglie sovraindebitate: un rischio sistemico per la coesione sociale\u201d, che terr\u00e0 in occasione del convegno \u201cIl debito come fragilit\u00e0 sociale: capire, aiutare, agire insieme\u201d, in programma venerd\u00ec 17 ottobre 2025 alle 16:30 presso il Seminario Vescovile Giovanni XXIII di Bergamo.<\/em><\/p>\n<p style=\"text-align: center;\"><em>L\u2019iniziativa \u00e8 organizzata dall\u2019Ordine dei Dottori Commercialisti e degli Esperti Contabili di Bergamo, con il supporto della Fondazione Diakonia Onlus \u2013 braccio operativo della Caritas Diocesana Bergamasca \u2013 e della Fondazione della Comunit\u00e0 Bergamasca.<\/em><\/p>\n<p>[\/et_pb_text][\/et_pb_column][et_pb_column type=\"1_2\" _builder_version=\"4.16\" _module_preset=\"default\" global_colors_info=\"{}\"][et_pb_video src=\"https:\/\/vimeo.com\/1122171993\" admin_label=\"3 ottobre Magoni\" _builder_version=\"4.27.4\" _module_preset=\"default\" locked=\"off\" global_colors_info=\"{}\"][\/et_pb_video][et_pb_text disabled_on=\"off|off|off\" _builder_version=\"4.27.4\" _module_preset=\"default\" locked=\"off\" global_colors_info=\"{}\"]<\/p>\n<p style=\"text-align: center;\">In questa puntata de \u201cI Venerd\u00ec dello Studio BNC\u201d, protagonista \u00e8 stata <strong>Lara Magoni<\/strong>: campionessa di sci alpino, dirigente sportiva, delegata CONI, politica e oggi europarlamentare di Fratelli d\u2019Italia.<\/p>\n<p style=\"text-align: center;\">A intervistarla la giornalista di Bergamonews<strong> Viola Di Silvestre<\/strong>.<\/p>\n<p style=\"text-align: center;\"><em>Si \u00e8 parlato di alcune delle sfide che l\u2019Europa si trova oggi ad affrontare: dall\u2019emergenza abitativa alla condizione dei giovani, con particolare attenzione agli effetti dei social media sulla salute mentale.<\/em><br \/><em>Non sono mancati approfondimenti sul tema della disabilit\u00e0 e sul valore dello sport, con uno sguardo al modello europeo e alle attesissime Olimpiadi Invernali di Milano-Cortina 2026.<\/em><\/p>\n<p>[\/et_pb_text][\/et_pb_column][\/et_pb_row][et_pb_row column_structure=\"1_2,1_2\" disabled_on=\"off|off|off\" admin_label=\"riga 1 cima\" _builder_version=\"4.16\" _module_preset=\"default\" locked=\"off\" global_colors_info=\"{}\"][et_pb_column type=\"1_2\" _builder_version=\"4.16\" _module_preset=\"default\" global_colors_info=\"{}\"][et_pb_video src=\"https:\/\/vimeo.com\/1120100784?share=copy#t=0\" admin_label=\"26 settembre Zambonelli\" _builder_version=\"4.27.4\" _module_preset=\"default\" locked=\"off\" global_colors_info=\"{}\"][\/et_pb_video][et_pb_text disabled_on=\"off|off|off\" _builder_version=\"4.27.4\" _module_preset=\"default\" locked=\"off\" global_colors_info=\"{}\"]<\/p>\n<p style=\"text-align: center;\"><em>Quali priorit\u00e0 per il futuro del territorio?<\/em><\/p>\n<p style=\"text-align: center;\"><em>Quali impegni della Camera di Commercio di Bergamo nei prossimi anni?<\/em><\/p>\n<p style=\"text-align: center;\">Nella scorsa puntata ha risposto a queste (e molte altre) domande il Presidente <strong>Giovanni Zambonelli<\/strong>, che ha presentato le priorit\u00e0 per lo sviluppo integrato di Bergamo e della sua provincia: attrarre giovani e lavoratori qualificati senza dimenticare le specificit\u00e0 della crescente popolazione anziana.<\/p>\n<p style=\"text-align: center;\">A intervistarlo il direttore di BergamoNews <strong>Davide Agazzi<\/strong>.<\/p>\n<p>[\/et_pb_text][\/et_pb_column][et_pb_column type=\"1_2\" _builder_version=\"4.16\" _module_preset=\"default\" global_colors_info=\"{}\"][et_pb_video src=\"https:\/\/vimeo.com\/1118080842\" admin_label=\"19 settembre Pirotta\" _builder_version=\"4.27.4\" _module_preset=\"default\" locked=\"off\" global_colors_info=\"{}\"][\/et_pb_video][et_pb_text disabled_on=\"off|off|off\" _builder_version=\"4.27.4\" _module_preset=\"default\" locked=\"off\" global_colors_info=\"{}\"]<\/p>\n<p style=\"text-align: center;\">In questa puntata abbiamo parlato della Millegradini, ormai un appuntamento imperdibile per tutti i bergamaschi.<\/p>\n<p style=\"text-align: center;\"><em>In occasione della Settimana Europea della Mobilit\u00e0, la manifestazione consente ai bergamaschi e non solo di conoscere alcuni segreti della nostra citt\u00e0, fra scalette nascoste e monumenti aperti per l'occasione.<\/em><\/p>\n<p style=\"text-align: center;\">Un weekend speciale, che quest'anno si \u00e8 legato anche alle Olimpiadi Invernali di Milano-Cortina 2026, fra prove agonistiche e percorsi non competitivi come ci ha raccontato <strong>Mario Pirotta<\/strong>, presidente di Runners Bergamo.<\/p>\n<p style=\"text-align: center;\">A intervistarlo il giornalista <strong>Marco Cangelli<\/strong><\/p>\n<p>[\/et_pb_text][\/et_pb_column][\/et_pb_row][et_pb_row column_structure=\"1_2,1_2\" disabled_on=\"off|off|off\" admin_label=\"riga 1 cima\" _builder_version=\"4.16\" _module_preset=\"default\" locked=\"off\" global_colors_info=\"{}\"][et_pb_column type=\"1_2\" _builder_version=\"4.16\" _module_preset=\"default\" global_colors_info=\"{}\"][et_pb_video src=\"https:\/\/vimeo.com\/1116113880?share=copy#t=0\" admin_label=\"12 settembre Bepi\" _builder_version=\"4.27.4\" _module_preset=\"default\" locked=\"off\" global_colors_info=\"{}\"][\/et_pb_video][et_pb_text disabled_on=\"off|off|off\" _builder_version=\"4.27.4\" _module_preset=\"default\" locked=\"off\" global_colors_info=\"{}\"]<\/p>\n<p style=\"text-align: center;\"><strong>Il Bepi<\/strong> nasce alla fine degli anni \u201990 dalla fantasia di <strong>Tiziano Incani<\/strong>, rovettese, classe 1974.<\/p>\n<p style=\"text-align: center;\"><em>Dopo un inizio cantautorale con quattro dischi in italiano pubblicati tra il 1995 e il 2002, Incani d\u00e0 vita \u2013 quasi per caso \u2013 a un personaggio comico radiofonico su Radio Antenna 2 di Clusone: un bergamasco verace che, senza nemmeno cantare, riusciva gi\u00e0 a strappare grasse risate.<\/em><\/p>\n<p style=\"text-align: center;\">La svolta arriva a met\u00e0 anni 2000, quando il cabaret dialettale incontra la musica: i primi tre album, tra il 2004 e il 2006, consacrano il Bepi come vero fenomeno di costume provinciale. Da l\u00ec nasce il percorso con i Bepi &amp; The Prismas, la band che lo accompagna ancora oggi sui palchi, fondendo rock, folk, metal, disco dance e mille altre cose ancora.<\/p>\n<p style=\"text-align: center;\"><em>Il cammino artistico non si \u00e8 mai fermato: oltre venti dischi pubblicati, alcuni ben oltre i clich\u00e9 a cui viene spesso associato, e incursioni in lingua italiana \u2013 come il brano \u201cLa pornografia\u201d \u2013 che testimoniano la sua voglia di sperimentare.<\/em><\/p>\n<p style=\"text-align: center;\">Accanto alla musica, Bepi ha firmato sei libri (tra cui due romanzi apprezzati anche fuori dai confini orobici), numerosi progetti teatrali e l\u2019ideazione del seguitissimo Bepi Quiss, che da oltre 15 anni porta la cultura del territorio nelle case dei bergamaschi attraverso Bergamo TV.<\/p>\n<p style=\"text-align: center;\"><em>Oggi il confine tra il personaggio e la persona si \u00e8 assottigliato: chiamarlo Bepi o Tiziano fa poca differenza. Quello che resta immutato \u00e8 il suo legame con la terra d\u2019origine, sempre al centro di ogni progetto artistico, musicale o teatrale.<\/em><\/p>\n<p style=\"text-align: center;\"><em>Un legame che, nel tempo, ha saputo farsi ironia, racconto e identit\u00e0 condivisa.<\/em><\/p>\n<p style=\"text-align: center;\">A intervistarlo il giornalista di BergamoNews <strong>Francesco Scandella<\/strong>.<\/p>\n<p>[\/et_pb_text][\/et_pb_column][et_pb_column type=\"1_2\" _builder_version=\"4.16\" _module_preset=\"default\" global_colors_info=\"{}\"][et_pb_video src=\"https:\/\/vimeo.com\/1106434040\" admin_label=\"5 Settembre Rau\" _builder_version=\"4.27.4\" _module_preset=\"default\" locked=\"off\" global_colors_info=\"{}\"][\/et_pb_video][et_pb_text disabled_on=\"off|off|off\" _builder_version=\"4.27.4\" _module_preset=\"default\" locked=\"off\" global_colors_info=\"{}\"]<\/p>\n<p style=\"text-align: center;\">In questa puntata de \"I Venerd\u00ec dello Studio BNC\", <strong>Marco Cangelli<\/strong> incontra <strong>Vincenzo Rau<\/strong>, consigliere della Fondazione Vittorio Polli ed Anna Maria Stoppani, per parlare di cultura, musica e dialogo internazionale.<br \/><em>Al centro della puntata, l\u2019appuntamento del 13 settembre: un Gal\u00e0 lirico-sinfonico presso il Teatro Donizetti organizzato con una prestigiosa fondazione estera, la SIAA Sic Itur ad astra.<\/em><\/p>\n<p style=\"text-align: center;\">Protagonisti saranno giovani artisti gi\u00e0 avviati a una brillante carriera, interpreti capaci di portare sul palco energia, tecnica e sensibilit\u00e0 maturate in importanti esperienze internazionali.<br \/><em>Un\u2019occasione per raccontare come la Fondazione Polli Stoppani unisca promozione culturale e sostegno al talento, trasformando la musica in un ponte tra popoli e in un messaggio di bellezza condivisa.<\/em><\/p>\n<p style=\"text-align: center;\">[\/et_pb_text][\/et_pb_column][\/et_pb_row][et_pb_row column_structure=\"1_2,1_2\" disabled_on=\"off|off|off\" admin_label=\"riga 1 cima\" _builder_version=\"4.16\" _module_preset=\"default\" locked=\"off\" global_colors_info=\"{}\"][et_pb_column type=\"1_2\" _builder_version=\"4.16\" _module_preset=\"default\" global_colors_info=\"{}\"][et_pb_video src=\"https:\/\/vimeo.com\/1100586719\" admin_label=\"18luglio RotaConti Giovanelli\" _builder_version=\"4.27.4\" _module_preset=\"default\" locked=\"off\" global_colors_info=\"{}\"][\/et_pb_video][et_pb_text disabled_on=\"off|off|off\" _builder_version=\"4.27.4\" _module_preset=\"default\" locked=\"off\" global_colors_info=\"{}\"]<\/p>\n<p style=\"text-align: center;\">Il 27 settembre 2025, in piazza Duomo, aprir\u00e0 ufficialmente il nuovo Museo Diocesano Adriano Bernareggi, con una grande festa aperta a tutta la citt\u00e0. Il museo trover\u00e0 casa nel palazzo vescovile medievale, nel cuore di Citt\u00e0 Alta, restituito alla comunit\u00e0 grazie a un attento intervento di restauro.<\/p>\n<p style=\"text-align: center;\"><em>Fortemente voluto dal Vescovo di Bergamo, Mons. Francesco Beschi, accoglier\u00e0 la collezione di arte sacra della Diocesi, dando vita a un progetto che va ben oltre la semplice esposizione museale: \u201cun Museo della Diocesi per la comunit\u00e0\u201d.<\/em><\/p>\n<p style=\"text-align: center;\">In questa intervista doppia approfondiamo visione, obiettivi e significato di una nuova istituzione culturale per la citt\u00e0, insieme a <strong>Don Davide Rota Conti<\/strong>, direttore del Museo Diocesano Adriano Bernareggi e\u00a0<strong>Giuseppe Giovanelli<\/strong>, presidente della Fondazione Adriano Bernareggi.<\/p>\n<p style=\"text-align: center;\">A condurre l'intervista la comunicatrice e giornalista <strong>Elisabetta Olivari<\/strong>.<\/p>\n<p>[\/et_pb_text][\/et_pb_column][et_pb_column type=\"1_2\" _builder_version=\"4.16\" _module_preset=\"default\" global_colors_info=\"{}\"][et_pb_video src=\"https:\/\/vimeo.com\/1098782075\" admin_label=\"11 luglio Rodeschini\" _builder_version=\"4.27.4\" _module_preset=\"default\" locked=\"off\" global_colors_info=\"{}\"][\/et_pb_video][et_pb_text disabled_on=\"off|off|off\" _builder_version=\"4.27.4\" _module_preset=\"default\" locked=\"off\" global_colors_info=\"{}\"]<\/p>\n<p style=\"text-align: center;\">In questa puntata de \"I Venerd\u00ec dello Studio BNC\" incontriamo <strong>Vittorio Rodeschini<\/strong>, avvocato esperto in diritto civile e commerciale, attivo nella consulenza a enti pubblici e privati, presidente di Arketipos e membro della Fondazione MIA.<\/p>\n<p style=\"text-align: center;\"><em>A partire dai temi del Landscape Festival 2025, abbiamo parlato del ruolo delle scelte pubbliche nella trasformazione del paesaggio urbano. <\/em><\/p>\n<p style=\"text-align: center;\">Dalla selezione arborea alla progettazione delle infrastrutture verdi, abbiamo approfondito come il diritto possa supportare una pianificazione sostenibile, attenta ai bisogni ambientali e sociali delle citt\u00e0.<\/p>\n<p style=\"text-align: center;\"><em>Un dialogo tra norme, progetto e visione urbana, per capire come le decisioni di oggi condizionano la qualit\u00e0 della vita di domani.<\/em><br \/>A intervistarlo il giornalista <strong>Carlo Dignola<\/strong>.<\/p>\n<p>[\/et_pb_text][\/et_pb_column][\/et_pb_row][et_pb_row column_structure=\"1_2,1_2\" disabled_on=\"off|off|off\" admin_label=\"riga 1 cima\" _builder_version=\"4.16\" _module_preset=\"default\" locked=\"off\" global_colors_info=\"{}\"][et_pb_column type=\"1_2\" _builder_version=\"4.16\" _module_preset=\"default\" global_colors_info=\"{}\"][et_pb_video src=\"https:\/\/vimeo.com\/1096881210\" admin_label=\"4 luglio Donvito\" _builder_version=\"4.27.4\" _module_preset=\"default\" locked=\"off\" global_colors_info=\"{}\"][\/et_pb_video][et_pb_text disabled_on=\"off|off|off\" _builder_version=\"4.27.4\" _module_preset=\"default\" locked=\"off\" global_colors_info=\"{}\"]<\/p>\n<p style=\"text-align: center;\"><em>In questa puntata de \u201cI Venerd\u00ec dello Studio BNC\u201d, in onda venerd\u00ec 4 alle 12:30, abbiamo parlato di benessere nei luoghi di lavoro, con un focus su approcci innovativi e multidisciplinari.<\/em><\/p>\n<p style=\"text-align: center;\">Ospite \u00e8 <strong>Giorgio Donvito<\/strong>, fisioterapista e co-fondatore di Welfare Aurora, un progetto che promuove il benessere psicofisico dei lavoratori e il miglioramento del clima aziendale.<\/p>\n<p style=\"text-align: center;\"><em>Attraverso un approccio integrato che combina fisioterapia, nutrizione, attivit\u00e0 motoria e supporto psicologico, Welfare Aurora propone percorsi personalizzati per migliorare la qualit\u00e0 della vita lavorativa e favorire l\u2019equilibrio tra lavoro e vita privata. Il progetto offre inoltre consulenza sul benessere organizzativo, contribuendo a creare ambienti pi\u00f9 sani, motivanti e produttivi.<\/em><\/p>\n<p style=\"text-align: center;\">A dialogare con Donvito \u00e8 il giornalista <strong>Marco Cangelli<\/strong>, esperto di comunicazione e narrazione sportiva, che arricchisce la conversazione con riflessioni sul valore della cura, anche attraverso il racconto delle esperienze personali e collettive all\u2019interno dei contesti organizzativi.<\/p>\n<p>[\/et_pb_text][\/et_pb_column][et_pb_column type=\"1_2\" _builder_version=\"4.16\" _module_preset=\"default\" global_colors_info=\"{}\"][et_pb_video src=\"https:\/\/vimeo.com\/1094989659?share=copy\" admin_label=\"27 giugno Pingaro\" _builder_version=\"4.27.4\" _module_preset=\"default\" locked=\"off\" global_colors_info=\"{}\"][\/et_pb_video][et_pb_text disabled_on=\"off|off|off\" _builder_version=\"4.27.4\" _module_preset=\"default\" locked=\"off\" global_colors_info=\"{}\"]<\/p>\n<p data-start=\"106\" data-end=\"435\" style=\"text-align: center;\">\"I Venerd\u00ec dello Studio BNC\", ospitano <strong data-start=\"174\" data-end=\"193\">Rosario Pingaro<\/strong>, CEO di Convergenze S.p.A. Societ\u00e0 Benefit, una realt\u00e0 italiana che coniuga innovazione, sostenibilit\u00e0 e visione strategica, integrando con coerenza tre settori chiave<strong>: telecomunicazioni, energia rinnovabile e mobilit\u00e0 elettrica.<\/strong><\/p>\n<p data-start=\"437\" data-end=\"786\" style=\"text-align: center;\">A intervistarlo \u00e8 <strong data-start=\"455\" data-end=\"474\">Antonio Tognoli<\/strong>, Responsabile Macroanalisi e Comunicazione di Corporate Family Office SIM, in un dialogo che ci porta dentro il modello Convergenze: un ecosistema industriale dove tecnologia e impatto positivo si incontrano, con l\u2019obiettivo di fare impresa mettendo al centro l\u2019ambiente, le persone e il territorio.<\/p>\n<p data-start=\"788\" data-end=\"1042\" style=\"text-align: center;\"><em>Nel corso della puntata, abbiamo approfondito cosa significa essere oggi una Societ\u00e0 Benefit e una B Corp&#x2122; in Italia, come si traduce la sostenibilit\u00e0 in scelte quotidiane e concrete, e come si guida un\u2019azienda verso un\u2019innovazione responsabile.<\/em><\/p>\n<p data-start=\"1044\" data-end=\"1274\" style=\"text-align: center;\">Abbiamo dedicato inoltre uno spazio importante alla nuova offerta mobile di Convergenze, che completa una visione di lungo periodo capace di unire connettivit\u00e0, energia pulita e mobilit\u00e0 elettrica in un\u2019unica proposta integrata.<\/p>\n<p data-start=\"1276\" data-end=\"1451\" style=\"text-align: center;\"><em>Dal valore delle connessioni al coraggio di pensare in grande, Rosario Pingaro ci racconta cosa significa costruire un\u2019impresa con lo sguardo sempre rivolto al futuro.<\/em><\/p>\n<p>[\/et_pb_text][\/et_pb_column][\/et_pb_row][et_pb_row column_structure=\"1_2,1_2\" disabled_on=\"off|off|off\" admin_label=\"riga 1 cima\" _builder_version=\"4.16\" _module_preset=\"default\" locked=\"off\" global_colors_info=\"{}\"][et_pb_column type=\"1_2\" _builder_version=\"4.16\" _module_preset=\"default\" global_colors_info=\"{}\"][et_pb_video src=\"https:\/\/vimeo.com\/1093065774?share=copy#t=0\" admin_label=\"20 giugno Cavagnis\" _builder_version=\"4.27.4\" _module_preset=\"default\" locked=\"off\" global_colors_info=\"{}\"][\/et_pb_video][et_pb_text disabled_on=\"off|off|off\" _builder_version=\"4.27.4\" _module_preset=\"default\" locked=\"off\" global_colors_info=\"{}\"]<\/p>\n<p style=\"text-align: center;\">In questa puntata de \u201cI venerd\u00ec dello Studio BNC\u201d abbiamo incontrato l\u2019architetto <strong>Giorgio Cavagnis<\/strong>, figura centrale dell\u2019urbanistica e della progettazione pubblica bergamasca, oggi Presidente dell\u2019Ordine degli Architetti di Bergamo.<\/p>\n<p style=\"text-align: center;\"><em>Dalla lunga esperienza nella macchina comunale fino all\u2019attuale impegno istituzionale, Cavagnis ci ha guidato in un racconto che intreccia gestione pubblica, passione civile e cultura del progetto.<\/em><\/p>\n<p style=\"text-align: center;\">A partire da Cartovision, primo evento simbolo del nuovo corso dell\u2019OAB, abbiamo discusso di cosa pu\u00f2 fare oggi l\u2019Ordine per la categoria e per il territorio.<\/p>\n<p style=\"text-align: center;\">E, perch\u00e9 no, anche di musica e sport, elementi che per Cavagnis rappresentano un ponte autentico tra colleghi e cittadini.<\/p>\n<p style=\"text-align: center;\">A intervistarlo il direttore di BergamoNews <strong>Davide Agazzi<\/strong>.<\/p>\n<p style=\"text-align: center;\">[\/et_pb_text][\/et_pb_column][et_pb_column type=\"1_2\" _builder_version=\"4.16\" _module_preset=\"default\" global_colors_info=\"{}\"][et_pb_video src=\"https:\/\/vimeo.com\/1091161319\" admin_label=\"13 Giugno Marchesi\" _builder_version=\"4.27.4\" _module_preset=\"default\" locked=\"off\" global_colors_info=\"{}\"][\/et_pb_video][et_pb_text disabled_on=\"off|off|off\" _builder_version=\"4.27.4\" _module_preset=\"default\" locked=\"off\" global_colors_info=\"{}\"]<\/p>\n<p style=\"text-align: center;\">In questa puntata de \"I Venerd\u00ec dello Studio BNC\" abbiamo ospitato <strong>Roberto Marchesi<\/strong>, socio del Panificio Marchesi, per un\u2019interessante conversazione su identit\u00e0 e visione d\u2019impresa.<\/p>\n<p style=\"text-align: center;\"><em>Dal Panettone Olimpico ai valori dei cinque cerchi, abbiamo approfondito cosa significhi oggi comunicare eccellenza e territorio, e come questi elementi influenzino il posizionamento di un\u2019azienda, la scelta dei canali e il target di riferimento.<\/em><\/p>\n<p style=\"text-align: center;\"><em>L\u2019incontro si \u00e8 concluso con una riflessione sul passaggio generazionale: non solo come semplice cambio alla guida, ma come vera e propria evoluzione del modo di fare impresa.<\/em><\/p>\n<p style=\"text-align: center;\">A guidare l\u2019intervista \u00e8 stato <strong>Davide Agazzi<\/strong>, direttore di BergamoNews.<\/p>\n<p>[\/et_pb_text][\/et_pb_column][\/et_pb_row][et_pb_row column_structure=\"1_2,1_2\" disabled_on=\"off|off|off\" admin_label=\"riga 1 cima\" _builder_version=\"4.16\" _module_preset=\"default\" locked=\"off\" global_colors_info=\"{}\"][et_pb_column type=\"1_2\" _builder_version=\"4.16\" _module_preset=\"default\" global_colors_info=\"{}\"][et_pb_video src=\"https:\/\/vimeo.com\/1089042810?share=copy\" admin_label=\"6 giugno Greco\" _builder_version=\"4.27.4\" _module_preset=\"default\" locked=\"off\" global_colors_info=\"{}\"][\/et_pb_video][et_pb_text disabled_on=\"off|off|off\" _builder_version=\"4.27.4\" _module_preset=\"default\" locked=\"off\" global_colors_info=\"{}\"]<\/p>\n<p style=\"text-align: center;\"><strong>Angelo Greco<\/strong>, fondatore del portale d\u2019informazione giuridica La Legge per Tutti e oggi considerato uno dei divulgatori legali pi\u00f9 autorevoli e seguiti in Italia, racconta in questa intervista come \u00e8 cambiata la professione dell\u2019avvocato negli ultimi anni.<\/p>\n<p style=\"text-align: center;\"><em>Attraverso la sua esperienza, ci accompagna in un\u2019analisi lucida delle trasformazioni che hanno coinvolto una professione da sempre percepita come austera, formale e profondamente legata alla tradizione.<\/em><\/p>\n<p style=\"text-align: center;\"><em>Ma cosa ci riserva il futuro? Quali scenari si aprono con l\u2019avvento dell\u2019intelligenza artificiale nel mondo del diritto? Greco offre la sua visione su quella che potrebbe essere la prossima rivoluzione nel settore legale.<\/em><\/p>\n<p style=\"text-align: center;\">A condurre l\u2019intervista\u00a0<strong>Davide Agazzi<\/strong>, direttore di BergamoNews.<\/p>\n<p>[\/et_pb_text][\/et_pb_column][et_pb_column type=\"1_2\" _builder_version=\"4.16\" _module_preset=\"default\" global_colors_info=\"{}\"][et_pb_video src=\"https:\/\/vimeo.com\/1087080347?share=copy\" admin_label=\"30 maggio Bianchini\" _builder_version=\"4.27.4\" _module_preset=\"default\" locked=\"off\" global_colors_info=\"{}\"][\/et_pb_video][et_pb_text disabled_on=\"off|off|off\" _builder_version=\"4.27.4\" _module_preset=\"default\" locked=\"off\" global_colors_info=\"{}\"]<\/p>\n<p data-start=\"0\" data-end=\"213\" style=\"text-align: center;\">In questa puntata de<strong data-start=\"0\" data-end=\"53\"> \"I Venerd\u00ec dello Studio BNC\"<\/strong> abbiamo parlato di <strong data-start=\"73\" data-end=\"115\">Comunit\u00e0 Energetiche Rinnovabili (CER)<\/strong>: un nuovo modello per produrre e condividere energia pulita tra cittadini, imprese e istituzioni.<\/p>\n<p data-start=\"215\" data-end=\"407\" style=\"text-align: center;\">Con l\u2019<strong data-start=\"221\" data-end=\"248\">Avv. Leonardo Bianchini<\/strong> abbiamo approfondito come le CER possano rappresentare un elemento chiave nella <strong data-start=\"329\" data-end=\"355\">transizione energetica<\/strong>, offrendo vantaggi economici, ambientali e sociali.<\/p>\n<p data-start=\"409\" data-end=\"573\" style=\"text-align: center;\">Abbiamo discusso delle <strong data-start=\"432\" data-end=\"480\">opportunit\u00e0 offerte dalla normativa italiana<\/strong> e delle sfide ancora da affrontare per favorire una diffusione capillare di queste comunit\u00e0.<\/p>\n<p data-start=\"575\" data-end=\"684\" style=\"text-align: center;\">Un appuntamento imperdibile per chi \u00e8 interessato a un futuro energetico pi\u00f9 <strong data-start=\"652\" data-end=\"683\">sostenibile e partecipativo<\/strong>.<\/p>\n<p data-start=\"686\" data-end=\"765\" data-is-last-node=\"\" data-is-only-node=\"\" style=\"text-align: center;\">A guidare l\u2019intervista il giornalista di <strong data-start=\"735\" data-end=\"764\">BergamoNews, Luca Samotti<\/strong>.<\/p>\n<p>[\/et_pb_text][\/et_pb_column][\/et_pb_row][et_pb_row column_structure=\"1_2,1_2\" disabled_on=\"off|off|off\" admin_label=\"riga 1 cima\" _builder_version=\"4.16\" _module_preset=\"default\" locked=\"off\" global_colors_info=\"{}\"][et_pb_column type=\"1_2\" _builder_version=\"4.16\" _module_preset=\"default\" global_colors_info=\"{}\"][et_pb_video src=\"https:\/\/vimeo.com\/1084935433\" admin_label=\"23 maggio Affinita\" _builder_version=\"4.27.4\" _module_preset=\"default\" locked=\"off\" global_colors_info=\"{}\"][\/et_pb_video][et_pb_text disabled_on=\"off|off|off\" _builder_version=\"4.27.4\" _module_preset=\"default\" locked=\"off\" global_colors_info=\"{}\"]<\/p>\n<p style=\"text-align: center;\">In questa puntata de \"I Venerd\u00ec dello Studio BNC\" abbiamo intervistato <strong>Antonio Affinita<\/strong>, Direttore Generale del MOIGE \u2013 Movimento Italiano Genitori.<\/p>\n<p style=\"text-align: center;\">A intervistarlo il giornalista <strong>Luca Samotti<\/strong> di Bergamonews.<\/p>\n<p style=\"text-align: center;\"><em>Si \u00e8 parlato della discriminazione fiscale che vivono i genitori, del tema della libert\u00e0 educativa e del rapporto tra famiglia e scuola.<\/em><\/p>\n<p style=\"text-align: center;\"><em>Spazio anche alle sfide educative pi\u00f9 urgenti, come il disagio giovanile e le dipendenze da web, alcol e fumo che colpiscono molti minori.<\/em><em><\/em><\/p>\n<p style=\"text-align: center;\">Un\u2019occasione per riflettere sul ruolo dei genitori nell\u2019educazione di oggi e sulle responsabilit\u00e0 condivise tra casa e scuola.<\/p>\n<p>[\/et_pb_text][\/et_pb_column][et_pb_column type=\"1_2\" _builder_version=\"4.16\" _module_preset=\"default\" global_colors_info=\"{}\"][et_pb_video src=\"https:\/\/vimeo.com\/1082844664?share=copy\" admin_label=\"16 maggio Soffietti\" _builder_version=\"4.27.4\" _module_preset=\"default\" locked=\"off\" global_colors_info=\"{}\"][\/et_pb_video][et_pb_text disabled_on=\"off|off|off\" _builder_version=\"4.27.4\" _module_preset=\"default\" locked=\"off\" global_colors_info=\"{}\"]<\/p>\n<p style=\"text-align: center;\">\u201cI venerd\u00ec dello Studio BNC\u201d ospitano il professor<strong> Riccardo Soffietti<\/strong>, neuro-oncologo di fama internazionale e gi\u00e0 membro del Board OMS per la classificazione dei tumori cerebrali, che racconta la nascita e la missione dell\u2019associazione Cancersucks, che oggi presiede.<\/p>\n<p style=\"text-align: center;\">Intervistato dal giornalista <strong>Cosimo Pastore<\/strong>, condivide il ruolo cruciale della ricerca, del sostegno psicologico e dei fondi privati nella battaglia contro una malattia tanto complessa quanto trascurata.<\/p>\n<p style=\"text-align: center;\"><em>Una testimonianza intensa e concreta sul valore della scienza, dell\u2019aiuto reciproco e della solidariet\u00e0.<\/em><\/p>\n<p>[\/et_pb_text][\/et_pb_column][\/et_pb_row][et_pb_row column_structure=\"1_2,1_2\" disabled_on=\"off|off|off\" admin_label=\"riga 1 cima\" _builder_version=\"4.16\" _module_preset=\"default\" locked=\"off\" global_colors_info=\"{}\"][et_pb_column type=\"1_2\" _builder_version=\"4.16\" _module_preset=\"default\" global_colors_info=\"{}\"][et_pb_video src=\"https:\/\/vimeo.com\/1076680069\" admin_label=\"9 maggio Iorio\" _builder_version=\"4.27.3\" _module_preset=\"default\" locked=\"off\" global_colors_info=\"{}\"][\/et_pb_video][et_pb_text disabled_on=\"off|off|off\" _builder_version=\"4.27.3\" _module_preset=\"default\" locked=\"off\" global_colors_info=\"{}\"]<\/p>\n<p style=\"text-align: center;\">In questa puntata abbiamo incontrato <strong>Francesco Iorio<\/strong>, ingegnere e fondatore di SIO, societ\u00e0 protagonista di alcuni tra i progetti pi\u00f9 iconici d\u2019Italia: dalla Torre Allianz di Milano \u2013 l\u2019edificio pi\u00f9 alto del Paese \u2013 alle Torri dell\u2019EUR a Roma e all\u2019Hotel Gallia, con importanti interventi di adeguamento sismico.<\/p>\n<p style=\"text-align: center;\"><em>Con lui abbiamo parlato di grandi sfide progettuali, di collaborazioni con studi di architettura di fama mondiale (come EMBT di Benedetta Tagliabue e RPBW di Renzo Piano), della sua esperienza ventennale alla guida di SIO e del difficile equilibrio tra committenza e visione architettonica.<\/em><\/p>\n<p style=\"text-align: center;\">A condurre l\u2019intervista il giornalista e avvocato <strong>Enrico Iorio<\/strong>.<\/p>\n<p>[\/et_pb_text][\/et_pb_column][et_pb_column type=\"1_2\" _builder_version=\"4.16\" _module_preset=\"default\" global_colors_info=\"{}\"][et_pb_video src=\"https:\/\/vimeo.com\/1074619685?share=copy\" admin_label=\"18 aprile Azzalini\" _builder_version=\"4.27.3\" _module_preset=\"default\" locked=\"off\" global_colors_info=\"{}\"][\/et_pb_video][et_pb_text disabled_on=\"off|off|off\" _builder_version=\"4.27.3\" _module_preset=\"default\" locked=\"off\" global_colors_info=\"{}\"]<\/p>\n<p style=\"text-align: center;\"><em>Cosa succede quando un cadavere ritrovato in un canale riapre una ferita mai rimarginata, sepolta da cinquant\u2019anni di silenzio?<\/em><\/p>\n<p style=\"text-align: center;\">In \"La notte ha il suo profumo\", un noir teso e affascinante, la Padova di oggi si intreccia con quella livida degli Anni di Piombo, in un\u2019indagine che scava nel tempo e nell\u2019anima di una citt\u00e0 ancora prigioniera del suo passato.<\/p>\n<p style=\"text-align: center;\"><em>\u201cDev\u2019essere capitato qualcosa, tanto tempo fa, che nessuno vuole dire\u2026 E non vorrei che fossimo solo all\u2019inizio.\u201d<\/em><br \/>Ne abbiamo parlato con <strong>Marco Azzalini<\/strong>, scrittore e docente, autore del romanzo, in un faccia a faccia con il giornalista <strong>Enrico Iorio<\/strong>.<br \/><em>Un appuntamento imperdibile tra misteri, memorie sepolte e verit\u00e0 scomode.<\/em><\/p>\n<p>[\/et_pb_text][\/et_pb_column][\/et_pb_row][et_pb_row column_structure=\"1_2,1_2\" disabled_on=\"off|off|off\" admin_label=\"riga 1 cima\" _builder_version=\"4.16\" _module_preset=\"default\" locked=\"off\" global_colors_info=\"{}\"][et_pb_column type=\"1_2\" _builder_version=\"4.16\" _module_preset=\"default\" global_colors_info=\"{}\"][et_pb_video src=\"https:\/\/vimeo.com\/1072503878\" admin_label=\"11 aprile Maestri\" _builder_version=\"4.27.3\" _module_preset=\"default\" locked=\"off\" global_colors_info=\"{}\"][\/et_pb_video][et_pb_text disabled_on=\"off|off|off\" _builder_version=\"4.27.3\" _module_preset=\"default\" locked=\"off\" global_colors_info=\"{}\"]<\/p>\n<p style=\"text-align: center;\"><em>Le marche hanno sempre pi\u00f9 bisogno di avere, e di mostrare, un'anima, un cuore, un corpo.<\/em><\/p>\n<p style=\"text-align: center;\"><em>In una sola parola, una voce, attraverso cui rivolgersi alle persone, per rendere pi\u00f9 chiari i loro messaggi e la propria ragion d'essere.<\/em><\/p>\n<p style=\"text-align: center;\">C'\u00e8 chi parla di human-to-human, e il senso \u00e8 lo stesso: la marca di successo deve diventare, per dirla con una fortunata intuizione, una di noi.<\/p>\n<p style=\"text-align: center;\"><em>Ma che ne \u00e8 della brand voice se c\u2019\u00e8 l\u2019intelligenza artificiale? Come conservare l\u2019autenticit\u00e0?<\/em><\/p>\n<p style=\"text-align: center;\">\n<p style=\"text-align: center;\">Ce lo mostra <strong>Alberto Maestri<\/strong>, co-Ceo di GreatPixel e direttore della Collana Professioni Digitali per FrancoAngeli, in questa puntata de \u201cI Venerd\u00ec dello Studio BNC\u201d.<\/p>\n<p style=\"text-align: center;\">Maestri, executive e docente in universit\u00e0 e business school, spiegher\u00e0 come creare un marchio di successo che dialoghi col cliente e abbia il pi\u00f9 possibile un volto umano, anche nell\u2019era dell\u2019AI.<\/p>\n<p style=\"text-align: center;\">A guidare l'intervista la giornalista <strong>Francesca Lai<\/strong>.<\/p>\n<p>[\/et_pb_text][\/et_pb_column][et_pb_column type=\"1_2\" _builder_version=\"4.16\" _module_preset=\"default\" global_colors_info=\"{}\"][et_pb_video src=\"https:\/\/vimeo.com\/1070301937\" admin_label=\"4 aprile Bernardes\" _builder_version=\"4.27.3\" _module_preset=\"default\" locked=\"off\" global_colors_info=\"{}\"][\/et_pb_video][et_pb_text disabled_on=\"off|off|off\" _builder_version=\"4.27.3\" _module_preset=\"default\" locked=\"off\" global_colors_info=\"{}\"]<\/p>\n<p style=\"text-align: center;\">Oltre 8mila partite dirette, 21 numeri uno del ranking diretti.<\/p>\n<p style=\"text-align: center;\"><strong>Carlos Bernardes <\/strong>al termine della stagione 2024 ha deciso di mettere un punto ad una carriera da arbitro che ha pochissimi eguali.<\/p>\n<p style=\"text-align: center;\"><em>Rispettato dalle leggende della racchetta, da Federer a Nadal, da Agassi a Sampras, fino a Sinner e Djokovic, l\u2019ormai ex giudice di sedia brasiliano, bergamasco d\u2019adozione, ha segnato un\u2019epoca nel circuito ed \u00e8 un punto di riferimento.<\/em><\/p>\n<p style=\"text-align: center;\">A intervistarlo <strong>Giorgio Dusi<\/strong>, giornalista di Bergamonews<\/p>\n<p>[\/et_pb_text][\/et_pb_column][\/et_pb_row][et_pb_row column_structure=\"1_2,1_2\" disabled_on=\"off|off|off\" admin_label=\"riga 1 cima\" _builder_version=\"4.16\" _module_preset=\"default\" locked=\"off\" global_colors_info=\"{}\"][et_pb_column type=\"1_2\" _builder_version=\"4.16\" _module_preset=\"default\" global_colors_info=\"{}\"][et_pb_video src=\"https:\/\/vimeo.com\/1068095943?share=copy#t=0\" admin_label=\"28 marzo Paura\" _builder_version=\"4.27.3\" _module_preset=\"default\" locked=\"off\" global_colors_info=\"{}\"][\/et_pb_video][et_pb_text disabled_on=\"off|off|off\" _builder_version=\"4.27.3\" _module_preset=\"default\" locked=\"off\" global_colors_info=\"{}\"]<\/p>\n<p style=\"text-align: center;\">Viviamo in un'epoca di incertezze e trasformazioni radicali.<\/p>\n<p style=\"text-align: center;\"><em>Comprendere i possibili scenari diventa cruciale per prendere decisioni informate e responsabili per il futuro dell\u2019umanit\u00e0\u0300. Ma quali sono i rischi globali?<\/em><\/p>\n<p style=\"text-align: center;\">In questa puntata de \u201cI Venerd\u00ec\u0300 dello Studio BNC\u201d, <strong>Roberto Paura<\/strong>, presidente e co-fondatore dell\u2019Italian Institute For The Future ha parlato dello studio del futuro, esplorando le principali minacce esistenziali per l\u2019umanit\u00e0\u0300.<\/p>\n<p style=\"text-align: center;\">Dalla crisi climatica alla pandemia globale, fino alle ipotesi pi\u00f9 avvenieristiche della geoingegneria, l\u2019esperto, intervistato da <strong>Francesca Lai<\/strong>, ci ha spiegato come la scienza e la tecnologia possano offrire soluzioni, ma anche nuovi dilemmi etici e pratici.<\/p>\n<p>[\/et_pb_text][\/et_pb_column][et_pb_column type=\"1_2\" _builder_version=\"4.16\" _module_preset=\"default\" global_colors_info=\"{}\"][et_pb_video src=\"https:\/\/vimeo.com\/1065834375?share=copy#t=0\" admin_label=\"21 marzo Sarpato\" _builder_version=\"4.27.3\" _module_preset=\"default\" locked=\"off\" global_colors_info=\"{}\"][\/et_pb_video][et_pb_text disabled_on=\"off|off|off\" _builder_version=\"4.27.3\" _module_preset=\"default\" locked=\"off\" global_colors_info=\"{}\"]<\/p>\n<p style=\"text-align: center;\"><em>E se smettere di sembrare \"normali\" significasse dare un nuovo significato alla propria unicit\u00e0?<\/em><\/p>\n<p style=\"text-align: center;\">Nel suo primo romanzo \"Strano Diario\",<strong> Irene Sarpato<\/strong> \u2013 filosofa, attivista per i diritti umani e rappresentante italiana nel Global Board of Advisors della Fondazione Billion Strong \u2013 racconta il percorso di scoperta di s\u00e9 attraverso la protagonista, Sissi.<\/p>\n<p style=\"text-align: center;\"><em>A quarantatr\u00e9 anni, l'autrice riceve una diagnosi di autismo, un evento che segna una svolta nel suo attivismo e nella sua consapevolezza.<\/em><\/p>\n<p style=\"text-align: center;\">Anche Sissi, la protagonista del libro non autobiografico, affronta un viaggio interiore che la porta a riconoscere e accogliere la sua neurodivergenza.<\/p>\n<p style=\"text-align: center;\">Di neurodiversit\u00e0 e consapevolezza personale abbiamo parlato con <strong>Irene Sarpato<\/strong> in dialogo con la giornalista <strong>Francesca Lai.<\/strong><\/p>\n<p>[\/et_pb_text][\/et_pb_column][\/et_pb_row][et_pb_row column_structure=\"1_2,1_2\" disabled_on=\"off|off|off\" admin_label=\"riga 1 cima\" _builder_version=\"4.16\" _module_preset=\"default\" locked=\"off\" global_colors_info=\"{}\"][et_pb_column type=\"1_2\" _builder_version=\"4.16\" _module_preset=\"default\" global_colors_info=\"{}\"][et_pb_video src=\"https:\/\/vimeo.com\/1063529893?share=copy#t=0\" admin_label=\"14 marzo Amaddeo Vitali\" _builder_version=\"4.27.3\" _module_preset=\"default\" locked=\"off\" global_colors_info=\"{}\"][\/et_pb_video][et_pb_text disabled_on=\"off|off|off\" _builder_version=\"4.27.3\" _module_preset=\"default\" locked=\"off\" global_colors_info=\"{}\"]<\/p>\n<p style=\"text-align: center;\">Questo venerd\u00ec a \"I Venerd\u00ec dello Studio BNC\" abbiamo presentato Mimmo Racconta, un\u2019intensa raccolta di ricordi, esperienze e vissuti narrati attraverso gli occhi di un bambino e di un adolescente.<\/p>\n<p style=\"text-align: center;\"><em>Un viaggio emozionante che Robi Amaddeo ci offre, ripercorrendo la storia della sua famiglia, dalle origini all\u2019 attuale \u201cdistretto del cibo\u201d.<\/em><\/p>\n<p style=\"text-align: center;\">Per l\u2019occasione, abbiamo avuto il piacere di intervistare l\u2019autore <strong>Robi Amaddeo<\/strong>, ristoratore e scrittore, e <strong>Stefano Vitali<\/strong>, copywriter e scrittore, per approfondire il valore della memoria, delle radici e delle storie che ci legano.<\/p>\n<p style=\"text-align: center;\">A condurre l\u2019incontro il giornalista <strong>Sergio Cotti<\/strong>, che ha guidato la conversazione tra aneddoti, emozioni e riflessioni sul potere della narrazione.<\/p>\n<p>[\/et_pb_text][\/et_pb_column][et_pb_column type=\"1_2\" _builder_version=\"4.16\" _module_preset=\"default\" global_colors_info=\"{}\"][et_pb_video src=\"https:\/\/vimeo.com\/1061229957?share=copy#t=0\" thumbnail_overlay_color=\"rgba(0,0,0,0.6)\" admin_label=\"7 marzo Pedersoli\" _builder_version=\"4.27.3\" locked=\"off\" global_colors_info=\"{}\"][\/et_pb_video][et_pb_text disabled_on=\"off|off|off\" _builder_version=\"4.27.3\" _module_preset=\"default\" custom_padding=\"||0px|||\" locked=\"off\" global_colors_info=\"{}\"]<\/p>\n<p style=\"text-align: center;\">In questa puntata, \"I venerd\u00ec dello Studio BNC\" ospita <strong>Federico Pedersoli<\/strong>, avvocato penalista e autore, intervistato da <strong>Davide Agazzi<\/strong>, direttore di Bergamonews.<\/p>\n<p style=\"text-align: center;\">Il suo libro raccoglie tredici storie di processi basate sulla sua esperienza trentennale, offrendo uno sguardo sulla realt\u00e0 della giustizia tra umanit\u00e0, rigore e ricerca della verit\u00e0.<\/p>\n<p style=\"text-align: center;\"><em>Attraverso vicende reali, riflette sul senso della giustizia, il rapporto tra libert\u00e0 ed errore e l'importanza della difesa.<\/em><\/p>\n<p style=\"text-align: center;\">Il libro \u00e8 anche un omaggio ai grandi penalisti bergamaschi che hanno formato le nuove generazioni.<\/p>\n<p style=\"text-align: center;\"><em>Un incontro per scoprire il lato pi\u00f9 umano del diritto.<\/em><\/p>\n<p>[\/et_pb_text][\/et_pb_column][\/et_pb_row][et_pb_row column_structure=\"1_2,1_2\" disabled_on=\"off|off|off\" admin_label=\"riga 1 cima\" _builder_version=\"4.16\" _module_preset=\"default\" locked=\"off\" global_colors_info=\"{}\"][et_pb_column type=\"1_2\" _builder_version=\"4.16\" _module_preset=\"default\" global_colors_info=\"{}\"][et_pb_video src=\"https:\/\/vimeo.com\/1056750870\" admin_label=\"21 Febbraio Doneda\" _builder_version=\"4.27.3\" _module_preset=\"default\" locked=\"off\" global_colors_info=\"{}\"][\/et_pb_video][et_pb_text disabled_on=\"off|off|off\" _builder_version=\"4.27.3\" _module_preset=\"default\" locked=\"off\" global_colors_info=\"{}\"]<\/p>\n<p style=\"text-align: center;\"><em>Il motto del gruppo Findo, \u201cI valori di una famiglia e la forza di un gruppo\u201d, riflette l\u2019essenza di un\u2019impresa solida e dinamica guidata dalla famiglia Doneda.<\/em><em><\/em><\/p>\n<p style=\"text-align: center;\">Presidente del gruppo, <strong>Eleonora Doneda<\/strong> sostiene e promuove una realt\u00e0 che unisce oltre 25 societ\u00e0 e d\u00e0 lavoro a pi\u00f9 di 150 persone, con un forte focus su innovazione e crescita.<\/p>\n<p style=\"text-align: center;\">In questa puntata de \"I venerd\u00ec dello Studio BNC\", abbiamo parlato proprio di questi temi: il valore dell\u2019innovazione come motore di sviluppo e il ruolo sempre pi\u00f9 centrale delle donne nelle imprese moderne.<\/p>\n<p style=\"text-align: center;\"><em>Un\u2019occasione per scoprire come leadership, inclusione e visione strategica possano plasmare il futuro del mondo imprenditoriale.<\/em><em><\/em><\/p>\n<p style=\"text-align: center;\">A intervistarla il direttore di BergamoNews <strong>Davide Agazzi<\/strong>.<\/p>\n<p>[\/et_pb_text][\/et_pb_column][et_pb_column type=\"1_2\" _builder_version=\"4.16\" _module_preset=\"default\" global_colors_info=\"{}\"][et_pb_video src=\"https:\/\/vimeo.com\/1054466845\" thumbnail_overlay_color=\"rgba(0,0,0,0.6)\" admin_label=\"14 febbraio Frizza\" _builder_version=\"4.27.3\" locked=\"off\" global_colors_info=\"{}\"][\/et_pb_video][et_pb_text disabled_on=\"off|off|off\" _builder_version=\"4.27.3\" _module_preset=\"default\" custom_padding=\"||0px|||\" locked=\"off\" global_colors_info=\"{}\"]<\/p>\n<p style=\"text-align: center;\"><em>Come conciliare il ruolo di guida con la valorizzazione delle individualit\u00e0?<\/em><\/p>\n<p style=\"text-align: center;\"><em>Qual \u00e8 la chiave per unire diverse personalit\u00e0 musicali in un\u2019unica visione artistica? In una parola, leadership armonica.<\/em><\/p>\n<p style=\"text-align: center;\">Il tema \u00e8 stato approfondito dal <strong>M\u00b0 Riccardo Frizza<\/strong>, direttore d\u2019orchestra di fama internazionale, direttore musicale e direttore artistico del festival Donizetti Opera, intervistato da <strong>Francesca Lai<\/strong> nella scorsa puntata di \u201cI venerd\u00ec dello Studio BNC\u201d.<\/p>\n<p style=\"text-align: center;\"><em>Attraverso il racconto della sua carriera, dagli esordi sino alla nomina di direttore musicale prima e, successivamente, anche di direttore artistico del Donizetti Opera per il triennio 2025-2027, il Maestro Frizza sveler\u00e0 il ruolo fondamentale del direttore d\u2019orchestra nella costruzione di un rapporto armonico con tutti i musicisti, in grado di condurre a un\u2019esecuzione bilanciata tra rigore stilistico e sensibilit\u00e0 interpretativa.<\/em><\/p>\n<p>[\/et_pb_text][\/et_pb_column][\/et_pb_row][et_pb_row column_structure=\"1_2,1_2\" disabled_on=\"off|off|off\" admin_label=\"riga 1 cima\" _builder_version=\"4.16\" _module_preset=\"default\" locked=\"off\" global_colors_info=\"{}\"][et_pb_column type=\"1_2\" _builder_version=\"4.16\" _module_preset=\"default\" global_colors_info=\"{}\"][et_pb_video src=\"https:\/\/vimeo.com\/1054053019?share=copy#t=0\" admin_label=\"7 febbraio Barzasi\" _builder_version=\"4.27.3\" _module_preset=\"default\" locked=\"off\" global_colors_info=\"{}\"][\/et_pb_video][et_pb_text disabled_on=\"off|off|off\" _builder_version=\"4.27.3\" _module_preset=\"default\" locked=\"off\" global_colors_info=\"{}\"]<\/p>\n<p style=\"text-align: center;\"><em>L\u2019ultimate frisbee \u00e8 una questione di famiglia per <strong>David Barzasi<\/strong>.<\/em><\/p>\n<p style=\"text-align: center;\">Dopo aver seguito le orme della sorella, il 23enne di Almenno San Salvatore ha saputo condurre Bergamo in giro per il mondo grazie ai numerosi tornei affrontati con la Nazionale e con l\u2019Ultimate CUS Bergamo.<\/p>\n<p style=\"text-align: center;\">Un impegno che David ha voluto ampliare creando la community \u201cChimera\u201d con l\u2019obiettivo di dare un sostegno concreto ai giocatori, ma soprattutto di espandere la cultura dell\u2019ultimate frisbee.<\/p>\n<p style=\"text-align: center;\">Ne abbiamo parlato nella scorsa puntata, guidata dal giornalista <strong>Marco Cangelli<\/strong>.<\/p>\n<p style=\"text-align: center;\">[\/et_pb_text][\/et_pb_column][et_pb_column type=\"1_2\" _builder_version=\"4.16\" _module_preset=\"default\" global_colors_info=\"{}\"][et_pb_video src=\"https:\/\/vimeo.com\/1050009337\" thumbnail_overlay_color=\"rgba(0,0,0,0.6)\" admin_label=\"31 Gennaio Tognoli\" _builder_version=\"4.27.3\" locked=\"off\" global_colors_info=\"{}\"][\/et_pb_video][et_pb_text disabled_on=\"off|off|off\" _builder_version=\"4.27.3\" _module_preset=\"default\" custom_padding=\"||0px|||\" locked=\"off\" global_colors_info=\"{}\"]<\/p>\n<p style=\"text-align: center;\"><em>I dati economici che vengono rilasciati quotidianamente influenzano ogni aspetto della nostra vita quotidiana: dal costo della spesa ai tassi sui mutui.<\/em><\/p>\n<p style=\"text-align: center;\"><em>Ma spesso sono complessi e difficili da interpretare.<\/em><\/p>\n<p style=\"text-align: center;\">Ne abbiamo parlato con un vero esperto del settore, ossia <strong>Antonio Tognoli<\/strong>, Responsabile Macroanalisi e Comunicazione di Corporate Family Office SIM, che ci ha guidato attraverso i principali dati macroeconomici e gli indici di riferimento, spiegandoci come leggerli e perch\u00e9 sono fondamentali per comprendere l\u2019economia.<\/p>\n<p style=\"text-align: center;\">A accompagnarlo in questo viaggio tra numeri, mercati e scenari economici<strong> Francesca Lai<\/strong>, collaboratrice di TopLegal e Forbes.<\/p>\n<p>[\/et_pb_text][\/et_pb_column][\/et_pb_row][et_pb_row column_structure=\"1_2,1_2\" disabled_on=\"off|off|off\" admin_label=\"riga 1 cima\" _builder_version=\"4.16\" _module_preset=\"default\" locked=\"off\" global_colors_info=\"{}\"][et_pb_column type=\"1_2\" _builder_version=\"4.16\" _module_preset=\"default\" global_colors_info=\"{}\"][et_pb_video src=\"https:\/\/vimeo.com\/1047822139\" admin_label=\"24 gennaio Formentini\" _builder_version=\"4.27.3\" _module_preset=\"default\" locked=\"off\" global_colors_info=\"{}\"][\/et_pb_video][et_pb_text disabled_on=\"off|off|off\" _builder_version=\"4.27.3\" _module_preset=\"default\" locked=\"off\" global_colors_info=\"{}\"]<\/p>\n<p style=\"text-align: center;\"><em>Il 17 ottobre 2024 \u00e8 scaduto il termine per i Paesi membri dell\u2019Ue di adeguarsi alla direttiva NIS2, che mira a rafforzare gli obblighi di cybersecurity e frenare i data breach.<\/em><\/p>\n<p style=\"text-align: center;\">Secondo il Rapporto Clusit 2024 sono aumentati in modo significativo i furti d\u2019identit\u00e0, che rappresentano la tipologia di incidente in pi\u00f9 rapida crescita. Inoltre, a livello globale, l'81% degli attacchi ha una gravit\u00e0 elevata.<\/p>\n<p style=\"text-align: center;\"><em>Quali sono le nuove modalit\u00e0 criminali e quali sono i soggetti destinatati del NIS2?<\/em><br \/>Intervistato dalla giornalista <strong>Francesca Lai<\/strong>, <strong>Marco Formentini<\/strong>, socio e amministratore del gruppo Ambiente Lavoro Salute e auditor di III parte per l'ISO 27001 e 22301, ha approfondito il tema ospite di \"I venerd\u00ec dello Studio BNC\".<\/p>\n<p>[\/et_pb_text][\/et_pb_column][et_pb_column type=\"1_2\" _builder_version=\"4.16\" _module_preset=\"default\" global_colors_info=\"{}\"][et_pb_video src=\"https:\/\/vimeo.com\/1041097307\" thumbnail_overlay_color=\"rgba(0,0,0,0.6)\" admin_label=\"17 gennaio Zarghetta\" _builder_version=\"4.27.3\" locked=\"off\" global_colors_info=\"{}\"][\/et_pb_video][et_pb_text disabled_on=\"off|off|off\" _builder_version=\"4.27.3\" _module_preset=\"default\" custom_padding=\"||0px|||\" locked=\"off\" global_colors_info=\"{}\"]<\/p>\n<p style=\"text-align: center;\">\"I venerd\u00ec dello Studio BNC\" ospita <strong>Edoardo Zarghetta<\/strong>, Investor Relations Advisor di SOSTravel.com, in dialogo con <strong>Antonio Tognoli<\/strong>, Responsabile Macroanalisi e Comunicazione di Corporate Family Office SIM.<\/p>\n<p style=\"text-align: center;\"><em>Un\u2019occasione per esplorare le strategie innovative di SOS Travel, il futuro del turismo in Europa e nel mondo, e le nuove opportunit\u00e0 per viaggiatori e operatori del settore.<\/em><\/p>\n<p>[\/et_pb_text][\/et_pb_column][\/et_pb_row][et_pb_row _builder_version=\"4.16\" custom_padding=\"0px||0px|||\" global_colors_info=\"{}\"][et_pb_column type=\"4_4\" _builder_version=\"4.16\" global_colors_info=\"{}\"][et_pb_text _builder_version=\"4.16\" text_text_color=\"#628fc6\" text_font_size=\"40px\" text_line_height=\"1.8em\" global_colors_info=\"{}\"]<\/p>\n<p style=\"text-align: center;\">I venerd\u00ec dello Studio BNC - Eventi precedenti - 2024<\/p>\n<p>[\/et_pb_text][\/et_pb_column][\/et_pb_row][et_pb_row column_structure=\"1_5,3_5,1_5\" disabled_on=\"off|off|off\" admin_label=\"riga 1 cima\" _builder_version=\"4.27.3\" _module_preset=\"default\" locked=\"off\" global_colors_info=\"{}\"][et_pb_column type=\"1_5\" _builder_version=\"4.16\" _module_preset=\"default\" global_colors_info=\"{}\"][\/et_pb_column][et_pb_column type=\"3_5\" _builder_version=\"4.16\" _module_preset=\"default\" global_colors_info=\"{}\"][et_pb_video src=\"https:\/\/vimeo.com\/1038917946\" thumbnail_overlay_color=\"rgba(0,0,0,0.6)\" admin_label=\"20 dicembre Radici Serina\" _builder_version=\"4.27.3\" locked=\"off\" global_colors_info=\"{}\"][\/et_pb_video][et_pb_text disabled_on=\"off|off|off\" _builder_version=\"4.27.3\" _module_preset=\"default\" custom_padding=\"||0px|||\" locked=\"off\" global_colors_info=\"{}\"]<\/p>\n<p style=\"text-align: center;\"><em>70 anni di Atalanta, 70 anni di storia e passione<\/em><br \/>Un'occasione imperdibile per rivivere l'incredibile cammino della Dea: dagli anni Cinquanta fino a oggi, raccontato attraverso aneddoti, retroscena e un percorso che intreccia storia sportiva e imprenditoriale.<\/p>\n<p style=\"text-align: center;\">In questa puntata abbiamo parlato del libro che celebra questa straordinaria avventura con <strong>Miro Radici<\/strong>, figura simbolo della storia atalantina, e <strong>Pietro Serina<\/strong>, co-autore dell\u2019opera.<\/p>\n<p style=\"text-align: center;\"><em>Un racconto che ripercorre il legame indissolubile con la citt\u00e0 di Bergamo<\/em> <em>e con la sua squadra del cuore.<\/em><br \/>A guidare l'intervista, il giornalista <strong>Paolo Marabini<\/strong>.<\/p>\n<p>[\/et_pb_text][\/et_pb_column][et_pb_column type=\"1_5\" _builder_version=\"4.16\" _module_preset=\"default\" global_colors_info=\"{}\"][\/et_pb_column][\/et_pb_row][et_pb_row column_structure=\"1_2,1_2\" disabled_on=\"off|off|off\" admin_label=\"riga 1 cima\" _builder_version=\"4.16\" _module_preset=\"default\" locked=\"off\" global_colors_info=\"{}\"][et_pb_column type=\"1_2\" _builder_version=\"4.16\" _module_preset=\"default\" global_colors_info=\"{}\"][et_pb_video src=\"https:\/\/vimeo.com\/1036708572\" admin_label=\"13 dicembre Nava\" _builder_version=\"4.27.3\" _module_preset=\"default\" locked=\"off\" global_colors_info=\"{}\"][\/et_pb_video][et_pb_text disabled_on=\"off|off|off\" _builder_version=\"4.27.3\" _module_preset=\"default\" locked=\"off\" global_colors_info=\"{}\"]<\/p>\n<p style=\"text-align: center;\"><em>Tre guerre in meno di due anni.<\/em><\/p>\n<p style=\"text-align: center;\"><em>Terre contese, popoli calpestati e identit\u00e0 negate: \u00e8 la Storia che si ripete?\u00a0<\/em><\/p>\n<p style=\"text-align: center;\">L\u2019invasione russa ha risvegliato il ricordo delle persecuzioni staliniane; gli armeni Nagorno-Karabakh hanno rivissuto le pagine del loro genocidio; la guerra tra Israele e Gaza, iniziata il 7 ottobre 2023, ha causato la morte di 41.272 palestinesi (dato Onu, 18 settembre 2024). Le tragedie del passato tendono a ripetersi, diventando strumento di consenso, nelle mani delle \u00e9lite politiche e militari.<\/p>\n<p style=\"text-align: center;\">Esiste una soluzione per questa atroce complessit\u00e0?<\/p>\n<p style=\"text-align: center;\">Ne parla<strong> Massimo Nava<\/strong>, editorialista del Corriere della Sera, tra le firme pi\u00f9 autorevoli in Italia, in questa intervista condotta da <strong>Francesca Lai.<\/strong><\/p>\n<p>[\/et_pb_text][\/et_pb_column][et_pb_column type=\"1_2\" _builder_version=\"4.16\" _module_preset=\"default\" global_colors_info=\"{}\"][et_pb_video src=\"https:\/\/vimeo.com\/1034502451?share=copy#t=0\" thumbnail_overlay_color=\"rgba(0,0,0,0.6)\" admin_label=\"Valenti 6 dicembre\" _builder_version=\"4.27.3\" locked=\"off\" global_colors_info=\"{}\"][\/et_pb_video][et_pb_text disabled_on=\"off|off|off\" _builder_version=\"4.27.3\" _module_preset=\"default\" custom_padding=\"||0px|||\" locked=\"off\" global_colors_info=\"{}\"]<\/p>\n<p style=\"text-align: center;\">Secondo il rapporto \u201cI numeri del cancro 2023\u201d, pubblicato a cura di AIRTUM, AIOM e Fondazione AIOM, in Italia per il 2023 sono state stimate circa 55.500 nuove diagnosi di tumore al seno nelle persone di sesso femminile e circa 500 nelle persone di sesso maschile.<\/p>\n<p style=\"text-align: center;\"><em>Si tratta della neoplasia pi\u00f9 frequente nelle donne in tutte le fasce di et\u00e0.<\/em><em>Il merito \u00e8 della prevenzione.<\/em><\/p>\n<p style=\"text-align: center;\"><em>Dal secolo scorso sono cambiati molti aspetti legati a questa malattia.<\/em><\/p>\n<p style=\"text-align: center;\"><em>Soprattutto \u00e8 cambiata la cultura.\u00a0<\/em><\/p>\n<p style=\"text-align: center;\">La mortalit\u00e0 \u00e8 infatti calata di circa il 6 per cento circa dal 2015 al 2020, secondo gli ultimi dati disponibili.<\/p>\n<p style=\"text-align: center;\">Circa 9 donne su 10 (88%) sono vive dopo 5 anni dalla diagnosi di tumore mammario e 8 su 10 (80%) lo sono a 10 anni dalla diagnosi.<\/p>\n<p style=\"text-align: center;\">Intervistato da <strong>Francesca Lai<\/strong>, il dott. <strong>Francesco Valenti <\/strong>\u00e8 stato ospite de \u201cI venerd\u00ec dello studi BNC\u201d per dare un messaggio fondamentale: <em>la prevenzione salva la vita<\/em><\/p>\n<p>[\/et_pb_text][\/et_pb_column][\/et_pb_row][et_pb_row column_structure=\"1_2,1_2\" disabled_on=\"off|off|off\" admin_label=\"riga 1 cima\" _builder_version=\"4.16\" _module_preset=\"default\" locked=\"off\" global_colors_info=\"{}\"][et_pb_column type=\"1_2\" _builder_version=\"4.16\" _module_preset=\"default\" global_colors_info=\"{}\"][et_pb_video src=\"https:\/\/vimeo.com\/1032309336?share=copy\" admin_label=\"29 novembre Luca\" _builder_version=\"4.27.3\" _module_preset=\"default\" locked=\"off\" global_colors_info=\"{}\"][\/et_pb_video][et_pb_text disabled_on=\"off|off|off\" _builder_version=\"4.27.3\" _module_preset=\"default\" locked=\"off\" global_colors_info=\"{}\"]<\/p>\n<p style=\"text-align: center;\">In occasione della pubblicazione della sua autobiografia \u201cUna vita tra le dita\u201d, il musicista <strong>Massimo Luca<\/strong>\u00a0viene intervistato dal giornalista <strong>Fabio Santini<\/strong> che definisce la figura\u00a0poliedrica e unica di questo grande personaggio.<\/p>\n<p>[\/et_pb_text][\/et_pb_column][et_pb_column type=\"1_2\" _builder_version=\"4.16\" _module_preset=\"default\" global_colors_info=\"{}\"][et_pb_video src=\"https:\/\/vimeo.com\/1029998525?share=copy#t=0\" thumbnail_overlay_color=\"rgba(0,0,0,0.6)\" admin_label=\"Carrara 22 novembre\" _builder_version=\"4.27.3\" locked=\"off\" global_colors_info=\"{}\"][\/et_pb_video][et_pb_text disabled_on=\"off|off|off\" _builder_version=\"4.27.3\" _module_preset=\"default\" custom_padding=\"||0px|||\" locked=\"off\" global_colors_info=\"{}\"]<\/p>\n<p style=\"text-align: center;\">Era il 1985 quando Maurizio Carrara, insieme a Paolo Caroli e ad altri amici, fonda l\u2019associazione CESVI (poi Fondazione CESVI Onlus).<\/p>\n<p style=\"text-align: center;\"><em>Da quel momento \u00e8 stata scritta una storia che racconta un mondo migliore, dove l\u2019umanit\u00e0 \u00e8 mossa da un sincero e genuino sentimento solidale nei confronti chi \u00e8 pi\u00f9 fragile.<\/em><\/p>\n<p style=\"text-align: center;\">Un mondo che<strong> Maurizio Carrara<\/strong>, oggi presidente ad honorem di CESVI, descrive a parole nel libro \u201c40. I nostri anni di solidariet\u00e0\u201d, edito Guerini e associati.<\/p>\n<p style=\"text-align: center;\">Oggi, grazie a quattro decenni dedicati alla raccolta di fondi privati e pubblici, CESVI \u00e8 presente in 27 Paesi, con progetti di sostegno e partner locali.<\/p>\n<p style=\"text-align: center;\"><strong>Francesca Lai<\/strong>, giornalista di TopLegal e Forbes, ha intervistato Maurizio Carrara in questa puntata de \u201cI venerd\u00ec dello Studio BNC\u201d.<\/p>\n<p>[\/et_pb_text][\/et_pb_column][\/et_pb_row][et_pb_row column_structure=\"1_2,1_2\" disabled_on=\"off|off|off\" admin_label=\"riga 1 cima\" _builder_version=\"4.16\" _module_preset=\"default\" locked=\"off\" global_colors_info=\"{}\"][et_pb_column type=\"1_2\" _builder_version=\"4.16\" _module_preset=\"default\" global_colors_info=\"{}\"][et_pb_video src=\"https:\/\/vimeo.com\/1027649838\" admin_label=\"15 novembre Gualini\" _builder_version=\"4.27.3\" _module_preset=\"default\" locked=\"off\" global_colors_info=\"{}\"][\/et_pb_video][et_pb_text disabled_on=\"off|off|off\" _builder_version=\"4.27.3\" _module_preset=\"default\" locked=\"off\" global_colors_info=\"{}\"]<\/p>\n<p style=\"text-align: center;\"><em>Guidare \u201cfuori traccia\u201d \u00e8 viaggiare orientandosi con il solo aiuto della bussola, navigando a vista in situazioni spesso estreme, sia che si attraversi il deserto pi\u00f9 selvaggio, che si proceda \u00a0con \u00a0circospezione in foreste tropicali.<\/em><\/p>\n<p style=\"text-align: center;\">Perch\u00e9 le mappe esistono e l\u2019itinerario \u00e8 conosciuto, ma negli ambienti \u201cdifficili\u201d, il fuori traccia \u00e8 all\u2019ordine del giorno.<\/p>\n<p style=\"text-align: center;\">E <strong>Beppe Gualini <\/strong>ne ha fatto una filosofia di vita, facendo scelte lontane dal buon senso comune che l\u2019hanno portato a vivere momenti ed esperienze forti e ineguagliabili.<\/p>\n<p style=\"text-align: center;\">E\u2019 stato un precursore nei rally avventura partecipando a innumerevoli edizioni della Parigi-Dakar e dei rally africani a cavallo tra gli anni \u201880 e \u201990 e al Camel Trophy, icona nel mondo delle 4 ruote.<\/p>\n<p style=\"text-align: center;\">Grazie al volume \u201cUna vita Fuori traccia\u201d, sceglie di condividere con gli appassionati i suoi ricordi sportivi e umani pi\u00f9 significativi.<\/p>\n<p style=\"text-align: center;\">A intervisarlo il giornalista <strong>Marco Cangelli<\/strong>.<\/p>\n<p>[\/et_pb_text][\/et_pb_column][et_pb_column type=\"1_2\" _builder_version=\"4.16\" _module_preset=\"default\" global_colors_info=\"{}\"][et_pb_video src=\"https:\/\/vimeo.com\/1023237179?share=copy#t=0\" thumbnail_overlay_color=\"rgba(0,0,0,0.6)\" admin_label=\"Radici 8 novembre\" _builder_version=\"4.27.2\" locked=\"off\" global_colors_info=\"{}\"][\/et_pb_video][et_pb_text disabled_on=\"off|off|off\" _builder_version=\"4.27.2\" _module_preset=\"default\" custom_padding=\"||0px|||\" locked=\"off\" global_colors_info=\"{}\"]<\/p>\n<p style=\"text-align: center;\"><em>La stagione sciistica \u00e8 ormai alle porte: <\/em><em>scopriamo insieme quali sono le novit\u00e0 del comprensorio del Monte Pora.<\/em><\/p>\n<p style=\"text-align: center;\">Ne abbiamo parlato con la dottoressa <strong>Cristina Radici<\/strong>, presidente di IRTA S.p.A. (societ\u00e0 che gestisce il comprensorio Monte Pora) intervistata da <strong>Davide Agazzi<\/strong>, direttore di BergamoNews.<\/p>\n<p>[\/et_pb_text][\/et_pb_column][\/et_pb_row][et_pb_row column_structure=\"1_2,1_2\" disabled_on=\"off|off|off\" admin_label=\"riga 1 cima\" _builder_version=\"4.16\" _module_preset=\"default\" locked=\"off\" global_colors_info=\"{}\"][et_pb_column type=\"1_2\" _builder_version=\"4.16\" _module_preset=\"default\" global_colors_info=\"{}\"][et_pb_video src=\"https:\/\/vimeo.com\/1020937670\" admin_label=\"25 ottobre Miggiano\" _builder_version=\"4.27.2\" _module_preset=\"default\" locked=\"off\" global_colors_info=\"{}\"][\/et_pb_video][et_pb_text disabled_on=\"off|off|off\" _builder_version=\"4.27.2\" _module_preset=\"default\" locked=\"off\" global_colors_info=\"{}\"]<\/p>\n<p style=\"text-align: center;\"><em>Questo perch\u00e9 siamo \u201cin ritardo e fuori strada\u201d.<\/em><\/p>\n<p style=\"text-align: center;\">A dirlo \u00e8 ASviS (<span>Alleanza Italiana per lo Sviluppo Sostenibile<\/span>) nel Rapporto Annuale 2024 \"Coltivare il nostro Futuro\", da poco presentato, in cui viene descritto con chiarezza il ritardo dell\u2019Italia sui 17 Obiettivi dello Sviluppo Sostenibile dell\u2019ONU.<\/p>\n<p style=\"text-align: center;\"><em>Ci sono \u201cmolte ombre e pochi luci nel percorso dell\u2019Italia verso lo sviluppo sostenibile\u201d, dichiara <strong>Luca Miggiano<\/strong>, esperto di sostenibilit\u00e0 e responsabile del progetto \"Ecosistema futuro\" di ASviS.<\/em><em>\u00a0<\/em><\/p>\n<p style=\"text-align: center;\">Ospite della\u00a0 puntata de \u201cI venerd\u00ec dello Studio BNC\u201d, Miggiano ci ha spiegato perch\u00e9 rinviare la transizione ecologica \u00e8 una pessima idea.<\/p>\n<p style=\"text-align: center;\">Al contrario, \u201cinvestire nella mitigazione e nell\u2019adattamento alla crisi climatica conviene anche economicamente per il Paese, le aziende e le istituzioni\u201d.<\/p>\n<p style=\"text-align: center;\">A intervistarlo la giornalista <strong>Francesca Lai<\/strong>, collaboratrice di TopLegal e di Forbes.<\/p>\n<p>[\/et_pb_text][\/et_pb_column][et_pb_column type=\"1_2\" _builder_version=\"4.16\" _module_preset=\"default\" global_colors_info=\"{}\"][et_pb_video src=\"https:\/\/vimeo.com\/1018635827?share=copy#t=0\" thumbnail_overlay_color=\"rgba(0,0,0,0.6)\" admin_label=\"Dossi 18 ottobre\" _builder_version=\"4.25.2\" locked=\"off\" global_colors_info=\"{}\"][\/et_pb_video][et_pb_text disabled_on=\"off|off|off\" _builder_version=\"4.25.2\" _module_preset=\"default\" custom_padding=\"||0px|||\" locked=\"off\" global_colors_info=\"{}\"]<\/p>\n<p style=\"text-align: center;\">Per le aziende di ogni tipo e grandezza, l'Asia offre opportunit\u00e0 uniche grazie alla crescita economica in aree come la Cina, il Sud-Est asiatico e l'India.<\/p>\n<p style=\"text-align: center;\"><em>Tuttavia, l\u2019accesso a questi mercati non \u00e8 semplice: sono fondamentali risorse finanziarie adeguate, una forte rete di partnership locali e una pianificazione strategica.<\/em><\/p>\n<p style=\"text-align: center;\"><em>Come affrontare le differenze linguistiche, normative e di infrastruttura per internazionalizzare la propria azienda e garantirsi una preziosa opportunit\u00e0 di crescita?<\/em><\/p>\n<p style=\"text-align: center;\">Ha risposto a queste domande <strong>Michele Dossi<\/strong>, presidente di Italcham Camera di Commercio Italiana in Malesia e CEO di Fassi Asia Pacific, ospite della scorsa puntata di I venerd\u00ec dello Studio BNC.<\/p>\n<p style=\"text-align: center;\">Intervistato da <strong>Antonio Tognoli<\/strong>, responsabile macroanalisi e comunicazione di CFO SIM, Dossi ci ha illustrato le difficolt\u00e0 nell'espansione internazionale parlandoci delle trasformazioni delle strategie competitive e delle opportunit\u00e0 per le piccole e medie imprese.<\/p>\n<p>[\/et_pb_text][\/et_pb_column][\/et_pb_row][et_pb_row column_structure=\"1_2,1_2\" disabled_on=\"off|off|off\" admin_label=\"riga 1 cima\" _builder_version=\"4.16\" _module_preset=\"default\" locked=\"off\" global_colors_info=\"{}\"][et_pb_column type=\"1_2\" _builder_version=\"4.16\" _module_preset=\"default\" global_colors_info=\"{}\"][et_pb_video src=\"https:\/\/vimeo.com\/1016084381?share=copy#t=0\" admin_label=\"11 ottobre Santus\" _builder_version=\"4.25.2\" _module_preset=\"default\" locked=\"off\" global_colors_info=\"{}\"][\/et_pb_video][et_pb_text disabled_on=\"off|off|off\" _builder_version=\"4.25.2\" _module_preset=\"default\" locked=\"off\" global_colors_info=\"{}\"]<\/p>\n<p style=\"text-align: center;\"><em>Nata 1991 dall\u2019allora Banca Popolare di Bergamo come organizzazione senza fini di lucro per favorire iniziative di tutela, promozione e valorizzazione della cultura e del patrimonio artistico e storico, Fondazione Banca Popolare di Bergamo in pi\u00f9 di trent\u2019anni ha esteso il suo perimetro ad attivit\u00e0 di assistenza sociale, alla tutela dell'ambiente, al sostegno della ricerca scientifica, dell\u2019istruzione e del volontariato arrivando a finanziare oltre 1400 progetti per circa 37 milioni di euro.<\/em><\/p>\n<p style=\"text-align: center;\">Fondazione Bpb oggi opera accanto ad Intesa Sanpaolo confermando l\u2019impegno nella promozione della solidariet\u00e0 e dello sviluppo del territorio bergamasco.<\/p>\n<p style=\"text-align: center;\">Abbiamo parlato del lavoro che svolge questa fondazione con <strong>Armando Santus<\/strong>, suo presidente, intervistato dalla giornalista e comunicatrice <strong>Elisabetta Olivari<\/strong>.<\/p>\n<p>[\/et_pb_text][\/et_pb_column][et_pb_column type=\"1_2\" _builder_version=\"4.16\" _module_preset=\"default\" global_colors_info=\"{}\"][et_pb_video src=\"https:\/\/vimeo.com\/1013488902?share=copy\" thumbnail_overlay_color=\"rgba(0,0,0,0.6)\" admin_label=\"4 ottobre Guaitamacchi\" _builder_version=\"4.25.2\" locked=\"off\" global_colors_info=\"{}\"][\/et_pb_video][et_pb_text disabled_on=\"off|off|off\" _builder_version=\"4.25.2\" _module_preset=\"default\" custom_padding=\"||0px|||\" locked=\"off\" global_colors_info=\"{}\"]<\/p>\n<div dir=\"auto\">\n<div dir=\"auto\">\n<div dir=\"auto\">\n<p style=\"text-align: center;\">In questa puntata de \"I venerd\u00ec dello Studio BNC\"<strong> Fabio Santini <\/strong>intervista il giornalista, scrittore, performer <strong>Ezio Guaitamacchi\u00a0<\/strong>che ha da poco pubblicato il volume \u201cShe\u2019s a Woman\u201d, storie di grandi donne che hanno segnato le epoche della Grande Musica.<\/p>\n<\/div>\n<\/div>\n<\/div>\n<p>[\/et_pb_text][\/et_pb_column][\/et_pb_row][et_pb_row column_structure=\"1_2,1_2\" disabled_on=\"off|off|off\" admin_label=\"riga 1 cima\" _builder_version=\"4.16\" _module_preset=\"default\" locked=\"off\" global_colors_info=\"{}\"][et_pb_column type=\"1_2\" _builder_version=\"4.16\" _module_preset=\"default\" global_colors_info=\"{}\"][et_pb_video src=\"https:\/\/vimeo.com\/1011291025\" thumbnail_overlay_color=\"rgba(0,0,0,0.6)\" admin_label=\"27 settembre Lupini\" module_id=\"#ancora\" _builder_version=\"4.25.2\" locked=\"off\" global_colors_info=\"{}\"][\/et_pb_video][et_pb_text disabled_on=\"off|off|off\" _builder_version=\"4.25.2\" _module_preset=\"default\" locked=\"off\" global_colors_info=\"{}\"]<\/p>\n<p style=\"text-align: center;\"><em>Come nasce un giornale di successo? <\/em><em>E perch\u00e9 si occupa di cibo, vino e turismo enogastronomico.<\/em><\/p>\n<p style=\"text-align: center;\">La risposta \u00e8 Italia a Tavola, quotidiano di enogastronomia, turismo, ristorazione e ospitalit\u00e0, fondato dal giornalista Alberto Lupini nel 1986.<\/p>\n<p style=\"text-align: center;\"><em>Nel Bel Paese, conosciuto in tutto il mondo per la variet\u00e0 della tradizione culinaria e l\u2019eccellenza della produzione vinicola, che ruolo ha un giornale specializzato nel settore HoReca?<\/em><\/p>\n<p style=\"text-align: center;\"><em>Come \u00e8 cambiata la cultura dell\u2019ospitalit\u00e0?<\/em><\/p>\n<p style=\"text-align: center;\"><em>Che ruolo giocano nel marcato le catene di ristoranti?<\/em><\/p>\n<p style=\"text-align: center;\"><em>Qual \u00e8 la forza delle piccole realt\u00e0?<\/em><\/p>\n<p style=\"text-align: center;\">Ne parla <strong>Alberto Lupini<\/strong>\u00a0intervistato dalla giornalista <strong>Francesca Lai<\/strong>.<\/p>\n<p>[\/et_pb_text][\/et_pb_column][et_pb_column type=\"1_2\" _builder_version=\"4.16\" _module_preset=\"default\" global_colors_info=\"{}\"][et_pb_video src=\"https:\/\/vimeo.com\/1009147614\" thumbnail_overlay_color=\"rgba(0,0,0,0.6)\" admin_label=\"20 settembre Saracino\" _builder_version=\"4.25.2\" locked=\"off\" global_colors_info=\"{}\"][\/et_pb_video][et_pb_text disabled_on=\"off|off|off\" _builder_version=\"4.25.2\" _module_preset=\"default\" custom_padding=\"||0px|||\" locked=\"off\" global_colors_info=\"{}\"]<\/p>\n<div dir=\"auto\">\n<div dir=\"auto\">\n<div dir=\"auto\">\n<p style=\"text-align: center;\"><em>Se sogni di diventare un pilota di auto, GT Talent, il talent show dedicato ai motori, \u00e8 l\u2019occasione per metterti alla prova.<\/em><\/p>\n<p style=\"text-align: center;\"><em>Per trionfare in ogni gara non solo dovrai essere il pi\u00f9 veloce, il pi\u00f9 abile, il pi\u00f9 forte: servono testa, cuore e nervi per essere dei numeri 1 imbattibili.\u00a0<\/em><\/p>\n<p style=\"text-align: center;\">A spiegare come far emergere il campione che \u00e8 in te ci pensa <strong>Mimmo Saracino<\/strong>, amministratore delegato di GT Talent, societ\u00e0 quotata proprio il giorno della diretta e che sar\u00e0 ospite de \u201cI venerd\u00ec dello Studio BNC\u201d.<\/p>\n<p style=\"text-align: center;\"><em>In che modo vengono scelti i partecipanti e come si riconosce un fenomeno? Cosa porta una societ\u00e0 di questo tipo a quotarsi?<\/em><br \/>Solo un vero talento della pista pu\u00f2 superare le prove e aggiudicarsi il premio finale: partecipare a un campionato con una vera auto da corsa.<\/p>\n<p style=\"text-align: center;\">Nell'intervista condotta da <strong>Antonio Tognoli<\/strong>, responsabile macroanalisi e comunicazione presso Corporate Family Office Sim, Mimmo Saracino ci ha svelato tutti i segreti di GT Talent.<\/p>\n<\/div>\n<\/div>\n<\/div>\n<p>[\/et_pb_text][\/et_pb_column][\/et_pb_row][et_pb_row column_structure=\"1_2,1_2\" disabled_on=\"off|off|off\" admin_label=\"riga 1 cima\" _builder_version=\"4.16\" _module_preset=\"default\" locked=\"off\" global_colors_info=\"{}\"][et_pb_column type=\"1_2\" _builder_version=\"4.16\" _module_preset=\"default\" global_colors_info=\"{}\"][et_pb_video src=\"https:\/\/vimeo.com\/1006916366?share=copy\" thumbnail_overlay_color=\"rgba(0,0,0,0.6)\" admin_label=\"13 settembre Martinelli\" module_id=\"#ancora\" _builder_version=\"4.25.2\" locked=\"off\" global_colors_info=\"{}\"][\/et_pb_video][et_pb_text disabled_on=\"off|off|off\" _builder_version=\"4.25.2\" _module_preset=\"default\" locked=\"off\" global_colors_info=\"{}\"]<\/p>\n<p style=\"text-align: center;\"><em>Siamo fatti della materia di cui son fatti...?<\/em><\/p>\n<p style=\"text-align: center;\"><em>I sogni, certo, ma anche gli animali, le piante, le rocce, i pianeti e i buchi neri.<\/em><\/p>\n<p style=\"text-align: center;\">A ricordarcelo \u00e8 <strong>Marco Martinelli<\/strong>, ricercatore e divulgatore scientifico, si divide tra scienza e spettacolo sin da bambino. Forse \u00e8 anche per questo che Marco \u00e8 uno scienziato con una marcia in pi\u00f9: si \u00e8 laureato con lode presso la Scuola Superiore Sant\u2019Anna di Pisa in Biotecnologie Molecolari e Industriali dove, dopo il dottorato di ricerca in Biotecnologie Vegetali, \u00e8 attualmente ricercatore e divulgatore scientifico.<\/p>\n<p style=\"text-align: center;\">Accanto all\u2019attivit\u00e0 di laboratorio c\u2019\u00e8 quella per i media: si tuffa nel mondo della divulgazione scientifica in Televisione (Rai Scuola, Rai 2 e Rai 3) e su TikTok diventando un influencer con pi\u00f9 di 300.000 follower.<\/p>\n<p style=\"text-align: center;\">Marco Martinelli \u00e8 stato ospite di questa puntata de \u201cI venerd\u00ec dello Studio BNC\u201d.<\/p>\n<p style=\"text-align: center;\">Lo intervista la giornalista <strong>Francesca Lai.<\/strong><\/p>\n<p>[\/et_pb_text][\/et_pb_column][et_pb_column type=\"1_2\" _builder_version=\"4.16\" _module_preset=\"default\" global_colors_info=\"{}\"][et_pb_video src=\"https:\/\/vimeo.com\/990536610?share=copy\" thumbnail_overlay_color=\"rgba(0,0,0,0.6)\" admin_label=\"6 settembre Drocco\" _builder_version=\"4.25.2\" locked=\"off\" global_colors_info=\"{}\"][\/et_pb_video][et_pb_text disabled_on=\"off|off|off\" _builder_version=\"4.25.2\" _module_preset=\"default\" locked=\"off\" global_colors_info=\"{}\"]<\/p>\n<div dir=\"auto\">\n<div dir=\"auto\">\n<div dir=\"auto\">\n<p style=\"text-align: center;\"><em>Come per ogni atleta, il sogno di <strong>Nicola Drocco<\/strong> era quello di prendere parte un giorno alle Olimpiadi.<\/em><\/p>\n<p style=\"text-align: center;\">La sua scelta \u00e8 caduta su uno sport poco conosciuto, ma al tempo stesso curioso come lo skeleton e il traguardo \u00e8 stato tagliato a Vancouver 2010, apice di una lunga carriera negli sport invernali.<\/p>\n<p style=\"text-align: center;\">Il sogno di Nicola non si \u00e8 fermato l\u00ec e, una volta chiusa la carriera agonistica, ha continuato a studiare per trasmettere la propria passione e seguirla sotto un'altra luce quella del mental coach.<\/p>\n<p style=\"text-align: center;\">Un ruolo fondamentale per aiutare gli atleti ad affrontare gli ostacoli che lo sport gli pone di fronte e centrare il proprio sogno a cinque cerchi.\u00a0<\/p>\n<p style=\"text-align: center;\">Ne abbiamo parlato nella scorsa puntata, condotta dal giornalista <strong>Marco Cangelli<\/strong>.<\/p>\n<\/div>\n<\/div>\n<\/div>\n<p>[\/et_pb_text][\/et_pb_column][\/et_pb_row][et_pb_row column_structure=\"1_2,1_2\" disabled_on=\"off|off|off\" admin_label=\"riga 1 cima\" _builder_version=\"4.16\" _module_preset=\"default\" locked=\"off\" global_colors_info=\"{}\"][et_pb_column type=\"1_2\" _builder_version=\"4.16\" _module_preset=\"default\" global_colors_info=\"{}\"][et_pb_video src=\"https:\/\/vimeo.com\/987081419?share=copy\" thumbnail_overlay_color=\"rgba(0,0,0,0.6)\" admin_label=\"26 luglio Ferrentino\" module_id=\"#ancora\" _builder_version=\"4.25.2\" locked=\"off\" global_colors_info=\"{}\"][\/et_pb_video][et_pb_text disabled_on=\"off|off|off\" _builder_version=\"4.25.2\" _module_preset=\"default\" locked=\"off\" global_colors_info=\"{}\"]<\/p>\n<p style=\"text-align: center;\"><em>Da Bar Sport ai radiodrammi passando da Caterpillar: la profondit\u00e0 del mondo dell\u2019audio.<\/em><\/p>\n<p style=\"text-align: center;\"><strong>Sergio Ferrentino<\/strong> \u00e8 una persona profondamente curiosa.<\/p>\n<p style=\"text-align: center;\">Fermarsi alle apparenze per lui \u00e8 troppo limitante, motivo per cui \u00e8 necessario continuare a sperimentare per scoprire la vera essenza delle cose.<\/p>\n<p style=\"text-align: center;\">La dimostrazione arriva dalla sua carriera che lo ha visto passare dai microfoni di Radio Popolare con la creazione di Bar Sport e il lancio della Gialappa\u2019s Band, passando da Caterpillar a Radio 2 prima di puntare sul mondo dei radiodrammi di successo come \"Utoya :Uno di noi\", \"Ascolta! Parla Leningrado\", \"Leningrado suona\" e \"E Johnny prese il fucile\" nati dalla collaborazione con RSI.<\/p>\n<p style=\"text-align: center;\">Alla guida dal 2011 della Fonderia Mercury, Ferrentino continua il suo percorso di sperimentazione regalando al pubblico un nuovo modo di fruire l\u2019audio.<\/p>\n<p style=\"text-align: center;\">A intervistarlo il giornalista <strong>Marco Cangelli<\/strong>.<\/p>\n<p>[\/et_pb_text][\/et_pb_column][et_pb_column type=\"1_2\" _builder_version=\"4.16\" _module_preset=\"default\" global_colors_info=\"{}\"][et_pb_video src=\"https:\/\/vimeo.com\/983056073\" thumbnail_overlay_color=\"rgba(0,0,0,0.6)\" admin_label=\"19 luglio Messi\" _builder_version=\"4.25.2\" locked=\"off\" global_colors_info=\"{}\"][\/et_pb_video][et_pb_text disabled_on=\"off|off|off\" _builder_version=\"4.25.2\" _module_preset=\"default\" locked=\"off\" global_colors_info=\"{}\"]<\/p>\n<div dir=\"auto\">\n<div dir=\"auto\">\n<div dir=\"auto\">\n<p style=\"text-align: center;\"><em>L\u2019unico pugile bergamasco ad arrivare in America a combattere per il titolo mondiale.<\/em><\/p>\n<p style=\"text-align: center;\">Diventato professionista nel 1998, Messi ha iniziato la sua ascesa nelle sale della palestra Bergamo Boxe. La sua famiglia \u00e8 originaria di Recanati nelle Marche, esattamente come Lionel, di cui \u00e8 lontano parente e che ha incontrato a Milano nel marzo del 2012.<\/p>\n<p style=\"text-align: center;\">Il suo primo grande trionfo nazionale \u00e8 la conquista della cintura di campione italiano categoria Pesi welter l'8 marzo 2002: un anno prima aveva invece ottenuto il titolo di Campione Intercontinentale W.B.U. dei pesi Welter. Nel 2002 diventa anche Campione Intercontinentale W.B.A., un titolo che manterr\u00e0 fino al dicembre del 2003. Il 16 aprile 2005 diventa Campione Italiano dei pesi medi junior.<\/p>\n<p style=\"text-align: center;\">Il 25 aprile 2015 l'ultimo combattimento di una carriera in cui vanta 50 incontri da professionista, di cui 38 vittorie, 1 pareggio e 11 sconfitte.<\/p>\n<p style=\"text-align: center;\"><em>Dal segreto dei suoi successi all'impegno politico, passando per la grande esperienza americana: a tu per tu con uno degli sportivi bergamaschi pi\u00f9 vincenti.<\/em><\/p>\n<p style=\"text-align: center;\">A intervistarlo il giornalista<strong> Francesco Scandella<\/strong>.<\/p>\n<\/div>\n<\/div>\n<\/div>\n<p>[\/et_pb_text][\/et_pb_column][\/et_pb_row][et_pb_row column_structure=\"1_2,1_2\" disabled_on=\"off|off|off\" admin_label=\"riga 1 cima\" _builder_version=\"4.16\" _module_preset=\"default\" locked=\"off\" global_colors_info=\"{}\"][et_pb_column type=\"1_2\" _builder_version=\"4.16\" _module_preset=\"default\" global_colors_info=\"{}\"][et_pb_video src=\"https:\/\/vimeo.com\/977872490\" thumbnail_overlay_color=\"rgba(0,0,0,0.6)\" admin_label=\"12 luglio Beghini\" module_id=\"#ancora\" _builder_version=\"4.25.2\" locked=\"off\" global_colors_info=\"{}\"][\/et_pb_video][et_pb_text disabled_on=\"off|off|off\" _builder_version=\"4.25.2\" _module_preset=\"default\" locked=\"off\" global_colors_info=\"{}\"]<\/p>\n<p style=\"text-align: center;\"><strong>Livio Beghini<\/strong>, una panoramica dell\u2019industria della gomma nella Bergamasca.<\/p>\n<p style=\"text-align: center;\"><em>Uno dei massimi esperti del settore gomma, grazie anche alla sua decennale esperienza in cui ha ricoperto ruoli di rilievo nelle industrie manifatturiere specializzate nella produzione di articoli tecnici in gomma.<\/em><em><\/em><\/p>\n<p style=\"text-align: center;\">Grazie alla sua conoscenza e visione, nell'intervista si delinea il quadro dell'industria della gomma sul territorio, con un'analisi specifica del distretto della gomma della bassa valle dell\u2019Oglio, conosciuto come Rubber Valley.<\/p>\n<p style=\"text-align: center;\">Dalla competitivit\u00e0 delle imprese locali alle sfide del futuro: un discorso a tutto tondo con al centro uno dei settori pi\u00f9 tecnologicamente avanzati del panorama economico internazionale.<\/p>\n<p style=\"text-align: center;\">A intervistarlo il giornalista <strong>Francesco Scandella<\/strong>.<\/p>\n<p>[\/et_pb_text][\/et_pb_column][et_pb_column type=\"1_2\" _builder_version=\"4.16\" _module_preset=\"default\" global_colors_info=\"{}\"][et_pb_video src=\"https:\/\/vimeo.com\/970556146\" thumbnail_overlay_color=\"rgba(0,0,0,0.6)\" admin_label=\"12 luglio Elmi\" _builder_version=\"4.25.2\" locked=\"off\" global_colors_info=\"{}\"][\/et_pb_video][et_pb_text disabled_on=\"off|off|off\" _builder_version=\"4.25.2\" _module_preset=\"default\" locked=\"off\" global_colors_info=\"{}\"]<\/p>\n<div dir=\"auto\">\n<div dir=\"auto\">\n<div dir=\"auto\">\n<p align=\"center\" style=\"text-align: center;\"><em>Con una carriera che abbraccia decenni, Maria Giovanna Elmi ha conquistato il cuore degli italiani con il suo fascino, la sua eleganza e la sua professionalit\u00e0 ineguagliabile.<\/em><o:p><\/o:p><\/p>\n<p align=\"center\" style=\"text-align: center;\">Dalla sua memorabile presenza come annunciatrice televisiva alla conduzione di programmi storici, <strong>Maria Giovanna Elmi<\/strong> ha lasciato un segno indelebile nel panorama mediatico.<o:p><\/o:p><\/p>\n<p align=\"center\" style=\"text-align: center;\">In questa intervista, ripercorriamo insieme a lei i momenti salienti della sua carriera, esplorando aneddoti dietro le quinte e scoprendo come ha saputo reinventarsi in un mondo in costante evoluzione.<o:p><\/o:p><\/p>\n<p align=\"center\" style=\"text-align: center;\">Preparatevi a un viaggio affascinante attraverso la storia della televisione italiana, guidati da una delle sue protagoniste pi\u00f9 brillanti e amate.<o:p><\/o:p><\/p>\n<p align=\"center\" style=\"text-align: center;\">A intervistarla la giornalista<strong> Francesca Lai.<\/strong><o:p><\/o:p><\/p>\n<\/div>\n<\/div>\n<\/div>\n<p>[\/et_pb_text][\/et_pb_column][\/et_pb_row][et_pb_row column_structure=\"1_2,1_2\" disabled_on=\"off|off|off\" admin_label=\"riga 1 cima\" _builder_version=\"4.16\" _module_preset=\"default\" locked=\"off\" global_colors_info=\"{}\"][et_pb_column type=\"1_2\" _builder_version=\"4.16\" _module_preset=\"default\" global_colors_info=\"{}\"][et_pb_video src=\"https:\/\/vimeo.com\/964415176?share=copy\" thumbnail_overlay_color=\"rgba(0,0,0,0.6)\" admin_label=\"28 giugno Bernardi\" module_id=\"#ancora\" _builder_version=\"4.25.2\" locked=\"off\" global_colors_info=\"{}\"][\/et_pb_video][et_pb_text disabled_on=\"off|off|off\" _builder_version=\"4.25.2\" _module_preset=\"default\" locked=\"off\" global_colors_info=\"{}\"]<\/p>\n<p style=\"text-align: center;\"><em>Amo sciare perch\u00e9 mi fa sentire libero<\/em><em><\/em><\/p>\n<p style=\"text-align: center;\">Per <strong>Mauro Bernardi<\/strong>, maestro di sci con disabilit\u00e0 specializzato nell\u2019insegnamento delle discipline invernali su sitting, lo sport ha segnato l\u2019inizio di un nuovo capitolo.<\/p>\n<p style=\"text-align: center;\">\u00a0A causa di un terribile incidente, avvenuto il 31 agosto 2005, Mauro si ritrova a dover affrontare una condizione inattesa: paraplegia incompleta.<\/p>\n<p style=\"text-align: center;\">Imparando a cambiare punto di vista, riesce a trasformare la sofferenza in opportunit\u00e0 e a conquistare nuove abilit\u00e0.<\/p>\n<p style=\"text-align: center;\"><em>\u201cIl segreto \u00e8 avere il coraggio di mettersi nei panni degli altri\u201d<\/em>, dice.<br \/>Mauro Bernardi si \u00e8 raccontato in questo episodio de \u201cI venerd\u00ec dello studio BNC\u201d. Intervistato dalla giornalista <strong>Francesca Lai<\/strong> ha riflettuto sull\u2019importanza di inclusione, accessibilit\u00e0 ed empatia.<\/p>\n<p>[\/et_pb_text][\/et_pb_column][et_pb_column type=\"1_2\" _builder_version=\"4.16\" _module_preset=\"default\" global_colors_info=\"{}\"][et_pb_video src=\"https:\/\/vimeo.com\/958329356?share=copy\" thumbnail_overlay_color=\"rgba(0,0,0,0.6)\" admin_label=\"21 giugno Gori\" _builder_version=\"4.25.2\" locked=\"off\" global_colors_info=\"{}\"][\/et_pb_video][et_pb_text disabled_on=\"off|off|off\" _builder_version=\"4.25.1\" _module_preset=\"default\" locked=\"off\" global_colors_info=\"{}\"]<\/p>\n<div dir=\"auto\">\n<div dir=\"auto\">\n<div dir=\"auto\">\n<p style=\"text-align: center;\"><em>Eletto in Europa con oltre 210mila voti, un sindaco che ha portato Bergamo in Europa. <\/em><\/p>\n<p style=\"text-align: center;\">\u201cHa funzionato portare Bergamo in Europa, il Pd ne esce rafforzato\u201d, cos\u00ec <strong>Giorgio Gori<\/strong>, gi\u00e0 sindaco di Bergamo per dieci anni, commenta la recente vittoria alle urne.\u00a0<br \/>Il bergamasco Gori vola a Bruxelles da membro del Parlamento UE dopo essere stato eletto nel collegio Nord Ovest con quasi 211mila voti: un grande risultato che lo colloca alle spalle della sola capolista Cecilia Strada.<\/p>\n<p style=\"text-align: center;\">Gori \u00e8 stato protagonista di questa puntata de \u201cI venerd\u00ec dello Studio BNC\u201d intervistato da <strong>Monica Pagani<\/strong>, giornalista di Bergamonews<\/p>\n<\/div>\n<\/div>\n<\/div>\n<p>[\/et_pb_text][\/et_pb_column][\/et_pb_row][et_pb_row column_structure=\"1_2,1_2\" disabled_on=\"off|off|off\" admin_label=\"riga 1 cima\" _builder_version=\"4.16\" _module_preset=\"default\" locked=\"off\" global_colors_info=\"{}\"][et_pb_column type=\"1_2\" _builder_version=\"4.16\" _module_preset=\"default\" global_colors_info=\"{}\"][et_pb_video src=\"https:\/\/vimeo.com\/954756561?share=copy\" thumbnail_overlay_color=\"rgba(0,0,0,0.6)\" admin_label=\"14 giugno Giordano\" module_id=\"#ancora\" _builder_version=\"4.25.1\" locked=\"off\" global_colors_info=\"{}\"][\/et_pb_video][et_pb_text disabled_on=\"off|off|off\" _builder_version=\"4.25.1\" _module_preset=\"default\" locked=\"off\" global_colors_info=\"{}\"]<\/p>\n<p style=\"text-align: center;\">Nato a gennaio 2023 il Politecnico delle Arti di Bergamo unisce l\u2019Istituto di Studi Musicali \u201cGaetano Donizetti\u201d e l\u2019Accademia di Belle Arti \u201cGiacomo Carrara\u201d.<\/p>\n<p style=\"text-align: center;\">Il risultato \u00e8 una realt\u00e0 unica in Italia, capofila di un nuovo modo di intendere e attuare l\u2019alta formazione artistica: pi\u00f9 inclusivo e pi\u00f9 sperimentale.<\/p>\n<p style=\"text-align: center;\">La contaminazione artistica diventa una condizione necessaria e, allo stesso tempo, un\u2019opportunit\u00e0 imperdibile.<\/p>\n<p style=\"text-align: center;\">Dopo aver vinto un bando PNRR, il Politecnico di Bergamo si fa promotore di una rete internazionale di istituti appartenenti alla categoria.<\/p>\n<p style=\"text-align: center;\">Come?<\/p>\n<p style=\"text-align: center;\">Ce lo ha raccontato <strong>Daniela Giordano<\/strong>, pianista, docente e direttrice del Politecnico delle Arti di Bergamo, in questa intervista condotta dalla giornalista <strong>Francesca Lai<\/strong>.<\/p>\n<p>[\/et_pb_text][\/et_pb_column][et_pb_column type=\"1_2\" _builder_version=\"4.16\" _module_preset=\"default\" global_colors_info=\"{}\"][et_pb_video src=\"https:\/\/vimeo.com\/952282366?share=copy\" thumbnail_overlay_color=\"rgba(0,0,0,0.6)\" admin_label=\"7 giugno Cotti\" _builder_version=\"4.25.1\" locked=\"off\" global_colors_info=\"{}\"][\/et_pb_video][et_pb_text disabled_on=\"off|off|off\" _builder_version=\"4.25.1\" _module_preset=\"default\" locked=\"off\" global_colors_info=\"{}\"]<\/p>\n<div dir=\"auto\">\n<div dir=\"auto\">\n<div dir=\"auto\">\n<p style=\"text-align: center;\"><em>Storie di bambini ai quali \u00e8 stato sottratto un genitore, storie di padri accusati, perseguitati e costretti sull'orlo del fallimento economico e dell'emarginazione sociale.<\/em><\/p>\n<p style=\"text-align: center;\">Storie di vicende umane che distruggono ogni anno migliaia di famiglie.<\/p>\n<p style=\"text-align: center;\"><em>Storie di ordinaria ingiustizia, nelle quali ingiusto \u00e8 innanzitutto un sistema che applica le leggi con il metodo dei \u00abdue pesi e delle due misure\u00bb, e in cui a perdere sono (quasi) sempre i bambini e i loro pap\u00e0.<\/em><\/p>\n<p style=\"text-align: center;\">E poi c'\u00e8 Lidia, che all'Istituto San Leonardo - dove s'intrecciano le storie di questi bimbi - ci lavora. Lei il pap\u00e0 lo ha perso all'et\u00e0 di 14 anni, fuggito di casa e morto in circostanze misteriose. Ognuna di queste storie \u00e8 legata alle altre da un destino comune e da un finale che sembra gi\u00e0 scritto.<\/p>\n<p style=\"text-align: center;\">Abbiamo parlato di queste e altre storie con <strong>Sergio Cotti<\/strong>, giornalista e scrittore, e <strong>Silvia Valenti<\/strong>, giornalista.<\/p>\n<\/div>\n<\/div>\n<\/div>\n<p>[\/et_pb_text][\/et_pb_column][\/et_pb_row][et_pb_row column_structure=\"1_2,1_2\" disabled_on=\"off|off|off\" admin_label=\"riga 1 cima\" _builder_version=\"4.16\" _module_preset=\"default\" locked=\"off\" global_colors_info=\"{}\"][et_pb_column type=\"1_2\" _builder_version=\"4.16\" _module_preset=\"default\" global_colors_info=\"{}\"][et_pb_video src=\"https:\/\/vimeo.com\/949875964?share=copy\" thumbnail_overlay_color=\"rgba(0,0,0,0.6)\" admin_label=\"31 maggio Apicella\" module_id=\"#ancora\" _builder_version=\"4.24.3\" locked=\"off\" global_colors_info=\"{}\"][\/et_pb_video][et_pb_text disabled_on=\"off|off|off\" _builder_version=\"4.24.3\" _module_preset=\"default\" locked=\"off\" global_colors_info=\"{}\"]<\/p>\n<p style=\"text-align: center;\"><em>Manca oramai pochissimo alle elezioni amministrative che l\u20198 e il 9 giugno decideranno le sorti della citt\u00e0 di Bergamo per i prossimi cinque anni.<\/em><em><\/em><\/p>\n<p style=\"text-align: center;\">Nella puntata di venerd\u00ec 31 maggio abbiamo dialogato con <strong>Vittorio Apicella<\/strong>, candidato sindaco per il Movimento 5 Stelle e trattato i temi nevralgici per la citt\u00e0, ossia mobilit\u00e0, sicurezza e politiche sociali.<\/p>\n<p style=\"text-align: center;\">A intervistarlo la giornalista <strong>Monica Pagani<\/strong> di Bergamonews.<\/p>\n<p>[\/et_pb_text][\/et_pb_column][et_pb_column type=\"1_2\" _builder_version=\"4.16\" _module_preset=\"default\" global_colors_info=\"{}\"][et_pb_video src=\"https:\/\/vimeo.com\/947367065?share=copy\" thumbnail_overlay_color=\"rgba(0,0,0,0.6)\" admin_label=\"24 maggio Ghisalberti\" _builder_version=\"4.24.3\" locked=\"off\" global_colors_info=\"{}\"][\/et_pb_video][et_pb_text disabled_on=\"off|off|off\" _builder_version=\"4.24.3\" _module_preset=\"default\" locked=\"off\" global_colors_info=\"{}\"]<\/p>\n<div dir=\"auto\">\n<div dir=\"auto\">\n<div dir=\"auto\">\n<p style=\"text-align: center;\">TEDxBergamo \u00e8 un evento culturale organizzato da un'associazione no-profit che segue le linee guida dell'evento principale TED, il cui scopo \u00e8 quello di condividere idee che cambiano il mondo.<\/p>\n<p style=\"text-align: center;\">Perch\u00e9 partecipare ad un evento locale di un format internazionale?<\/p>\n<p style=\"text-align: center;\">Come mai le aziende scelgono di supportare un'iniziativa come questa?<\/p>\n<p style=\"text-align: center;\">E come mai\u00a0<strong>Giorgio Ghisalberti<\/strong>, Ingegnere informatico e Imprenditore digitale (CEO di OTO agency), ha scelto di investire il proprio tempo nel realizzare un progetto come questo?<\/p>\n<p style=\"text-align: center;\">Abbiamo trattato tutti questi temi in questa intervista condotta da <strong>Monica Pagani<\/strong>, giornalista di Bergamonews.<\/p>\n<\/div>\n<\/div>\n<\/div>\n<p>[\/et_pb_text][\/et_pb_column][\/et_pb_row][et_pb_row column_structure=\"1_2,1_2\" disabled_on=\"off|off|off\" admin_label=\"riga 1 cima\" _builder_version=\"4.16\" _module_preset=\"default\" locked=\"off\" global_colors_info=\"{}\"][et_pb_column type=\"1_2\" _builder_version=\"4.16\" _module_preset=\"default\" global_colors_info=\"{}\"][et_pb_video src=\"https:\/\/vimeo.com\/944795246?share=copy\" thumbnail_overlay_color=\"rgba(0,0,0,0.6)\" admin_label=\"17 maggio candidati\" module_id=\"#ancora\" _builder_version=\"4.24.3\" locked=\"off\" global_colors_info=\"{}\"][\/et_pb_video][et_pb_text disabled_on=\"off|off|off\" _builder_version=\"4.24.3\" _module_preset=\"default\" locked=\"off\" global_colors_info=\"{}\"]<\/p>\n<p style=\"text-align: center;\">Manca poco meno di un mese alle elezioni amministrative che l\u20198 e il 9 giugno decideranno le sorti della citt\u00e0 di Bergamo per i prossimi cinque anni e i candidati, <strong>Elena Carnevali<\/strong> per il centrosinistra e <strong>Andrea Pezzotta<\/strong> per il centrodestra, hanno parlato agli elettori insieme, in un confronto faccia a faccia durante uno speciale de \u201cI venerd\u00ec dello Studio BNC\u201d.<\/p>\n<p style=\"text-align: center;\">\n<p style=\"text-align: center;\">I candidati sono intervenuti su temi nevralgici e strategici per la citt\u00e0: mobilit\u00e0, sicurezza e politiche sociali.<\/p>\n<p style=\"text-align: center;\">A intervistarli <strong>Benedetta Ravizza<\/strong> (giornalista de L\u2019Eco di Bergamo), <strong>Simone Bianco<\/strong> (caposervizio del Corriere della Sera Bergamo) e <strong>Davide Agazzi <\/strong>(direttore di Bergamonews), mentre a condurre <strong>Vito Fil\u00ec<\/strong>, direttore di Qui Bergamo.<\/p>\n<p style=\"text-align: center;\">\n<p style=\"text-align: center;\"><em>Un\u2019opportunit\u00e0 per i cittadini, che potranno approfondire le posizioni dei candidati e orientare la propria scelta politica alle vicine elezioni, e per chiunque sia interessato a comprendere le sfide e le prospettive che Bergamo dovr\u00e0 affrontare nei prossimi anni. \u00a0<\/em><\/p>\n<p>[\/et_pb_text][\/et_pb_column][et_pb_column type=\"1_2\" _builder_version=\"4.16\" _module_preset=\"default\" global_colors_info=\"{}\"][et_pb_video src=\"https:\/\/vimeo.com\/942308891?share=copy\" thumbnail_overlay_color=\"rgba(0,0,0,0.6)\" admin_label=\"10 maggio Peraro\" _builder_version=\"4.24.3\" locked=\"off\" global_colors_info=\"{}\"][\/et_pb_video][et_pb_text disabled_on=\"off|off|off\" _builder_version=\"4.24.3\" _module_preset=\"default\" locked=\"off\" global_colors_info=\"{}\"]<\/p>\n<div dir=\"auto\">\n<div dir=\"auto\">\n<div dir=\"auto\">\n<p style=\"text-align: center;\"><em>Per comprendere meglio il ruolo e l'impatto dell'Unione europea e del Parlamento europeo sulla vita di tutti noi, \u00e8 fondamentale avere una visione chiara e approfondita del funzionamento di queste istituzioni.\u00a0<\/em><\/p>\n<p style=\"text-align: center;\">Un impegno particolarmente rilevante alla luce delle prossime elezioni europee (8-9 giugno 2024) in cui avremo l'opportunit\u00e0 di esprimere la nostra volont\u00e0 attraverso il voto.<\/p>\n<p style=\"text-align: center;\">Una conoscenza approfondita di questi temi pu\u00f2 aiutare a incentivare una partecipazione democratica pi\u00f9 consapevole e attiva.\u00a0<\/p>\n<p style=\"text-align: center;\">Ne parliamo con la prof.ssa <strong>Cinzia Peraro<\/strong>, Associata di Diritto dell\u2019Unione europea presso l'Universit\u00e0 degli studi di Bergamo, intervistata da <strong>Franco Cattaneo<\/strong>, giornalista de L\u2019Eco di Bergamo.<\/p>\n<\/div>\n<\/div>\n<\/div>\n<p>[\/et_pb_text][\/et_pb_column][\/et_pb_row][et_pb_row column_structure=\"1_2,1_2\" disabled_on=\"off|off|off\" admin_label=\"riga 1 cima\" _builder_version=\"4.16\" _module_preset=\"default\" locked=\"off\" global_colors_info=\"{}\"][et_pb_column type=\"1_2\" _builder_version=\"4.16\" _module_preset=\"default\" global_colors_info=\"{}\"][et_pb_video src=\"https:\/\/vimeo.com\/939533238?share=copy\" thumbnail_overlay_color=\"rgba(0,0,0,0.6)\" admin_label=\"3 maggio Cisnetto\" module_id=\"#ancora\" _builder_version=\"4.24.3\" locked=\"off\" global_colors_info=\"{}\"][\/et_pb_video][et_pb_text disabled_on=\"off|off|off\" _builder_version=\"4.24.3\" _module_preset=\"default\" locked=\"off\" global_colors_info=\"{}\"]<\/p>\n<p style=\"text-align: center;\"><em>A 5 settimane dall\u2019eurovoto, con cui circa 360 milioni di elettori dell\u2019Unione - sparsi in 27 Stati - sceglieranno i loro nuovi 705 rappresentanti politici, anche \u201cI Venerd\u00ec dello Studio BNC\u201d si occuperanno dell\u2019imminente chiamata alle urne.<\/em><\/p>\n<p style=\"text-align: center;\">Ospite della trasmissione il giornalista <strong>Enrico Cisnetto<\/strong>. In particolare, il fondatore nonch\u00e9 Direttore di War Room ha delineato quale Italia e quale Unione Europea si augura possano uscire vincitrici dalla tornata elettorale.<\/p>\n<p style=\"text-align: center;\">A intervistarlo il giornalista e consulente per la comunicazione d'impresa <strong>Fabrizio Calvo<\/strong>.<\/p>\n<p>[\/et_pb_text][\/et_pb_column][et_pb_column type=\"1_2\" _builder_version=\"4.16\" _module_preset=\"default\" global_colors_info=\"{}\"][et_pb_video src=\"https:\/\/vimeo.com\/936629078?share=copy\" thumbnail_overlay_color=\"rgba(0,0,0,0.6)\" admin_label=\"26 aprile Majnoni Notaro\" _builder_version=\"4.24.3\" locked=\"off\" global_colors_info=\"{}\"][\/et_pb_video][et_pb_text disabled_on=\"off|off|off\" _builder_version=\"4.24.3\" _module_preset=\"default\" locked=\"off\" global_colors_info=\"{}\"]<\/p>\n<div dir=\"auto\">\n<div dir=\"auto\">\n<div dir=\"auto\">\n<p style=\"text-align: center;\"><em>Nel primo venerd\u00ec che segue la giornata nazionale della salute della donna, affrontiamo un viaggio nell\u2019interiorit\u00e0 dell\u2019essere umano dei tempi moderni, per capire cosa significhi essere donne ed essere uomini oggi.<\/em><\/p>\n<p style=\"text-align: center;\">Lo facciamo con le due autrici del saggio \u201cManuale d\u2019amore\u201d (Giraldi Editore): <strong>Barbara Majnoni d\u2019Intignano<\/strong>, giornalista e grafologa, ed <strong>Elisabetta Notaro<\/strong>, psicologa, psicoterapeuta e sessuologa.<\/p>\n<p style=\"text-align: center;\">Il libro scandaglia a fondo luci e ombre dell\u2019amore e dei rapporti interpersonali, per accompagnare ragazzi e adulti nella costruzione di una relazione costruttiva, come base di una societ\u00e0 basata sul rispetto reciproco.\u00a0<\/p>\n<p style=\"text-align: center;\">Intervista il giornalista <strong>Gaetano Zoccali<\/strong>.<\/p>\n<\/div>\n<\/div>\n<\/div>\n<p>[\/et_pb_text][\/et_pb_column][\/et_pb_row][et_pb_row column_structure=\"1_2,1_2\" disabled_on=\"off|off|off\" admin_label=\"riga 1 cima\" _builder_version=\"4.16\" _module_preset=\"default\" locked=\"off\" global_colors_info=\"{}\"][et_pb_column type=\"1_2\" _builder_version=\"4.16\" _module_preset=\"default\" global_colors_info=\"{}\"][et_pb_video src=\"https:\/\/vimeo.com\/933666866?share=copy\" thumbnail_overlay_color=\"rgba(0,0,0,0.6)\" admin_label=\"19 aprile Quattrociocchi\" module_id=\"#ancora\" _builder_version=\"4.24.3\" locked=\"off\" global_colors_info=\"{}\"][\/et_pb_video][et_pb_text disabled_on=\"off|off|off\" _builder_version=\"4.24.3\" _module_preset=\"default\" locked=\"off\" global_colors_info=\"{}\"]<\/p>\n<p style=\"text-align: center;\">Facciamo luce sui meccanismi che regolano l\u2019informazione e il dibattito sui Social con il professor <strong>Walter Quattrociocchi<\/strong>, direttore del center for Data Science and Complexity for Society dell\u2019Universit\u00e0 la Sapienza di Roma.<\/p>\n<p style=\"text-align: center;\"><em>Informatico con dottorato in logica matematica, \u00e8 tra i massimi esperti mondiali nell\u2019analisi dei dati nei sistemi complessi.<\/em><\/p>\n<p style=\"text-align: center;\">Le sue analisi supportano la stesura del Global Risk Report del World Economic Forum, coordina\u00a0il gruppo di ricerca interaccademico IRIS per promuovere la corretta informazione sulla salute nel sistema informatico nell\u2019ambito del G7 ed \u00e8 autore dei saggi \u201cMisinformation. Guida alla societ\u00e0 dell\u2019informazione e della credulit\u00e0\u201d, \u201cLiberi di crederci. Informazione, internet e post verit\u00e0\u201d e \u201cPolarizzazioni. Informazioni, opinioni e altri demoni dell\u2019infosfera\u201d.<\/p>\n<p style=\"text-align: center;\">\u00c8 appena stata pubblicata su Nature un\u2019analisi inedita del suo gruppo di ricerca sulle dinamiche di tossicit\u00e0 nelle conversazioni su 8 piattaforme Social, in una finestra temporale di 34 anni.<\/p>\n<p style=\"text-align: center;\">Lo intervista il giornalista <strong>Gaetano Zoccali<\/strong>.<\/p>\n<p>[\/et_pb_text][\/et_pb_column][et_pb_column type=\"1_2\" _builder_version=\"4.16\" _module_preset=\"default\" global_colors_info=\"{}\"][et_pb_video src=\"https:\/\/vimeo.com\/931025485?share=copy\" thumbnail_overlay_color=\"rgba(0,0,0,0.6)\" admin_label=\"12 aprile ricci Vacchetta\" _builder_version=\"4.24.3\" locked=\"off\" global_colors_info=\"{}\"][\/et_pb_video][et_pb_text disabled_on=\"off|off|off\" _builder_version=\"4.24.3\" _module_preset=\"default\" locked=\"off\" global_colors_info=\"{}\"]<\/p>\n<div dir=\"auto\">\n<div dir=\"auto\">\n<div dir=\"auto\">\n<p style=\"text-align: center;\"><em>Mancanza di cibo e acqua, inquinamento ambientale, incidenti...<\/em><\/p>\n<p style=\"text-align: center;\">I ricci sono animali in pericolo e il loro incredibile declino riguarda parecchio anche il nostro destino, perch\u00e9 i simpatici mammiferi notturni che vivono a contatto con il suolo frequentando i nostri giardini sono considerati animali sentinella e il loro stato di salute ci indica la qualit\u00e0 dell'ambiente in cui viviamo.<\/p>\n<p style=\"text-align: center;\">Come aiutarli? Ne parliamo con <strong>Massimo Vacchetta<\/strong>, il veterinario che nel 2014 ha fondato il Centro Recupero Ricci La Ninna a Novello (Cn), unica clinica specializzata in Italia dove ogni anno, grazie alle donazioni, vengono curati circa 400 di questi animali che poi vengono reintrodotti in natura una volta guariti e dove sono ospitati in maniera permanente circa 50 ricci che non possono pi\u00f9 tornare in libert\u00e0 a causa degli incidenti subiti, affidati alle cure di veterinari e volontari.<\/p>\n<p style=\"text-align: center;\">Vacchetta ha fatto conoscere al grande pubblico italiano ed europeo incredibili storie di ricci ed altri animali, con bestseller tradotti in 14 lingue, da 25 grammi di felicit\u00e0 a Raccontami qualcosa di bello (Sperling&amp;Kupfer).<\/p>\n<p style=\"text-align: center;\">Il suo lavoro \u00e8 stato raccontato nel film-documentario \"Il soccorritore di ricci in Piemonte\" (50 min), che ha vinto il Nature Film Festival in Germania, ricevendo il premio direttamente dalle mani della ministra per l'ambiente tedesca. Da quando \u00e8 stato premiato, il documentario \u00e8 stato proiettato in molte scuole e continuer\u00e0 a sensibilizzare studenti in tutta Europa.<\/p>\n<\/div>\n<\/div>\n<\/div>\n<p>[\/et_pb_text][\/et_pb_column][\/et_pb_row][et_pb_row column_structure=\"1_3,1_3,1_3\" _builder_version=\"4.19.0\" _module_preset=\"default\" global_colors_info=\"{}\"][et_pb_column type=\"1_3\" _builder_version=\"4.24.3\" _module_preset=\"default\" global_colors_info=\"{}\"][et_pb_button button_url=\"https:\/\/www.studiobnc.net\/sito\/archivio-precedenti-2023-i-venerdi-dello-studio-bnc\/\" url_new_window=\"on\" button_text=\"Puntate luglio 2022 - dicembre 2023\" button_alignment=\"center\" _builder_version=\"4.24.3\" custom_margin=\"||||false|false\" locked=\"off\" global_colors_info=\"{}\"][\/et_pb_button][\/et_pb_column][et_pb_column type=\"1_3\" _builder_version=\"4.19.0\" _module_preset=\"default\" global_colors_info=\"{}\"][et_pb_button button_url=\"https:\/\/www.studiobnc.net\/sito\/archivio-i-venerdi-dello-studio-bnc\/\" url_new_window=\"on\" button_text=\"Puntate gennaio 2022 - luglio 2022\" button_alignment=\"center\" _builder_version=\"4.24.3\" custom_margin=\"||||false|false\" locked=\"off\" global_colors_info=\"{}\"][\/et_pb_button][\/et_pb_column][et_pb_column type=\"1_3\" _builder_version=\"4.19.0\" _module_preset=\"default\" global_colors_info=\"{}\"][et_pb_button button_url=\"https:\/\/www.studiobnc.net\/sito\/archivio-2021-i-venerdi-dello-studio-bnc\/\" url_new_window=\"on\" button_text=\"Puntate gennaio - dicembre 2021\" button_alignment=\"center\" _builder_version=\"4.24.3\" custom_margin=\"||||false|false\" locked=\"off\" global_colors_info=\"{}\"][\/et_pb_button][\/et_pb_column][\/et_pb_row][et_pb_row column_structure=\"1_2,1_2\" disabled_on=\"off|off|off\" admin_label=\"riga 1 cima\" _builder_version=\"4.16\" _module_preset=\"default\" locked=\"off\" global_colors_info=\"{}\"][et_pb_column type=\"1_2\" _builder_version=\"4.16\" _module_preset=\"default\" global_colors_info=\"{}\"][et_pb_video src=\"https:\/\/vimeo.com\/928748344?share=copy\" thumbnail_overlay_color=\"rgba(0,0,0,0.6)\" admin_label=\"5 aprile De Rita\" module_id=\"#ancora\" _builder_version=\"4.23.1\" locked=\"off\" global_colors_info=\"{}\"][\/et_pb_video][et_pb_text disabled_on=\"off|off|off\" _builder_version=\"4.23.1\" _module_preset=\"default\" locked=\"off\" global_colors_info=\"{}\"]<\/p>\n<p style=\"text-align: center;\">Bussiamo alla porta di un ex pubblicitario che dopo aver vinto 13 Leoni d\u2019oro, di platino e di titanio ed essere stato direttore artistico di Nike e Adidas si \u00e8 rifugiato in una piccola stanza fosforescente.<\/p>\n<p style=\"text-align: center;\"><em>Cos\u2019\u00e8 questa stanza fosforescente?<\/em><\/p>\n<p style=\"text-align: center;\">Ne abbiamo parlato con <strong>Lorenzo De Rita<\/strong>, esperto di comunicazione, intervistato da <strong>Gaetano Zoccali<\/strong>, giornalista.<\/p>\n<p>[\/et_pb_text][\/et_pb_column][et_pb_column type=\"1_2\" _builder_version=\"4.16\" _module_preset=\"default\" global_colors_info=\"{}\"][et_pb_video src=\"https:\/\/vimeo.com\/923718405?share=copy\" thumbnail_overlay_color=\"rgba(0,0,0,0.6)\" admin_label=\"29 marzo Don Giulio\" _builder_version=\"4.23.1\" locked=\"off\" global_colors_info=\"{}\"][\/et_pb_video][et_pb_text disabled_on=\"off|off|off\" _builder_version=\"4.23.1\" _module_preset=\"default\" locked=\"off\" global_colors_info=\"{}\"]<\/p>\n<div dir=\"auto\">\n<div dir=\"auto\">\n<div dir=\"auto\">\n<p style=\"text-align: center;\"><em>L'equinozio di primavera, la luna, la luce, il pesce, l'uovo, il ruolo delle donne: la Pasqua racchiude in una serie di riti diversi simboli.<\/em><em><\/em><\/p>\n<p style=\"text-align: center;\">Considerati sacri dalla cristianit\u00e0 ma che affondano le loro radici nella storia dell'uomo.<\/p>\n<p style=\"text-align: center;\">Ne abbiamo parlato con <strong>don Giulio Dellavite<\/strong>, delegato vescovile della Curia di Bergamo e <strong>Davide Agazzi<\/strong>, direttore di Bergamonews.<\/p>\n<\/div>\n<\/div>\n<\/div>\n<p>[\/et_pb_text][\/et_pb_column][\/et_pb_row][et_pb_row column_structure=\"1_2,1_2\" use_custom_gutter=\"on\" gutter_width=\"2\" make_equal=\"on\" _builder_version=\"4.23.1\" _module_preset=\"default\" width=\"90%\" locked=\"off\" global_colors_info=\"{}\"][et_pb_column type=\"1_2\" _builder_version=\"4.24.3\" _module_preset=\"default\" global_colors_info=\"{}\"][et_pb_video src=\"https:\/\/vimeo.com\/924954139?share=copy\" _builder_version=\"4.24.3\" _module_preset=\"default\" global_colors_info=\"{}\"][\/et_pb_video][\/et_pb_column][et_pb_column type=\"1_2\" _builder_version=\"4.23.1\" _module_preset=\"default\" global_colors_info=\"{}\"][et_pb_video src=\"https:\/\/vimeo.com\/924954144?share=copy\" _builder_version=\"4.24.3\" _module_preset=\"default\" global_colors_info=\"{}\"][\/et_pb_video][\/et_pb_column][\/et_pb_row][et_pb_row disabled_on=\"off|off|off\" admin_label=\"riga 1 video\" _builder_version=\"4.23.1\" _module_preset=\"default\" custom_padding=\"0px||0px|||\" global_colors_info=\"{}\"][et_pb_column type=\"4_4\" _builder_version=\"4.22.1\" _module_preset=\"default\" global_colors_info=\"{}\"][et_pb_text disabled_on=\"off|off|off\" _builder_version=\"4.23.1\" _module_preset=\"default\" locked=\"off\" global_colors_info=\"{}\"]<\/p>\n<div dir=\"auto\">\n<div dir=\"auto\">\n<div dir=\"auto\">\n<p style=\"text-align: center;\"><em>Bergamo si prepara a eleggere il nuovo Sindaco per i prossimi cinque anni.<\/em><\/p>\n<p style=\"text-align: center;\"><em>A contendersi la poltrona di Piazza Matteotti sono <strong>Elena Carnevali<\/strong>, candidata per il centrosinistra, e <strong>Andrea Pezzotta<\/strong>, candidato per il centrodestra.\u00a0<\/em><\/p>\n<p style=\"text-align: center;\">Per approfondire le loro posizioni rispetto ai temi caldi che riguardano la citt\u00e0 \u2013 mobilit\u00e0 e viabilit\u00e0, sicurezza, cultura e turismo Elena Carnevali e Andrea Pezzotta si raccontano in due interviste speciali all\u2019interno del format de \u201cI venerd\u00ec dello Studio BNC\u201d, intervistati da <strong>Benedetta Ravizza<\/strong> (giornalista de L\u2019Eco di Bergamo), <strong>Simone Bianco<\/strong> (caposervizio del Corriere della Sera Bergamo) e <strong>Davide Agazzi<\/strong> (direttore di Bergamonews).<\/p>\n<p style=\"text-align: center;\">Un confronto che, pur \u201ca distanza\u201d, ci ha permesso di conoscere da vicino le proposte e le visioni dei due candidati sul futuro di Bergamo.<\/p>\n<p style=\"text-align: center;\"><em>Un'opportunit\u00e0 unica non solo per i cittadini, ma anche per chiunque sia interessato a comprendere le sfide e le prospettive che si delineeranno nei prossimi mesi.<\/em><strong><\/strong><\/p>\n<\/div>\n<\/div>\n<\/div>\n<p>[\/et_pb_text][\/et_pb_column][\/et_pb_row][et_pb_row column_structure=\"1_2,1_2\" disabled_on=\"off|off|off\" admin_label=\"riga 1 cima\" _builder_version=\"4.16\" _module_preset=\"default\" global_colors_info=\"{}\"][et_pb_column type=\"1_2\" _builder_version=\"4.16\" _module_preset=\"default\" global_colors_info=\"{}\"][et_pb_video src=\"https:\/\/vimeo.com\/921077645?share=copy\" thumbnail_overlay_color=\"rgba(0,0,0,0.6)\" admin_label=\"15 marzo Ravera\" module_id=\"#ancora\" _builder_version=\"4.23.1\" locked=\"off\" global_colors_info=\"{}\"][\/et_pb_video][et_pb_text disabled_on=\"off|off|off\" _builder_version=\"4.23.1\" _module_preset=\"default\" locked=\"off\" global_colors_info=\"{}\"]<\/p>\n<p class=\"xmsonormal\" style=\"text-align: center;\"><em>Perch\u00e9 ci sentiamo su di giri quando ascoltiamo determinate tracce musicali? Qual \u00e8 il meccanismo biologico per cui la musica arriva a influenzare il nostro cervello?<\/em><em><\/em><\/p>\n<p class=\"xmsonormal\" style=\"text-align: center;\">Le varie componenti musicali - note, ritmo, frequenze sonore - possono risvegliare ricordi, suscitare emozioni e persino stimolare la produzione di sostanze come la dopamina, che impattano sul nostro stato d'animo.<\/p>\n<p class=\"xmsonormal\" style=\"text-align: center;\"><em>Questo spiega l'effetto terapeutico della musica, capace di lenire l'ansia, ridurre lo stress e persino potenziare concentrazione e memoria.<\/em><\/p>\n<p class=\"xmsonormal\" style=\"text-align: center;\">Nella Settimana del Cervello 2024, ne abbiamo discusso con il dott. <strong>Furio Ravera<\/strong>, psichiatra e socio fondatore del Gruppo Ginestra, nonch\u00e9 grande appassionato di musica, in un'intervista condotta da <strong>Gaetano Zoccali<\/strong>, giornalista.<\/p>\n<p>[\/et_pb_text][\/et_pb_column][et_pb_column type=\"1_2\" _builder_version=\"4.16\" _module_preset=\"default\" global_colors_info=\"{}\"][et_pb_video src=\"https:\/\/vimeo.com\/918300759?share=copy\" thumbnail_overlay_color=\"rgba(0,0,0,0.6)\" admin_label=\"8 marzo Angeleri\" _builder_version=\"4.23.1\" locked=\"off\" global_colors_info=\"{}\"][\/et_pb_video][et_pb_text disabled_on=\"off|off|off\" _builder_version=\"4.23.1\" _module_preset=\"default\" locked=\"off\" global_colors_info=\"{}\"]<\/p>\n<div dir=\"auto\">\n<div dir=\"auto\">\n<div dir=\"auto\">\n<p class=\"xmsonormal\" style=\"text-align: center;\"><em>Vivere di musica. \u00a0Improvvisazione, incontri, didattica di <strong>Claudio Angeleri<\/strong>, pianista di levatura internazionale, compositore, didatta.<\/em><\/p>\n<p class=\"xmsonormal\" style=\"text-align: center;\">Nel libro Angeleri affronta con la leggerezza del racconto autobiografico una vita trascorsa in musica, \u00abinventando il modo di vivere mentre si vive\u00bb, come nell'improvvisazione jazz.<br \/>A intervistarlo il giornalista <strong>Carlo Dignola<\/strong>.<\/p>\n<\/div>\n<\/div>\n<\/div>\n<p>[\/et_pb_text][\/et_pb_column][\/et_pb_row][et_pb_row column_structure=\"1_2,1_2\" disabled_on=\"off|off|off\" admin_label=\"riga 1 cima\" _builder_version=\"4.16\" _module_preset=\"default\" global_colors_info=\"{}\"][et_pb_column type=\"1_2\" _builder_version=\"4.16\" _module_preset=\"default\" global_colors_info=\"{}\"][et_pb_video src=\"https:\/\/vimeo.com\/915933553?share=copy\" thumbnail_overlay_color=\"rgba(0,0,0,0.6)\" admin_label=\"16 febbraio Bagarotti\" module_id=\"#ancora\" _builder_version=\"4.23.1\" locked=\"off\" global_colors_info=\"{}\"][\/et_pb_video][et_pb_text disabled_on=\"off|off|off\" _builder_version=\"4.23.1\" _module_preset=\"default\" locked=\"off\" global_colors_info=\"{}\"]<\/p>\n<p style=\"text-align: center;\"><em>Dai cambiamenti nel mercato europeo alle regole d\u2019ingaggio, fino al ruolo della Fiera come istituzione.<\/em><\/p>\n<p style=\"text-align: center;\"><strong>Luciano Patelli<\/strong> e <strong>Davide Lenarduzzi<\/strong>, presidente e amministratore delegato di Promoberg, hanno inquadrato il presente e il futuro della Fiera di Bergamo,<br \/>contestualizzato nel territorio orobico e nel panorama fieristico internazionale.<\/p>\n<p style=\"text-align: center;\">A intervistarli <strong>Giorgio Dusi<\/strong>, giornalista di Bergamonews.<\/p>\n<p>[\/et_pb_text][\/et_pb_column][et_pb_column type=\"1_2\" _builder_version=\"4.16\" _module_preset=\"default\" global_colors_info=\"{}\"][et_pb_video src=\"https:\/\/vimeo.com\/913669208?share=copy\" thumbnail_overlay_color=\"rgba(0,0,0,0.6)\" admin_label=\"23 febbraio Cremona\" _builder_version=\"4.23.1\" locked=\"off\" global_colors_info=\"{}\"][\/et_pb_video][et_pb_text disabled_on=\"off|off|off\" _builder_version=\"4.23.1\" _module_preset=\"default\" locked=\"off\" global_colors_info=\"{}\"]<\/p>\n<div dir=\"auto\">\n<div dir=\"auto\">\n<div dir=\"auto\">\n<p class=\"xmsonormal\" style=\"text-align: center;\">I suoi personaggi e i suoi tormentoni hanno fatto ridere milioni di italiani:\u00a0<strong>Raul Cremona<\/strong> racconta la sua storia, dai palchi dei locali di cabaret milanesi alla televisione, con Mai Dire... e Zelig.<\/p>\n<p class=\"xmsonormal\" style=\"text-align: center;\"><em>Tra trucchi di magia ereditati dai parenti e spirito comico, un binomio che lo ha reso il capostipite di un nuovo genere.<\/em><br \/>A intervistarlo <strong>Giorgio Dusi<\/strong>, giornalista di Bergamonews.<\/p>\n<\/div>\n<\/div>\n<\/div>\n<p>[\/et_pb_text][\/et_pb_column][\/et_pb_row][et_pb_row column_structure=\"1_2,1_2\" disabled_on=\"off|off|off\" admin_label=\"riga 1 cima\" _builder_version=\"4.16\" _module_preset=\"default\" global_colors_info=\"{}\"][et_pb_column type=\"1_2\" _builder_version=\"4.16\" _module_preset=\"default\" global_colors_info=\"{}\"][et_pb_video src=\"https:\/\/vimeo.com\/911537596?share=copy\" thumbnail_overlay_color=\"rgba(0,0,0,0.6)\" admin_label=\"16 febbraio Bagarotti\" module_id=\"#ancora\" _builder_version=\"4.23.1\" locked=\"off\" global_colors_info=\"{}\"][\/et_pb_video][et_pb_text disabled_on=\"off|off|off\" _builder_version=\"4.23.1\" _module_preset=\"default\" locked=\"off\" global_colors_info=\"{}\"]<\/p>\n<p class=\"xmsonormal\" style=\"text-align: left;\"><em>Dal carisma inconfondibile \u00e8 stata la Marilyn Monroe dell\u2019opera lirica.<\/em><\/p>\n<p class=\"xmsonormal\" style=\"text-align: left;\">Nella scorsa puntata de \u201cI venerd\u00ec dello Studio BNC\u201d abbiamo parlato di Maria Callas, la Divina con <strong>Eleonora Bagarotti<\/strong>, scrittrice, saggista e autrice del libro \u201c100 anni di Maria Callas.\u00a0Nei ricordi di chi l\u2019ha conosciuta\u201d e <strong>Fabio Santini<\/strong>, critico e giornalista.<br \/>Abbiamo ripercorso insieme tutte le tappe della vita dell\u2019artista, raccontate in un\u2019opera che lascia spazio ad interpretazioni e ricordi delle persone a lei pi\u00f9 vicine.<\/p>\n<p>[\/et_pb_text][\/et_pb_column][et_pb_column type=\"1_2\" _builder_version=\"4.16\" _module_preset=\"default\" global_colors_info=\"{}\"][et_pb_video src=\"https:\/\/vimeo.com\/909059947?share=copy\" thumbnail_overlay_color=\"rgba(0,0,0,0.6)\" admin_label=\"9 febbraio Paleari\" _builder_version=\"4.23.1\" locked=\"off\" global_colors_info=\"{}\"][\/et_pb_video][et_pb_text disabled_on=\"off|off|off\" _builder_version=\"4.23.1\" _module_preset=\"default\" locked=\"off\" global_colors_info=\"{}\"]<\/p>\n<div dir=\"auto\">\n<div dir=\"auto\">\n<div dir=\"auto\">\n<p class=\"xmsonormal\" style=\"text-align: center;\"><em>Nel 2021 pi\u00f9 di 94mila italiani hanno deciso di lasciare il nostro Paese, una quota in crescita del 38% rispetto a 10 anni prima: uno su tre aveva tra i 25 e i 34 anni e tra loro quasi la met\u00e0 con una laurea o un titolo superiore tra le mani.\u00a0<\/em><br \/>Allo stesso tempo si \u00e8 assistito, in modo pi\u00f9 accentuato a partire dal 2016, a una \u201cfuga\u201d di capitali verso i paradisi fiscali: una ricchezza che vale 197 miliardi di euro, il 10,6% del Pil.<\/p>\n<p class=\"xmsonormal\" style=\"text-align: center;\">Sono i dati e i presupposti dai quali ha preso vita \u201c<em>Talenti e Capitali \u2013 Simul stabunt simul cadent<\/em>\u201d, l\u2019ultima fatica editoriale di <strong>Stefano Paleari<\/strong>, professore di Public Management presso l\u2019Universit\u00e0 degli Studi di Bergamo.<\/p>\n<p class=\"xmsonormal\" style=\"text-align: center;\"><em>Con Paleari abbiamo approfondito il legame tra queste due variabili, centrali per l\u2019Italia, e visto quali accorgimenti potrebbero essere presi per fare in modo che il nostro Paese torni ad essere attrattivo tanto per le persone quanto per il denaro.<\/em><\/p>\n<\/div>\n<\/div>\n<\/div>\n<p>[\/et_pb_text][\/et_pb_column][\/et_pb_row][et_pb_row column_structure=\"1_2,1_2\" disabled_on=\"off|off|off\" admin_label=\"riga 1 cima\" _builder_version=\"4.16\" _module_preset=\"default\" global_colors_info=\"{}\"][et_pb_column type=\"1_2\" _builder_version=\"4.16\" _module_preset=\"default\" global_colors_info=\"{}\"][et_pb_video src=\"https:\/\/vimeo.com\/906698132?share=copy\" thumbnail_overlay_color=\"rgba(0,0,0,0.6)\" admin_label=\"2 febbraio Ghisalberti\" module_id=\"#ancora\" _builder_version=\"4.23.1\" locked=\"off\" global_colors_info=\"{}\"][\/et_pb_video][et_pb_text disabled_on=\"off|off|off\" _builder_version=\"4.23.1\" _module_preset=\"default\" locked=\"off\" global_colors_info=\"{}\"]<\/p>\n<p class=\"xmsonormal\" style=\"text-align: left;\"><em>Sar\u00e0 impossibile per i bergamaschi e i bresciani dimenticare il 2023.<\/em><\/p>\n<p class=\"xmsonormal\" style=\"text-align: left;\">Essere insieme Capitale italiana della Cultura 2023 \u00e8 stata un\u2019esperienza sfidante, un\u2019opportunit\u00e0 di crescita e prosperit\u00e0 legata non solo per il mondo della cultura.<\/p>\n<p class=\"xmsonormal\" style=\"text-align: left;\"><em>I 11,6 i milioni di visitatori nelle due citt\u00e0 nell\u2019arco di 12 mesi sono la prova che la cultura genera ricchezza a 360\u00b0.<\/em><\/p>\n<p class=\"xmsonormal\" style=\"text-align: left;\">Qual \u00e8 quindi l\u2019eredit\u00e0 di Bergamo Brescia Capitale italiana della Cultura 2023? Quali sono i progetti per il 2024?<\/p>\n<p class=\"xmsonormal\" style=\"text-align: left;\">Ne ha parlato <strong>Nadia Ghisalberti<\/strong>, assessora alla cultura del Comune di Bergamo ospite della scorsa puntata de \"I Venerd\u00ec dello Studio BNC\".<br \/>A intervistarla la giornalista <strong>Francesca Lai<\/strong>.<\/p>\n<p>[\/et_pb_text][\/et_pb_column][et_pb_column type=\"1_2\" _builder_version=\"4.16\" _module_preset=\"default\" global_colors_info=\"{}\"][et_pb_video src=\"https:\/\/vimeo.com\/904429063?share=copy\" thumbnail_overlay_color=\"rgba(0,0,0,0.6)\" admin_label=\"26 gennaio Zilioli Moltrasio\" _builder_version=\"4.23.1\" locked=\"off\" global_colors_info=\"{}\"][\/et_pb_video][et_pb_text disabled_on=\"off|off|off\" _builder_version=\"4.23.1\" _module_preset=\"default\" locked=\"off\" global_colors_info=\"{}\"]<\/p>\n<div dir=\"auto\">\n<div dir=\"auto\">\n<div dir=\"auto\">\n<p class=\"xmsonormal\" style=\"text-align: left;\">Le accuse, il processo e l\u2019assoluzione piena: <strong>Andrea Moltrasio<\/strong>, allora presidente del Consiglio di Sorveglianza, racconta, insieme alla moglie e avvocato, <strong>Claudia Zilioli<\/strong>, uno dei casi giudiziari di maggior risonanza dell\u2019ultimo decennio.<\/p>\n<\/div>\n<\/div>\n<\/div>\n<p>[\/et_pb_text][\/et_pb_column][\/et_pb_row][et_pb_row column_structure=\"1_2,1_2\" disabled_on=\"off|off|off\" admin_label=\"riga 1 cima\" _builder_version=\"4.16\" _module_preset=\"default\" global_colors_info=\"{}\"][et_pb_column type=\"1_2\" _builder_version=\"4.16\" _module_preset=\"default\" global_colors_info=\"{}\"][et_pb_video src=\"https:\/\/vimeo.com\/904088496?share=copy\" thumbnail_overlay_color=\"rgba(0,0,0,0.6)\" admin_label=\"19 gennaio Piazzi\" module_id=\"#ancora\" _builder_version=\"4.23.1\" locked=\"off\" global_colors_info=\"{}\"][\/et_pb_video][et_pb_text disabled_on=\"off|off|off\" _builder_version=\"4.23.1\" _module_preset=\"default\" locked=\"off\" global_colors_info=\"{}\"]<\/p>\n<p><em>\"Trovare il coraggio per chiedere aiuto pu\u00f2 salvarci la vita!\"<\/em>, assicura <strong>Piero Piazzi<\/strong>, ex modello, oggi manager nel mondo della moda e presidente di Women Management, che ha scelto di raccontare a \"I Venerd\u00ec dello Studio BNC\" il percorso che lo ha portato a sconfiggere la depressione.<\/p>\n<p><em>Ho capito quanto questa condivisione possa essere di aiuto per chi combatte contro il \u201cmale del secolo\u201d-<\/em> spiega Piazzi, oggi testimonial di Progetto Itaca - principale organizzazione italiana impegnata a favore della salute mentale - ma anche socio fondatore dell\u2019associazione no-profit To.Get.There, che fornisce assistenza sanitaria in Sud Sudan e in Uganda.<\/p>\n<p>A intervistarlo il giornalista <strong>Gaetano Zoccali<\/strong>.\u00a0<\/p>\n<p>[\/et_pb_text][\/et_pb_column][et_pb_column type=\"1_2\" _builder_version=\"4.16\" _module_preset=\"default\" global_colors_info=\"{}\"][et_pb_video src=\"https:\/\/vimeo.com\/897172712?share=copy\" thumbnail_overlay_color=\"rgba(0,0,0,0.6)\" admin_label=\"12 gennaio Roma\" _builder_version=\"4.23.1\" locked=\"off\" global_colors_info=\"{}\"][\/et_pb_video][et_pb_text disabled_on=\"off|off|off\" _builder_version=\"4.23.1\" _module_preset=\"default\" locked=\"off\" global_colors_info=\"{}\"]<\/p>\n<div dir=\"auto\">\n<div dir=\"auto\">\n<div dir=\"auto\">\n<p><em>Il 2024 sar\u00e0 un anno molto importante per l\u2019Europa.<\/em><\/p>\n<p style=\"text-align: left;\">Tra le guerre in Ucraina e Medio Oriente e il nuovo Patto di Stabilit\u00e0, le elezioni e le tentazioni sovraniste: ecco tutte le sfide che sono state affrontate nel dialogo tra <strong>Pino Roma<\/strong> e <strong>Cesare Zapperi.<\/strong><\/p>\n<\/div>\n<\/div>\n<\/div>\n<p>[\/et_pb_text][\/et_pb_column][\/et_pb_row][et_pb_row column_structure=\"1_3,1_3,1_3\" _builder_version=\"4.19.0\" _module_preset=\"default\" global_colors_info=\"{}\"][et_pb_column type=\"1_3\" _builder_version=\"4.24.3\" _module_preset=\"default\" global_colors_info=\"{}\"][et_pb_button button_url=\"https:\/\/www.studiobnc.net\/sito\/archivio-precedenti-2023-i-venerdi-dello-studio-bnc\/\" url_new_window=\"on\" button_text=\"Puntate luglio 2022 - dicembre 2023\" button_alignment=\"center\" _builder_version=\"4.24.3\" custom_margin=\"||||false|false\" locked=\"off\" global_colors_info=\"{}\"][\/et_pb_button][\/et_pb_column][et_pb_column type=\"1_3\" _builder_version=\"4.19.0\" _module_preset=\"default\" global_colors_info=\"{}\"][et_pb_button button_url=\"https:\/\/www.studiobnc.net\/sito\/archivio-i-venerdi-dello-studio-bnc\/\" url_new_window=\"on\" button_text=\"Puntate gennaio 2022 - luglio 2022\" button_alignment=\"center\" _builder_version=\"4.24.3\" custom_margin=\"||||false|false\" locked=\"off\" global_colors_info=\"{}\"][\/et_pb_button][\/et_pb_column][et_pb_column type=\"1_3\" _builder_version=\"4.19.0\" _module_preset=\"default\" global_colors_info=\"{}\"][et_pb_button button_url=\"https:\/\/www.studiobnc.net\/sito\/archivio-2021-i-venerdi-dello-studio-bnc\/\" url_new_window=\"on\" button_text=\"Puntate gennaio - dicembre 2021\" button_alignment=\"center\" _builder_version=\"4.24.3\" custom_margin=\"||||false|false\" locked=\"off\" global_colors_info=\"{}\"][\/et_pb_button][\/et_pb_column][\/et_pb_row][\/et_pb_section]<\/p>\n","protected":false},"excerpt":{"rendered":"<p>I venerd\u00ec dello Studio BNC - Eventi precedenti - 2026In questa puntata de \"I venerd\u00ec dello Studio BNC\" abbiamo parlato del libro Peccatori di Gola 2 con l\u2019autore Giancarlo Saran, intervistato da Riccardo Quarti, giornalista di Bergamonews. C\u2019\u00e8 chi si siede a tavola per necessit\u00e0 e chi invece, attraverso la cucina, scopre un mondo fatto [&hellip;]<\/p>\n","protected":false},"author":1,"featured_media":329,"parent":0,"menu_order":0,"comment_status":"closed","ping_status":"closed","template":"","meta":{"_et_pb_use_builder":"on","_et_pb_old_content":"","_et_gb_content_width":"","footnotes":""},"class_list":["post-2824","page","type-page","status-publish","has-post-thumbnail","hentry"],"yoast_head":"<!-- This site is optimized with the Yoast SEO plugin v27.4 - https:\/\/yoast.com\/product\/yoast-seo-wordpress\/ -->\n<title>Archivio - I venerd\u00ec dello studio BNC - Studio BNC<\/title>\n<meta name=\"robots\" content=\"index, follow, max-snippet:-1, max-image-preview:large, max-video-preview:-1\" \/>\n<link rel=\"canonical\" href=\"https:\/\/www.studiobnc.net\/sito\/archivio-i-venerdi-dello-studio-bnc-nuovo\/\" \/>\n<meta property=\"og:locale\" content=\"it_IT\" \/>\n<meta property=\"og:type\" content=\"article\" \/>\n<meta property=\"og:title\" content=\"Archivio - I venerd\u00ec dello studio BNC - Studio BNC\" \/>\n<meta property=\"og:description\" content=\"I venerd\u00ec dello Studio BNC - Eventi precedenti - 2026In questa puntata de &quot;I venerd\u00ec dello Studio BNC&quot; abbiamo parlato del libro Peccatori di Gola 2 con l\u2019autore Giancarlo Saran, intervistato da Riccardo Quarti, giornalista di Bergamonews. C\u2019\u00e8 chi si siede a tavola per necessit\u00e0 e chi invece, attraverso la cucina, scopre un mondo fatto [&hellip;]\" \/>\n<meta property=\"og:url\" content=\"https:\/\/www.studiobnc.net\/sito\/archivio-i-venerdi-dello-studio-bnc-nuovo\/\" \/>\n<meta property=\"og:site_name\" content=\"Studio BNC\" \/>\n<meta property=\"article:modified_time\" content=\"2026-04-22T13:18:54+00:00\" \/>\n<meta property=\"og:image\" content=\"https:\/\/www.studiobnc.net\/sito\/wp-content\/uploads\/2020\/03\/BNC.png\" \/>\n\t<meta property=\"og:image:width\" content=\"1448\" \/>\n\t<meta property=\"og:image:height\" content=\"549\" \/>\n\t<meta property=\"og:image:type\" content=\"image\/png\" \/>\n<meta name=\"twitter:card\" content=\"summary_large_image\" \/>\n<meta name=\"twitter:label1\" content=\"Tempo di lettura stimato\" \/>\n\t<meta name=\"twitter:data1\" content=\"38 minuti\" \/>\n<script type=\"application\/ld+json\" class=\"yoast-schema-graph\">{\"@context\":\"https:\\\/\\\/schema.org\",\"@graph\":[{\"@type\":\"WebPage\",\"@id\":\"https:\\\/\\\/www.studiobnc.net\\\/sito\\\/archivio-i-venerdi-dello-studio-bnc-nuovo\\\/\",\"url\":\"https:\\\/\\\/www.studiobnc.net\\\/sito\\\/archivio-i-venerdi-dello-studio-bnc-nuovo\\\/\",\"name\":\"Archivio - I venerd\u00ec dello studio BNC - Studio BNC\",\"isPartOf\":{\"@id\":\"https:\\\/\\\/www.studiobnc.net\\\/sito\\\/#website\"},\"primaryImageOfPage\":{\"@id\":\"https:\\\/\\\/www.studiobnc.net\\\/sito\\\/archivio-i-venerdi-dello-studio-bnc-nuovo\\\/#primaryimage\"},\"image\":{\"@id\":\"https:\\\/\\\/www.studiobnc.net\\\/sito\\\/archivio-i-venerdi-dello-studio-bnc-nuovo\\\/#primaryimage\"},\"thumbnailUrl\":\"https:\\\/\\\/www.studiobnc.net\\\/sito\\\/wp-content\\\/uploads\\\/2020\\\/03\\\/BNC.png\",\"datePublished\":\"2022-09-07T14:23:40+00:00\",\"dateModified\":\"2026-04-22T13:18:54+00:00\",\"breadcrumb\":{\"@id\":\"https:\\\/\\\/www.studiobnc.net\\\/sito\\\/archivio-i-venerdi-dello-studio-bnc-nuovo\\\/#breadcrumb\"},\"inLanguage\":\"it-IT\",\"potentialAction\":[{\"@type\":\"ReadAction\",\"target\":[\"https:\\\/\\\/www.studiobnc.net\\\/sito\\\/archivio-i-venerdi-dello-studio-bnc-nuovo\\\/\"]}]},{\"@type\":\"ImageObject\",\"inLanguage\":\"it-IT\",\"@id\":\"https:\\\/\\\/www.studiobnc.net\\\/sito\\\/archivio-i-venerdi-dello-studio-bnc-nuovo\\\/#primaryimage\",\"url\":\"https:\\\/\\\/www.studiobnc.net\\\/sito\\\/wp-content\\\/uploads\\\/2020\\\/03\\\/BNC.png\",\"contentUrl\":\"https:\\\/\\\/www.studiobnc.net\\\/sito\\\/wp-content\\\/uploads\\\/2020\\\/03\\\/BNC.png\",\"width\":1448,\"height\":549},{\"@type\":\"BreadcrumbList\",\"@id\":\"https:\\\/\\\/www.studiobnc.net\\\/sito\\\/archivio-i-venerdi-dello-studio-bnc-nuovo\\\/#breadcrumb\",\"itemListElement\":[{\"@type\":\"ListItem\",\"position\":1,\"name\":\"Home\",\"item\":\"https:\\\/\\\/www.studiobnc.net\\\/sito\\\/\"},{\"@type\":\"ListItem\",\"position\":2,\"name\":\"Archivio &#8211; I venerd\u00ec dello studio BNC\"}]},{\"@type\":\"WebSite\",\"@id\":\"https:\\\/\\\/www.studiobnc.net\\\/sito\\\/#website\",\"url\":\"https:\\\/\\\/www.studiobnc.net\\\/sito\\\/\",\"name\":\"Circolari Studio BNC\",\"description\":\"Studio BNC\",\"publisher\":{\"@id\":\"https:\\\/\\\/www.studiobnc.net\\\/sito\\\/#organization\"},\"potentialAction\":[{\"@type\":\"SearchAction\",\"target\":{\"@type\":\"EntryPoint\",\"urlTemplate\":\"https:\\\/\\\/www.studiobnc.net\\\/sito\\\/?s={search_term_string}\"},\"query-input\":{\"@type\":\"PropertyValueSpecification\",\"valueRequired\":true,\"valueName\":\"search_term_string\"}}],\"inLanguage\":\"it-IT\"},{\"@type\":\"Organization\",\"@id\":\"https:\\\/\\\/www.studiobnc.net\\\/sito\\\/#organization\",\"name\":\"Studio BNC\",\"url\":\"https:\\\/\\\/www.studiobnc.net\\\/sito\\\/\",\"logo\":{\"@type\":\"ImageObject\",\"inLanguage\":\"it-IT\",\"@id\":\"https:\\\/\\\/www.studiobnc.net\\\/sito\\\/#\\\/schema\\\/logo\\\/image\\\/\",\"url\":\"https:\\\/\\\/www.studiobnc.net\\\/sito\\\/wp-content\\\/uploads\\\/2020\\\/03\\\/BNC.png\",\"contentUrl\":\"https:\\\/\\\/www.studiobnc.net\\\/sito\\\/wp-content\\\/uploads\\\/2020\\\/03\\\/BNC.png\",\"width\":1448,\"height\":549,\"caption\":\"Studio BNC\"},\"image\":{\"@id\":\"https:\\\/\\\/www.studiobnc.net\\\/sito\\\/#\\\/schema\\\/logo\\\/image\\\/\"},\"sameAs\":[\"http:\\\/\\\/linkedin.com\\\/company\\\/studio-bnc\"]}]}<\/script>\n<!-- \/ Yoast SEO plugin. -->","yoast_head_json":{"title":"Archivio - I venerd\u00ec dello studio BNC - Studio BNC","robots":{"index":"index","follow":"follow","max-snippet":"max-snippet:-1","max-image-preview":"max-image-preview:large","max-video-preview":"max-video-preview:-1"},"canonical":"https:\/\/www.studiobnc.net\/sito\/archivio-i-venerdi-dello-studio-bnc-nuovo\/","og_locale":"it_IT","og_type":"article","og_title":"Archivio - I venerd\u00ec dello studio BNC - Studio BNC","og_description":"I venerd\u00ec dello Studio BNC - Eventi precedenti - 2026In questa puntata de \"I venerd\u00ec dello Studio BNC\" abbiamo parlato del libro Peccatori di Gola 2 con l\u2019autore Giancarlo Saran, intervistato da Riccardo Quarti, giornalista di Bergamonews. C\u2019\u00e8 chi si siede a tavola per necessit\u00e0 e chi invece, attraverso la cucina, scopre un mondo fatto [&hellip;]","og_url":"https:\/\/www.studiobnc.net\/sito\/archivio-i-venerdi-dello-studio-bnc-nuovo\/","og_site_name":"Studio BNC","article_modified_time":"2026-04-22T13:18:54+00:00","og_image":[{"width":1448,"height":549,"url":"https:\/\/www.studiobnc.net\/sito\/wp-content\/uploads\/2020\/03\/BNC.png","type":"image\/png"}],"twitter_card":"summary_large_image","twitter_misc":{"Tempo di lettura stimato":"38 minuti"},"schema":{"@context":"https:\/\/schema.org","@graph":[{"@type":"WebPage","@id":"https:\/\/www.studiobnc.net\/sito\/archivio-i-venerdi-dello-studio-bnc-nuovo\/","url":"https:\/\/www.studiobnc.net\/sito\/archivio-i-venerdi-dello-studio-bnc-nuovo\/","name":"Archivio - I venerd\u00ec dello studio BNC - Studio BNC","isPartOf":{"@id":"https:\/\/www.studiobnc.net\/sito\/#website"},"primaryImageOfPage":{"@id":"https:\/\/www.studiobnc.net\/sito\/archivio-i-venerdi-dello-studio-bnc-nuovo\/#primaryimage"},"image":{"@id":"https:\/\/www.studiobnc.net\/sito\/archivio-i-venerdi-dello-studio-bnc-nuovo\/#primaryimage"},"thumbnailUrl":"https:\/\/www.studiobnc.net\/sito\/wp-content\/uploads\/2020\/03\/BNC.png","datePublished":"2022-09-07T14:23:40+00:00","dateModified":"2026-04-22T13:18:54+00:00","breadcrumb":{"@id":"https:\/\/www.studiobnc.net\/sito\/archivio-i-venerdi-dello-studio-bnc-nuovo\/#breadcrumb"},"inLanguage":"it-IT","potentialAction":[{"@type":"ReadAction","target":["https:\/\/www.studiobnc.net\/sito\/archivio-i-venerdi-dello-studio-bnc-nuovo\/"]}]},{"@type":"ImageObject","inLanguage":"it-IT","@id":"https:\/\/www.studiobnc.net\/sito\/archivio-i-venerdi-dello-studio-bnc-nuovo\/#primaryimage","url":"https:\/\/www.studiobnc.net\/sito\/wp-content\/uploads\/2020\/03\/BNC.png","contentUrl":"https:\/\/www.studiobnc.net\/sito\/wp-content\/uploads\/2020\/03\/BNC.png","width":1448,"height":549},{"@type":"BreadcrumbList","@id":"https:\/\/www.studiobnc.net\/sito\/archivio-i-venerdi-dello-studio-bnc-nuovo\/#breadcrumb","itemListElement":[{"@type":"ListItem","position":1,"name":"Home","item":"https:\/\/www.studiobnc.net\/sito\/"},{"@type":"ListItem","position":2,"name":"Archivio &#8211; I venerd\u00ec dello studio BNC"}]},{"@type":"WebSite","@id":"https:\/\/www.studiobnc.net\/sito\/#website","url":"https:\/\/www.studiobnc.net\/sito\/","name":"Circolari Studio BNC","description":"Studio BNC","publisher":{"@id":"https:\/\/www.studiobnc.net\/sito\/#organization"},"potentialAction":[{"@type":"SearchAction","target":{"@type":"EntryPoint","urlTemplate":"https:\/\/www.studiobnc.net\/sito\/?s={search_term_string}"},"query-input":{"@type":"PropertyValueSpecification","valueRequired":true,"valueName":"search_term_string"}}],"inLanguage":"it-IT"},{"@type":"Organization","@id":"https:\/\/www.studiobnc.net\/sito\/#organization","name":"Studio BNC","url":"https:\/\/www.studiobnc.net\/sito\/","logo":{"@type":"ImageObject","inLanguage":"it-IT","@id":"https:\/\/www.studiobnc.net\/sito\/#\/schema\/logo\/image\/","url":"https:\/\/www.studiobnc.net\/sito\/wp-content\/uploads\/2020\/03\/BNC.png","contentUrl":"https:\/\/www.studiobnc.net\/sito\/wp-content\/uploads\/2020\/03\/BNC.png","width":1448,"height":549,"caption":"Studio BNC"},"image":{"@id":"https:\/\/www.studiobnc.net\/sito\/#\/schema\/logo\/image\/"},"sameAs":["http:\/\/linkedin.com\/company\/studio-bnc"]}]}},"_links":{"self":[{"href":"https:\/\/www.studiobnc.net\/sito\/wp-json\/wp\/v2\/pages\/2824","targetHints":{"allow":["GET"]}}],"collection":[{"href":"https:\/\/www.studiobnc.net\/sito\/wp-json\/wp\/v2\/pages"}],"about":[{"href":"https:\/\/www.studiobnc.net\/sito\/wp-json\/wp\/v2\/types\/page"}],"author":[{"embeddable":true,"href":"https:\/\/www.studiobnc.net\/sito\/wp-json\/wp\/v2\/users\/1"}],"replies":[{"embeddable":true,"href":"https:\/\/www.studiobnc.net\/sito\/wp-json\/wp\/v2\/comments?post=2824"}],"version-history":[{"count":2,"href":"https:\/\/www.studiobnc.net\/sito\/wp-json\/wp\/v2\/pages\/2824\/revisions"}],"predecessor-version":[{"id":234661,"href":"https:\/\/www.studiobnc.net\/sito\/wp-json\/wp\/v2\/pages\/2824\/revisions\/234661"}],"wp:featuredmedia":[{"embeddable":true,"href":"https:\/\/www.studiobnc.net\/sito\/wp-json\/wp\/v2\/media\/329"}],"wp:attachment":[{"href":"https:\/\/www.studiobnc.net\/sito\/wp-json\/wp\/v2\/media?parent=2824"}],"curies":[{"name":"wp","href":"https:\/\/api.w.org\/{rel}","templated":true}]}}