{"id":2919,"date":"2022-11-22T14:43:42","date_gmt":"2022-11-22T13:43:42","guid":{"rendered":"https:\/\/www.studiobnc.net\/sito\/?page_id=2919"},"modified":"2022-11-22T14:43:58","modified_gmt":"2022-11-22T13:43:58","slug":"archivio-2021-i-venerdi-dello-studio-bnc","status":"publish","type":"page","link":"https:\/\/www.studiobnc.net\/sito\/archivio-2021-i-venerdi-dello-studio-bnc\/","title":{"rendered":"Archivio 2021 - I venerd\u00ec dello studio BNC"},"content":{"rendered":"<p>[et_pb_section fb_built=\"1\" admin_label=\"section\" _builder_version=\"4.16\" global_colors_info=\"{}\"][et_pb_row _builder_version=\"4.16\" global_colors_info=\"{}\"][et_pb_column type=\"4_4\" _builder_version=\"4.16\" global_colors_info=\"{}\"][et_pb_text _builder_version=\"4.16\" text_text_color=\"#628fc6\" text_font_size=\"40px\" text_line_height=\"1.8em\" global_colors_info=\"{}\"]<\/p>\n<p style=\"text-align: center;\">I venerd\u00ec dello Studio BNC - Eventi precedenti<\/p>\n<p>[\/et_pb_text][\/et_pb_column][\/et_pb_row][et_pb_row column_structure=\"1_5,3_5,1_5\" disabled_on=\"off|off|off\" admin_label=\"riga 1 video\" _builder_version=\"4.16\" _module_preset=\"default\" global_colors_info=\"{}\"][et_pb_column type=\"1_5\" _builder_version=\"4.16\" _module_preset=\"default\" global_colors_info=\"{}\"][\/et_pb_column][et_pb_column type=\"3_5\" _builder_version=\"4.16\" _module_preset=\"default\" global_colors_info=\"{}\"][et_pb_text disabled_on=\"off|off|off\" _builder_version=\"4.16\" _module_preset=\"default\" text_text_color=\"#0075b5\" text_font_size=\"25px\" global_colors_info=\"{}\"]<\/p>\n<p style=\"text-align: center;\">2021<\/p>\n<p>[\/et_pb_text][et_pb_video src=\"https:\/\/vimeo.com\/657055571\" thumbnail_overlay_color=\"rgba(0,0,0,0.6)\" admin_label=\"15 maggio\" _builder_version=\"4.19.0\" locked=\"off\" global_colors_info=\"{}\"][\/et_pb_video][et_pb_text disabled_on=\"off|off|off\" _builder_version=\"4.16\" _module_preset=\"default\" locked=\"off\" global_colors_info=\"{}\"]<\/p>\n<div dir=\"auto\">\n<div dir=\"auto\">\n<p><em>\u201cNe usciremo migliori\u201d. <\/em><\/p>\n<p>Ripetevamo tutti nel primo periodo della pandemia Covid.\u00a0<br \/>\u00c8 stato davvero cos\u00ec? \u00c8 cos\u00ec?<\/p>\n<p>Monsignor <strong>Giulio Dellavite<\/strong> apre una riflessione sulla realt\u00e0 come desiderio di \u201ctornare al bello\u201d.<\/p>\n<p><em>Un percorso che inizia da noi stessi.<\/em><\/p>\n<p>A intervistarlo <strong>Davide Agazzi<\/strong>, giornalista di <strong>Bergamonews<\/strong>.<\/p>\n<\/div>\n<\/div>\n<p>[\/et_pb_text][\/et_pb_column][et_pb_column type=\"1_5\" _builder_version=\"4.16\" _module_preset=\"default\" global_colors_info=\"{}\"][\/et_pb_column][\/et_pb_row][et_pb_row column_structure=\"1_2,1_2\" disabled_on=\"off|off|off\" admin_label=\"riga 1 cima\" _builder_version=\"4.16\" _module_preset=\"default\" global_colors_info=\"{}\"][et_pb_column type=\"1_2\" _builder_version=\"4.16\" _module_preset=\"default\" global_colors_info=\"{}\"][et_pb_text disabled_on=\"on|on|on\" _builder_version=\"4.16\" _module_preset=\"default\" text_text_color=\"#0075b5\" text_font_size=\"25px\" disabled=\"on\" global_colors_info=\"{}\"]<\/p>\n<p style=\"text-align: center;\">Venerd\u00ec scorso<\/p>\n<p>[\/et_pb_text][et_pb_video src=\"https:\/\/vimeo.com\/653614254\" thumbnail_overlay_color=\"rgba(0,0,0,0.6)\" admin_label=\"15 maggio\" _builder_version=\"4.16\" locked=\"off\" global_colors_info=\"{}\"][\/et_pb_video][et_pb_text disabled_on=\"off|off|off\" _builder_version=\"4.16\" _module_preset=\"default\" locked=\"off\" global_colors_info=\"{}\"]<\/p>\n<div dir=\"auto\">\n<div dir=\"auto\">\n<p>Coniugare\u00a0<em>creativit\u00e0<\/em>\u00a0e\u00a0<em>rigore<\/em>\u00a0\u00e8 la sfida di ogni giorno per <strong>Alberto Nacci<\/strong>.<\/p>\n<p>Regista, musicista, produttore, formatore, in decenni di attivit\u00e0 professionale ha sviluppato un intuito e una sensibilit\u00e0 creativa trasversali al mondo delle arti, delle risorse umane, dell\u2019impresa. Dalle radici jazz, tra improvvisazione e metodo, ha sviluppato incursioni interdisciplinari di alto profilo, pluripremiate per efficacia, originalit\u00e0, stile.<\/p>\n<p>A intervistarlo <strong>Stefania Burnelli<\/strong>, giornalista di <strong>Bergamonews<\/strong>.<\/p>\n<\/div>\n<\/div>\n<p>[\/et_pb_text][\/et_pb_column][et_pb_column type=\"1_2\" _builder_version=\"4.16\" _module_preset=\"default\" global_colors_info=\"{}\"][et_pb_text disabled_on=\"on|on|on\" _builder_version=\"4.16\" _module_preset=\"default\" text_text_color=\"#0075b5\" text_font_size=\"25px\" disabled=\"on\" global_colors_info=\"{}\"]<\/p>\n<p style=\"text-align: center;\">Venerd\u00ec 10 dicembre<\/p>\n<p>[\/et_pb_text][et_pb_video src=\"https:\/\/vimeo.com\/651941425\" thumbnail_overlay_color=\"rgba(0,0,0,0.6)\" admin_label=\"15 maggio\" _builder_version=\"4.16\" locked=\"off\" global_colors_info=\"{}\"][\/et_pb_video][et_pb_text disabled_on=\"off|off|off\" _builder_version=\"4.16\" _module_preset=\"default\" locked=\"off\" global_colors_info=\"{}\"]<\/p>\n<div dir=\"auto\">\n<div dir=\"auto\">\n<p><em>Dopo 16 anni Angela Merkel si appresta a lasciare il ruolo di cancelliere tedesco.<\/em><\/p>\n<p>E' un cambio d'epoca, esce di scena la donna che ha esercitato la leadership sull'Europa guidandola nelle sue scelte pi\u00f9 importanti.<\/p>\n<p><strong>Massimo Nava<\/strong>, editorialista del<strong>\u00a0Corriere della Sera <\/strong>e scrittore, autore di un saggio su \"La donna che ha cambiato la storia\" ci ha spiegato cosa ha rappresentato e chi ne raccoglier\u00e0 il testimone.<\/p>\n<p>A intervistarlo <strong>Cesare Zapperi<\/strong>, giornalista del<strong>\u00a0Corriere della Sera<\/strong>.<\/p>\n<\/div>\n<\/div>\n<p>[\/et_pb_text][\/et_pb_column][\/et_pb_row][et_pb_row column_structure=\"1_2,1_2\" disabled_on=\"off|off|off\" admin_label=\"riga 1 cima\" _builder_version=\"4.16\" _module_preset=\"default\" global_colors_info=\"{}\"][et_pb_column type=\"1_2\" _builder_version=\"4.16\" _module_preset=\"default\" global_colors_info=\"{}\"][et_pb_text disabled_on=\"on|on|on\" _builder_version=\"4.16\" _module_preset=\"default\" text_text_color=\"#0075b5\" text_font_size=\"25px\" disabled=\"on\" global_colors_info=\"{}\"]<\/p>\n<p style=\"text-align: center;\">Venerd\u00ec scorso<\/p>\n<p>[\/et_pb_text][et_pb_video src=\"https:\/\/vimeo.com\/649416313\" thumbnail_overlay_color=\"rgba(0,0,0,0.6)\" admin_label=\"15 maggio\" _builder_version=\"4.16\" locked=\"off\" global_colors_info=\"{}\"][\/et_pb_video][et_pb_text disabled_on=\"off|off|off\" _builder_version=\"4.16\" _module_preset=\"default\" locked=\"off\" global_colors_info=\"{}\"]<\/p>\n<div dir=\"auto\">\n<div dir=\"auto\">\n<p><em>La ripresa mette al centro la sostenibilit\u00e0.<\/em><\/p>\n<p><span style=\"font-size: 14px;\">Con 68 miliardi di euro stanziati dal PNRR, rivoluzione green e transizione ecologica diventano centrali per il \u201cNew Normal\u201d. Un\u2019opportunit\u00e0, ma anche una sfida, per le imprese italiane che dovranno capire come conciliare etica e business. <\/span><span style=\"font-size: 14px;\">Due parametri che dovranno viaggiare sempre pi\u00f9 allineati. Numerose ricerche, infatti, hanno dimostrano come proprio durante il periodo Covid, le imprese che avevano fatto investimenti nella sostenibilit\u00e0, abbiano dimostrato anche una maggiore resilienza sul mercato.<\/span><\/p>\n<p><em>Si sviluppa quindi, un nuovo orizzonte di crescita che vede gli investimenti nella sostenibilit\u00e0 \u2013 e la loro rendicontazione \u2013 come un volano di nuove potenzialit\u00e0, pi\u00f9 che come un costo. <\/em><\/p>\n<p><strong>Giulia Detomati<\/strong>,\u00a0CEO di<strong> InVento Innovation Lab<\/strong>, la prima B Corp in Italia che si occupa di progetti di education sui temi dell'imprenditorialit\u00e0, intervistata dalla giornalista <strong>Silvia Pagliuca<\/strong>, ha analizzato le potenzialit\u00e0 delle imprese sostenibili, con un focus sul mondo delle B-Corp e sulla formazione dei talenti green.<\/p>\n<\/div>\n<\/div>\n<p>[\/et_pb_text][\/et_pb_column][et_pb_column type=\"1_2\" _builder_version=\"4.16\" _module_preset=\"default\" global_colors_info=\"{}\"][et_pb_text disabled_on=\"on|on|on\" _builder_version=\"4.16\" _module_preset=\"default\" text_text_color=\"#0075b5\" text_font_size=\"25px\" disabled=\"on\" global_colors_info=\"{}\"]<\/p>\n<p style=\"text-align: center;\">Venerd\u00ec 19 novembre<\/p>\n<p>[\/et_pb_text][et_pb_video src=\"https:\/\/vimeo.com\/646781582\" thumbnail_overlay_color=\"rgba(0,0,0,0.6)\" admin_label=\"15 maggio\" _builder_version=\"4.16\" locked=\"off\" global_colors_info=\"{}\"][\/et_pb_video][et_pb_text disabled_on=\"off|off|off\" _builder_version=\"4.16\" _module_preset=\"default\" locked=\"off\" global_colors_info=\"{}\"]<\/p>\n<div dir=\"auto\">\n<div dir=\"auto\">\n<p><em>Dal rettangolo verde alle gallerie d\u2019arte.<\/em><\/p>\n<p><strong>Mario Mazzoleni<\/strong>, ex arbitro di Serie A con 188 partite dirette nelle categorie professionistiche italiane, da pi\u00f9 di vent\u2019anni \u00e8 direttore artistico di Arts Events Mazzoleni, societ\u00e0 che opera nel mondo dell\u2019arte contemporanea e dell\u2019organizzazione di eventi culturali a livello internazionale.<\/p>\n<p>Oggi sono 6 le gallerie d\u2019arte in Italia sotto la sua gestione, anche se a breve ci sar\u00e0 una importante novit\u00e0, di cui abbiamo parlato nel corso della puntata.<\/p>\n<p>\u00a0A intervistarlo <strong>Luca Samotti<\/strong>, giornalista di <strong>Bergamonews<\/strong>.<\/p>\n<\/div>\n<\/div>\n<p>[\/et_pb_text][\/et_pb_column][\/et_pb_row][et_pb_row column_structure=\"1_2,1_2\" disabled_on=\"off|off|off\" admin_label=\"riga 1 cima\" _builder_version=\"4.16\" _module_preset=\"default\" global_colors_info=\"{}\"][et_pb_column type=\"1_2\" _builder_version=\"4.16\" _module_preset=\"default\" global_colors_info=\"{}\"][et_pb_video src=\"https:\/\/vimeo.com\/643858583\" thumbnail_overlay_color=\"rgba(0,0,0,0.6)\" admin_label=\"15 maggio\" _builder_version=\"4.16\" locked=\"off\" global_colors_info=\"{}\"][\/et_pb_video][et_pb_text disabled_on=\"off|off|off\" _builder_version=\"4.16\" _module_preset=\"default\" locked=\"off\" global_colors_info=\"{}\"]<\/p>\n<div dir=\"auto\">\n<div dir=\"auto\">\n<p><em>Cosa sono i Digital Payments?<\/em><br \/><em>Quali i trend innovativi nell\u2019ambito dei pagamenti?<\/em><br \/><em>Esistono innovative forme di pagamento in grado di abilitare modelli di business fino a ieri impensabili?<\/em><br \/>Le nuove tecnologie, tra cui la Blockchain, hanno cambiato le carte in tavola, abilitando nuove tipologie di pagamento e nuove opportunit\u00e0 di business.<br \/>Per scoprire come si sta evolvendo lo scenario dei pagamenti digitali nel nostro paese, <strong>Valeria Portale<\/strong>, Direttore dell\u2019Osservatorio Mobile e Innovative Payments - Osservatori Digital Innovation del <strong>Politecnico di Milano<\/strong>\u00a0ha dialogato con <strong>Giulia Cimpanelli<\/strong>, firma del <strong>Corriere della Sera<\/strong>, sviscerando tendenze presenti e future.<\/p>\n<\/div>\n<\/div>\n<p>[\/et_pb_text][\/et_pb_column][et_pb_column type=\"1_2\" _builder_version=\"4.16\" _module_preset=\"default\" global_colors_info=\"{}\"][et_pb_video src=\"https:\/\/vimeo.com\/641405680\" thumbnail_overlay_color=\"rgba(0,0,0,0.6)\" admin_label=\"15 maggio\" _builder_version=\"4.16\" locked=\"off\" global_colors_info=\"{}\"][\/et_pb_video][et_pb_text disabled_on=\"off|off|off\" _builder_version=\"4.16\" _module_preset=\"default\" locked=\"off\" global_colors_info=\"{}\"]<\/p>\n<div dir=\"auto\">\n<div dir=\"auto\">\n<p><em>Come funziona il cervello umano e quali sono le sfide del futuro in campo tecnologico? Quali sono i vantaggi e i limiti della robotica e dell'Intelligenza artificiale?<\/em><\/p>\n<p>Ne abbiamo parlato con il <strong>Dott. Gianvito Martino<\/strong>, direttore scientifico dell'IRCCS Ospedale San Raffaele di Milano, intervistato da <strong>Fabio Vigan\u00f2<\/strong>, giornalista di Bergamonews.<\/p>\n<\/div>\n<\/div>\n<p>[\/et_pb_text][\/et_pb_column][\/et_pb_row][et_pb_row column_structure=\"1_2,1_2\" disabled_on=\"off|off|off\" admin_label=\"riga 1 cima\" _builder_version=\"4.16\" _module_preset=\"default\" global_colors_info=\"{}\"][et_pb_column type=\"1_2\" _builder_version=\"4.16\" _module_preset=\"default\" global_colors_info=\"{}\"][et_pb_video src=\"https:\/\/vimeo.com\/638550849\" thumbnail_overlay_color=\"rgba(0,0,0,0.6)\" admin_label=\"15 maggio\" _builder_version=\"4.16\" locked=\"off\" global_colors_info=\"{}\"][\/et_pb_video][et_pb_text disabled_on=\"off|off|off\" _builder_version=\"4.16\" _module_preset=\"default\" locked=\"off\" global_colors_info=\"{}\"]<\/p>\n<p><em>755 anni per la Fondazione MIA, sempre al fianco dei bergamaschi.<\/em><\/p>\n<p>Cosa \u00e8 questa fondazione e quali obiettivi si pone con i suoi ambiziosi progetti?<\/p>\n<p>Ne abbiamo parlato con<strong> Fabio Bombardieri<\/strong>, Presidente della Fondazione, intervistato da <strong>Manuela Bergamonti<\/strong>, giornalista di <strong>Bergamonews<\/strong>.<\/p>\n<p>[\/et_pb_text][\/et_pb_column][et_pb_column type=\"1_2\" _builder_version=\"4.16\" _module_preset=\"default\" global_colors_info=\"{}\"][et_pb_video src=\"https:\/\/vimeo.com\/635988686\" thumbnail_overlay_color=\"rgba(0,0,0,0.6)\" admin_label=\"15 ottobre\" _builder_version=\"4.16\" locked=\"off\" global_colors_info=\"{}\"][\/et_pb_video][et_pb_text disabled_on=\"off|off|off\" _builder_version=\"4.16\" _module_preset=\"default\" locked=\"off\" global_colors_info=\"{}\"]<\/p>\n<div dir=\"auto\">\n<div dir=\"auto\">\n<p style=\"text-align: justify;\"><em>Con la legge di bilancio e con la riforma fiscale il Governo prova a disegnare il fisco del futuro.<\/em><\/p>\n<p style=\"text-align: justify;\">Cosa cambia per persone fisiche e imprese, casa e lotta all'evasione?<\/p>\n<p style=\"text-align: justify;\">Ne abbiamo parlato con Jean Marie Del Bo, Vicedirettore del Sole 24 Ore, intervistato da <strong>Davide Agazzi<\/strong>, giornalista di <strong>Bergamonews<\/strong>.<\/p>\n<\/div>\n<\/div>\n<p>[\/et_pb_text][\/et_pb_column][\/et_pb_row][et_pb_row column_structure=\"1_2,1_2\" disabled_on=\"off|off|off\" admin_label=\"riga 1 cima\" _builder_version=\"4.16\" _module_preset=\"default\" global_colors_info=\"{}\"][et_pb_column type=\"1_2\" _builder_version=\"4.16\" _module_preset=\"default\" global_colors_info=\"{}\"][et_pb_text disabled_on=\"on|on|on\" _builder_version=\"4.16\" _module_preset=\"default\" text_text_color=\"#0075b5\" text_font_size=\"25px\" disabled=\"on\" global_colors_info=\"{}\"]<\/p>\n<p style=\"text-align: center;\">Venerd\u00ec scorso<\/p>\n<p>[\/et_pb_text][et_pb_video src=\"https:\/\/vimeo.com\/630835650\" thumbnail_overlay_color=\"rgba(0,0,0,0.6)\" admin_label=\"15 maggio\" _builder_version=\"4.16\" locked=\"off\" global_colors_info=\"{}\"][\/et_pb_video][et_pb_text disabled_on=\"off|off|off\" _builder_version=\"4.16\" _module_preset=\"default\" locked=\"off\" global_colors_info=\"{}\"]<\/p>\n<p><em>Dal sistema bancario italiano caratterizzato da enormi capitali dormienti fino alla rivoluzione del concetto di consulente finanziario.<\/em><\/p>\n<p>In questa puntata abbiamo parlato dell\u2019evoluzione di questo settore e dei cambiamenti imposti dalla pandemia con<span>\u00a0<\/span><strong>Marzio Albonico<\/strong>, Responsabile Family Protection &amp; Planning di Banca Generali, intervistato da<span>\u00a0<\/span><strong>Antonio Tognoli<\/strong>, giornalista finanziario e Head of Research presso Integrae SIM S.p.A.<\/p>\n<p>[\/et_pb_text][\/et_pb_column][et_pb_column type=\"1_2\" _builder_version=\"4.16\" _module_preset=\"default\" global_colors_info=\"{}\"][et_pb_text disabled_on=\"on|on|on\" _builder_version=\"4.16\" _module_preset=\"default\" text_text_color=\"#0075b5\" text_font_size=\"25px\" disabled=\"on\" global_colors_info=\"{}\"]<\/p>\n<p style=\"text-align: center;\">Venerd\u00ec 15 ottobre<\/p>\n<p>[\/et_pb_text][et_pb_video src=\"https:\/\/vimeo.com\/624477502\" thumbnail_overlay_color=\"rgba(0,0,0,0.6)\" admin_label=\"15 ottobre\" _builder_version=\"4.16\" locked=\"off\" global_colors_info=\"{}\"][\/et_pb_video][et_pb_text disabled_on=\"off|off|off\" _builder_version=\"4.16\" _module_preset=\"default\" locked=\"off\" global_colors_info=\"{}\"]<\/p>\n<div dir=\"auto\">\n<div dir=\"auto\">\n<p><em>Da un lato garantire la sicurezza dei cittadini e dall\u2019altro mettere in campo tutte le azioni e i fondi possibili per sostenere le attivit\u00e0 economiche: sono queste le due principali attivit\u00e0 che hanno guidato le scelte dell\u2019amministrazione comunale nell\u2019ultimo, durissimo, anno e mezzo.<\/em><\/p>\n<p>Su come il Comune di Bergamo si sia mosso per contrastare gli effetti della pandemia e per garantire l\u2019ordine pubblico ne abbiamo parlato in questa puntata de \"I venerd\u00ec dello Studio BNC\" con<span>\u00a0<\/span><strong>Sergio Gandi<\/strong>, Vicesindaco e Assessore al Bilancio, Tributi, Affari legali, Fondi comunitari, Sicurezza, Protezione civile e<span>\u00a0<\/span><strong>Luca Samotti<\/strong>, giornalista di Bergamonews.<\/p>\n<\/div>\n<\/div>\n<p>[\/et_pb_text][\/et_pb_column][\/et_pb_row][et_pb_row column_structure=\"1_2,1_2\" disabled_on=\"off|off|off\" admin_label=\"riga 1 cima\" _builder_version=\"4.16\" _module_preset=\"default\" global_colors_info=\"{}\"][et_pb_column type=\"1_2\" _builder_version=\"4.16\" _module_preset=\"default\" global_colors_info=\"{}\"][et_pb_text disabled_on=\"on|on|on\" _builder_version=\"4.16\" _module_preset=\"default\" text_text_color=\"#0075b5\" text_font_size=\"25px\" disabled=\"on\" global_colors_info=\"{}\"]<\/p>\n<p style=\"text-align: center;\">Venerd\u00ec scorso<\/p>\n<p>[\/et_pb_text][et_pb_video src=\"https:\/\/vimeo.com\/618688538\" thumbnail_overlay_color=\"rgba(0,0,0,0.6)\" admin_label=\"15 maggio\" _builder_version=\"4.16\" locked=\"off\" global_colors_info=\"{}\"][\/et_pb_video][et_pb_text disabled_on=\"off|off|off\" _builder_version=\"4.16\" _module_preset=\"default\" locked=\"off\" global_colors_info=\"{}\"]<\/p>\n<p><em>Che senso assume il domani della musica?<\/em><\/p>\n<p>Sono molti i segnali di d\u00e9j\u00e0-vu nel mondo del pop, del rock e del jazz.<\/p>\n<p>Persino fenomeni dell\u2019ultim\u2019ora come i Maneskin sanno di passato.<\/p>\n<p class=\"Standard\">Di questo e molto altro abbiamo parlato con<span>\u00a0<\/span><strong>Fabio Santini<\/strong>, giornalista, scrittore nonch\u00e9 docente di storia ed estetica della musica al CDPM di Bergamo, intervistato dal giornalista<strong><span>\u00a0<\/span>Andrea Bonomi<\/strong>.<\/p>\n<p>[\/et_pb_text][\/et_pb_column][et_pb_column type=\"1_2\" _builder_version=\"4.16\" _module_preset=\"default\" global_colors_info=\"{}\"][et_pb_text disabled_on=\"on|on|on\" _builder_version=\"4.16\" _module_preset=\"default\" text_text_color=\"#0075b5\" text_font_size=\"25px\" disabled=\"on\" global_colors_info=\"{}\"]<\/p>\n<p style=\"text-align: center;\">Venerd\u00ec 24 settembre<\/p>\n<p>[\/et_pb_text][et_pb_video src=\"https:\/\/vimeo.com\/611572414\" thumbnail_overlay_color=\"rgba(0,0,0,0.6)\" admin_label=\"15 maggio\" _builder_version=\"4.16\" locked=\"off\" global_colors_info=\"{}\"][\/et_pb_video][et_pb_text disabled_on=\"off|off|off\" _builder_version=\"4.16\" _module_preset=\"default\" locked=\"off\" global_colors_info=\"{}\"]<\/p>\n<div dir=\"auto\">\n<div dir=\"auto\">\n<p><em>La Regione ha messo in campo il Piano Lombardia. <\/em><\/p>\n<p><em>Un programma di investimenti per aiutare la ripresa della Lombardia.<\/em><\/p>\n<p><em>Un pacchetto di fondi che ammonta a 4 miliardi di euro.<\/em><\/p>\n<p><span>Con\u00a0<strong>Claudia Maria Terzi<\/strong>,\u00a0<\/span><span>Assessore alle Infrastrutture, Trasporti e Mobilit\u00e0 Sostenibile di Regione Lombardia e\u00a0<strong>Davide Agazzi<\/strong>,\u00a0giornalista di Bergamonews, abbiamo scoperto qu<\/span><span>ali sono i principi che hanno guidato questo provvedimento e che ripercussioni avranno sulla principale regione che traina l'economia del Paese.<\/span><\/p>\n<\/div>\n<\/div>\n<p>[\/et_pb_text][\/et_pb_column][\/et_pb_row][et_pb_row column_structure=\"1_2,1_2\" disabled_on=\"off|off|off\" admin_label=\"riga 1 cima\" _builder_version=\"4.16\" _module_preset=\"default\" global_colors_info=\"{}\"][et_pb_column type=\"1_2\" _builder_version=\"4.16\" _module_preset=\"default\" global_colors_info=\"{}\"][et_pb_video src=\"https:\/\/vimeo.com\/605728282\" thumbnail_overlay_color=\"rgba(0,0,0,0.6)\" admin_label=\"15 maggio\" _builder_version=\"4.16\" locked=\"off\" global_colors_info=\"{}\"][\/et_pb_video][et_pb_text disabled_on=\"off|off|off\" _builder_version=\"4.16\" _module_preset=\"default\" locked=\"off\" global_colors_info=\"{}\"]<\/p>\n<p><em>Dopo essere stata a servizio della citt\u00e0 ospitando, in piena emergenza pandemica, prima l\u2019ospedale da campo del Papa Giovanni XXIII e poi uno dei centri vaccinali della provincia, la Fiera di Bergamo torna ad essere volano di sviluppo per l\u2019economia del territorio, luogo di incontro tra aziende, professionisti e mercati, e ad offrire importanti opportunit\u00e0 per far conoscere prodotti e servizi al grande pubblico.<\/em><\/p>\n<p><strong>Fabio Sannino<\/strong><span>\u00a0<\/span>\u00e8 il presidente di Promoberg, la societ\u00e0 di gestione della Fiera. Promoberg \u00e8 tornata pienamente operativa e con una nuova forma giuridica. L\u2019Ente, infatti, ha abbandonato le vesti di associazione per assumere la forma della societ\u00e0 a responsabilit\u00e0 limitata. Un cambio di pelle per guardare in prospettiva.<\/p>\n<p>A intervistarlo\u00a0<strong>Elisabetta Olivari<\/strong>, comunicatrice e giornalista.<\/p>\n<p>[\/et_pb_text][\/et_pb_column][et_pb_column type=\"1_2\" _builder_version=\"4.16\" _module_preset=\"default\" global_colors_info=\"{}\"][et_pb_video src=\"https:\/\/vimeo.com\/600106850\" thumbnail_overlay_color=\"rgba(0,0,0,0.6)\" admin_label=\"15 maggio\" _builder_version=\"4.16\" locked=\"off\" global_colors_info=\"{}\"][\/et_pb_video][et_pb_text disabled_on=\"off|off|off\" _builder_version=\"4.16\" _module_preset=\"default\" locked=\"off\" global_colors_info=\"{}\"]<\/p>\n<div dir=\"auto\">\n<div dir=\"auto\">\n<p>Una storia di successo quella di Brembo, storica azienda bergamasca leader mondiale nel settore degli impianti frenanti per veicoli.<\/p>\n<p>Dalla scalata nel mercato dei dischi freno fino allo sbarco in Formula 1 con Ferrari nel 1975, Brembo \u00e8 sempre stata una garanzia di qualit\u00e0 e sicurezza.<\/p>\n<p>Abbiamo parlato di questa avventura iniziata nel 1961 a Paladina insieme al Vice Presidente Esecutivo del Gruppo<span>\u00a0<\/span><strong>Matteo Tiraboschi<\/strong>, intervistato dal Prof.\u00a0<strong>Pino Roma<\/strong>, docente universitario gi\u00e0 alto direttore di Banca d\u2019Italia nella prossima puntata de \u201cI venerd\u00ec dello Studio BNC\u201d<\/p>\n<\/div>\n<\/div>\n<p>[\/et_pb_text][\/et_pb_column][\/et_pb_row][et_pb_row column_structure=\"1_2,1_2\" disabled_on=\"off|off|off\" admin_label=\"riga 1 video\" _builder_version=\"4.16\" _module_preset=\"default\" global_colors_info=\"{}\"][et_pb_column type=\"1_2\" _builder_version=\"4.16\" _module_preset=\"default\" global_colors_info=\"{}\"][et_pb_video src=\"https:\/\/vimeo.com\/595338079\" thumbnail_overlay_color=\"rgba(0,0,0,0.6)\" admin_label=\"15 maggio\" _builder_version=\"4.16\" locked=\"off\" global_colors_info=\"{}\"][\/et_pb_video][et_pb_text disabled_on=\"off|off|off\" _builder_version=\"4.16\" _module_preset=\"default\" locked=\"off\" global_colors_info=\"{}\"]<\/p>\n<p><em>La pandemia da Covid19 ha sorpreso tutti e anche negli imprenditori ha generato una discontinuit\u00e0 cognitiva nella capacit\u00e0 di comprendere il contesto e prevederne l\u2019evoluzione, che ha mandato in soffitta i tradizionali strumenti di previsione (budget in testa).<\/em><\/p>\n<p>Quali nuove sfide si aprono per l'impresa familiare in questo scenario? Come progettare la continuit\u00e0 di impresa tra passaggio generazionale e disimpegno?<\/p>\n<p>Ne parliamo con <strong>Alessandro Scaglione<\/strong> esperto di imprese familiari, dove ha lavorato per pi\u00f9 di vent\u2019anni come dirigente al fianco di illuminati imprenditori, intervistato da <strong>Silvia Pagliuca<\/strong> giornalista del Corriere della Sera \u2013 Nuvola del Lavoro.<\/p>\n<p>&nbsp;<\/p>\n<p>[\/et_pb_text][\/et_pb_column][et_pb_column type=\"1_2\" _builder_version=\"4.16\" _module_preset=\"default\" global_colors_info=\"{}\"][et_pb_video src=\"https:\/\/vimeo.com\/580360556\" thumbnail_overlay_color=\"rgba(0,0,0,0.6)\" admin_label=\"15 maggio\" _builder_version=\"4.16\" locked=\"off\" global_colors_info=\"{}\"][\/et_pb_video][et_pb_text disabled_on=\"off|off|off\" _builder_version=\"4.16\" _module_preset=\"default\" locked=\"off\" global_colors_info=\"{}\"]<\/p>\n<div dir=\"auto\">\n<div dir=\"auto\">\n<p><em>La voce \u00e8 forse il mezzo di comunicazione pi\u00f9 potente mai esistito: sa ispirare le masse e accendere le rivoluzioni.<\/em><\/p>\n<p>Daniele Vavassori, in arte<span>\u00a0<\/span><strong>Vava77<\/strong>, ha saputo e sa trasformare la sua voce in mezzo d\u2019arte e di comunicazione.<\/p>\n<p>Da sorprendenti doppiaggi a produzioni musicali di alto livello: come si diventa artigiani della voce e del suono?<\/p>\n<p>Ne parliamo con<span>\u00a0<\/span><strong>Daniele Vavassori<\/strong><span>\u00a0<\/span>intervistato da<span>\u00a0<\/span><strong>Francesca Lai,\u00a0<\/strong>giornalista di Bergamonews, nella prossima puntata de \u201cI venerd\u00ec dello studio BNC\".<\/p>\n<\/div>\n<\/div>\n<p>[\/et_pb_text][\/et_pb_column][\/et_pb_row][et_pb_row column_structure=\"1_2,1_2\" disabled_on=\"off|off|off\" admin_label=\"riga 1 video\" _builder_version=\"4.16\" _module_preset=\"default\" global_colors_info=\"{}\"][et_pb_column type=\"1_2\" _builder_version=\"4.16\" _module_preset=\"default\" global_colors_info=\"{}\"][et_pb_text disabled_on=\"on|on|on\" _builder_version=\"4.16\" _module_preset=\"default\" text_text_color=\"#0075b5\" text_font_size=\"25px\" disabled=\"on\" global_colors_info=\"{}\"]<\/p>\n<p style=\"text-align: center;\">Venerd\u00ec scorso<\/p>\n<p>[\/et_pb_text][et_pb_video src=\"https:\/\/vimeo.com\/577624405\" thumbnail_overlay_color=\"rgba(0,0,0,0.6)\" admin_label=\"15 maggio\" _builder_version=\"4.16\" locked=\"off\" global_colors_info=\"{}\"][\/et_pb_video][et_pb_text disabled_on=\"off|off|off\" _builder_version=\"4.16\" _module_preset=\"default\" locked=\"off\" global_colors_info=\"{}\"]<\/p>\n<p>Costim \u00e8 una holding industriale fondata dal Cav. Lav. Domenico Bosatelli, dall\u2019Avv. Francesco Percassi e guidata dall\u2019Amministratore Delegato Ing. Jacopo Palermo, ed \u00e8 il primo player nazionale industriale integrato e digitalizzato, che opera lungo tutta la \ufb01liera del real estate per la realizzazione \u201cchiavi in mano\u201d di grandi progetti di rigenerazione urbana in conto proprio e di terzi, nell\u2019intento di migliorare efficienza e coordinamento con economie di scala.<\/p>\n<p>Abbiamo parlato di questa importante realt\u00e0 con l'<strong>Avv. Francesco Percassi<\/strong>, presidente del gruppo, intervistato da <strong>Elisabetta Olivari<\/strong> in questa puntata de \"I venerd\u00ec dello Studio BNC\".<\/p>\n<p>[\/et_pb_text][\/et_pb_column][et_pb_column type=\"1_2\" _builder_version=\"4.16\" _module_preset=\"default\" global_colors_info=\"{}\"][et_pb_text disabled_on=\"on|on|on\" _builder_version=\"4.16\" _module_preset=\"default\" text_text_color=\"#0075b5\" text_font_size=\"25px\" disabled=\"on\" global_colors_info=\"{}\"]<\/p>\n<p style=\"text-align: center;\">Venerd\u00ec 16 luglio<\/p>\n<p>[\/et_pb_text][et_pb_video src=\"https:\/\/vimeo.com\/574904431\" thumbnail_overlay_color=\"rgba(0,0,0,0.6)\" admin_label=\"15 maggio\" _builder_version=\"4.16\" locked=\"off\" global_colors_info=\"{}\"][\/et_pb_video][et_pb_text disabled_on=\"off|off|off\" _builder_version=\"4.16\" _module_preset=\"default\" locked=\"off\" global_colors_info=\"{}\"]<\/p>\n<div dir=\"auto\">\n<div dir=\"auto\">\n<p><em>C'\u00e8 cuore e cuore.\u00a0C'\u00e8 l'organo vitale e c'\u00e8 la passione della medicina come strumento per salvare le vite e renderli migliori.<\/em><\/p>\n<p><strong>Ottavio Alfieri<\/strong><span>\u00a0<\/span>\u00e8 Senior consultant dell'Ospedale San Raffaele di Milano, vanta pi\u00f9 di 15.000 interventi cardiochirurgici maggiori all\u2019attivo, nei primi Anni Novanta ha sviluppato la tecnica Edge-to-Edge (Alfieri mitral repair), un metodo originale di riparazione della valvola mitralica.<\/p>\n<p>\u00c8 autore o coautore di pi\u00f9 di 600 pubblicazioni peer- reviewed riguardanti molte aree della disciplina cardiochirurgica e autore di diversi libri.<\/p>\n<\/div>\n<\/div>\n<p>[\/et_pb_text][\/et_pb_column][\/et_pb_row][et_pb_row column_structure=\"1_2,1_2\" disabled_on=\"off|off|off\" admin_label=\"riga 1 video\" _builder_version=\"4.16\" _module_preset=\"default\" global_colors_info=\"{}\"][et_pb_column type=\"1_2\" _builder_version=\"4.16\" _module_preset=\"default\" global_colors_info=\"{}\"][et_pb_text disabled_on=\"on|on|on\" _builder_version=\"4.16\" _module_preset=\"default\" text_text_color=\"#0075b5\" text_font_size=\"25px\" disabled=\"on\" global_colors_info=\"{}\"]<\/p>\n<p style=\"text-align: center;\">Venerd\u00ec scorso<\/p>\n<p>[\/et_pb_text][et_pb_video src=\"https:\/\/vimeo.com\/572097243\" thumbnail_overlay_color=\"rgba(0,0,0,0.6)\" admin_label=\"15 maggio\" _builder_version=\"4.16\" locked=\"off\" global_colors_info=\"{}\"][\/et_pb_video][et_pb_text disabled_on=\"off|off|off\" _builder_version=\"4.16\" _module_preset=\"default\" locked=\"off\" global_colors_info=\"{}\"]<\/p>\n<p>Un libro collettivo nato durante la pandemia che ha stravolto le nostre vite e l\u2019economia mondiale.<\/p>\n<p>Oltre alla Storia, per\u00f2, ci sono le storie, cento storie mai uguali l\u2019una all\u2019altra. Cento firme \u2013 giornalisti, ma non solo \u2013 per provare a raccontare il Covid-19 oltre le cifre e le proiezioni statistiche. Lo raccontiamo tramite le parole di una di loro:<span>\u00a0<\/span><strong>Alma Grandin<\/strong>, giornalista del TG1, intervistata da<strong><span>\u00a0<\/span>Lucia Cappelluzzo<\/strong>, giornalista di Bergamonews.it<\/p>\n<p>[\/et_pb_text][\/et_pb_column][et_pb_column type=\"1_2\" _builder_version=\"4.16\" _module_preset=\"default\" global_colors_info=\"{}\"][et_pb_text disabled_on=\"on|on|on\" _builder_version=\"4.16\" _module_preset=\"default\" text_text_color=\"#0075b5\" text_font_size=\"25px\" disabled=\"on\" global_colors_info=\"{}\"]<\/p>\n<p style=\"text-align: center;\">Venerd\u00ec 9 luglio<\/p>\n<p>[\/et_pb_text][et_pb_video src=\"https:\/\/vimeo.com\/569387046\" thumbnail_overlay_color=\"rgba(0,0,0,0.6)\" admin_label=\"15 maggio\" _builder_version=\"4.16\" locked=\"off\" global_colors_info=\"{}\"][\/et_pb_video][et_pb_text disabled_on=\"off|off|off\" _builder_version=\"4.16\" _module_preset=\"default\" locked=\"off\" global_colors_info=\"{}\"]<\/p>\n<div dir=\"auto\">\n<div dir=\"auto\">\n<p>l cantiere sotto casa e le grandi opere.<\/p>\n<p>L'armonia di una citt\u00e0 \u00e8 data dalla buona manutenzione dell'esistente e da interventi che rispondono alle esigenze attuali dei cittadini e allo stesso tempo guardano al futuro.<\/p>\n<p>Dal Teatro Donizetti al Chiostro di Sant'Agostino fino al marciapiede sotto casa,\u00a0Marco Brembilla\u00a0\u00e8 l'assessore ai lavori pubblici di Bergamo che ogni giorno valuta, interviene e verifica.<\/p>\n<\/div>\n<\/div>\n<p>[\/et_pb_text][\/et_pb_column][\/et_pb_row][et_pb_row column_structure=\"1_2,1_2\" disabled_on=\"off|off|off\" admin_label=\"riga 1 video\" _builder_version=\"4.16\" _module_preset=\"default\" global_colors_info=\"{}\"][et_pb_column type=\"1_2\" _builder_version=\"4.16\" _module_preset=\"default\" global_colors_info=\"{}\"][et_pb_text disabled_on=\"on|on|on\" _builder_version=\"4.16\" _module_preset=\"default\" text_text_color=\"#0075b5\" text_font_size=\"25px\" disabled=\"on\" global_colors_info=\"{}\"]<\/p>\n<p style=\"text-align: center;\">Venerd\u00ec scorso<\/p>\n<p>[\/et_pb_text][et_pb_video src=\"https:\/\/vimeo.com\/565993112\" thumbnail_overlay_color=\"rgba(0,0,0,0.6)\" admin_label=\"15 maggio\" _builder_version=\"4.16\" locked=\"off\" global_colors_info=\"{}\"][\/et_pb_video][et_pb_text disabled_on=\"off|off|off\" _builder_version=\"4.16\" _module_preset=\"default\" locked=\"off\" global_colors_info=\"{}\"]<\/p>\n<p><em>\u201cDalla doverosa trasformazione sostenibile dell\u2019impresa alle questioni climatiche, al futuro dell\u2019era digitale, fino al preminente ruolo della Cina nei mercati e il destino dell\u2019Europa.\"<\/em><\/p>\n<p>Questi i temi che<span>\u00a0<\/span><strong>Giuseppe Sabella<\/strong>, direttore esecutivo di Think\u200b-in, think tank specializzato in economia e mercato del lavoro, research fellow della Donald Lynch Foundation (North Carolina, USA) e membro del board del Property Watch Project, ha affrontato in un dialogo con la giornalista di Corriere della Sera<span>\u00a0<\/span><strong>Giulia Cimpanelli<\/strong><span>\u00a0<\/span>nella cinquantaquattresima puntata de \u201cI venerd\u00ec dello Studio BNC\u201d.<\/p>\n<p>[\/et_pb_text][\/et_pb_column][et_pb_column type=\"1_2\" _builder_version=\"4.16\" _module_preset=\"default\" global_colors_info=\"{}\"][et_pb_text disabled_on=\"on|on|on\" _builder_version=\"4.16\" _module_preset=\"default\" text_text_color=\"#0075b5\" text_font_size=\"25px\" disabled=\"on\" global_colors_info=\"{}\"]<\/p>\n<p style=\"text-align: center;\">Venerd\u00ec 18 giugno<\/p>\n<p>[\/et_pb_text][et_pb_video src=\"https:\/\/vimeo.com\/564030375\" thumbnail_overlay_color=\"rgba(0,0,0,0.6)\" admin_label=\"15 maggio\" _builder_version=\"4.16\" locked=\"off\" global_colors_info=\"{}\"][\/et_pb_video][et_pb_text disabled_on=\"off|off|off\" _builder_version=\"4.16\" _module_preset=\"default\" locked=\"off\" global_colors_info=\"{}\"]<\/p>\n<div dir=\"auto\">\n<div dir=\"auto\">La cinquantatreesima puntata de \u201cI venerd\u00ec dello Studio BNC\u201d ha visto protagonisti Alessio Boni, autore e attore italiano e Maria Grazia Panigada, Direttore artistico stagione di Prosa e Altri Percorsi della Fondazione Teatro Donizetti.<\/div>\n<div dir=\"auto\">Si sono trattati temi legati al nuovo libro dell'autore di \u201cMordere la nebbia\u201d da Villongo all\u2019America, dall\u2019Accademia Silvio d\u2019Amico ai successi nelle sale <a class=\"oajrlxb2 g5ia77u1 qu0x051f esr5mh6w e9989ue4 r7d6kgcz rq0escxv nhd2j8a9 nc684nl6 p7hjln8o kvgmc6g5 cxmmr5t8 oygrvhab hcukyx3x jb3vyjys rz4wbd8a qt6c0cv9 a8nywdso i1ao9s8h esuyzwwr f1sip0of lzcic4wl q66pz984 gpro0wi8 b1v8xokw\" tabindex=\"0\" role=\"link\" href=\"https:\/\/www.facebook.com\/hashtag\/cinematografiche?__eep__=6&amp;__cft__[0]=AZW4ezf2VIC4S-cPY_obud7YjxrUhTyL4UzgYZM9BtdUNlhrLDhDONYuybTkQXXv-XXPDMN4wQFnDuASl_0grUHKRzaozayAfdfoB0XHspcw-klpg-fAfFaZyCanvMtbQ_66oV_S3nIFb6X4HDCU0qxBrTHHC5VMGRTL0gtRYLM1Gg&amp;__tn__=*NK-R\">#cinematografiche<\/a> e a <a class=\"oajrlxb2 g5ia77u1 qu0x051f esr5mh6w e9989ue4 r7d6kgcz rq0escxv nhd2j8a9 nc684nl6 p7hjln8o kvgmc6g5 cxmmr5t8 oygrvhab hcukyx3x jb3vyjys rz4wbd8a qt6c0cv9 a8nywdso i1ao9s8h esuyzwwr f1sip0of lzcic4wl q66pz984 gpro0wi8 b1v8xokw\" tabindex=\"0\" role=\"link\" href=\"https:\/\/www.facebook.com\/hashtag\/teatro?__eep__=6&amp;__cft__[0]=AZW4ezf2VIC4S-cPY_obud7YjxrUhTyL4UzgYZM9BtdUNlhrLDhDONYuybTkQXXv-XXPDMN4wQFnDuASl_0grUHKRzaozayAfdfoB0XHspcw-klpg-fAfFaZyCanvMtbQ_66oV_S3nIFb6X4HDCU0qxBrTHHC5VMGRTL0gtRYLM1Gg&amp;__tn__=*NK-R\">#teatro<\/a> fino alle esperienze di <a class=\"oajrlxb2 g5ia77u1 qu0x051f esr5mh6w e9989ue4 r7d6kgcz rq0escxv nhd2j8a9 nc684nl6 p7hjln8o kvgmc6g5 cxmmr5t8 oygrvhab hcukyx3x jb3vyjys rz4wbd8a qt6c0cv9 a8nywdso i1ao9s8h esuyzwwr f1sip0of lzcic4wl q66pz984 gpro0wi8 b1v8xokw\" tabindex=\"0\" role=\"link\" href=\"https:\/\/www.facebook.com\/hashtag\/cooperazione?__eep__=6&amp;__cft__[0]=AZW4ezf2VIC4S-cPY_obud7YjxrUhTyL4UzgYZM9BtdUNlhrLDhDONYuybTkQXXv-XXPDMN4wQFnDuASl_0grUHKRzaozayAfdfoB0XHspcw-klpg-fAfFaZyCanvMtbQ_66oV_S3nIFb6X4HDCU0qxBrTHHC5VMGRTL0gtRYLM1Gg&amp;__tn__=*NK-R\">#cooperazione<\/a> <a class=\"oajrlxb2 g5ia77u1 qu0x051f esr5mh6w e9989ue4 r7d6kgcz rq0escxv nhd2j8a9 nc684nl6 p7hjln8o kvgmc6g5 cxmmr5t8 oygrvhab hcukyx3x jb3vyjys rz4wbd8a qt6c0cv9 a8nywdso i1ao9s8h esuyzwwr f1sip0of lzcic4wl q66pz984 gpro0wi8 b1v8xokw\" tabindex=\"0\" role=\"link\" href=\"https:\/\/www.facebook.com\/hashtag\/internazionale?__eep__=6&amp;__cft__[0]=AZW4ezf2VIC4S-cPY_obud7YjxrUhTyL4UzgYZM9BtdUNlhrLDhDONYuybTkQXXv-XXPDMN4wQFnDuASl_0grUHKRzaozayAfdfoB0XHspcw-klpg-fAfFaZyCanvMtbQ_66oV_S3nIFb6X4HDCU0qxBrTHHC5VMGRTL0gtRYLM1Gg&amp;__tn__=*NK-R\">#internazionale<\/a> con <a class=\"oajrlxb2 g5ia77u1 qu0x051f esr5mh6w e9989ue4 r7d6kgcz rq0escxv nhd2j8a9 nc684nl6 p7hjln8o kvgmc6g5 cxmmr5t8 oygrvhab hcukyx3x jb3vyjys rz4wbd8a qt6c0cv9 a8nywdso i1ao9s8h esuyzwwr f1sip0of lzcic4wl q66pz984 gpro0wi8 b1v8xokw\" tabindex=\"0\" role=\"link\" href=\"https:\/\/www.facebook.com\/hashtag\/ong?__eep__=6&amp;__cft__[0]=AZW4ezf2VIC4S-cPY_obud7YjxrUhTyL4UzgYZM9BtdUNlhrLDhDONYuybTkQXXv-XXPDMN4wQFnDuASl_0grUHKRzaozayAfdfoB0XHspcw-klpg-fAfFaZyCanvMtbQ_66oV_S3nIFb6X4HDCU0qxBrTHHC5VMGRTL0gtRYLM1Gg&amp;__tn__=*NK-R\">#ONG<\/a> come Unicef, Cesvi e Medici Senza Frontiere.<\/div>\n<\/div>\n<p>[\/et_pb_text][\/et_pb_column][\/et_pb_row][et_pb_row column_structure=\"1_2,1_2\" disabled_on=\"off|off|off\" admin_label=\"riga 1 video\" _builder_version=\"4.16\" _module_preset=\"default\" global_colors_info=\"{}\"][et_pb_column type=\"1_2\" _builder_version=\"4.16\" _module_preset=\"default\" global_colors_info=\"{}\"][et_pb_text disabled_on=\"on|on|on\" _builder_version=\"4.16\" _module_preset=\"default\" text_text_color=\"#0075b5\" text_font_size=\"25px\" disabled=\"on\" global_colors_info=\"{}\"]<\/p>\n<p style=\"text-align: center;\">Venerd\u00ec scorso<\/p>\n<p>[\/et_pb_text][et_pb_video src=\"https:\/\/vimeo.com\/560773379\" thumbnail_overlay_color=\"rgba(0,0,0,0.6)\" admin_label=\"15 maggio\" _builder_version=\"4.16\" locked=\"off\" global_colors_info=\"{}\"][\/et_pb_video][et_pb_text disabled_on=\"off|off|off\" _builder_version=\"4.16\" _module_preset=\"default\" locked=\"off\" global_colors_info=\"{}\"]<\/p>\n<p>Secondo il rapporto Ocse 2020, l\u2019Italia \u00e8 fanalino di coda per la spesa sanitaria in Europa, e a seguito di Covid-19 crescono anche le disparit\u00e0 socio-economiche relative alla speranza di vita.<br \/>Quali nuove prospettive si aprono per il servizio sanitario nazionale con il PNRR?<br \/>Per \u201cI venerd\u00ec dello Studio BNC\u201d ne parliamo con Simone Ghislandi, professore associato di Economia Pubblica presso il Dipartimento di Scienze Sociali e Politiche dell\u2019Universit\u00e0 Bocconi, intervistato dalla giornalista del Corriere della Sera \/ Nuvola del Lavoro, Silvia Pagliuca.<\/p>\n<p>[\/et_pb_text][\/et_pb_column][et_pb_column type=\"1_2\" _builder_version=\"4.16\" _module_preset=\"default\" global_colors_info=\"{}\"][et_pb_text disabled_on=\"on|on|on\" _builder_version=\"4.16\" _module_preset=\"default\" text_text_color=\"#0075b5\" text_font_size=\"25px\" disabled=\"on\" global_colors_info=\"{}\"]<\/p>\n<p style=\"text-align: center;\">Venerd\u00ec 4 giugno<\/p>\n<p>[\/et_pb_text][et_pb_video src=\"https:\/\/vimeo.com\/558427330\" thumbnail_overlay_color=\"rgba(0,0,0,0.6)\" admin_label=\"15 maggio\" _builder_version=\"4.16\" locked=\"off\" global_colors_info=\"{}\"][\/et_pb_video][et_pb_text disabled_on=\"off|off|off\" _builder_version=\"4.16\" _module_preset=\"default\" locked=\"off\" global_colors_info=\"{}\"]<\/p>\n<div dir=\"auto\">A distanza di mesi dalla pubblicazione e dalla presentazione, durante \"I venerd\u00ec dello Studio BNC\", del suo <span><a class=\"oajrlxb2 g5ia77u1 qu0x051f esr5mh6w e9989ue4 r7d6kgcz rq0escxv nhd2j8a9 nc684nl6 p7hjln8o kvgmc6g5 cxmmr5t8 oygrvhab hcukyx3x jb3vyjys rz4wbd8a qt6c0cv9 a8nywdso i1ao9s8h esuyzwwr f1sip0of lzcic4wl q66pz984 gpro0wi8 b1v8xokw\" href=\"https:\/\/www.facebook.com\/hashtag\/libro?__eep__=6&amp;__cft__[0]=AZVwpUl2Fd3IK_rM34jf-xQss-luWpwgRicgQbMdw-r6OaGT4emHSojq8I97HDOUKNu0QJWlFuiEro_AnNjdlqZXxJ1T9nw9S3kWN_9CIMvZV2CMFVc3fQ7X6uAqVsBD0UNc6nBmixpTpbd34h7ZxRLowv99vmZY_nStqp8MupLaNA&amp;__tn__=*NK-R\" role=\"link\" tabindex=\"0\">libro<\/a><\/span> dedicato alla <span><a class=\"oajrlxb2 g5ia77u1 qu0x051f esr5mh6w e9989ue4 r7d6kgcz rq0escxv nhd2j8a9 nc684nl6 p7hjln8o kvgmc6g5 cxmmr5t8 oygrvhab hcukyx3x jb3vyjys rz4wbd8a qt6c0cv9 a8nywdso i1ao9s8h esuyzwwr f1sip0of lzcic4wl q66pz984 gpro0wi8 b1v8xokw\" href=\"https:\/\/www.facebook.com\/hashtag\/crisi?__eep__=6&amp;__cft__[0]=AZVwpUl2Fd3IK_rM34jf-xQss-luWpwgRicgQbMdw-r6OaGT4emHSojq8I97HDOUKNu0QJWlFuiEro_AnNjdlqZXxJ1T9nw9S3kWN_9CIMvZV2CMFVc3fQ7X6uAqVsBD0UNc6nBmixpTpbd34h7ZxRLowv99vmZY_nStqp8MupLaNA&amp;__tn__=*NK-R\" role=\"link\" tabindex=\"0\">crisi<\/a><\/span> del nostro Paese, torna il professor Stefano Paleari, docente di public management presso l\u2019Universit\u00e0 degli Studi di Bergamo.<\/div>\n<div dir=\"auto\">Intervistato dalla giornalista Lucia Cappelluzzo di Bergamonews ha affrontato una riflessione su come si sta rialzando l'Italia dall'emergenza Covid, alla luce delle nuove <span><a class=\"oajrlxb2 g5ia77u1 qu0x051f esr5mh6w e9989ue4 r7d6kgcz rq0escxv nhd2j8a9 nc684nl6 p7hjln8o kvgmc6g5 cxmmr5t8 oygrvhab hcukyx3x jb3vyjys rz4wbd8a qt6c0cv9 a8nywdso i1ao9s8h esuyzwwr f1sip0of lzcic4wl q66pz984 gpro0wi8 b1v8xokw\" href=\"https:\/\/www.facebook.com\/hashtag\/riforme?__eep__=6&amp;__cft__[0]=AZVwpUl2Fd3IK_rM34jf-xQss-luWpwgRicgQbMdw-r6OaGT4emHSojq8I97HDOUKNu0QJWlFuiEro_AnNjdlqZXxJ1T9nw9S3kWN_9CIMvZV2CMFVc3fQ7X6uAqVsBD0UNc6nBmixpTpbd34h7ZxRLowv99vmZY_nStqp8MupLaNA&amp;__tn__=*NK-R\" role=\"link\" tabindex=\"0\">riforme<\/a><\/span> economiche.<\/div>\n<p>[\/et_pb_text][\/et_pb_column][\/et_pb_row][et_pb_row column_structure=\"1_2,1_2\" disabled_on=\"off|off|off\" admin_label=\"riga 1 video\" _builder_version=\"4.16\" _module_preset=\"default\" global_colors_info=\"{}\"][et_pb_column type=\"1_2\" _builder_version=\"4.16\" _module_preset=\"default\" global_colors_info=\"{}\"][et_pb_text disabled_on=\"on|on|on\" _builder_version=\"4.16\" _module_preset=\"default\" text_text_color=\"#0075b5\" text_font_size=\"25px\" disabled=\"on\" global_colors_info=\"{}\"]<\/p>\n<p style=\"text-align: center;\">Venerd\u00ec scorso<\/p>\n<p>[\/et_pb_text][et_pb_video src=\"https:\/\/vimeo.com\/555178917\" thumbnail_overlay_color=\"rgba(0,0,0,0.6)\" admin_label=\"15 maggio\" _builder_version=\"4.16\" locked=\"off\" global_colors_info=\"{}\"][\/et_pb_video][et_pb_text disabled_on=\"off|off|off\" _builder_version=\"4.16\" _module_preset=\"default\" locked=\"off\" global_colors_info=\"{}\"]<\/p>\n<p><span>Un nuovo modello di\u00a0<\/span><a href=\"https:\/\/www.linkedin.com\/feed\/hashtag\/?keywords=sanit%C3%A0&amp;highlightedUpdateUrns=urn%3Ali%3Aactivity%3A6803889449102143488\" data-attribute-index=\"0\">#sanit\u00e0<\/a><span>, la\u00a0<\/span><a href=\"https:\/\/www.linkedin.com\/feed\/hashtag\/?keywords=digitalizzazione&amp;highlightedUpdateUrns=urn%3Ali%3Aactivity%3A6803889449102143488\" data-attribute-index=\"1\">#digitalizzazione<\/a><span>\u00a0e un corposo sostegno alle\u00a0<\/span><a href=\"https:\/\/www.linkedin.com\/feed\/hashtag\/?keywords=piccole&amp;highlightedUpdateUrns=urn%3Ali%3Aactivity%3A6803889449102143488\" data-attribute-index=\"2\">#piccole<\/a><span>\u00a0imprese.<\/span><br \/><span>Che cosa prevede il piano europeo e i progetti che potrebbero beneficiarne per rilanciare l'economia della\u00a0<\/span><a href=\"https:\/\/www.linkedin.com\/feed\/hashtag\/?keywords=lombardia&amp;highlightedUpdateUrns=urn%3Ali%3Aactivity%3A6803889449102143488\" data-attribute-index=\"3\">#Lombardia<\/a><span>\u00a0e della provincia\u00a0<\/span><a href=\"https:\/\/www.linkedin.com\/feed\/hashtag\/?keywords=bergamasca&amp;highlightedUpdateUrns=urn%3Ali%3Aactivity%3A6803889449102143488\" data-attribute-index=\"4\">#Bergamasca<\/a><span>.<\/span><br \/><span>Ne abbiamo parlato insieme a <\/span><a href=\"https:\/\/www.linkedin.com\/in\/ACoAABL0NbcBIftZ6sE3xxWtR1S9JEYeHTU_1ek\" data-attribute-index=\"5\" data-entity-hovercard-id=\"urn:li:fs_miniProfile:ACoAABL0NbcBIftZ6sE3xxWtR1S9JEYeHTU_1ek\" data-entity-type=\"MINI_PROFILE\">Dario Violi<\/a><span>\u00a0e\u00a0<\/span><a href=\"https:\/\/www.linkedin.com\/in\/ACoAAATfet4Blsq7cB9Ex9oC9LRtTMQ7WtY4zLk\" data-attribute-index=\"7\" data-entity-hovercard-id=\"urn:li:fs_miniProfile:ACoAAATfet4Blsq7cB9Ex9oC9LRtTMQ7WtY4zLk\" data-entity-type=\"MINI_PROFILE\">Davide Agazzi<\/a><span>\u00a0venerd\u00ec 28 maggio, per la cinquantesima puntata de \"I venerd\u00ec dello\u00a0<\/span><a href=\"https:\/\/www.linkedin.com\/company\/studio-bnc\/\" data-attribute-index=\"9\" data-entity-hovercard-id=\"urn:li:fs_miniCompany:36991913\" data-entity-type=\"MINI_COMPANY\">Studio BNC<\/a><span>\".<\/span><\/p>\n<p>[\/et_pb_text][\/et_pb_column][et_pb_column type=\"1_2\" _builder_version=\"4.16\" _module_preset=\"default\" global_colors_info=\"{}\"][et_pb_text disabled_on=\"on|on|on\" _builder_version=\"4.16\" _module_preset=\"default\" text_text_color=\"#0075b5\" text_font_size=\"25px\" disabled=\"on\" global_colors_info=\"{}\"]<\/p>\n<p style=\"text-align: center;\">Venerd\u00ec 21 maggio<\/p>\n<p>[\/et_pb_text][et_pb_video src=\"https:\/\/vimeo.com\/553202767\" thumbnail_overlay_color=\"rgba(0,0,0,0.6)\" admin_label=\"15 maggio\" _builder_version=\"4.16\" locked=\"off\" global_colors_info=\"{}\"][\/et_pb_video][et_pb_text disabled_on=\"off|off|off\" _builder_version=\"4.16\" _module_preset=\"default\" locked=\"off\" global_colors_info=\"{}\"]<\/p>\n<p>Bergamo, 2019. Mentre l\u2019Atalanta scala le classifiche la citt\u00e0 \u00e8 sconvolta da una serie di delitti indecifrabili. Dalle Mura alle montagne fino a Praga: in questo spazio vive l\u2019intreccio di \u201cLe gocce sul vetro\u201d, l\u2019ultimo romanzo thriller di Wainer Preda, giornalista professionista e scrittore.<br \/>Intervistato da <a href=\"https:\/\/www.linkedin.com\/in\/ACoAAC3K7QYBpkvWAP778geE5bBHmfQGAashdAI\" data-attribute-index=\"0\" data-entity-hovercard-id=\"urn:li:fs_miniProfile:ACoAAC3K7QYBpkvWAP778geE5bBHmfQGAashdAI\" data-entity-type=\"MINI_PROFILE\">Francesca Lai<\/a>, giornalista di\u00a0<a href=\"https:\/\/www.linkedin.com\/company\/bergamonews-it-quotidiano-online\/\" data-attribute-index=\"2\" data-entity-hovercard-id=\"urn:li:fs_miniCompany:69409899\" data-entity-type=\"MINI_COMPANY\">Bergamonews.it - Quotidiano Online<\/a> l\u2019autore ha raccontato il dietro le quinte del romanzo, dalla genesi alla stesura.<\/p>\n<p>[\/et_pb_text][\/et_pb_column][\/et_pb_row][et_pb_row column_structure=\"1_2,1_2\" disabled_on=\"off|off|off\" admin_label=\"riga 1 video\" _builder_version=\"4.16\" _module_preset=\"default\" global_colors_info=\"{}\"][et_pb_column type=\"1_2\" _builder_version=\"4.16\" _module_preset=\"default\" global_colors_info=\"{}\"][et_pb_text disabled_on=\"on|on|on\" _builder_version=\"4.16\" _module_preset=\"default\" text_text_color=\"#0075b5\" text_font_size=\"25px\" disabled=\"on\" global_colors_info=\"{}\"]<\/p>\n<p style=\"text-align: center;\">Venerd\u00ec scorso<\/p>\n<p>[\/et_pb_text][et_pb_video src=\"https:\/\/vimeo.com\/548293213\" thumbnail_overlay_color=\"rgba(0,0,0,0.6)\" admin_label=\"15 maggio\" _builder_version=\"4.16\" locked=\"off\" global_colors_info=\"{}\"][\/et_pb_video][et_pb_text disabled_on=\"off|off|off\" _builder_version=\"4.16\" _module_preset=\"default\" locked=\"off\" global_colors_info=\"{}\"]<\/p>\n<p>\"Il passaggio generazionale non \u00e8 una scelta ma il destino di ogni imprenditore che ha figli.<br \/>Ma ogni evoluzione \u00e8 dolorosa e i cambiamenti degli ultimi anni richiedono azioni mirate.<br \/>Il mondo digitale, prima una nicchia, oggi \u00e8 un elemento da inserire in ogni passaggio generazionale.<br \/>Il futuro digitale di un\u2019azienda \u00e8 un tema che deve essere affrontato, l\u2019alternativa \u00e8 l\u2019estinzione.\" -\u00a0<a href=\"https:\/\/www.linkedin.com\/in\/ACoAAAAZoYUBcAuLh_b2qQJ0nZAP6Sm8VhOZyI4\" data-attribute-index=\"0\" data-entity-hovercard-id=\"urn:li:fs_miniProfile:ACoAAAAZoYUBcAuLh_b2qQJ0nZAP6Sm8VhOZyI4\" data-entity-type=\"MINI_PROFILE\">Enrico Verga<\/a><br \/>Ne parliamo con\u00a0<a href=\"https:\/\/www.linkedin.com\/in\/ACoAAALgWbQBRmL5haDcVWIvGX3QXPaPNs08M6I\" data-attribute-index=\"2\" data-entity-hovercard-id=\"urn:li:fs_miniProfile:ACoAAALgWbQBRmL5haDcVWIvGX3QXPaPNs08M6I\" data-entity-type=\"MINI_PROFILE\">Alberto Trussardi<\/a>\u00a0e Andrea Mangilli, CEO e Co-Founders di\u00a0<a href=\"https:\/\/www.linkedin.com\/company\/bespoken---digitale-su-misura\/\" data-attribute-index=\"4\" data-entity-hovercard-id=\"urn:li:fs_miniCompany:11046562\" data-entity-type=\"MINI_COMPANY\">BESPOKEN - Digitale su misura<\/a>\u00a0intervistati da Enrico Verga, Stratega per medie imprese e istituzioni e Autore per Fortune e per\u00a0<a href=\"https:\/\/www.linkedin.com\/company\/il-sole-24-ore\/\" data-attribute-index=\"6\" data-entity-hovercard-id=\"urn:li:fs_miniCompany:164310\" data-entity-type=\"MINI_COMPANY\">Il Sole 24 Ore<\/a>.<\/p>\n<p>[\/et_pb_text][\/et_pb_column][et_pb_column type=\"1_2\" _builder_version=\"4.16\" _module_preset=\"default\" global_colors_info=\"{}\"][et_pb_text disabled_on=\"on|on|on\" _builder_version=\"4.16\" _module_preset=\"default\" text_text_color=\"#0075b5\" text_font_size=\"25px\" disabled=\"on\" global_colors_info=\"{}\"]<\/p>\n<p style=\"text-align: center;\">Venerd\u00ec scorso<\/p>\n<p>[\/et_pb_text][et_pb_video src=\"https:\/\/vimeo.com\/545391944\" thumbnail_overlay_color=\"rgba(0,0,0,0.6)\" admin_label=\"15 maggio\" _builder_version=\"4.16\" locked=\"off\" global_colors_info=\"{}\"][\/et_pb_video][et_pb_text disabled_on=\"off|off|off\" _builder_version=\"4.16\" _module_preset=\"default\" locked=\"off\" global_colors_info=\"{}\"]<\/p>\n<p><span>Negli ultimi anni le banche centrali hanno di fatto sorretto le economie del mondo, a cominciare dal fallimento della Lehman Brothers fino alla pandemia.<\/span><br \/><span>\u00c8 chiaro che prima o poi le economie dovranno fare a meno degli stimoli monetari.<\/span><br \/><span>Ma come sar\u00e0 governato il mondo dell\u2019economia e come le borse anticiperanno tutto questo nei prossimi anni?<\/span><br \/><span>Ne abbiamo parlato con Alessandro Stanzini, Responsabile Economic Research and Markets Strategy di Banca Aletti, Gruppo Banco BPM, intervistato da\u00a0<\/span><a href=\"https:\/\/www.linkedin.com\/in\/ACoAAAXK69sBhHueOn0B_K5DB1g-L4SZHYeB68c\" data-attribute-index=\"0\" data-entity-hovercard-id=\"urn:li:fs_miniProfile:ACoAAAXK69sBhHueOn0B_K5DB1g-L4SZHYeB68c\" data-entity-type=\"MINI_PROFILE\">Antonio Tognoli<\/a><span>, giornalista finanziario e Head of Research presso\u00a0<\/span><a href=\"https:\/\/www.linkedin.com\/company\/integrae-sim-s.p.a.\/\" data-attribute-index=\"2\" data-entity-hovercard-id=\"urn:li:fs_miniCompany:62971424\" data-entity-type=\"MINI_COMPANY\">Integrae SIM S.p.A.<\/a><\/p>\n<p>[\/et_pb_text][\/et_pb_column][\/et_pb_row][et_pb_row column_structure=\"1_2,1_2\" admin_label=\"riga 2 video\" _builder_version=\"4.16\" _module_preset=\"default\" global_colors_info=\"{}\"][et_pb_column type=\"1_2\" _builder_version=\"4.16\" _module_preset=\"default\" global_colors_info=\"{}\"][et_pb_text disabled_on=\"on|on|on\" _builder_version=\"4.16\" _module_preset=\"default\" text_text_color=\"#0075b5\" text_font_size=\"25px\" disabled=\"on\" global_colors_info=\"{}\"]<\/p>\n<p style=\"text-align: center;\">Venerd\u00ec scorso<\/p>\n<p>[\/et_pb_text][et_pb_video src=\"https:\/\/vimeo.com\/542581915\" thumbnail_overlay_color=\"rgba(0,0,0,0.6)\" admin_label=\"15 maggio\" _builder_version=\"4.16\" global_colors_info=\"{}\"][\/et_pb_video][et_pb_text _builder_version=\"4.16\" _module_preset=\"default\" global_colors_info=\"{}\"]<\/p>\n<div dir=\"auto\">Olivo Foglieni, classe 1961, rileva nel 1999 dalla Stemin Spa di Comun Nuovo il ramo d'impresa specializzato nel recupero di alluminio da rottame.<\/div>\n<div dir=\"auto\">Da qui inizia una storia imprenditoriale di grande successo.<\/div>\n<div dir=\"auto\">Ora \u00e8 a capo del Gruppo industriale FECS leader, con 6 stabilimenti in Italia e in Europa, leader nella raffinazione di metalli ferrosi e non, che tratta pi\u00f9 del 20% dell\u2019alluminio riciclato in Italia.<\/div>\n<div dir=\"auto\">Vicepresidente di Confindustria Bergamo con delega Infrastrutture, Ambiente e Sicurezza affronter\u00e0 il tema dell\u2019economia verde e circolare come driver per lo sviluppo sostenibile di imprese e territori. Intervista Elisabetta Olivari, consulente per la comunicazione d\u2019impresa, giornalista di Bergamonews.<\/div>\n<p>[\/et_pb_text][\/et_pb_column][et_pb_column type=\"1_2\" _builder_version=\"4.16\" _module_preset=\"default\" global_colors_info=\"{}\"][et_pb_text disabled_on=\"on|on|on\" _builder_version=\"4.16\" _module_preset=\"default\" text_text_color=\"#0075b5\" text_font_size=\"25px\" disabled=\"on\" global_colors_info=\"{}\"]<\/p>\n<p style=\"text-align: center;\">Venerd\u00ec 23 aprile<\/p>\n<p>[\/et_pb_text][et_pb_video src=\"https:\/\/vimeo.com\/540640297\" thumbnail_overlay_color=\"rgba(0,0,0,0.6)\" admin_label=\"15 maggio\" _builder_version=\"4.16\" locked=\"off\" global_colors_info=\"{}\"][\/et_pb_video][et_pb_text disabled_on=\"off|off|off\" _builder_version=\"4.16\" _module_preset=\"default\" locked=\"off\" global_colors_info=\"{}\"]<\/p>\n<p><span>\u201cIl nostro sogno \u00e8 costruire insieme una comunit\u00e0 solidale, dinamica e attenta\u201d.<\/span><br \/><span>Un sogno che ogni giorno la\u00a0<\/span><a href=\"https:\/\/www.linkedin.com\/company\/fondazione-della-comunit%C3%A0-bergamasca\/\" data-attribute-index=\"0\" data-entity-hovercard-id=\"urn:li:fs_miniCompany:38164158\" data-entity-type=\"MINI_COMPANY\">Fondazione della Comunit\u00e0 Bergamasca<\/a><span>\u00a0rende realt\u00e0 con il suo impegno e la sua cura verso le persone sostenendo progetti sociali, culturali e ambientali.<\/span><br \/><span><\/span><\/p>\n<p><span>Nata nel 2000 su iniziativa di\u00a0<\/span><a href=\"https:\/\/www.linkedin.com\/company\/fondazione-cariplo\/\" data-attribute-index=\"2\" data-entity-hovercard-id=\"urn:li:fs_miniCompany:8297430\" data-entity-type=\"MINI_COMPANY\">Fondazione Cariplo<\/a><span>, svolge una funzione di raccordo e intermediazione tra i donatori e le organizzazioni non profit che realizzano progetti di utilit\u00e0 sociale.<\/span><\/p>\n<p><span>Ne parliamo con\u00a0<\/span><a href=\"https:\/\/www.linkedin.com\/in\/ACoAABRDeMEBMkdOu2YjAqFIJP7X-VkoXuPtKBY\" data-attribute-index=\"4\" data-entity-hovercard-id=\"urn:li:fs_miniProfile:ACoAABRDeMEBMkdOu2YjAqFIJP7X-VkoXuPtKBY\" data-entity-type=\"MINI_PROFILE\">Osvaldo Ranica<\/a><span>, Presidente della Fondazione, intervistato da\u00a0<\/span><a href=\"https:\/\/www.linkedin.com\/in\/ACoAAATfet4Blsq7cB9Ex9oC9LRtTMQ7WtY4zLk\" data-attribute-index=\"6\" data-entity-hovercard-id=\"urn:li:fs_miniProfile:ACoAAATfet4Blsq7cB9Ex9oC9LRtTMQ7WtY4zLk\" data-entity-type=\"MINI_PROFILE\">Davide Agazzi<\/a><span>, giornalista di\u00a0<\/span><a href=\"https:\/\/www.linkedin.com\/company\/bergamonews-it-quotidiano-online\/\" data-attribute-index=\"8\" data-entity-hovercard-id=\"urn:li:fs_miniCompany:69409899\" data-entity-type=\"MINI_COMPANY\">Bergamonews.it - Quotidiano Online<\/a><span>\u00a0nella quarantacinquesima puntata de \"I venerd\u00ec dello\u00a0<\/span><a href=\"https:\/\/www.linkedin.com\/company\/studio-bnc\/\" data-attribute-index=\"10\" data-entity-hovercard-id=\"urn:li:fs_miniCompany:36991913\" data-entity-type=\"MINI_COMPANY\">Studio BNC<\/a><span>\"<\/span><\/p>\n<p>[\/et_pb_text][\/et_pb_column][\/et_pb_row][et_pb_row column_structure=\"1_2,1_2\" admin_label=\"riga 2 video\" _builder_version=\"4.16\" _module_preset=\"default\" global_colors_info=\"{}\"][et_pb_column type=\"1_2\" _builder_version=\"4.16\" _module_preset=\"default\" global_colors_info=\"{}\"][et_pb_text disabled_on=\"on|on|on\" _builder_version=\"4.16\" _module_preset=\"default\" text_text_color=\"#0075b5\" text_font_size=\"25px\" disabled=\"on\" global_colors_info=\"{}\"]<\/p>\n<p style=\"text-align: center;\">Venerd\u00ec scorso<\/p>\n<p>[\/et_pb_text][et_pb_video src=\"https:\/\/vimeo.com\/536755064\" thumbnail_overlay_color=\"rgba(0,0,0,0.6)\" admin_label=\"15 maggio\" _builder_version=\"4.16\" global_colors_info=\"{}\"][\/et_pb_video][et_pb_text _builder_version=\"4.16\" _module_preset=\"default\" global_colors_info=\"{}\"]<\/p>\n<p><span>Quasi cinquant\u2019anni tra i banchi di Palafrizzoni, cinque da sindaco e altrettanti da vice, sempre rigorosamente a destra. <\/span><\/p>\n<p><span>Franco Tentorio si racconta in un dialogo con Dino Nikpalj, giornalista de L\u2019Eco di Bergamo nella quarantaquattresima puntata de \"I venerd\u00ec dello <\/span><a href=\"https:\/\/it.linkedin.com\/company\/studio-bnc?trk=organization-update_share-update_update-text\" data-tracking-control-name=\"organization-update_share-update_update-text\" data-tracking-will-navigate=\"\" rel=\"nofollow\">Studio BNC<\/a><span>\".<\/span><\/p>\n<p><span> Un viaggio sospeso tra politica, l\u2019attivit\u00e0 da commercialista e le sue grandi passioni: dall\u2019impegno sociale e politico alla bicicletta, dai numeri all\u2019Atalanta, il ritratto di una delle figure pi\u00f9 conosciute e stimate del panorama cittadino degli ultimi anni.<\/span><\/p>\n<p>[\/et_pb_text][\/et_pb_column][et_pb_column type=\"1_2\" _builder_version=\"4.16\" _module_preset=\"default\" global_colors_info=\"{}\"][et_pb_text disabled_on=\"on|on|on\" _builder_version=\"4.16\" _module_preset=\"default\" text_text_color=\"#0075b5\" text_font_size=\"25px\" disabled=\"on\" global_colors_info=\"{}\"]<\/p>\n<p style=\"text-align: center;\">Venerd\u00ec 9 aprile<\/p>\n<p>[\/et_pb_text][et_pb_video src=\"https:\/\/vimeo.com\/533915952\" thumbnail_overlay_color=\"rgba(0,0,0,0.6)\" admin_label=\"15 maggio\" _builder_version=\"4.16\" locked=\"off\" global_colors_info=\"{}\"][\/et_pb_video][et_pb_text _builder_version=\"4.16\" _module_preset=\"default\" locked=\"off\" global_colors_info=\"{}\"]<\/p>\n<p><span>La Trattoria D'ambrosio in via Broseta ,58 \u00e8 il punto di ritrovo per i bergamaschi, e non solo, dove oltre al cibo, trovi la cordialit\u00e0 e la simpatia di Giuliana, la titolare, che con i suoi fantasiosi cerchietti in testa e ciabattine Chanel ai piedi, va oltre i canoni del ricevimento.<\/span><\/p>\n<p><span>Ad intervistare Giuliana D'Ambrosio, per la quarantatreesima puntata de \"I venerd\u00ec dello\u00a0<\/span><a href=\"https:\/\/www.linkedin.com\/company\/studio-bnc\/\" data-attribute-index=\"0\" data-entity-hovercard-id=\"urn:li:fs_miniCompany:36991913\" data-entity-type=\"MINI_COMPANY\">Studio BNC<\/a><span>\",\u00a0<\/span><a href=\"https:\/\/www.linkedin.com\/in\/ACoAAAlBu-8BiA15bVscX93ThUdppW2-ifF8IEE\" data-attribute-index=\"2\" data-entity-hovercard-id=\"urn:li:fs_miniProfile:ACoAAAlBu-8BiA15bVscX93ThUdppW2-ifF8IEE\" data-entity-type=\"MINI_PROFILE\">Emanuela Lanfranco<\/a><span>, direttore responsabile del giornale Citt\u00e0 dei Mille<\/span><\/p>\n<p>[\/et_pb_text][\/et_pb_column][\/et_pb_row][et_pb_row column_structure=\"1_2,1_2\" admin_label=\"riga 2 video\" _builder_version=\"4.16\" _module_preset=\"default\" global_colors_info=\"{}\"][et_pb_column type=\"1_2\" _builder_version=\"4.16\" _module_preset=\"default\" global_colors_info=\"{}\"][et_pb_video src=\"https:\/\/vimeo.com\/531274086\" thumbnail_overlay_color=\"rgba(0,0,0,0.6)\" admin_label=\"15 maggio\" _builder_version=\"4.16\" global_colors_info=\"{}\"][\/et_pb_video][et_pb_text _builder_version=\"4.16\" _module_preset=\"default\" global_colors_info=\"{}\"]<\/p>\n<p><span>In un mondo in cui tutto corre e la ripresa sanitaria<\/span><span>\u00a0ed economica<\/span><span>\u00a0del nostro paese \u00e8 diventata un'urgenza sempre pi\u00f9 impellente, <\/span>tecnologia<span>\u00a0e <\/span>sanit\u00e0<span>\u00a0non possono che unirsi per cercare di accelerare i tempi di una corsa che ci coinvolge tutti. <\/span><\/p>\n<p><span>Nasce con questo intento\u00a0<\/span>COVmatic<span>: il sistema robotico dedicato ad un'analisi pi\u00f9 veloce e \"open\" dei tamponi molecolari.<\/span><\/p>\n<p>Ne abbiamo parlato con <span>i fondatori del progetto,\u00a0<\/span><a href=\"https:\/\/www.linkedin.com\/in\/ACoAAB4FWdUBtWTepUHBdr3uKxlY67bs4bbbKEM\" data-attribute-index=\"8\" data-entity-hovercard-id=\"urn:li:fs_miniProfile:ACoAAB4FWdUBtWTepUHBdr3uKxlY67bs4bbbKEM\" data-entity-type=\"MINI_PROFILE\">Alice Melocchi<\/a><span>\u00a0e\u00a0<\/span><a href=\"https:\/\/www.linkedin.com\/in\/ACoAABZ2Tg8BCZBe6r0OXcA7hQFTmOr6CiCyLwU\" data-attribute-index=\"10\" data-entity-hovercard-id=\"urn:li:fs_miniProfile:ACoAABZ2Tg8BCZBe6r0OXcA7hQFTmOr6CiCyLwU\" data-entity-type=\"MINI_PROFILE\">Alberto Cammarota,<\/a><span>\u00a0intervistati da\u00a0<\/span><a href=\"https:\/\/www.linkedin.com\/in\/ACoAACBlDvoByylWbYkPRAgWYduThN_QsKrxW5w\" data-attribute-index=\"12\" data-entity-hovercard-id=\"urn:li:fs_miniProfile:ACoAACBlDvoByylWbYkPRAgWYduThN_QsKrxW5w\" data-entity-type=\"MINI_PROFILE\">Lucia Cappelluzzo<\/a><span>\u00a0di\u00a0<\/span><a href=\"https:\/\/www.linkedin.com\/company\/bergamonews-it-quotidiano-online\/\" data-attribute-index=\"14\" data-entity-hovercard-id=\"urn:li:fs_miniCompany:69409899\" data-entity-type=\"MINI_COMPANY\">Bergamonews.it - Quotidiano Online<\/a><span>.<\/span><\/p>\n<p>[\/et_pb_text][\/et_pb_column][et_pb_column type=\"1_2\" _builder_version=\"4.16\" _module_preset=\"default\" global_colors_info=\"{}\"][et_pb_video src=\"https:\/\/vimeo.com\/528354128\" thumbnail_overlay_color=\"rgba(0,0,0,0.6)\" admin_label=\"15 maggio\" _builder_version=\"4.16\" locked=\"off\" global_colors_info=\"{}\"][\/et_pb_video][et_pb_text _builder_version=\"4.16\" _module_preset=\"default\" locked=\"off\" global_colors_info=\"{}\"]<\/p>\n<p><span>La campagna vaccinale fa parte degli obiettivi di governo ed \u00e8 l'orizzonte temporale per la ripartenza dell'intero paese dall'emergenza da Covid-19.<\/span><br \/><span>Eppure, in Lombardia, siamo in ritardo: tra SMS mancanti, prenotazioni fantasma, categorie a rischio dimenticate e dosi di vaccinazioni non pervenute e s<\/span><span>ullo sfondo la revisione della legge sanitaria.<\/span><br \/><span>Ne abbiamo parlato con <\/span><a href=\"https:\/\/www.linkedin.com\/in\/ACoAABBmVPEBew4-A1RiA0BNWgB2xATmM32MNew\" data-attribute-index=\"0\" data-entity-hovercard-id=\"urn:li:fs_miniProfile:ACoAABBmVPEBew4-A1RiA0BNWgB2xATmM32MNew\" data-entity-type=\"MINI_PROFILE\">Niccol\u00f2 Carretta<\/a><span>\u00a0consigliere di\u00a0<\/span><a href=\"https:\/\/www.linkedin.com\/company\/regione-lombardia\/\" data-attribute-index=\"2\" data-entity-hovercard-id=\"urn:li:fs_miniCompany:24183\" data-entity-type=\"MINI_COMPANY\">Regione Lombardia<\/a><span>\u00a0e membro della <\/span>commissione<span> <\/span>sanitaria<span>, intervistato da\u00a0<\/span><a href=\"https:\/\/www.linkedin.com\/in\/ACoAACBlDvoByylWbYkPRAgWYduThN_QsKrxW5w\" data-attribute-index=\"6\" data-entity-hovercard-id=\"urn:li:fs_miniProfile:ACoAACBlDvoByylWbYkPRAgWYduThN_QsKrxW5w\" data-entity-type=\"MINI_PROFILE\">Lucia Cappelluzzo<\/a><span>\u00a0di\u00a0<\/span><a href=\"https:\/\/www.linkedin.com\/company\/bergamonews-it-quotidiano-online\/\" data-attribute-index=\"8\" data-entity-hovercard-id=\"urn:li:fs_miniCompany:69409899\" data-entity-type=\"MINI_COMPANY\">Bergamonews.it - Quotidiano Online<\/a><span>.<\/span><\/p>\n<p>[\/et_pb_text][\/et_pb_column][\/et_pb_row][et_pb_row column_structure=\"1_2,1_2\" admin_label=\"riga 2 video\" _builder_version=\"4.16\" _module_preset=\"default\" global_colors_info=\"{}\"][et_pb_column type=\"1_2\" _builder_version=\"4.16\" _module_preset=\"default\" global_colors_info=\"{}\"][et_pb_video src=\"https:\/\/vimeo.com\/524175917\" thumbnail_overlay_color=\"rgba(0,0,0,0.6)\" admin_label=\"15 maggio\" _builder_version=\"4.16\" global_colors_info=\"{}\"][\/et_pb_video][et_pb_text _builder_version=\"4.16\" _module_preset=\"default\" global_colors_info=\"{}\"]<\/p>\n<p><span>Negli ultimi 40 anni la storia dell\u2019imprenditoria italiana \u00e8 stata contrassegnata da grandi successi, ma anche profondi cambiamenti di strategie, e l\u2019Italia ha visto una buona parte delle proprie imprese comprate da competitors stranieri.<\/span><\/p>\n<p><span style=\"font-size: 14px;\">Ne parliamo, nella quarantesima puntata de \u201cI venerd\u00ec dello\u00a0<\/span><a href=\"https:\/\/www.linkedin.com\/company\/studio-bnc\/\" data-attribute-index=\"2\" data-entity-hovercard-id=\"urn:li:fs_miniCompany:36991913\" data-entity-type=\"MINI_COMPANY\" style=\"font-size: 14px;\">Studio BNC<\/a><span style=\"font-size: 14px;\">\u201d, con\u00a0<\/span><a href=\"https:\/\/www.linkedin.com\/in\/ACoAAAIbzK4Bx7INK_lZN521a_XRubf57Cmc5Ss\" data-attribute-index=\"4\" data-entity-hovercard-id=\"urn:li:fs_miniProfile:ACoAAAIbzK4Bx7INK_lZN521a_XRubf57Cmc5Ss\" data-entity-type=\"MINI_PROFILE\" style=\"font-size: 14px;\">Marco Barlassina<\/a><span style=\"font-size: 14px;\">, direttore di Capital e direttore di Patrimoni presso\u00a0<\/span><a href=\"https:\/\/www.linkedin.com\/company\/class-editori\/\" data-attribute-index=\"6\" data-entity-hovercard-id=\"urn:li:fs_miniCompany:13683\" data-entity-type=\"MINI_COMPANY\" style=\"font-size: 14px;\">Class Editori<\/a><span style=\"font-size: 14px;\">\u00a0intervistato da\u00a0<\/span><a href=\"https:\/\/www.linkedin.com\/in\/ACoAAAXK69sBhHueOn0B_K5DB1g-L4SZHYeB68c\" data-attribute-index=\"8\" data-entity-hovercard-id=\"urn:li:fs_miniProfile:ACoAAAXK69sBhHueOn0B_K5DB1g-L4SZHYeB68c\" data-entity-type=\"MINI_PROFILE\" style=\"font-size: 14px;\">Antonio Tognoli<\/a><span style=\"font-size: 14px;\">, Giornalista finanziario e Head of Research presso\u00a0<\/span><a href=\"https:\/\/www.linkedin.com\/company\/integrae-sim\/\" data-attribute-index=\"10\" data-entity-hovercard-id=\"urn:li:fs_miniCompany:11188235\" data-entity-type=\"MINI_COMPANY\" style=\"font-size: 14px;\">Integrae SIM<\/a><span style=\"font-size: 14px;\">\u00a0S.p.A.<\/span><\/p>\n<p>[\/et_pb_text][\/et_pb_column][et_pb_column type=\"1_2\" _builder_version=\"4.16\" _module_preset=\"default\" global_colors_info=\"{}\"][et_pb_video src=\"https:\/\/vimeo.com\/521305277\" thumbnail_overlay_color=\"rgba(0,0,0,0.6)\" admin_label=\"15 maggio\" _builder_version=\"4.16\" locked=\"off\" global_colors_info=\"{}\"][\/et_pb_video][et_pb_text _builder_version=\"4.16\" _module_preset=\"default\" locked=\"off\" global_colors_info=\"{}\"]<\/p>\n<p>Il 9 marzo del 2020 il primo Dpcm impone una serrata del Paese che durer\u00e0 fino al 4 maggio. Si ferma tutto il mondo produttivo e si testa lo smartworking.<br \/>Ad un anno da allora parliamo con Marcello Razzino, Presidente dell\u2019Ordine dei Consulenti del Lavoro di Bergamo e Consigliere della Camera di Commercio di Bergamo \u2013 Rappresentante delle Libere professioni, di come questa sfida abbia portato questi professionisti in un ambito completamente nuovo.<\/p>\n<p>[\/et_pb_text][\/et_pb_column][\/et_pb_row][et_pb_row column_structure=\"1_2,1_2\" admin_label=\"riga 2 video\" _builder_version=\"4.16\" _module_preset=\"default\" global_colors_info=\"{}\"][et_pb_column type=\"1_2\" _builder_version=\"4.16\" _module_preset=\"default\" global_colors_info=\"{}\"][et_pb_video src=\"https:\/\/vimeo.com\/519442489\" thumbnail_overlay_color=\"rgba(0,0,0,0.6)\" admin_label=\"15 maggio\" _builder_version=\"4.16\" global_colors_info=\"{}\"][\/et_pb_video][et_pb_text _builder_version=\"4.16\" _module_preset=\"default\" global_colors_info=\"{}\"]<\/p>\n<p>La trentottesima puntata de \u201cI venerd\u00ec dello Studio BNC\u201d ha visto protagonista Paola Brambilla, Ecoavvocato e coordinatrice della commissione Via (Valutazione a impatto ambientale) e Vas (valutazione ambientale strategica) del Ministero dell\u2019Ambiente, intervistata da Mauro Paloschi, giornalista di Bergamonews.it .<\/p>\n<p>Si \u00e8 parlato di diritto all\u2019ambiente e in cosa consiste, della sua applicazione finalizzata a garantire la difesa dell\u2019ecosistema e della compatibilit\u00e0 delle attivit\u00e0 umane.<\/p>\n<p>[\/et_pb_text][\/et_pb_column][et_pb_column type=\"1_2\" _builder_version=\"4.16\" _module_preset=\"default\" global_colors_info=\"{}\"][et_pb_video src=\"https:\/\/vimeo.com\/516158475\" thumbnail_overlay_color=\"rgba(0,0,0,0.6)\" admin_label=\"15 maggio\" _builder_version=\"4.16\" locked=\"off\" global_colors_info=\"{}\"][\/et_pb_video][et_pb_text _builder_version=\"4.16\" _module_preset=\"default\" locked=\"off\" global_colors_info=\"{}\"]<\/p>\n<p>\u00abRi-bellarsi, per me, \u00e8 avere voglia di \u201ctornare al bello\u201d. Per essere di nuovo belli, \u00abri-belli\u00bb appunto, \u00e8 necessario partire da qui\u00bb.<\/p>\n<p>Cos\u00ec Mons. Giulio Dellavite, Segretario Generale della Curia Vescovile di Bergamo ha spieggato in diretta streaming durante la trentasettesima puntata de I venerd\u00ec dello Studio BNC, il significato del libro dal titolo \u201cRibellarsi. La sfida di un\u2019ecologia umana\u201d pubblicato dal Gruppo Mondadori, di cui \u00e8 autore e che ha illustrato nella sua genesi contenutistica, intervistato dal Dott. Giuseppe Stefanelli, a.d di Automha S.p.A.<\/p>\n<p>[\/et_pb_text][\/et_pb_column][\/et_pb_row][et_pb_row column_structure=\"1_2,1_2\" admin_label=\"riga 2 video\" _builder_version=\"4.16\" _module_preset=\"default\" global_colors_info=\"{}\"][et_pb_column type=\"1_2\" _builder_version=\"4.16\" _module_preset=\"default\" global_colors_info=\"{}\"][et_pb_video src=\"https:\/\/vimeo.com\/513335715\" thumbnail_overlay_color=\"rgba(0,0,0,0.6)\" admin_label=\"15 maggio\" _builder_version=\"4.16\" global_colors_info=\"{}\"][\/et_pb_video][et_pb_text _builder_version=\"4.16\" _module_preset=\"default\" global_colors_info=\"{}\"]Da luned\u00ec 22 febbraio BPER Banca \u00e8 operativa con ben 86 filiali a Bergamo e provincia.<br \/>\nUna novit\u00e0 importante per il territorio e una svolta per la banca, che apre un nuovo capitolo presentandosi a istituzioni, imprese, famiglie e comunit\u00e0.<\/p>\n<p>Venerd\u00ec 19 febbraio alle 12,30 Stefano Rossetti, Vice Direttore Generale Vicario di BPER Banca, ha raccontato in diretta streaming, intervistato dal prof. Pino Roma per \"I venerd\u00ec dello Studio BNC\" , l'impegno di \"una grande banca nazionale che non dimentica la sua storia lunga oltre 150 anni, fatta di stretta vicinanza alle economie locali\".[\/et_pb_text][\/et_pb_column][et_pb_column type=\"1_2\" _builder_version=\"4.16\" _module_preset=\"default\" global_colors_info=\"{}\"][et_pb_video src=\"https:\/\/vimeo.com\/510625759\" thumbnail_overlay_color=\"rgba(0,0,0,0.6)\" admin_label=\"15 maggio\" _builder_version=\"4.16\" locked=\"off\" global_colors_info=\"{}\"][\/et_pb_video][et_pb_text _builder_version=\"4.16\" _module_preset=\"default\" locked=\"off\" global_colors_info=\"{}\"]<\/p>\n<p>La trentacinquesima puntata ha visto protagonista Carlo Massarini, giornalista, conduttore televisivo e radiofonico, intervistato dal giornalista ed esperto musicale Ugo Bacci de L\u2019Eco di Bergamo.<\/p>\n<p>Sono stati analizzati i nuovi scenari musicali e tecnologici che in questo periodo storico, condizionato dalla pandemia di Covid-19, hanno modificato profondamente il nostro modo di interagire e rapportarci con gli altri.<\/p>\n<p>[\/et_pb_text][\/et_pb_column][\/et_pb_row][et_pb_row column_structure=\"1_2,1_2\" admin_label=\"riga 2 video\" _builder_version=\"4.16\" _module_preset=\"default\" global_colors_info=\"{}\"][et_pb_column type=\"1_2\" _builder_version=\"4.16\" _module_preset=\"default\" global_colors_info=\"{}\"][et_pb_video src=\"https:\/\/vimeo.com\/722894416\" thumbnail_overlay_color=\"rgba(0,0,0,0.6)\" admin_label=\"15 maggio\" _builder_version=\"4.17.4\" locked=\"off\" global_colors_info=\"{}\"][\/et_pb_video][et_pb_text admin_label=\"enti pubblici banche\" _builder_version=\"4.17.4\" _module_preset=\"default\" global_colors_info=\"{}\"]<\/p>\n<p>\"Gli enti pubblici e le banche: quale strategia per il rilancio economico\" \u00e8 il titolo della trentaquattresima puntata de \"i Venerd\u00ec dello Studio BNC\" che ha visto protagonista Roberto Tasca, Professore di economia presso l'Universit\u00e0 di Bologna, assessore al bilancio del Comune di Milano e partner di New Deal Advisors SpA, intervistato da Antonio Tognoli, giornalista finanziario e Head of Research presso Integrae SIM S.p.A.<\/p>\n<p>Si \u00e8 parlato delle difficolt\u00e0 che l\u2019economia sta affrontando per effetto della pandemia, della complicata gestione degli enti locali alle prese con la scarsit\u00e0 di risorse, nonch\u00e9 del ruolo delle grandi banche in questo periodo di profonda crisi.<\/p>\n<p>[\/et_pb_text][\/et_pb_column][et_pb_column type=\"1_2\" _builder_version=\"4.16\" _module_preset=\"default\" global_colors_info=\"{}\"][et_pb_video src=\"https:\/\/vimeo.com\/505244310\" thumbnail_overlay_color=\"rgba(0,0,0,0.6)\" admin_label=\"15 maggio\" _builder_version=\"4.16\" locked=\"off\" global_colors_info=\"{}\"][\/et_pb_video][et_pb_text _builder_version=\"4.16\" _module_preset=\"default\" locked=\"off\" global_colors_info=\"{}\"]La trentatreesima puntata de \"i Venerd\u00ec dello Studio BNC\" ha visto protagonista Nadia Ghisalberti, Assessore alla Cultura di Bergamo, intervistata da Francesca Lai, giornalista di Bergamonews.<\/p>\n<p>A Bergamo, il Teatro Donizetti \u00e8 luogo di incontro per tutta la comunit\u00e0 e continuer\u00e0 ad esserlo soprattutto ora, dopo la fine del restauro. In attesa che il Donizetti torni ad essere vissuto dai cittadini (e non), Nadia Ghisalberti, al secondo mandato consecutivo, ha raccontato il ruolo cruciale dell\u2019arte per la citt\u00e0, dalla candidatura di Bergamo e Brescia a capitali della cultura 2023 ai nuovi progetti in cantiere.[\/et_pb_text][\/et_pb_column][\/et_pb_row][et_pb_row column_structure=\"1_2,1_2\" admin_label=\"riga 2 video\" _builder_version=\"4.16\" _module_preset=\"default\" global_colors_info=\"{}\"][et_pb_column type=\"1_2\" _builder_version=\"4.16\" _module_preset=\"default\" global_colors_info=\"{}\"][et_pb_video src=\"https:\/\/vimeo.com\/502593169\" thumbnail_overlay_color=\"rgba(0,0,0,0.6)\" admin_label=\"15 maggio\" _builder_version=\"4.16\" global_colors_info=\"{}\"][\/et_pb_video][et_pb_text _builder_version=\"4.16\" _module_preset=\"default\" global_colors_info=\"{}\"]<\/p>\n<p>La trentaduesima puntata de \"I venerd\u00ec dello Studio BNC ha visto protagonista Denis Masetti, fondatore, azionista di riferimento e Presidente di BFC media intervistato da Antonio Tognoli, giornalista finanziario e Head of Research presso Integrae SIM S.p.A..<br \/> Abbiamo parlato di cosa vuol dire operare nel settore dei media e di giovani, ossatura del futuro di qualsiasi paese. Crescita, redditivit\u00e0, innovazione di processo e di prodotto sono le armi vincenti in un settore da molti considerato maturo.<\/p>\n<p>[\/et_pb_text][\/et_pb_column][et_pb_column type=\"1_2\" _builder_version=\"4.16\" _module_preset=\"default\" global_colors_info=\"{}\"][et_pb_video src=\"https:\/\/vimeo.com\/500154979\" thumbnail_overlay_color=\"rgba(0,0,0,0.6)\" admin_label=\"15 maggio\" _builder_version=\"4.16\" locked=\"off\" global_colors_info=\"{}\"][\/et_pb_video][et_pb_text _builder_version=\"4.16\" _module_preset=\"default\" locked=\"off\" global_colors_info=\"{}\"]<\/p>\n<p>Dalla scorsa primavera accanto all'emergenza sanitaria dovuta al Covid-19 si \u00e8 sviluppata parallelamente una grave crisi economica che ha colpito tutti i settori. Ristori, cassa integrazione, sospensione di tributi e imposte sono stati solamente alcuni dei passaggi che hanno vissuto i commercialisti accanto alle aziende.<br \/> Un anno in trincea che non \u00e8 ancora terminato e un futuro che chiama a nuove sfide, ne abbiamo parlato con Simona Bonomelli, presidente dell'Ordine dei Commercialisti di Bergamo, e Davide Agazzi, giornalista di Bergamonews.<\/p>\n<p>[\/et_pb_text][\/et_pb_column][\/et_pb_row][et_pb_row column_structure=\"1_2,1_2\" admin_label=\"riga 2 video\" _builder_version=\"4.16\" _module_preset=\"default\" global_colors_info=\"{}\"][et_pb_column type=\"1_2\" _builder_version=\"4.16\" _module_preset=\"default\" global_colors_info=\"{}\"][et_pb_video src=\"https:\/\/vimeo.com\/498015711\" thumbnail_overlay_color=\"rgba(0,0,0,0.6)\" admin_label=\"15 maggio\" _builder_version=\"4.16\" global_colors_info=\"{}\"][\/et_pb_video][et_pb_text _builder_version=\"4.16\" _module_preset=\"default\" global_colors_info=\"{}\"]Con Enrico Cerea, che con la famiglia gestisce l'impero creato col marchio \"Da Vittorio\", abbiamo parlato di come l'alta ristorazione sta affrontando questi mesi durissimi e di come un'azienda totalmente immersa in questo settore mai risparmiato dai divieti imposti per fermare i contagi cerca ogni giorno di sopravvivere, anche in nome dei tanti dipendenti a cui d\u00e0 lavoro.[\/et_pb_text][\/et_pb_column][et_pb_column type=\"1_2\" _builder_version=\"4.16\" _module_preset=\"default\" global_colors_info=\"{}\"][et_pb_video src=\"https:\/\/vimeo.com\/491549352\" thumbnail_overlay_color=\"rgba(0,0,0,0.6)\" admin_label=\"15 maggio\" _builder_version=\"4.16\" locked=\"off\" global_colors_info=\"{}\"][\/et_pb_video][et_pb_text _builder_version=\"4.16\" _module_preset=\"default\" locked=\"off\" global_colors_info=\"{}\"]Le sfide della ripartenza, il ruolo della Camera di commercio di Bergamo in un territorio piegato (ma non vinto) dalla pandemia. Dialogo a tutto campo tra il neopresidente dell\u2019ente camerale Carlo Mazzoleni e il giornalista de L'Eco di Bergamo Dino Nikpalj sul futuro della Bergamasca, tra manifatturiero e innovazione, punti di forza e nuovi scenari con lo sguardo alla ripresa di un territorio fondamentale per il destino del sistema-Paese.[\/et_pb_text][\/et_pb_column][\/et_pb_row][et_pb_row column_structure=\"1_2,1_2\" admin_label=\"riga 2 video\" _builder_version=\"4.16\" _module_preset=\"default\" global_colors_info=\"{}\"][et_pb_column type=\"1_2\" _builder_version=\"4.16\" _module_preset=\"default\" global_colors_info=\"{}\"][et_pb_video src=\"https:\/\/vimeo.com\/488945608\" thumbnail_overlay_color=\"rgba(0,0,0,0.6)\" admin_label=\"15 maggio\" _builder_version=\"4.16\" global_colors_info=\"{}\"][\/et_pb_video][et_pb_text _builder_version=\"4.16\" _module_preset=\"default\" global_colors_info=\"{}\"]<\/p>\n<p>Questo \u00e8 il primo Natale del Terzo Millennio che viviamo in un'atmosfera surreale dovuta all'epidemia del Covid.\u00a0<span style=\"font-size: 14px;\">Un virus che ha colpito l'umanit\u00e0 tutta che si \u00e8 ritrovata a guardare dentro se stessa e ai suoi valori fondanti.<\/span><\/p>\n<p><span style=\"font-size: 14px;\">Analizzeremo le molte sfaccettature di questo avvenimento in questa intervista al Vescovo di Bergamo S.E. Mons. Francesco Beschi condotta da Davide Agazzi.<\/span><\/p>\n<p>[\/et_pb_text][\/et_pb_column][et_pb_column type=\"1_2\" _builder_version=\"4.16\" _module_preset=\"default\" global_colors_info=\"{}\"][et_pb_video src=\"https:\/\/vimeo.com\/486322773\" thumbnail_overlay_color=\"rgba(0,0,0,0.6)\" admin_label=\"15 maggio\" _builder_version=\"4.16\" global_colors_info=\"{}\"][\/et_pb_video][et_pb_text _builder_version=\"4.16\" _module_preset=\"default\" global_colors_info=\"{}\"]<\/p>\n<p>\"L\u2019attivit\u00e0 della questura di Bergamo in tempo di Covid-19\" \u00e8 il titolo del ventisettesimo appuntamento de \"I venerd\u00ec dello Studio BNC\", che ha visto ospite il Questore di Bergamo Dott. Maurizio Auriemma, introdotto da uno spezzone del documentario \u201cLa misura del tempo\u201d che riguarda proprio la nostra citt\u00e0.<\/p>\n<p><span style=\"font-size: 14px;\">E' stata l\u2019occasione per capire quale sia stato il ruolo della Polizia in questi mesi di emergenza, dal supporto all\u2019attivit\u00e0 sanitaria alla sorveglianza del territorio.<\/span><\/p>\n<p>[\/et_pb_text][\/et_pb_column][\/et_pb_row][et_pb_row column_structure=\"1_2,1_2\" admin_label=\"riga 2 video\" _builder_version=\"4.16\" _module_preset=\"default\" global_colors_info=\"{}\"][et_pb_column type=\"1_2\" _builder_version=\"4.16\" _module_preset=\"default\" global_colors_info=\"{}\"][et_pb_video src=\"https:\/\/vimeo.com\/483496281\" thumbnail_overlay_color=\"rgba(0,0,0,0.6)\" admin_label=\"15 maggio\" _builder_version=\"4.16\" global_colors_info=\"{}\"][\/et_pb_video][et_pb_text _builder_version=\"4.16\" _module_preset=\"default\" global_colors_info=\"{}\"]<\/p>\n<p><span style=\"font-size: 14px;\">Una musica che vive sul dialogo tra composizione e improvvisazione. Una musica che, nel riflettere il momento in cui prende vita, include mille altre musiche.<\/span><\/p>\n<p><span style=\"font-size: 14px;\"> Questo \u00e8 stato l'argomento della ventiseiesima puntata de \"I venerd\u00ec dello Studio BNC\", che ha visto protagonista\u00a0<\/span><span style=\"font-size: 14px;\">Maria Pia De Vito, musicista e Direttrice artistica Bergamo Jazz Festival intervistata da Roberto Valentino.<\/span><\/p>\n<p>[\/et_pb_text][\/et_pb_column][et_pb_column type=\"1_2\" _builder_version=\"4.16\" _module_preset=\"default\" global_colors_info=\"{}\"][et_pb_video src=\"https:\/\/vimeo.com\/481123376\" thumbnail_overlay_color=\"rgba(0,0,0,0.6)\" admin_label=\"15 maggio\" _builder_version=\"4.16\" global_colors_info=\"{}\"][\/et_pb_video][et_pb_text _builder_version=\"4.16\" _module_preset=\"default\" global_colors_info=\"{}\"]<\/p>\n<p>\"Il clima sociale al tempo del Covid\" \u00e8 la venticinquesima puntata de \"I venerd\u00ec dello Studio BNC\" che ha visto protagonista Nando Pagnoncelli, presidente di Ipsos Italia intervistato da Davide Agazzi, giornalista di Bergamonews.it - Quotidiano Online.\u00a0<span style=\"font-size: 14px;\">La stessa pandemia affrontata in due tempi diversi. Ligi e rigoristi nella fase della primavera scorsa, pi\u00f9 permissivi e contestatori nella seconda fase che stiamo vivendo. Attorno a noi, come cerchi concentrici sono mutati il clima sociale e quello economico. Come siamo cambiati, che cosa ci aspetta?<\/span><\/p>\n<p>[\/et_pb_text][\/et_pb_column][\/et_pb_row][et_pb_row column_structure=\"1_2,1_2\" admin_label=\"riga 2 video\" _builder_version=\"4.16\" _module_preset=\"default\" global_colors_info=\"{}\"][et_pb_column type=\"1_2\" _builder_version=\"4.16\" _module_preset=\"default\" global_colors_info=\"{}\"][et_pb_video src=\"https:\/\/player.vimeo.com\/video\/477962268?dnt=1&app_id=122963\" thumbnail_overlay_color=\"rgba(0,0,0,0.6)\" admin_label=\"15 maggio\" _builder_version=\"4.16\" global_colors_info=\"{}\"][\/et_pb_video][et_pb_text _builder_version=\"4.16\" _module_preset=\"default\" global_colors_info=\"{}\"]<\/p>\n<p>\"La Germania dall\u2019unificazione all'egemonia in Europa\" \u00e8 la ventiquattresima puntata de \"i venerd\u00ec dello Studio BNC\".<br \/> Massimo Nava, editorialista del Corriere della Sera, ci accompagna nella rilettura di trent'anni di storia del Paese che guida la locomotiva continentale, fra crisi economiche e sanitarie, forte di leader (da Kohl ad Angela Merkel) capaci di guardare sempre lontano.<\/p>\n<p>[\/et_pb_text][\/et_pb_column][et_pb_column type=\"1_2\" _builder_version=\"4.16\" _module_preset=\"default\" global_colors_info=\"{}\"][et_pb_video src=\"https:\/\/vimeo.com\/475416509\" thumbnail_overlay_color=\"rgba(0,0,0,0.6)\" admin_label=\"15 maggio\" _builder_version=\"4.16\" global_colors_info=\"{}\"][\/et_pb_video][et_pb_text _builder_version=\"4.16\" _module_preset=\"default\" global_colors_info=\"{}\"]<\/p>\n<p>Nella ventiquattresima puntata de \"I venerd\u00ec dello Studio BNC\", dal titolo \"Il mondo del vino ai tempi del Covid-19 e il rapporto con la ristorazione\", \u00e8 stata analizzata la questione della crisi del mondo vinicolo indotta dall'epidemia e le possibili prospettive future dopo questi mesi durissimi.<br \/> Ospite della puntata Pietro Pellegrini, Presidente e Direttore commerciale della Pellegrini Spa (azienda specializzata nella distribuzione vinicola) intervistato da Luca Bassi, giornalista di Bergamonews<\/p>\n<p>[\/et_pb_text][\/et_pb_column][\/et_pb_row][et_pb_row column_structure=\"1_2,1_2\" admin_label=\"riga 2 video\" _builder_version=\"4.16\" _module_preset=\"default\" global_colors_info=\"{}\"][et_pb_column type=\"1_2\" _builder_version=\"4.16\" _module_preset=\"default\" global_colors_info=\"{}\"][et_pb_video src=\"https:\/\/vimeo.com\/472942925\" thumbnail_overlay_color=\"rgba(0,0,0,0.6)\" admin_label=\"15 maggio\" _builder_version=\"4.16\" global_colors_info=\"{}\"][\/et_pb_video][et_pb_text _builder_version=\"4.16\" _module_preset=\"default\" global_colors_info=\"{}\"]<\/p>\n<p>\"LE STAGIONI DEI TEATRI\" \u00e8 la ventitreesima puntata de \"i Venerd\u00ec dello Studio BNC\" che ha visto protagoniste Maria Grazia Panigada, Direttore Artistico della stagione di Prosa e Altri Percorsi della Fondazione Teatro Donizetti e Francesca Lai, giornalista di Bergamonews.it - Quotidiano Online. Si \u00e8 parlato di arte e di racconti, del lavoro del direttore artistico, fondamentale nella scelta degli spettacoli che animano le rassegne, delle passate stagioni e di quelle che ci saranno in futuro.<\/p>\n<p>[\/et_pb_text][\/et_pb_column][et_pb_column type=\"1_2\" _builder_version=\"4.16\" _module_preset=\"default\" global_colors_info=\"{}\"][et_pb_video src=\"https:\/\/vimeo.com\/470933074\" thumbnail_overlay_color=\"rgba(0,0,0,0.6)\" admin_label=\"15 maggio\" _builder_version=\"4.16\" global_colors_info=\"{}\"][\/et_pb_video][et_pb_text _builder_version=\"4.16\" _module_preset=\"default\" global_colors_info=\"{}\"]\"Orio, la sfida di volare ancora\" \u00e8 il titolo della ventunesima puntata de \"i Venerd\u00ec dello Studio BNC\" che ha visto ospite Giovanni Sanga, presidente della SACBO S.p.A., intervistato da Dino Nikpalj, giornalista de l'Eco di Bergamo.<br \/>\nQuali sono le prospettive del trasporto aereo alla luce della pandemia? Il caso Orio al Serio.[\/et_pb_text][\/et_pb_column][\/et_pb_row][et_pb_row column_structure=\"1_2,1_2\" admin_label=\"riga 2 video\" _builder_version=\"4.16\" _module_preset=\"default\" global_colors_info=\"{}\"][et_pb_column type=\"1_2\" _builder_version=\"4.16\" _module_preset=\"default\" global_colors_info=\"{}\"][et_pb_video src=\"https:\/\/vimeo.com\/467657022\" thumbnail_overlay_color=\"rgba(0,0,0,0.6)\" admin_label=\"15 maggio\" _builder_version=\"4.16\" global_colors_info=\"{}\"][\/et_pb_video][et_pb_text _builder_version=\"4.16\" _module_preset=\"default\" global_colors_info=\"{}\"] \"Come la pandemia sta ridisegnando gli equilibri mondiali\" \u00e8 il titolo della ventesima puntata de \"i Venerd\u00ec dello Studio BNC\" che ha visto ospiti il Professor Paolo Magri, Vice Presidente Esecutivo dell\u2019Istituto per gli Studi di Politica Internazionale e docente di Relazioni Internazionali all\u2019Universit\u00e0 Bocconi ed il giornalista di Bergamonews.it Davide Agazzi, in un dibattito sul cambiamento imposto dalla pandemia ai sistemi mondiali.[\/et_pb_text][\/et_pb_column][et_pb_column type=\"1_2\" _builder_version=\"4.16\" _module_preset=\"default\" global_colors_info=\"{}\"][et_pb_video src=\"https:\/\/vimeo.com\/465698794\" thumbnail_overlay_color=\"rgba(0,0,0,0.6)\" admin_label=\"15 maggio\" _builder_version=\"4.16\" global_colors_info=\"{}\"][\/et_pb_video][et_pb_text _builder_version=\"4.16\" _module_preset=\"default\" global_colors_info=\"{}\"]\"Il trasporto pubblico a Bergamo ai tempi del Covid\" \u00e8 la diciannovesima puntata de \"i Venerd\u00ec dello Studio BNC\" che ha visto ospiti il presidente di Atb, l\u2019avvocato Enrico Felli ed il giornalista di Bergamonews.it Luca Samotti.<br \/>\nUn interessante discussione sulle prospettive di intermodalit\u00e0 e i nuovi servizi di sharing cittadini, sposati da un\u2019amministrazione comunale che da anni spinge a favore dell\u2019utilizzo dei mezzi alternativi.[\/et_pb_text][\/et_pb_column][\/et_pb_row][et_pb_row column_structure=\"1_2,1_2\" admin_label=\"riga 2 video\" _builder_version=\"4.16\" _module_preset=\"default\" global_colors_info=\"{}\"][et_pb_column type=\"1_2\" _builder_version=\"4.16\" _module_preset=\"default\" global_colors_info=\"{}\"][et_pb_video src=\"https:\/\/vimeo.com\/463854107\" thumbnail_overlay_color=\"rgba(0,0,0,0.6)\" admin_label=\"15 maggio\" _builder_version=\"4.16\" global_colors_info=\"{}\"][\/et_pb_video][et_pb_text _builder_version=\"4.16\" _module_preset=\"default\" global_colors_info=\"{}\"]Medico in prima linea, scienziato e testimone della pandemia di Covid-19 che ha colpito Bergamo, la prima zona d'Europa, il Professor Remuzzi ci indica le nuove prospettive della ricerca e il risveglio di uno spirito mondiale per salvare l'uomo.[\/et_pb_text][\/et_pb_column][et_pb_column type=\"1_2\" _builder_version=\"4.16\" _module_preset=\"default\" global_colors_info=\"{}\"][et_pb_video src=\"https:\/\/vimeo.com\/460886586\" thumbnail_overlay_color=\"rgba(0,0,0,0.6)\" admin_label=\"15 maggio\" _builder_version=\"4.16\" global_colors_info=\"{}\"][\/et_pb_video][et_pb_text _builder_version=\"4.16\" _module_preset=\"default\" global_colors_info=\"{}\"]<\/p>\n<p style=\"text-align: center;\"><span>\"La guerra non dichiarata\" la diciassettesima puntata de \"i Venerd\u00ec dello Studio BNC\" che ha visto protagonista Stefano Paleari, Professore di public management presso l\u2019<\/span><a href=\"https:\/\/www.linkedin.com\/school\/13864\/?legacySchoolId=13864\" data-attribute-index=\"1\" data-entity-hovercard-id=\"urn:li:fs_miniSchool:13864\" data-entity-type=\"MINI_SCHOOL\">Universit\u00e0 degli Studi di Bergamo<\/a><span>\u00a0intervistato dal\u00a0<\/span><a href=\"https:\/\/www.linkedin.com\/in\/ACoAAAXHyvoBxwYhw3vEvaMEj1YnNjn5gneW4Y8\" data-attribute-index=\"3\" data-entity-hovercard-id=\"urn:li:fs_miniProfile:ACoAAAXHyvoBxwYhw3vEvaMEj1YnNjn5gneW4Y8\" data-entity-type=\"MINI_PROFILE\">Dino Nikpalj<\/a><span>, giornalista de L'Eco di Bergamo<\/span><br \/> <span>Come siamo arrivati a questo punto e come ne usciamo? E soprattutto, ne usciamo? Un dialogo sulla crisi del Paese che ha radici profonde, oltre l'<\/span><a href=\"https:\/\/www.linkedin.com\/feed\/hashtag\/?keywords=emergenza&amp;highlightedUpdateUrns=urn%3Ali%3Aactivity%3A6715144692209635328\" data-attribute-index=\"5\">#emergenza<\/a><span>\u00a0<\/span><a href=\"https:\/\/www.linkedin.com\/feed\/hashtag\/?keywords=covid&amp;highlightedUpdateUrns=urn%3Ali%3Aactivity%3A6715144692209635328\" data-attribute-index=\"6\">#Covid<\/a><span>.<\/span><\/p>\n<p>[\/et_pb_text][\/et_pb_column][\/et_pb_row][et_pb_row column_structure=\"1_2,1_2\" admin_label=\"row\" _builder_version=\"4.16\" background_size=\"initial\" background_position=\"top_left\" background_repeat=\"repeat\" global_colors_info=\"{}\" min_height__hover_enabled=\"on|desktop\"][et_pb_column type=\"1_2\" _builder_version=\"4.16\" custom_padding=\"|||\" global_colors_info=\"{}\" custom_padding__hover=\"|||\"][et_pb_video src=\"https:\/\/vimeo.com\/459086292\" thumbnail_overlay_color=\"rgba(0,0,0,0.6)\" admin_label=\"15 maggio\" _builder_version=\"4.16\" global_colors_info=\"{}\"][\/et_pb_video][et_pb_text _builder_version=\"4.16\" _module_preset=\"44a3840a-8832-47be-8114-3e6c9eab9f49\" locked=\"off\" global_colors_info=\"{}\"]<\/p>\n<p style=\"text-align: center;\">\"Quale scuola e quale futuro?\" la sedicesima puntata de \"i Venerd\u00ec dello Studio BNC\" che ha visto protagonisti Marco Cimmino, Storico della Societ\u00e0 italiana di storia militare e Dino Nikpalj, giornalista de L\u2019Eco di Bergamo.<br \/> Quale scuola ci attende? Dopo mesi di confronti su rotelle, banchi e didattica a distanza, proviamo ad andare oltre. L\u2019anno scolastico \u00e8 iniziato con tutte le difficolt\u00e0 del caso, ma anche una certezza da ripristinare: quella che non c\u2019\u00e8 futuro per questo Paese se non si punta davvero sulla scuola.<\/p>\n<p>[\/et_pb_text][et_pb_video src=\"https:\/\/vimeo.com\/453695647\" thumbnail_overlay_color=\"rgba(0,0,0,0.6)\" admin_label=\"15 maggio\" _builder_version=\"4.16\" global_colors_info=\"{}\"][\/et_pb_video][et_pb_text _builder_version=\"4.16\" _module_preset=\"44a3840a-8832-47be-8114-3e6c9eab9f49\" global_colors_info=\"{}\"]<\/p>\n<p style=\"text-align: center;\">Il ruolo delle Banche centrali, la moneta, le politiche fiscali e creditizie nello scenario globale. Con il professor\u00a0Mario Comana, docente alla Luiss di Roma, entriamo nel vivo delle dinamiche economiche che regolano la vita degli Stati e dei loro cittadini. \u201cCredito e finanza al tempo dei tassi 0\u201d \u00e8 il tema del confronto con il giornalista\u00a0Cesare Zapperi\u00a0(Corriere della Sera) organizzato per aiutarci a comprendere la congiuntura che stiamo vivendo e cosa si prospetta all\u2019orizzonte, alla luce anche delle conseguenze della crisi provocata dalla pandemia.<\/p>\n<p>[\/et_pb_text][et_pb_video src=\"https:\/\/vimeo.com\/440660409\" thumbnail_overlay_color=\"rgba(0,0,0,0.6)\" admin_label=\"29 giugno\" _builder_version=\"4.16\" global_colors_info=\"{}\"][\/et_pb_video][et_pb_text admin_label=\"Testo\" _builder_version=\"4.16\" _module_preset=\"44a3840a-8832-47be-8114-3e6c9eab9f49\" text_font_size=\"15px\" global_colors_info=\"{}\"]<\/p>\n<p style=\"text-align: center;\"><span>Insieme alla senatrice<span style=\"color: #3366ff;\"> Alessandra Gallone<\/span> ripercorreremo le battaglie sostenute in questi mesi a supporto delle categorie troppo spesso dimenticate, o per contrastare misure sbagliate che pesano su settori come scuola, trasporti e turismo.<\/span><\/p>\n<p>[\/et_pb_text][et_pb_video src=\"https:\/\/vimeo.com\/436776871\" thumbnail_overlay_color=\"rgba(0,0,0,0.6)\" admin_label=\"29 giugno\" _builder_version=\"4.16\" global_colors_info=\"{}\"][\/et_pb_video][et_pb_text admin_label=\"Testo\" _builder_version=\"4.16\" _module_preset=\"44a3840a-8832-47be-8114-3e6c9eab9f49\" text_font_size=\"15px\" global_colors_info=\"{}\"]<\/p>\n<p style=\"text-align: center;\">Prima dell'emergenza <span style=\"color: #0075b5;\">Covid-19<\/span>, il settore dell'edilizia aveva registrato un aumento degli investimenti e la Cassa edile locale confermava la ripresa.  <span style=\"color: #0075b5;\">Davide Agazzi<\/span> ne parler\u00e0 con <span style=\"color: #0075b5;\">Vanessa Pesenti<\/span>, presidente di Ance Bergamo.<\/p>\n<p>[\/et_pb_text][et_pb_video src=\"https:\/\/vimeo.com\/432124306\" thumbnail_overlay_color=\"rgba(0,0,0,0.6)\" admin_label=\"15 maggio\" _builder_version=\"4.16\" _module_preset=\"ae8dd90b-2327-45f2-97c2-13e82b9b91c7\" global_colors_info=\"{}\"][\/et_pb_video][et_pb_text admin_label=\"Testo\" _builder_version=\"4.16\" _module_preset=\"44a3840a-8832-47be-8114-3e6c9eab9f49\" text_font_size=\"15px\" global_colors_info=\"{}\"]<\/p>\n<p style=\"text-align: center;\"><span>il Rettore dell'<\/span><a href=\"https:\/\/www.linkedin.com\/company\/unibergamo\/\" data-attribute-index=\"0\" data-entity-hovercard-id=\"urn:li:fs_miniCompany:15094449\" data-entity-type=\"MINI_COMPANY\">Universit\u00e0 degli Studi di Bergamo<\/a><span>\u00a0Remo Morzenti Pellegrini, ci accompagner\u00e0 in una discussione su \u201cLa formazione e la cultura alla prova dell'emergenza e della ripresa\u201d per rileggere quei mesi della pandemia che hanno scoperto uno spirito di identit\u00e0, di unit\u00e0 e d'appartenenza, oltre a cambiare per sempre il rapporto tra docenti e studenti. Una lezione di vita che diventa magistrale.<\/span><\/p>\n<p>[\/et_pb_text][et_pb_video src=\"https:\/\/vimeo.com\/427735642\" thumbnail_overlay_color=\"rgba(0,0,0,0.6)\" admin_label=\"15 maggio\" _builder_version=\"4.16\" global_colors_info=\"{}\"][\/et_pb_video][et_pb_text admin_label=\"Testo\" _builder_version=\"4.16\" _module_preset=\"44a3840a-8832-47be-8114-3e6c9eab9f49\" text_font_size=\"15px\" global_colors_info=\"{}\"]<\/p>\n<p style=\"text-align: center;\">\u201cIl Covid, l\u2019industria e il fare sistema\u201d, il sesto appuntamento con \u201cI venerd\u00ec dello\u00a0<a href=\"https:\/\/www.linkedin.com\/company\/36991913\/\" data-attribute-index=\"1\" data-entity-hovercard-id=\"urn:li:fs_miniCompany:36991913\" data-entity-type=\"MINI_COMPANY\">Studio BNC<\/a>\u201d in cui\u00a0<a href=\"https:\/\/www.linkedin.com\/in\/ACoAAATfet4Blsq7cB9Ex9oC9LRtTMQ7WtY4zLk\" data-attribute-index=\"3\" data-entity-hovercard-id=\"urn:li:fs_miniProfile:ACoAAATfet4Blsq7cB9Ex9oC9LRtTMQ7WtY4zLk\" data-entity-type=\"MINI_PROFILE\">Davide Agazzi<\/a>, giornalista di\u00a0<a href=\"https:\/\/www.linkedin.com\/in\/ACoAAC578QIBwg3B3jWHqR0bI8Tf32oi1y6itps\" data-attribute-index=\"5\" data-entity-hovercard-id=\"urn:li:fs_miniProfile:ACoAAC578QIBwg3B3jWHqR0bI8Tf32oi1y6itps\" data-entity-type=\"MINI_PROFILE\">Bergamonews<\/a>, intervista\u00a0<a href=\"https:\/\/www.linkedin.com\/in\/ACoAABP83OABvSQ8zIwdvC55Gil82JaQ48Qgmic\" data-attribute-index=\"7\" data-entity-hovercard-id=\"urn:li:fs_miniProfile:ACoAABP83OABvSQ8zIwdvC55Gil82JaQ48Qgmic\" data-entity-type=\"MINI_PROFILE\">Paolo Piantoni<\/a>, Direttore Generale di Confindustria Bergamo.<\/p>\n<p>[\/et_pb_text][et_pb_video src=\"https:\/\/vimeo.com\/423083162\" thumbnail_overlay_color=\"rgba(0,0,0,0.6)\" admin_label=\"29 maggio\" _builder_version=\"4.16\" global_colors_info=\"{}\"][\/et_pb_video][et_pb_text admin_label=\"Testo\" _builder_version=\"4.16\" _module_preset=\"44a3840a-8832-47be-8114-3e6c9eab9f49\" text_font_size=\"15px\" global_colors_info=\"{}\"]<\/p>\n<p style=\"text-align: center;\">Il giornalista e autore di libri sullo Sport Management\u00a0<a href=\"https:\/\/www.linkedin.com\/in\/ACoAAAVJW08B3ZhXoqZdlScvXyPKMe2JHYu7MQg\" data-attribute-index=\"0\" data-entity-hovercard-id=\"urn:li:fs_miniProfile:ACoAAAVJW08B3ZhXoqZdlScvXyPKMe2JHYu7MQg\" data-entity-type=\"MINI_PROFILE\">Enrico Flavio Giangreco<\/a>\u00a0e il direttore della testata on-line Terzo Tempo Sport Magazine Eugenio Sorrentino sono gli ospiti del quarto appuntamento con \"I venerd\u00ec dello Studio BNC\"<\/p>\n<p>[\/et_pb_text][et_pb_video src=\"https:\/\/vimeo.com\/417622745\" thumbnail_overlay_color=\"rgba(0,0,0,0.6)\" admin_label=\"15 Maggio\" _builder_version=\"4.16\" global_colors_info=\"{}\"][\/et_pb_video][et_pb_text admin_label=\"Testo\" _builder_version=\"4.16\" _module_preset=\"44a3840a-8832-47be-8114-3e6c9eab9f49\" text_font_size=\"15px\" global_colors_info=\"{}\"]<\/p>\n<p style=\"text-align: center;\">Gli ospiti, Mons.\u00a0<a href=\"https:\/\/www.linkedin.com\/in\/don-giulio-dellavite-a9486438\" data-attribute-index=\"0\" data-entity-hovercard-id=\"urn:li:fs_miniProfile:ACoAAAf1JxABfxDEZSGW6OtLJty89hBS7zE30UE\" data-entity-type=\"MINI_PROFILE\">Don Giulio Dellavite<\/a>, Segretario Generale della Curia Vescovile di Bergamo con il Dott.\u00a0<a href=\"https:\/\/www.linkedin.com\/in\/giuseppe-stefanelli-91550436\" data-attribute-index=\"2\" data-entity-hovercard-id=\"urn:li:fs_miniProfile:ACoAAAeMvCEB3up64qYBINYEA93QSEOnUxpI7uM\" data-entity-type=\"MINI_PROFILE\">Giuseppe Stefanelli<\/a>, A.D. di\u00a0<a tabindex=\"-1\" href=\"https:\/\/www.linkedin.com\/company\/automha\/?lipi=urn%3Ali%3Apage%3Ad_flagship3_company_admin%3Bttj3Unv4Rpuk6dPFdPHUTw%3D%3D\" data-attribute-index=\"4\" data-entity-hovercard-id=\"urn:li:fs_miniCompany:2365191\" data-entity-type=\"MINI_COMPANY\" aria-expanded=\"false\" aria-controls=\"undefined\" data-artdeco-is-focused=\"true\" data-ntt-old-href=\"https:\/\/www.linkedin.com\/company\/automha\/\">Automha S.p.A.<\/a> approfondiscono come, in questi momenti di difficolt\u00e0, il ruolo del manager non sia solo quello di gestire le persone e gli avvenimenti, ma soprattutto quello di ascoltare e di incoraggiare i propri collaboratori. Perch\u00e9 il leader migliore \u00e8 manager fuori e monaco dentro.<\/p>\n<p>[\/et_pb_text][\/et_pb_column][et_pb_column type=\"1_2\" _builder_version=\"4.16\" custom_padding=\"|||\" global_colors_info=\"{}\" custom_padding__hover=\"|||\"][et_pb_video src=\"https:\/\/vimeo.com\/456550888\" thumbnail_overlay_color=\"rgba(0,0,0,0.6)\" admin_label=\"15 maggio\" _builder_version=\"4.16\" global_colors_info=\"{}\"][\/et_pb_video][et_pb_text _builder_version=\"4.16\" _module_preset=\"44a3840a-8832-47be-8114-3e6c9eab9f49\" locked=\"off\" global_colors_info=\"{}\"]<\/p>\n<p style=\"text-align: center;\">Sanit\u00e0, sviluppo e territorio: uno sguardo oltre l'emergenza, la quindicesima puntata de \"i Venerd\u00ec dello Studio BNC\" che vedr\u00e0 protagonisti la deputata bergamasca elena carnevali assieme a Davide Agazzi, giornalista di Bergamonews.it - Quotidiano Online<br \/> Sanit\u00e0, sviluppo e territorio: le scelte fatte, gli errori da non ripetere e la direzione da seguire per una nuova stagione di riforme.<br \/> Diretta visibile anche sul sito<br \/> https:\/\/lnkd.in\/dpvwNye<\/p>\n<p>[\/et_pb_text][et_pb_video src=\"https:\/\/vimeo.com\/441949690\" thumbnail_overlay_color=\"rgba(0,0,0,0.6)\" admin_label=\"15 maggio\" _builder_version=\"4.16\" global_colors_info=\"{}\"][\/et_pb_video][et_pb_text admin_label=\"Testo\" _builder_version=\"4.16\" _module_preset=\"44a3840a-8832-47be-8114-3e6c9eab9f49\" text_font_size=\"15px\" global_colors_info=\"{}\"]<\/p>\n<p style=\"text-align: center;\"><span>\u00a0\"Dal Covid al recovery found, quali scelte per riprogettare il paese\", la tredicesima puntata de \u201cI Venerd\u00ec dello\u00a0<\/span><span style=\"color: #3366ff;\">Studio BNC<\/span><a href=\"https:\/\/www.linkedin.com\/company\/studio-bnc\/\" data-attribute-index=\"1\" data-entity-hovercard-id=\"urn:li:fs_miniCompany:36991913\" data-entity-type=\"MINI_COMPANY\"><\/a><span>\u201d che vedr\u00e0 protagonista il Sottosegretario al Ministero dell\u2019economia e delle finanze, nonch\u00e9 senatore bergamasco\u00a0<\/span><span style=\"color: #3366ff;\">Antonio Misiani<\/span><span>.<\/span><\/p>\n<p>[\/et_pb_text][et_pb_video src=\"https:\/\/vimeo.com\/438952999\" thumbnail_overlay_color=\"rgba(0,0,0,0.6)\" admin_label=\"15 maggio\" _builder_version=\"4.16\" global_colors_info=\"{}\"][\/et_pb_video][et_pb_text admin_label=\"Testo\" _builder_version=\"4.16\" _module_preset=\"44a3840a-8832-47be-8114-3e6c9eab9f49\" text_font_size=\"15px\" global_colors_info=\"{}\"]<\/p>\n<p style=\"text-align: center;\"><span>\u00a0\u201cC\u2019era una volta il Cinema\u201d \u00e8 il titolo della prossima puntata de \u201cI venerd\u00ec dello <span style=\"color: #0075b5;\">Studio BNC<\/span>\u201d che vedr\u00e0 dialogare il giornalista e scrittore <span style=\"color: #0075b5;\">Fabio Santini<\/span> con il direttore artistico di Bergamo Film Meeting <span style=\"color: #0075b5;\">Angelo Signorelli<\/span>.<\/span><\/p>\n<p>[\/et_pb_text][et_pb_video src=\"https:\/\/vimeo.com\/434697981\" thumbnail_overlay_color=\"rgba(0,0,0,0.6)\" admin_label=\"15 maggio\" _builder_version=\"4.16\" global_colors_info=\"{}\"][\/et_pb_video][et_pb_text admin_label=\"Testo\" _builder_version=\"4.16\" _module_preset=\"44a3840a-8832-47be-8114-3e6c9eab9f49\" text_font_size=\"15px\" global_colors_info=\"{}\"]<\/p>\n<p style=\"text-align: center;\"><span>\u00a0\u201cL\u2019editoria contro l\u2019infodemia\u201d, la nona puntata de \u201cI venerd\u00ec dello\u00a0<\/span><a href=\"https:\/\/www.linkedin.com\/company\/studio-bnc\/\" data-attribute-index=\"0\" data-entity-hovercard-id=\"urn:li:fs_miniCompany:36991913\" data-entity-type=\"MINI_COMPANY\">Studio BNC<\/a><span>\", insieme a Massimo Cincera, presidente e AD di\u00a0<\/span><a href=\"https:\/\/www.linkedin.com\/company\/sesaabservizzidivisionespm\/\" data-attribute-index=\"2\" data-entity-hovercard-id=\"urn:li:fs_miniCompany:11132075\" data-entity-type=\"MINI_COMPANY\">Sesaab Servizi - Divisione S.P.M.<\/a><span>, societ\u00e0 editrice di Bergamo, e\u00a0<\/span><a href=\"https:\/\/www.linkedin.com\/in\/ACoAACnp_fYBYmu1p0cRaSMM1L81g4cXNtRO4bM\" data-attribute-index=\"4\" data-entity-hovercard-id=\"urn:li:fs_miniProfile:ACoAACnp_fYBYmu1p0cRaSMM1L81g4cXNtRO4bM\" data-entity-type=\"MINI_PROFILE\">Isaia Invernizzi<\/a><span>, giornalista de L'Eco di Bergamo.<\/span><\/p>\n<p>[\/et_pb_text][et_pb_video src=\"https:\/\/vimeo.com\/430328661\" thumbnail_overlay_color=\"rgba(0,0,0,0.6)\" admin_label=\"29 giugno\" _builder_version=\"4.16\" global_colors_info=\"{}\"][\/et_pb_video][et_pb_text admin_label=\"Testo\" _builder_version=\"4.16\" _module_preset=\"44a3840a-8832-47be-8114-3e6c9eab9f49\" text_font_size=\"15px\" global_colors_info=\"{}\"]<\/p>\n<p style=\"text-align: center;\">\"Bergamo, l\u2019Italia e il futuro\u201d. Settimo appuntamento con \u201cI venerd\u00ec dello\u00a0<a href=\"https:\/\/www.linkedin.com\/company\/36991913\/\" data-attribute-index=\"0\" data-entity-hovercard-id=\"urn:li:fs_miniCompany:36991913\" data-entity-type=\"MINI_COMPANY\">Studio BNC<\/a>\u201d in cui Giorgio Gori, Sindaco del\u00a0<a href=\"https:\/\/www.linkedin.com\/company\/9176877\/\" data-attribute-index=\"2\" data-entity-hovercard-id=\"urn:li:fs_miniCompany:9176877\" data-entity-type=\"MINI_COMPANY\">Comune di Bergamo<\/a>\u00a0e\u00a0<a href=\"https:\/\/www.linkedin.com\/in\/ACoAABizV0YB14vvdhlYm0A6Ls3ZD1SG1hbcnYY\" data-attribute-index=\"4\" data-entity-hovercard-id=\"urn:li:fs_miniProfile:ACoAABizV0YB14vvdhlYm0A6Ls3ZD1SG1hbcnYY\" data-entity-type=\"MINI_PROFILE\">beppe severgnini<\/a>, scrittore ed editorialista del\u00a0<a href=\"https:\/\/www.linkedin.com\/company\/1258155\/\" data-attribute-index=\"6\" data-entity-hovercard-id=\"urn:li:fs_miniCompany:1258155\" data-entity-type=\"MINI_COMPANY\">Corriere della Sera<\/a> si confrontano per una riflessione sulle nuove condizioni sociali ed economiche determinate dalla pandemia.<\/p>\n<p>[\/et_pb_text][et_pb_video src=\"https:\/\/vimeo.com\/425502034\" thumbnail_overlay_color=\"rgba(0,0,0,0.6)\" admin_label=\"05 giugno\" _builder_version=\"4.16\" global_colors_info=\"{}\"][\/et_pb_video][et_pb_text admin_label=\"Testo\" _builder_version=\"4.16\" _module_preset=\"44a3840a-8832-47be-8114-3e6c9eab9f49\" text_font_size=\"15px\" global_colors_info=\"{}\"]<\/p>\n<p style=\"text-align: center;\">\"La banca che mi aspetto: soprattutto adesso\": protagonisti il Dott.\u00a0<a href=\"https:\/\/www.linkedin.com\/in\/ACoAABM5ymQByY278JYwkL_F-Lmyit-Cyw4gGow\" data-attribute-index=\"2\" data-entity-hovercard-id=\"urn:li:fs_miniProfile:ACoAABM5ymQByY278JYwkL_F-Lmyit-Cyw4gGow\" data-entity-type=\"MINI_PROFILE\"><strong>Luca Gotti<\/strong><\/a>, direttore macroarea territoriale Bergamo e Lombardia Ovest -\u00a0<a href=\"https:\/\/www.linkedin.com\/company\/1255190\/\" data-attribute-index=\"4\" data-entity-hovercard-id=\"urn:li:fs_miniCompany:1255190\" data-entity-type=\"MINI_COMPANY\"><strong>UBI Banca<\/strong><\/a>\u00a0e il giornalista di Bergamonews\u00a0<a href=\"https:\/\/www.linkedin.com\/in\/ACoAAATfet4Blsq7cB9Ex9oC9LRtTMQ7WtY4zLk\" data-attribute-index=\"6\" data-entity-hovercard-id=\"urn:li:fs_miniProfile:ACoAAATfet4Blsq7cB9Ex9oC9LRtTMQ7WtY4zLk\" data-entity-type=\"MINI_PROFILE\"><strong>Davide Agazzi<\/strong><\/a>.<\/p>\n<p>[\/et_pb_text][et_pb_video src=\"https:\/\/vimeo.com\/420597951\" thumbnail_overlay_color=\"rgba(0,0,0,0.6)\" admin_label=\"27 maggio\" _builder_version=\"4.16\" global_colors_info=\"{}\"][\/et_pb_video][et_pb_text admin_label=\"Testo\" _builder_version=\"4.16\" _module_preset=\"44a3840a-8832-47be-8114-3e6c9eab9f49\" text_font_size=\"15px\" global_colors_info=\"{}\"]<\/p>\n<p style=\"text-align: center;\"><span id=\"ember1079\" class=\"ember-view\">Nel terzo appuntamento con \"I venerd\u00ec dello <\/span><a id=\"ember1083\" class=\"tap-target feed-shared-text-view__mention ember-view\" href=\"https:\/\/www.linkedin.com\/company\/studio-bnc\/\" target=\"_self\" rel=\"noopener noreferrer\"><span data-entity-hovercard-id=\"urn:li:fs_miniCompany:36991913\" data-entity-type=\"MINI_COMPANY\">Studio BNC<\/span><\/a><span id=\"ember1087\" class=\"ember-view\">\u201d il Maestro Francesco Micheli, Direttore artistico del festival Donizetti Opera, dialogher\u00e0 con <\/span><a id=\"ember1091\" class=\"tap-target feed-shared-text-view__mention ember-view\" href=\"https:\/\/www.linkedin.com\/in\/ACoAAATfet4Blsq7cB9Ex9oC9LRtTMQ7WtY4zLk\/\" target=\"_self\" rel=\"noopener noreferrer\"><span data-entity-hovercard-id=\"urn:li:fs_miniProfile:ACoAAATfet4Blsq7cB9Ex9oC9LRtTMQ7WtY4zLk\" data-entity-type=\"MINI_PROFILE\">Davide Agazzi<\/span><\/a><span id=\"ember1095\" class=\"ember-view\">, giornalista di <\/span><a id=\"ember1099\" class=\"tap-target feed-shared-text-view__mention ember-view\" href=\"https:\/\/www.linkedin.com\/company\/bergamonews\/\" target=\"_self\" rel=\"noopener noreferrer\"><span data-entity-hovercard-id=\"urn:li:fs_miniCompany:58756454\" data-entity-type=\"MINI_COMPANY\">Bergamonews<\/span><\/a><\/p>\n<p>[\/et_pb_text][et_pb_video src=\"https:\/\/vimeo.com\/416235534\" thumbnail_overlay_color=\"rgba(0,0,0,0.6)\" admin_label=\"8 maggio\" _builder_version=\"4.16\" locked=\"off\" global_colors_info=\"{}\"][\/et_pb_video][et_pb_text admin_label=\"Testo\" _builder_version=\"4.16\" _module_preset=\"44a3840a-8832-47be-8114-3e6c9eab9f49\" text_font_size=\"15px\" locked=\"off\" global_colors_info=\"{}\"]<\/p>\n<p style=\"text-align: center;\">Il giornalista del Corriere della Sera, Cesare Zapperi, intervista il Prof. Pino Roma, Docente universitario, gi\u00e0 alto direttore Banca d\u2019Italia, per dare suggerimenti sulla gestione e la pianificazione di questa nuova normalit\u00e0.<\/p>\n<p>[\/et_pb_text][\/et_pb_column][\/et_pb_row][\/et_pb_section]<\/p>\n","protected":false},"excerpt":{"rendered":"<p>I venerd\u00ec dello Studio BNC - Eventi precedenti2021 \u201cNe usciremo migliori\u201d. Ripetevamo tutti nel primo periodo della pandemia Covid.\u00a0\u00c8 stato davvero cos\u00ec? \u00c8 cos\u00ec? Monsignor Giulio Dellavite apre una riflessione sulla realt\u00e0 come desiderio di \u201ctornare al bello\u201d. Un percorso che inizia da noi stessi. A intervistarlo Davide Agazzi, giornalista di Bergamonews. Venerd\u00ec scorso Coniugare\u00a0creativit\u00e0\u00a0e\u00a0rigore\u00a0\u00e8 [&hellip;]<\/p>\n","protected":false},"author":1,"featured_media":329,"parent":0,"menu_order":0,"comment_status":"closed","ping_status":"closed","template":"","meta":{"_et_pb_use_builder":"on","_et_pb_old_content":"","_et_gb_content_width":"","footnotes":""},"class_list":["post-2919","page","type-page","status-publish","has-post-thumbnail","hentry"],"yoast_head":"<!-- This site is optimized with the Yoast SEO plugin v27.4 - https:\/\/yoast.com\/product\/yoast-seo-wordpress\/ -->\n<title>Archivio 2021 - I venerd\u00ec dello studio BNC - Studio BNC<\/title>\n<meta name=\"robots\" content=\"index, follow, max-snippet:-1, max-image-preview:large, max-video-preview:-1\" \/>\n<link rel=\"canonical\" href=\"https:\/\/www.studiobnc.net\/sito\/archivio-2021-i-venerdi-dello-studio-bnc\/\" \/>\n<meta property=\"og:locale\" content=\"it_IT\" \/>\n<meta property=\"og:type\" content=\"article\" \/>\n<meta property=\"og:title\" content=\"Archivio 2021 - I venerd\u00ec dello studio BNC - Studio BNC\" \/>\n<meta property=\"og:description\" content=\"I venerd\u00ec dello Studio BNC - Eventi precedenti2021 \u201cNe usciremo migliori\u201d. Ripetevamo tutti nel primo periodo della pandemia Covid.\u00a0\u00c8 stato davvero cos\u00ec? \u00c8 cos\u00ec? Monsignor Giulio Dellavite apre una riflessione sulla realt\u00e0 come desiderio di \u201ctornare al bello\u201d. Un percorso che inizia da noi stessi. A intervistarlo Davide Agazzi, giornalista di Bergamonews. Venerd\u00ec scorso Coniugare\u00a0creativit\u00e0\u00a0e\u00a0rigore\u00a0\u00e8 [&hellip;]\" \/>\n<meta property=\"og:url\" content=\"https:\/\/www.studiobnc.net\/sito\/archivio-2021-i-venerdi-dello-studio-bnc\/\" \/>\n<meta property=\"og:site_name\" content=\"Studio BNC\" \/>\n<meta property=\"article:modified_time\" content=\"2022-11-22T13:43:58+00:00\" \/>\n<meta property=\"og:image\" content=\"https:\/\/www.studiobnc.net\/sito\/wp-content\/uploads\/2020\/03\/BNC.png\" \/>\n\t<meta property=\"og:image:width\" content=\"1448\" \/>\n\t<meta property=\"og:image:height\" content=\"549\" \/>\n\t<meta property=\"og:image:type\" content=\"image\/png\" \/>\n<meta name=\"twitter:card\" content=\"summary_large_image\" \/>\n<script type=\"application\/ld+json\" class=\"yoast-schema-graph\">{\"@context\":\"https:\\\/\\\/schema.org\",\"@graph\":[{\"@type\":\"WebPage\",\"@id\":\"https:\\\/\\\/www.studiobnc.net\\\/sito\\\/archivio-2021-i-venerdi-dello-studio-bnc\\\/\",\"url\":\"https:\\\/\\\/www.studiobnc.net\\\/sito\\\/archivio-2021-i-venerdi-dello-studio-bnc\\\/\",\"name\":\"Archivio 2021 - I venerd\u00ec dello studio BNC - Studio BNC\",\"isPartOf\":{\"@id\":\"https:\\\/\\\/www.studiobnc.net\\\/sito\\\/#website\"},\"primaryImageOfPage\":{\"@id\":\"https:\\\/\\\/www.studiobnc.net\\\/sito\\\/archivio-2021-i-venerdi-dello-studio-bnc\\\/#primaryimage\"},\"image\":{\"@id\":\"https:\\\/\\\/www.studiobnc.net\\\/sito\\\/archivio-2021-i-venerdi-dello-studio-bnc\\\/#primaryimage\"},\"thumbnailUrl\":\"https:\\\/\\\/www.studiobnc.net\\\/sito\\\/wp-content\\\/uploads\\\/2020\\\/03\\\/BNC.png\",\"datePublished\":\"2022-11-22T13:43:42+00:00\",\"dateModified\":\"2022-11-22T13:43:58+00:00\",\"breadcrumb\":{\"@id\":\"https:\\\/\\\/www.studiobnc.net\\\/sito\\\/archivio-2021-i-venerdi-dello-studio-bnc\\\/#breadcrumb\"},\"inLanguage\":\"it-IT\",\"potentialAction\":[{\"@type\":\"ReadAction\",\"target\":[\"https:\\\/\\\/www.studiobnc.net\\\/sito\\\/archivio-2021-i-venerdi-dello-studio-bnc\\\/\"]}]},{\"@type\":\"ImageObject\",\"inLanguage\":\"it-IT\",\"@id\":\"https:\\\/\\\/www.studiobnc.net\\\/sito\\\/archivio-2021-i-venerdi-dello-studio-bnc\\\/#primaryimage\",\"url\":\"https:\\\/\\\/www.studiobnc.net\\\/sito\\\/wp-content\\\/uploads\\\/2020\\\/03\\\/BNC.png\",\"contentUrl\":\"https:\\\/\\\/www.studiobnc.net\\\/sito\\\/wp-content\\\/uploads\\\/2020\\\/03\\\/BNC.png\",\"width\":1448,\"height\":549},{\"@type\":\"BreadcrumbList\",\"@id\":\"https:\\\/\\\/www.studiobnc.net\\\/sito\\\/archivio-2021-i-venerdi-dello-studio-bnc\\\/#breadcrumb\",\"itemListElement\":[{\"@type\":\"ListItem\",\"position\":1,\"name\":\"Home\",\"item\":\"https:\\\/\\\/www.studiobnc.net\\\/sito\\\/\"},{\"@type\":\"ListItem\",\"position\":2,\"name\":\"Archivio 2021 &#8211; I venerd\u00ec dello studio BNC\"}]},{\"@type\":\"WebSite\",\"@id\":\"https:\\\/\\\/www.studiobnc.net\\\/sito\\\/#website\",\"url\":\"https:\\\/\\\/www.studiobnc.net\\\/sito\\\/\",\"name\":\"Circolari Studio BNC\",\"description\":\"Studio BNC\",\"publisher\":{\"@id\":\"https:\\\/\\\/www.studiobnc.net\\\/sito\\\/#organization\"},\"potentialAction\":[{\"@type\":\"SearchAction\",\"target\":{\"@type\":\"EntryPoint\",\"urlTemplate\":\"https:\\\/\\\/www.studiobnc.net\\\/sito\\\/?s={search_term_string}\"},\"query-input\":{\"@type\":\"PropertyValueSpecification\",\"valueRequired\":true,\"valueName\":\"search_term_string\"}}],\"inLanguage\":\"it-IT\"},{\"@type\":\"Organization\",\"@id\":\"https:\\\/\\\/www.studiobnc.net\\\/sito\\\/#organization\",\"name\":\"Studio BNC\",\"url\":\"https:\\\/\\\/www.studiobnc.net\\\/sito\\\/\",\"logo\":{\"@type\":\"ImageObject\",\"inLanguage\":\"it-IT\",\"@id\":\"https:\\\/\\\/www.studiobnc.net\\\/sito\\\/#\\\/schema\\\/logo\\\/image\\\/\",\"url\":\"https:\\\/\\\/www.studiobnc.net\\\/sito\\\/wp-content\\\/uploads\\\/2020\\\/03\\\/BNC.png\",\"contentUrl\":\"https:\\\/\\\/www.studiobnc.net\\\/sito\\\/wp-content\\\/uploads\\\/2020\\\/03\\\/BNC.png\",\"width\":1448,\"height\":549,\"caption\":\"Studio BNC\"},\"image\":{\"@id\":\"https:\\\/\\\/www.studiobnc.net\\\/sito\\\/#\\\/schema\\\/logo\\\/image\\\/\"},\"sameAs\":[\"http:\\\/\\\/linkedin.com\\\/company\\\/studio-bnc\"]}]}<\/script>\n<!-- \/ Yoast SEO plugin. -->","yoast_head_json":{"title":"Archivio 2021 - I venerd\u00ec dello studio BNC - Studio BNC","robots":{"index":"index","follow":"follow","max-snippet":"max-snippet:-1","max-image-preview":"max-image-preview:large","max-video-preview":"max-video-preview:-1"},"canonical":"https:\/\/www.studiobnc.net\/sito\/archivio-2021-i-venerdi-dello-studio-bnc\/","og_locale":"it_IT","og_type":"article","og_title":"Archivio 2021 - I venerd\u00ec dello studio BNC - Studio BNC","og_description":"I venerd\u00ec dello Studio BNC - Eventi precedenti2021 \u201cNe usciremo migliori\u201d. Ripetevamo tutti nel primo periodo della pandemia Covid.\u00a0\u00c8 stato davvero cos\u00ec? \u00c8 cos\u00ec? Monsignor Giulio Dellavite apre una riflessione sulla realt\u00e0 come desiderio di \u201ctornare al bello\u201d. Un percorso che inizia da noi stessi. A intervistarlo Davide Agazzi, giornalista di Bergamonews. Venerd\u00ec scorso Coniugare\u00a0creativit\u00e0\u00a0e\u00a0rigore\u00a0\u00e8 [&hellip;]","og_url":"https:\/\/www.studiobnc.net\/sito\/archivio-2021-i-venerdi-dello-studio-bnc\/","og_site_name":"Studio BNC","article_modified_time":"2022-11-22T13:43:58+00:00","og_image":[{"width":1448,"height":549,"url":"https:\/\/www.studiobnc.net\/sito\/wp-content\/uploads\/2020\/03\/BNC.png","type":"image\/png"}],"twitter_card":"summary_large_image","schema":{"@context":"https:\/\/schema.org","@graph":[{"@type":"WebPage","@id":"https:\/\/www.studiobnc.net\/sito\/archivio-2021-i-venerdi-dello-studio-bnc\/","url":"https:\/\/www.studiobnc.net\/sito\/archivio-2021-i-venerdi-dello-studio-bnc\/","name":"Archivio 2021 - I venerd\u00ec dello studio BNC - Studio BNC","isPartOf":{"@id":"https:\/\/www.studiobnc.net\/sito\/#website"},"primaryImageOfPage":{"@id":"https:\/\/www.studiobnc.net\/sito\/archivio-2021-i-venerdi-dello-studio-bnc\/#primaryimage"},"image":{"@id":"https:\/\/www.studiobnc.net\/sito\/archivio-2021-i-venerdi-dello-studio-bnc\/#primaryimage"},"thumbnailUrl":"https:\/\/www.studiobnc.net\/sito\/wp-content\/uploads\/2020\/03\/BNC.png","datePublished":"2022-11-22T13:43:42+00:00","dateModified":"2022-11-22T13:43:58+00:00","breadcrumb":{"@id":"https:\/\/www.studiobnc.net\/sito\/archivio-2021-i-venerdi-dello-studio-bnc\/#breadcrumb"},"inLanguage":"it-IT","potentialAction":[{"@type":"ReadAction","target":["https:\/\/www.studiobnc.net\/sito\/archivio-2021-i-venerdi-dello-studio-bnc\/"]}]},{"@type":"ImageObject","inLanguage":"it-IT","@id":"https:\/\/www.studiobnc.net\/sito\/archivio-2021-i-venerdi-dello-studio-bnc\/#primaryimage","url":"https:\/\/www.studiobnc.net\/sito\/wp-content\/uploads\/2020\/03\/BNC.png","contentUrl":"https:\/\/www.studiobnc.net\/sito\/wp-content\/uploads\/2020\/03\/BNC.png","width":1448,"height":549},{"@type":"BreadcrumbList","@id":"https:\/\/www.studiobnc.net\/sito\/archivio-2021-i-venerdi-dello-studio-bnc\/#breadcrumb","itemListElement":[{"@type":"ListItem","position":1,"name":"Home","item":"https:\/\/www.studiobnc.net\/sito\/"},{"@type":"ListItem","position":2,"name":"Archivio 2021 &#8211; I venerd\u00ec dello studio BNC"}]},{"@type":"WebSite","@id":"https:\/\/www.studiobnc.net\/sito\/#website","url":"https:\/\/www.studiobnc.net\/sito\/","name":"Circolari Studio BNC","description":"Studio BNC","publisher":{"@id":"https:\/\/www.studiobnc.net\/sito\/#organization"},"potentialAction":[{"@type":"SearchAction","target":{"@type":"EntryPoint","urlTemplate":"https:\/\/www.studiobnc.net\/sito\/?s={search_term_string}"},"query-input":{"@type":"PropertyValueSpecification","valueRequired":true,"valueName":"search_term_string"}}],"inLanguage":"it-IT"},{"@type":"Organization","@id":"https:\/\/www.studiobnc.net\/sito\/#organization","name":"Studio BNC","url":"https:\/\/www.studiobnc.net\/sito\/","logo":{"@type":"ImageObject","inLanguage":"it-IT","@id":"https:\/\/www.studiobnc.net\/sito\/#\/schema\/logo\/image\/","url":"https:\/\/www.studiobnc.net\/sito\/wp-content\/uploads\/2020\/03\/BNC.png","contentUrl":"https:\/\/www.studiobnc.net\/sito\/wp-content\/uploads\/2020\/03\/BNC.png","width":1448,"height":549,"caption":"Studio BNC"},"image":{"@id":"https:\/\/www.studiobnc.net\/sito\/#\/schema\/logo\/image\/"},"sameAs":["http:\/\/linkedin.com\/company\/studio-bnc"]}]}},"_links":{"self":[{"href":"https:\/\/www.studiobnc.net\/sito\/wp-json\/wp\/v2\/pages\/2919","targetHints":{"allow":["GET"]}}],"collection":[{"href":"https:\/\/www.studiobnc.net\/sito\/wp-json\/wp\/v2\/pages"}],"about":[{"href":"https:\/\/www.studiobnc.net\/sito\/wp-json\/wp\/v2\/types\/page"}],"author":[{"embeddable":true,"href":"https:\/\/www.studiobnc.net\/sito\/wp-json\/wp\/v2\/users\/1"}],"replies":[{"embeddable":true,"href":"https:\/\/www.studiobnc.net\/sito\/wp-json\/wp\/v2\/comments?post=2919"}],"version-history":[{"count":0,"href":"https:\/\/www.studiobnc.net\/sito\/wp-json\/wp\/v2\/pages\/2919\/revisions"}],"wp:featuredmedia":[{"embeddable":true,"href":"https:\/\/www.studiobnc.net\/sito\/wp-json\/wp\/v2\/media\/329"}],"wp:attachment":[{"href":"https:\/\/www.studiobnc.net\/sito\/wp-json\/wp\/v2\/media?parent=2919"}],"curies":[{"name":"wp","href":"https:\/\/api.w.org\/{rel}","templated":true}]}}