{"id":914,"date":"2020-05-12T16:08:43","date_gmt":"2020-05-12T14:08:43","guid":{"rendered":"https:\/\/www.studiobnc.net\/sito\/?page_id=914"},"modified":"2022-11-22T14:50:01","modified_gmt":"2022-11-22T13:50:01","slug":"archivio-i-venerdi-dello-studio-bnc","status":"publish","type":"page","link":"https:\/\/www.studiobnc.net\/sito\/archivio-i-venerdi-dello-studio-bnc\/","title":{"rendered":"Archivio precedenti - I venerd\u00ec dello studio BNC"},"content":{"rendered":"<p>[et_pb_section fb_built=\"1\" admin_label=\"section\" _builder_version=\"4.16\" global_colors_info=\"{}\"][et_pb_row _builder_version=\"4.16\" global_colors_info=\"{}\"][et_pb_column type=\"4_4\" _builder_version=\"4.16\" global_colors_info=\"{}\"][et_pb_text _builder_version=\"4.16\" text_text_color=\"#628fc6\" text_font_size=\"40px\" text_line_height=\"1.8em\" global_colors_info=\"{}\"]<\/p>\n<p style=\"text-align: center;\">I venerd\u00ec dello Studio BNC - Eventi precedenti<\/p>\n<p>[\/et_pb_text][\/et_pb_column][\/et_pb_row][et_pb_row column_structure=\"1_2,1_2\" disabled_on=\"off|off|off\" admin_label=\"riga 1 cima\" _builder_version=\"4.16\" _module_preset=\"default\" global_colors_info=\"{}\"][et_pb_column type=\"1_2\" _builder_version=\"4.16\" _module_preset=\"default\" global_colors_info=\"{}\"][et_pb_video src=\"https:\/\/vimeo.com\/728095655\" thumbnail_overlay_color=\"rgba(0,0,0,0.6)\" admin_label=\"15 luglio Russo\" _builder_version=\"4.17.5\" locked=\"off\" global_colors_info=\"{}\"][\/et_pb_video][et_pb_text disabled_on=\"off|off|off\" _builder_version=\"4.17.5\" _module_preset=\"default\" locked=\"off\" global_colors_info=\"{}\"]<\/p>\n<div dir=\"auto\">\n<div dir=\"auto\">\n<p><em>In Italia tre persone su quattro non capiscono le basi della finanza.<\/em><\/p>\n<p>Ci\u00f2 significa che milioni di italiani non sono in grado di cogliere potenziali opportunit\u00e0 di investimento e di conseguenza sono a rischio di truffe o raggiri.<\/p>\n<p><em>Questo divario nella cultura finanziaria ha un enorme impatto sulla crescita dell'economia del nostro Paese, e per questo ora come non mai \u00e8 necessaria una cultura della formazione (e dell\u2019informazione) su come (e in cosa) investire.<\/em><\/p>\n<p>Abbiamo trattato questo e altri argomenti nella centoduesima puntata de \u201cI venerd\u00ec dello Studio BNC\u201d con <strong>Roberto Russo<\/strong>, Amministratore Unico della societ\u00e0 \"Il Valore Conta\" intervistato da <strong>Antonio Tognoli<\/strong>, responsabile Macro-analisi e Comunicazione presso Corporate Family Office SIM.<\/p>\n<\/div>\n<\/div>\n<p>[\/et_pb_text][\/et_pb_column][et_pb_column type=\"1_2\" _builder_version=\"4.16\" _module_preset=\"default\" global_colors_info=\"{}\"][et_pb_video src=\"https:\/\/vimeo.com\/726005865\" thumbnail_overlay_color=\"rgba(0,0,0,0.6)\" admin_label=\"8 luglio Albertini\" _builder_version=\"4.17.5\" locked=\"off\" global_colors_info=\"{}\"][\/et_pb_video][et_pb_text disabled_on=\"off|off|off\" _builder_version=\"4.17.5\" _module_preset=\"default\" locked=\"off\" global_colors_info=\"{}\"]<\/p>\n<div dir=\"auto\">\n<div dir=\"auto\">\n<p><em>Sono tantissime le persone che hanno visto l\u2019ex sindaco di Milano, <strong>Gabriele Albertini<\/strong> (quasi) nudo: fu quando apparve in mutande ad una sfilata di Valentino.<\/em><\/p>\n<p>Anche in questa intervista Albertini si denuda ma senza togliersi i vestiti, offrendosi alla curiosit\u00e0 dei lettori in modo estremamente sincero, sbandierando, come ha sempre fatto, le sue qualit\u00e0 e i suoi successi, non sono poche le une e sono tanti gli altri, ma svelandoci anche i suoi difetti e le sue debolezze,<br \/>che ci sono eccome se ci sono.<\/p>\n<p>A intervistarlo <strong>Sandro Neri<\/strong>, responsabile di QN Economia.<\/p>\n<\/div>\n<\/div>\n<p>[\/et_pb_text][\/et_pb_column][\/et_pb_row][et_pb_row column_structure=\"1_2,1_2\" disabled_on=\"off|off|off\" admin_label=\"riga 1 cima\" _builder_version=\"4.16\" _module_preset=\"default\" global_colors_info=\"{}\"][et_pb_column type=\"1_2\" _builder_version=\"4.16\" _module_preset=\"default\" global_colors_info=\"{}\"][et_pb_video src=\"https:\/\/vimeo.com\/723698399\" thumbnail_overlay_color=\"rgba(0,0,0,0.6)\" admin_label=\"17 giugno rossi\" _builder_version=\"4.17.4\" locked=\"off\" global_colors_info=\"{}\"][\/et_pb_video][et_pb_text disabled_on=\"off|off|off\" _builder_version=\"4.17.4\" _module_preset=\"default\" locked=\"off\" global_colors_info=\"{}\"]<\/p>\n<div dir=\"auto\">\n<div dir=\"auto\">\n<p>Un ospedale che fa ricerca cura meglio i propri pazienti. Questa \u00e8 la missione di FROM, un\u2019intuizione nata nel 2008 per promuovere la ricerca clinica \u2018dentro\u2019 l\u2019ospedale di Bergamo, allora Ospedali Riuniti e ora Papa Giovanni XXIII.<\/p>\n<p>Una ricerca vicina alle persone, che parte dai pazienti e porta risultati utili a tutti. Nella ricerca clinica gli studi di Fase 1, e cio\u00e8 la prima fase di sperimentazione sull\u2019uomo di farmaci e terapie innovative, sono particolarmente importanti e all\u2019ospedale di Bergamo hanno dimostrato sul campo la rilevanza del \u201cmetodo FROM\u201d.<\/p>\n<p>Ne abbiamo parlato nella centesima puntata de \"<em>I venerd\u00ec dello Studio BNC<\/em>\" con:<\/p>\n<p><strong>Dr. Antonello Gavazzi<\/strong>, Primario Emerito Ospedale Papa Giovanni XXII di Bergamo, Responsabile area Cardiologica FROM, Direttore Medico Unit\u00e0 Fase I ASST Papa Giovanni XXIII<\/p>\n<p><strong>Prof. Alessandro Rambaldi<\/strong>, Direttore Unit\u00e0 Operativa Complessa di Ematologia I ASST Papa Giovanni XXIII e Professore di Ematologia Universit\u00e0 degli Studi di Milano, Dipartimento di Oncologia ed Emato-Oncologia.<\/p>\n<p>A intervistarli: <strong>Elisabetta Olivari<\/strong>, Comunicatrice e Giornalista Bergamonews.<\/p>\n<\/div>\n<\/div>\n<p>[\/et_pb_text][\/et_pb_column][et_pb_column type=\"1_2\" _builder_version=\"4.16\" _module_preset=\"default\" global_colors_info=\"{}\"][et_pb_video src=\"https:\/\/vimeo.com\/722855238\" thumbnail_overlay_color=\"rgba(0,0,0,0.6)\" admin_label=\"24 giugno Cavalieri\" _builder_version=\"4.17.4\" locked=\"off\" global_colors_info=\"{}\"][\/et_pb_video][et_pb_text disabled_on=\"off|off|off\" _builder_version=\"4.17.4\" _module_preset=\"default\" locked=\"off\" global_colors_info=\"{}\"]<\/p>\n<div dir=\"auto\">\n<div dir=\"auto\">\n<p><em>Gli scenari cambiano e le Universit\u00e0 sono protagoniste nel ridisegnare il futuro.<\/em><\/p>\n<p>Nuove sfide a cui rispondere e una necessit\u00e0 di visione che vede l'ateneo bergamasco protagonista.<\/p>\n<p><em>Quali progetti e scenari ci aspettano in un futuro ricco di opportunit\u00e0 ma anche di incertezze?<\/em><\/p>\n<p>Ne abbiamo parlato con il Rettore <strong>Sergio Cavalieri <\/strong>intervistato da <strong>Dino Nikpalj<\/strong>, vicecaporedattore de L'Eco di Bergamo.<\/p>\n<\/div>\n<\/div>\n<p>[\/et_pb_text][\/et_pb_column][\/et_pb_row][et_pb_row column_structure=\"1_2,1_2\" disabled_on=\"off|off|off\" admin_label=\"riga 1 cima\" _builder_version=\"4.16\" _module_preset=\"default\" global_colors_info=\"{}\"][et_pb_column type=\"1_2\" _builder_version=\"4.16\" _module_preset=\"default\" global_colors_info=\"{}\"][et_pb_video src=\"https:\/\/vimeo.com\/719057285\" thumbnail_overlay_color=\"rgba(0,0,0,0.6)\" admin_label=\"17 giugno rossi\" _builder_version=\"4.17.4\" locked=\"off\" global_colors_info=\"{}\"][\/et_pb_video][et_pb_text disabled_on=\"off|off|off\" _builder_version=\"4.17.4\" _module_preset=\"default\" locked=\"off\" global_colors_info=\"{}\"]<\/p>\n<div dir=\"auto\">\n<div dir=\"auto\">\n<p><em>Lo spread corre. Ma forse frena.<\/em><\/p>\n<p>L'incertezza regna tra le banche centrali.<\/p>\n<p>Si va verso una fase di inflazione o possiamo ancora sperare in una crescita dell'economia? <em>Mentre gli italiani sono pronti ad andare in vacanza, gli economisti e i politici si interrogano su che inverno sar\u00e0.<\/em><\/p>\n<p>Freddo per la mancanza di gas o caldo per le tensioni sociali?<\/p>\n<p>A questo e ad altri quesiti del momento ha risposto <strong>Alessandro Rossi<\/strong>, direttore di Forbes Italia in dialogo con <strong>Antonio Tognoli<\/strong>, co head of research di Integrae Sim S.p.A.<\/p>\n<\/div>\n<\/div>\n<p>[\/et_pb_text][\/et_pb_column][et_pb_column type=\"1_2\" _builder_version=\"4.16\" _module_preset=\"default\" global_colors_info=\"{}\"][et_pb_video src=\"https:\/\/vimeo.com\/716736736\" thumbnail_overlay_color=\"rgba(0,0,0,0.6)\" admin_label=\"10 giugno\" _builder_version=\"4.17.4\" locked=\"off\" global_colors_info=\"{}\"][\/et_pb_video][et_pb_text disabled_on=\"off|off|off\" _builder_version=\"4.17.4\" _module_preset=\"default\" locked=\"off\" global_colors_info=\"{}\"]<\/p>\n<div dir=\"auto\">\n<div dir=\"auto\">\n<p><em>Capitali come risorse.<\/em><\/p>\n<p>I patrimoni familiari come supporto alle imprese familiari.<br \/>Il Private Banking riveste sempre pi\u00f9 un ruolo centrale nella gestione dei grandi patrimoni. Anche in Italia.<\/p>\n<p><em>Perch\u00e9 da sempre la piccola e media impresa, nel nostro Paese, \u00e8 creata attorno ad un nucleo familiare che sa essere attento al risparmio e sa creare veri e propri tesori.<\/em><\/p>\n<p>Ne abbiamo parlato con<strong> Mario Bombacigno<\/strong>, Responsabile Private Wealth Management Fideuram Intesa Sanpaolo Private Banking e <strong>Davide Agazzi<\/strong>, giornalista di Bergamonews.<\/p>\n<\/div>\n<\/div>\n<p>[\/et_pb_text][\/et_pb_column][\/et_pb_row][et_pb_row column_structure=\"1_2,1_2\" disabled_on=\"off|off|off\" admin_label=\"riga 1 cima\" _builder_version=\"4.16\" _module_preset=\"default\" global_colors_info=\"{}\"][et_pb_column type=\"1_2\" _builder_version=\"4.16\" _module_preset=\"default\" global_colors_info=\"{}\"][et_pb_video src=\"https:\/\/vimeo.com\/714421166\" thumbnail_overlay_color=\"rgba(0,0,0,0.6)\" admin_label=\"3 giugno cotti\" _builder_version=\"4.17.4\" locked=\"off\" global_colors_info=\"{}\"][\/et_pb_video][et_pb_text disabled_on=\"off|off|off\" _builder_version=\"4.17.4\" _module_preset=\"default\" locked=\"off\" global_colors_info=\"{}\"]<\/p>\n<div dir=\"auto\">\n<div dir=\"auto\">\n<p>Questa settimana si parla di musica e, in particolare, di Adriano Celentano e dei suoi 65 anni di carriera.<\/p>\n<p><em>Lo abbiamo fatto\u00a0 presentando il libro \u00abLe Robe di Adriano\u00bb di <strong>Sergio Cotti<\/strong>, edito da Bolis Edizioni.<\/em><\/p>\n<p>Il libro racconta, attraverso immagini e testimonianze, la lunga vita artistica del Molleggiato. Nel volume sono raccolti, per la prima volta, copertine di dischi, locandine, ritagli di giornali e decine di memorabilia.<\/p>\n<p>Il libro \u00e8 impreziosito da racconti e interviste a personaggi dello spettacolo che hanno lavorato con Adriano Celentano e che raccontano in prima persona storie e aneddoti sulla sua carriera. L\u2019autore ne ha parlato insieme al giornalista e scrittore <strong>Danilo Ruocco<\/strong>.<\/p>\n<\/div>\n<\/div>\n<p>[\/et_pb_text][\/et_pb_column][et_pb_column type=\"1_2\" _builder_version=\"4.16\" _module_preset=\"default\" global_colors_info=\"{}\"][et_pb_video src=\"https:\/\/vimeo.com\/712016240\" thumbnail_overlay_color=\"rgba(0,0,0,0.6)\" admin_label=\"violenza di genere 27 maggio\" _builder_version=\"4.17.4\" locked=\"off\" global_colors_info=\"{}\"][\/et_pb_video][et_pb_text disabled_on=\"off|off|off\" _builder_version=\"4.17.4\" _module_preset=\"default\" locked=\"off\" global_colors_info=\"{}\"]<\/p>\n<div dir=\"auto\">\n<div dir=\"auto\">\n<p class=\"Standard\"><em>La violenza di genere \u00e8 trasversale e si insidia sia nell'ambito familiare che in quello lavorativo. Se da una parte c'\u00e8 pi\u00f9 consapevolezza da parte delle donne, dall'altro, considerati i numeri dei femminicidi, c'\u00e8 ancora molto da fare.<\/em><\/p>\n<p class=\"Standard\">Nel mondo del lavoro la cultura sessista investe le donne anche nei ruoli apicali, ma esistono numerosi esempi virtuosi di aziende che favoriscono il lavoro femminile e aiutano le dipendenti nella conciliazione degli impegni lavorativi e familiari.<\/p>\n<p class=\"Standard\">Abbiamo analizzato l\u2019argomento con <strong>Stefania Sacchezin<\/strong>, Esperta in Psicotraumatologia e Psicologia dell\u2019emergenze e Facilitator e Supervisore Emdr, intervistata da <strong>Manuela Bergamonti<\/strong>, giornalista di Bergamonews.<\/p>\n<\/div>\n<\/div>\n<p>[\/et_pb_text][\/et_pb_column][\/et_pb_row][et_pb_row column_structure=\"1_2,1_2\" disabled_on=\"off|off|off\" admin_label=\"riga 1 cima\" _builder_version=\"4.16\" _module_preset=\"default\" global_colors_info=\"{}\"][et_pb_column type=\"1_2\" _builder_version=\"4.16\" _module_preset=\"default\" global_colors_info=\"{}\"][et_pb_video src=\"https:\/\/vimeo.com\/709470362\" thumbnail_overlay_color=\"rgba(0,0,0,0.6)\" admin_label=\"20 maggio cyber sicurezza\" _builder_version=\"4.17.4\" locked=\"off\" global_colors_info=\"{}\"][\/et_pb_video][et_pb_text disabled_on=\"off|off|off\" _builder_version=\"4.17.3\" _module_preset=\"default\" locked=\"off\" global_colors_info=\"{}\"]<\/p>\n<div dir=\"auto\">\n<div dir=\"auto\">\n<p>I benefici sono solo una parte del complesso processo di digitalizzazione dei sistemi di automazione di impianti produttivi e di infrastrutture critiche che hanno portato all\u2019efficientamento dell\u2019ambiente lavorativo oltre che a quello della qualit\u00e0 dei servizi offerti, nella prossima puntata de \u201cI venerd\u00ec dello Studio BNC\u201d analizzeremo invece i rischi aggiuntivi legati alla sicurezza delle infrastrutture digitali.<\/p>\n<p>Abbiamo ascoltato <strong>Alessio Aceti<\/strong> AD di Sababa Security S.p.A. intervistato da <strong>Micaela Osella,<\/strong> giornalista di Merger Market.<\/p>\n<\/div>\n<\/div>\n<p>[\/et_pb_text][\/et_pb_column][et_pb_column type=\"1_2\" _builder_version=\"4.16\" _module_preset=\"default\" global_colors_info=\"{}\"][et_pb_video src=\"https:\/\/vimeo.com\/706903223\" thumbnail_overlay_color=\"rgba(0,0,0,0.6)\" admin_label=\"La storia del ducato 13 maggio\" _builder_version=\"4.17.3\" locked=\"off\" global_colors_info=\"{}\"][\/et_pb_video][et_pb_text disabled_on=\"off|off|off\" _builder_version=\"4.17.3\" _module_preset=\"default\" locked=\"off\" global_colors_info=\"{}\"]<\/p>\n<div dir=\"auto\">\n<div dir=\"auto\">\n<p>Il Ducato di Piazza Pontida, sodalizio di tradizioni, cultura, arte e folclore, \u00e8 nato grazie all'estrosa fantasia di un personaggio molto noto in citt\u00e0 nei primi decenni del nostro secolo: Rodolfo Paris amante della musica, pianista, poeta e compositore di versi in bergamasco.<\/p>\n<p>Abbiamo incontrato il Duca di Piazza Pontida <strong>Mario Morotti<\/strong> e scoperto insieme le iniziative che, dopo un periodo di difficolt\u00e0 dovuto alla pandemia, ci permetteranno di riscoprire il Folclore e il futuro del Ducato.<\/p>\n<\/div>\n<\/div>\n<p>[\/et_pb_text][\/et_pb_column][\/et_pb_row][et_pb_row column_structure=\"1_2,1_2\" disabled_on=\"off|off|off\" admin_label=\"riga 1 cima\" _builder_version=\"4.16\" _module_preset=\"default\" global_colors_info=\"{}\"][et_pb_column type=\"1_2\" _builder_version=\"4.16\" _module_preset=\"default\" global_colors_info=\"{}\"][et_pb_video src=\"https:\/\/vimeo.com\/704503269\" thumbnail_overlay_color=\"rgba(0,0,0,0.6)\" admin_label=\"6 maggio\" _builder_version=\"4.16\" locked=\"off\" global_colors_info=\"{}\"][\/et_pb_video][et_pb_text disabled_on=\"off|off|off\" _builder_version=\"4.16\" _module_preset=\"default\" locked=\"off\" global_colors_info=\"{}\"]<\/p>\n<div dir=\"auto\">\n<div dir=\"auto\">\n<p>Molti eventi e cambiamenti che stiamo vivendo stanno cambiando anche la percezione del valore della sicurezza sui luoghi di lavoro.<br \/><em>Studenti che nell'alternanza scuola-lavoro perdono la vita, la pandemia del Covid che ha mostrato la fragilit\u00e0 della sicurezza sul lavoro di diverse categorie,<\/em> <em>l'ammasso di regole senza chiarezza e semplicit\u00e0 rendono evidente che ci\u00f2 che \u00e8 stato fatto finora non \u00e8 abbastanza.\u00a0<\/em><br \/>Come intervenire allora? Come avviare un cambiamento culturale?<br \/>\u00c8 arrivato il momento di avviare un ciclo innovativo, una nuova semina per coltivare la sicurezza del prossimo futuro<\/p>\n<\/div>\n<\/div>\n<p>[\/et_pb_text][\/et_pb_column][et_pb_column type=\"1_2\" _builder_version=\"4.16\" _module_preset=\"default\" global_colors_info=\"{}\"][et_pb_video src=\"https:\/\/vimeo.com\/703360701\" thumbnail_overlay_color=\"rgba(0,0,0,0.6)\" admin_label=\"29 aprile\" _builder_version=\"4.17.3\" locked=\"off\" global_colors_info=\"{}\"][\/et_pb_video][et_pb_text disabled_on=\"off|off|off\" _builder_version=\"4.16\" _module_preset=\"default\" locked=\"off\" global_colors_info=\"{}\"]<\/p>\n<div dir=\"auto\">\n<div dir=\"auto\">\n<p>Come comunica la politica ai tempi dei social?<\/p>\n<p><em>Che cosa \u00e8 cambiato?<\/em><\/p>\n<p>Come cambier\u00e0 con il metaverso?<\/p>\n<p>Un'analisi sul presente nell'era dei social che vive di grandi trasformazioni la comunicazione dei politici e della politica e uno sguardo sul futuro.<\/p>\n<\/div>\n<\/div>\n<p>[\/et_pb_text][\/et_pb_column][\/et_pb_row][et_pb_row column_structure=\"1_2,1_2\" disabled_on=\"off|off|off\" admin_label=\"riga 1 cima\" _builder_version=\"4.16\" _module_preset=\"default\" global_colors_info=\"{}\"][et_pb_column type=\"1_2\" _builder_version=\"4.16\" _module_preset=\"default\" global_colors_info=\"{}\"][et_pb_video src=\"https:\/\/vimeo.com\/700704991\" thumbnail_overlay_color=\"rgba(0,0,0,0.6)\" admin_label=\"22 aprile\" _builder_version=\"4.16\" locked=\"off\" global_colors_info=\"{}\"][\/et_pb_video][et_pb_text disabled_on=\"off|off|off\" _builder_version=\"4.16\" _module_preset=\"default\" locked=\"off\" global_colors_info=\"{}\"]<\/p>\n<p>Cambiare la pubblica amministrazione \u00e8 difficile, ma non impossibile.<\/p>\n<p>Deprimente come ogni sconfitta, quando non riesci.<\/p>\n<p><em>Emozionante, quando riesci.<\/em><\/p>\n<p><em>Perch\u00e9 \u00e8 una vittoria di tutti e tutte per tutti e tutte.<\/em><\/p>\n<p>Questo \u00e8 lo spirito contagioso attraverso le storie di donne e uomini che producono pubblici servizi nel punto del sistema pubblico pi\u00f9 vicino: i Comuni.<\/p>\n<p>Ne abbiamo parlato con <strong>Michele Bertola<\/strong>, autore e direttore generale del Comune di Bergamo e <strong>Carlo Mochi Sismondi<\/strong>, presidente di FORUMPA.<\/p>\n<p>[\/et_pb_text][\/et_pb_column][et_pb_column type=\"1_2\" _builder_version=\"4.16\" _module_preset=\"default\" global_colors_info=\"{}\"][et_pb_video src=\"https:\/\/vimeo.com\/698956944\" thumbnail_overlay_color=\"rgba(0,0,0,0.6)\" admin_label=\"15 aprile\" _builder_version=\"4.16\" locked=\"off\" global_colors_info=\"{}\"][\/et_pb_video][et_pb_text disabled_on=\"off|off|off\" _builder_version=\"4.16\" _module_preset=\"default\" locked=\"off\" global_colors_info=\"{}\"]<\/p>\n<div dir=\"auto\">\n<div dir=\"auto\">\n<p><em>Un adolescente su quattro presenta sintomi di depressione da Covid.<\/em><\/p>\n<p>Ma non sono solo i pi\u00f9 giovani a esserne colpiti: i disturbi psichiatrici sono sempre pi\u00f9 diffusi in ogni fascia d\u2019et\u00e0 e incidono pesantemente nelle dinamiche sociali e lavorative. Secondo gli esperti, stiamo andando incontro a una vera e propria nuova ondata di stress post traumatico.<\/p>\n<p><em>Il Sistema Sanitario Nazionale sar\u00e0 in grado di contenerla?<\/em><\/p>\n<p>Quanto, la dimensione digitale - inevitabilmente potenziata a fronte di un maggiore distanziamento sociale \u2013 sta acuendo il problema? E in che modo, ognuno di noi, pu\u00f2 tornare a prendersi cura della mente?<\/p>\n<p>A \u201cI venerd\u00ec dello Studio BNC\u201d, l\u2019analisi del prof.<strong> Furio Ravera<\/strong>.<\/p>\n<\/div>\n<\/div>\n<p>[\/et_pb_text][\/et_pb_column][\/et_pb_row][et_pb_row column_structure=\"1_2,1_2\" disabled_on=\"off|off|off\" admin_label=\"riga 1 cima\" _builder_version=\"4.16\" _module_preset=\"default\" global_colors_info=\"{}\"][et_pb_column type=\"1_2\" _builder_version=\"4.16\" _module_preset=\"default\" global_colors_info=\"{}\"][et_pb_video src=\"https:\/\/vimeo.com\/696428069\" thumbnail_overlay_color=\"rgba(0,0,0,0.6)\" admin_label=\"8 aprile\" _builder_version=\"4.16\" locked=\"off\" global_colors_info=\"{}\"][\/et_pb_video][et_pb_text disabled_on=\"off|off|off\" _builder_version=\"4.16\" _module_preset=\"default\" locked=\"off\" global_colors_info=\"{}\"]<\/p>\n<p><em>Dal bitcoin alle sfide delle monete digitali: le criptovalute parte della nostra vita e la blockchain.<\/em><br \/>Che futuro ci aspetta? Le criptovalute soppianteranno le valute legali? Ci troveremo a utilizzare gli euro digitali?<\/p>\n<p>Abbiamo affrontato l\u2019argomento con <strong>Mario Comana<\/strong>, professore di Economia degli Intermediari finanziari della LUISS Guido Carli intervistato da<strong> Antonio Tognoli<\/strong>, Head of Research di Integrae SIM e Giornalista finanziario<\/p>\n<p>[\/et_pb_text][\/et_pb_column][et_pb_column type=\"1_2\" _builder_version=\"4.16\" _module_preset=\"default\" global_colors_info=\"{}\"][et_pb_video src=\"https:\/\/vimeo.com\/693906246\" thumbnail_overlay_color=\"rgba(0,0,0,0.6)\" admin_label=\"1 aprile\" _builder_version=\"4.16\" locked=\"off\" global_colors_info=\"{}\"][\/et_pb_video][et_pb_text disabled_on=\"off|off|off\" _builder_version=\"4.16\" _module_preset=\"default\" locked=\"off\" global_colors_info=\"{}\"]<\/p>\n<div dir=\"auto\">\n<div dir=\"auto\">\n<p><em>Un'impresa ha sempre in s\u00e9 un rischio soprattutto in vista di un obiettivo ben preciso: la crescita.<\/em><\/p>\n<p>Modificare la pelle della propria azienda per raccogliere nuove sfide e puntare a importanti traguardi \u00e8 la scelta che ha intrapreso<strong> Bruno Pianetti<\/strong>, che ha deciso di accelerare lo sviluppo della sua Planetel ricorrendo al mercato dei capitali di rischio.<\/p>\n<p><em>Saper cogliere il vento del cambiamento per spiegare le vele e spingere verso nuove rotte \u00e8 la scelta di Pianetti.<\/em><\/p>\n<p>Questa \u00e8 un'occasione per conoscerlo meglio.<\/p>\n<p>A intervistarlo <strong>Davide Agazzi<\/strong>, giornalista di Bergamonews.<\/p>\n<\/div>\n<\/div>\n<p>[\/et_pb_text][\/et_pb_column][\/et_pb_row][et_pb_row column_structure=\"1_2,1_2\" disabled_on=\"off|off|off\" admin_label=\"riga 1 cima\" _builder_version=\"4.16\" _module_preset=\"default\" global_colors_info=\"{}\"][et_pb_column type=\"1_2\" _builder_version=\"4.16\" _module_preset=\"default\" global_colors_info=\"{}\"][et_pb_video src=\"https:\/\/vimeo.com\/691752397\" thumbnail_overlay_color=\"rgba(0,0,0,0.6)\" admin_label=\"25 marzo\" _builder_version=\"4.16\" locked=\"off\" global_colors_info=\"{}\"][\/et_pb_video][et_pb_text disabled_on=\"off|off|off\" _builder_version=\"4.16\" _module_preset=\"default\" locked=\"off\" global_colors_info=\"{}\"]<\/p>\n<p>\u201cContaminazione: la diversit\u00e0 che diventa arte\u201d<\/p>\n<p><em>La carriera del cantautore Rock&amp;Roll per eccellenza, contaminata da importanti passioni. Comunicatore e artista trasversale, amante di tutte le arti.<\/em><\/p>\n<p>Ne abbiamo parlato con <strong>Omar Pedrini<\/strong>, cantautore bresciano e <strong>Francesca Lai<\/strong>, giornalista di Bergamonews.<\/p>\n<p>[\/et_pb_text][\/et_pb_column][et_pb_column type=\"1_2\" _builder_version=\"4.16\" _module_preset=\"default\" global_colors_info=\"{}\"][et_pb_video src=\"https:\/\/vimeo.com\/688762605\" thumbnail_overlay_color=\"rgba(0,0,0,0.6)\" admin_label=\"18 marzo\" _builder_version=\"4.16\" locked=\"off\" global_colors_info=\"{}\"][\/et_pb_video][et_pb_text disabled_on=\"off|off|off\" _builder_version=\"4.16\" _module_preset=\"default\" locked=\"off\" global_colors_info=\"{}\"]<\/p>\n<div dir=\"auto\">\n<div dir=\"auto\">\n<p>Le infrastrutture sono essenziali per lo sviluppo di un'area e nella nostra regione stanno avvenendo cambiamenti enormi da questo punto di vista.<\/p>\n<p><em>Grandi aree evolvono e grandi innovazioni si presentano anche dal punto della mobilit\u00e0 e dei trasporti.<\/em><\/p>\n<p>Tutto questo percorso evolutivo presenta per\u00f2 enormi sfide, in particolare per il settore della mobilit\u00e0 a corto raggio.<\/p>\n<p>Abbiamo affrontato questo e altri argomenti\u00a0 con <strong>Giuseppe Bonomi<\/strong>, AD di Milanosesto S.p.A. e <strong>Antonio Tognol<\/strong>i, Head of Research di Integrae SIM e giornalista.<\/p>\n<\/div>\n<\/div>\n<p>[\/et_pb_text][\/et_pb_column][\/et_pb_row][et_pb_row column_structure=\"1_2,1_2\" disabled_on=\"off|off|off\" admin_label=\"riga 1 cima\" _builder_version=\"4.16\" _module_preset=\"default\" global_colors_info=\"{}\"][et_pb_column type=\"1_2\" _builder_version=\"4.16\" _module_preset=\"default\" global_colors_info=\"{}\"][et_pb_video src=\"https:\/\/vimeo.com\/686305206\" thumbnail_overlay_color=\"rgba(0,0,0,0.6)\" admin_label=\"11 marzo\" _builder_version=\"4.16\" locked=\"off\" global_colors_info=\"{}\"][\/et_pb_video][et_pb_text disabled_on=\"off|off|off\" _builder_version=\"4.16\" _module_preset=\"default\" locked=\"off\" global_colors_info=\"{}\"]<\/p>\n<p><em>Qual \u00e8 il ruolo dell'educazione in questo momento storico cos\u00ec complesso?<\/em><\/p>\n<p><em>Come hanno reagito i giovani alle restrizioni dovute alla pandemia e come accompagnarli per renderli degli adulti consapevoli?<\/em><\/p>\n<p>Ne abbiamo parlato con <strong>Laura Milani<\/strong>, torinese, imprenditore, manager e consulente in ambito cultura, education e arte contemporanea e esperta di strategie per l\u2019innovazione e <strong>Manuela Bergamonti<\/strong>, giornalista di Bergamonews.<\/p>\n<p>[\/et_pb_text][\/et_pb_column][et_pb_column type=\"1_2\" _builder_version=\"4.16\" _module_preset=\"default\" global_colors_info=\"{}\"][et_pb_video src=\"https:\/\/vimeo.com\/684125157\" thumbnail_overlay_color=\"rgba(0,0,0,0.6)\" admin_label=\"4 marzo\" _builder_version=\"4.16\" locked=\"off\" global_colors_info=\"{}\"][\/et_pb_video][et_pb_text disabled_on=\"off|off|off\" _builder_version=\"4.16\" _module_preset=\"default\" locked=\"off\" global_colors_info=\"{}\"]<\/p>\n<div dir=\"auto\">\n<div dir=\"auto\">\n<p>Inclusione, un processo che non \u00e8 ancora la norma ma che getta le basi contro ogni discriminazione perseguendo un futuro e uno sviluppo migliore.<\/p>\n<p><em>Ma cosa significa cambiare il paradigma per essere pi\u00f9 inclusivi? E quali sono i vantaggi \u00a0derivanti dal percorrere questa strada?<\/em><\/p>\n<p>In questa puntata abbiamo analizzato il tema con <strong>Dina Ravera<\/strong>, Presidente del CDA di Destination Italia S.p.A. (Societ\u00e0 quotata alla Borsa di Milano EGM) e <strong>Antonio Tognoli<\/strong>, Head of Research di Integrae SIM e giornalista.<\/p>\n<\/div>\n<\/div>\n<p>[\/et_pb_text][\/et_pb_column][\/et_pb_row][et_pb_row column_structure=\"1_2,1_2\" disabled_on=\"off|off|off\" admin_label=\"riga 1 cima\" _builder_version=\"4.16\" _module_preset=\"default\" global_colors_info=\"{}\"][et_pb_column type=\"1_2\" _builder_version=\"4.16\" _module_preset=\"default\" global_colors_info=\"{}\"][et_pb_text disabled_on=\"on|on|on\" admin_label=\"Testo\" _builder_version=\"4.16\" _module_preset=\"default\" text_text_color=\"#0075b5\" text_font_size=\"25px\" disabled=\"on\" global_colors_info=\"{}\"]<\/p>\n<p style=\"text-align: center;\">Edizione speciale - Mercoled\u00ec 2 marzo<\/p>\n<p>[\/et_pb_text][et_pb_video src=\"https:\/\/vimeo.com\/681945395\" thumbnail_overlay_color=\"rgba(0,0,0,0.6)\" admin_label=\"2 marzo\" _builder_version=\"4.16\" locked=\"off\" global_colors_info=\"{}\"][\/et_pb_video][et_pb_text disabled_on=\"off|off|off\" _builder_version=\"4.16\" _module_preset=\"default\" locked=\"off\" global_colors_info=\"{}\"]<\/p>\n<p><em>La guerra russo-ucraina ci pone di fronte a numerosi interrogativi, che vanno dalla strategia all'informazione e dall'analisi militare a quella geopolitica.<\/em><\/p>\n<p>In questa puntata straordinaria abbiamo cercato di dare una risposta a qualcuno di questi interrogativi con <strong>Marco Cimmino<\/strong>, storico della Societ\u00e0 Italiana di Storia Militare, intervistato da <strong>Dino Nikpalj<\/strong>, giornalista de L\u2019Eco di Bergamo.<\/p>\n<p>[\/et_pb_text][\/et_pb_column][et_pb_column type=\"1_2\" _builder_version=\"4.16\" _module_preset=\"default\" global_colors_info=\"{}\"][et_pb_text disabled_on=\"on|on|on\" _builder_version=\"4.16\" _module_preset=\"default\" text_text_color=\"#0075b5\" text_font_size=\"25px\" disabled=\"on\" global_colors_info=\"{}\"]<\/p>\n<p style=\"text-align: center;\">Venerd\u00ec scorso<\/p>\n<p>[\/et_pb_text][et_pb_video src=\"https:\/\/vimeo.com\/680784527\" thumbnail_overlay_color=\"rgba(0,0,0,0.6)\" admin_label=\"25 febbraio\" _builder_version=\"4.16\" locked=\"off\" global_colors_info=\"{}\"][\/et_pb_video][et_pb_text disabled_on=\"off|off|off\" _builder_version=\"4.16\" _module_preset=\"default\" locked=\"off\" global_colors_info=\"{}\"]<\/p>\n<div dir=\"auto\">\n<div dir=\"auto\">\n<p><em>\u201cAnche tu sei un brand. Che tu lo sappia o no. Che ti piaccia o no.\u201d Marc Eck\u014d<\/em><\/p>\n<p>Il personal branding \u00e8 un concetto ai pi\u00f9 sconosciuto, che permette di promuoversi e condividere le proprie skills.<\/p>\n<p><em>Ma in cosa consiste questo percorso evolutivo? E come ci pu\u00f2 permettere di migliorare nel modo di comunicare?<\/em><\/p>\n<p>Questo il focus della prossima puntata che vedr\u00e0 il dialogo tra <strong>Marco Bacini<\/strong>, Professore di marketing e Imprenditore e<strong> Antonio Tognoli<\/strong>, Head of Research di Integrae SIM e giornalista.<\/p>\n<\/div>\n<\/div>\n<p>[\/et_pb_text][\/et_pb_column][\/et_pb_row][et_pb_row column_structure=\"1_2,1_2\" disabled_on=\"off|off|off\" admin_label=\"riga 1 cima\" _builder_version=\"4.16\" _module_preset=\"default\" global_colors_info=\"{}\"][et_pb_column type=\"1_2\" _builder_version=\"4.16\" _module_preset=\"default\" global_colors_info=\"{}\"][et_pb_text disabled_on=\"on|on|on\" _builder_version=\"4.16\" _module_preset=\"default\" text_text_color=\"#0075b5\" text_font_size=\"25px\" disabled=\"on\" global_colors_info=\"{}\"]<\/p>\n<p style=\"text-align: center;\">Venerd\u00ec scorso<\/p>\n<p>[\/et_pb_text][et_pb_video src=\"https:\/\/vimeo.com\/678667394\" thumbnail_overlay_color=\"rgba(0,0,0,0.6)\" admin_label=\"18 febbraio\" _builder_version=\"4.16\" locked=\"off\" global_colors_info=\"{}\"][\/et_pb_video][et_pb_text disabled_on=\"off|off|off\" _builder_version=\"4.16\" _module_preset=\"default\" locked=\"off\" global_colors_info=\"{}\"]<\/p>\n<p>Il 2021 \u00e8 stato un anno caratterizzato da forte incertezza del contesto economico e sociale.<\/p>\n<p><em>Come ha reagito il settore investimenti? Quali le sfide per il 2022?\u00a0<\/em><\/p>\n<p>Ne abbiamo discusso con <strong>Stefano Vecchi<\/strong>, Head of Wealth Management &amp; Private Banking Italy di UniCredit e <strong>Antonio Tognoli<\/strong>, Head of Research di Integrae SIM e giornalista.<\/p>\n<p>[\/et_pb_text][\/et_pb_column][et_pb_column type=\"1_2\" _builder_version=\"4.16\" _module_preset=\"default\" global_colors_info=\"{}\"][et_pb_text disabled_on=\"on|on|on\" _builder_version=\"4.16\" _module_preset=\"default\" text_text_color=\"#0075b5\" text_font_size=\"25px\" disabled=\"on\" global_colors_info=\"{}\"]<\/p>\n<p style=\"text-align: center;\">Venerd\u00ec 11 febbraio<\/p>\n<p>[\/et_pb_text][et_pb_video src=\"https:\/\/vimeo.com\/675416781\" thumbnail_overlay_color=\"rgba(0,0,0,0.6)\" admin_label=\"28 gennaio\" _builder_version=\"4.16\" locked=\"off\" global_colors_info=\"{}\"][\/et_pb_video][et_pb_text disabled_on=\"off|off|off\" _builder_version=\"4.16\" _module_preset=\"default\" locked=\"off\" global_colors_info=\"{}\"]<\/p>\n<div dir=\"auto\">\n<div dir=\"auto\">\n<p>L'Italia di oggi soffre di una cronica mancanza di ricambio meritocratico nella sua classe dirigente, imprenditoriale e politica, che la sta condannando al declino.<\/p>\n<p><em>Aristocrazia 2.0 \u00e8 il progetto possibile di una nuova \u00e9lite del talento e della competenza che pu\u00f2 portare finalmente il nostro Paese fuori dalla palude di impoverimento e decadenza in cui si trova da quarant'anni a questa parte, resa ancora pi\u00f9 profonda dalla pandemia di Covid.<\/em><\/p>\n<p>Ne abbiamo parlato con <strong>Roger Abravanel<\/strong>, economista e autore del libro \u201cAristocrazia 2.0. Una nuova \u00e9lite per salvare l'Italia\u201d e <strong>Antonio Tognoli<\/strong>, Head of Equity Research di Integrae SIM e giornalista.<\/p>\n<\/div>\n<\/div>\n<p>[\/et_pb_text][\/et_pb_column][\/et_pb_row][et_pb_row column_structure=\"1_2,1_2\" disabled_on=\"off|off|off\" admin_label=\"riga 1 cima\" _builder_version=\"4.16\" _module_preset=\"default\" global_colors_info=\"{}\"][et_pb_column type=\"1_2\" _builder_version=\"4.16\" _module_preset=\"default\" global_colors_info=\"{}\"][et_pb_text disabled_on=\"on|on|on\" _builder_version=\"4.16\" _module_preset=\"default\" text_text_color=\"#0075b5\" text_font_size=\"25px\" disabled=\"on\" global_colors_info=\"{}\"]<\/p>\n<p style=\"text-align: center;\">Venerd\u00ec scorso<\/p>\n<p>[\/et_pb_text][et_pb_video src=\"https:\/\/vimeo.com\/673111028\" thumbnail_overlay_color=\"rgba(0,0,0,0.6)\" admin_label=\"15 maggio\" _builder_version=\"4.16\" locked=\"off\" global_colors_info=\"{}\"][\/et_pb_video][et_pb_text disabled_on=\"off|off|off\" _builder_version=\"4.16\" _module_preset=\"default\" locked=\"off\" global_colors_info=\"{}\"]<\/p>\n<p>Bollata dai giudici come \u201cfantapolitica o romanzo che potrebbe risultare interessante se non vi fossero coinvolte 81 persone\u201d, la strage di Ustica \u00e8 uno dei disastri pi\u00f9 controversi della storia italiana.<\/p>\n<p><em>Ma quali sono le certezze che abbiamo dopo oltre quarant\u2019anni sulla storia dell\u2019abbattimento di quel DC-9 di Itavia? E come \u00e8 possibile tanta divergenza all\u2019interno delle istituzioni su questo tema?<\/em><\/p>\n<p>Questo il focus di questa puntata che ha visto in dialogo il Generale dell\u2019Aeronautica <strong>Leonardo Tricarico<\/strong>, co-autore insieme a Gregory Alegi di \u201cUstica, un\u2019ingiustizia civile\u201d, libro che analizza le complicate fasi legate al disastro e <strong>Andrea Lombardi<\/strong>, intervistatore e streamer.<\/p>\n<p>[\/et_pb_text][\/et_pb_column][et_pb_column type=\"1_2\" _builder_version=\"4.16\" _module_preset=\"default\" global_colors_info=\"{}\"][et_pb_text disabled_on=\"on|on|on\" _builder_version=\"4.16\" _module_preset=\"default\" text_text_color=\"#0075b5\" text_font_size=\"25px\" disabled=\"on\" global_colors_info=\"{}\"]<\/p>\n<p style=\"text-align: center;\">Venerd\u00ec 28 gennaio<\/p>\n<p>[\/et_pb_text][et_pb_video src=\"https:\/\/vimeo.com\/669377216\" thumbnail_overlay_color=\"rgba(0,0,0,0.6)\" admin_label=\"28 gennaio\" _builder_version=\"4.16\" locked=\"off\" global_colors_info=\"{}\"][\/et_pb_video][et_pb_text disabled_on=\"off|off|off\" _builder_version=\"4.16\" _module_preset=\"default\" locked=\"off\" global_colors_info=\"{}\"]<\/p>\n<div dir=\"auto\">\n<div dir=\"auto\">\n<p><em>Pu\u00f2 la storia di una ragazza di 14 anni, morta dopo due anni di lotta contro un tumore, generare una scia di speranza che, a dieci anni di distanza, cresce giorno dopo giorno anzich\u00e9 esaurirsi?<\/em><\/p>\n<p>\u00c8 il grande paradosso che si trovano a vivere i familiari, gli amici e tutti coloro che hanno avuto il privilegio di conoscere <strong>Giulia Gabrieli<\/strong>, morta a Bergamo il 19 agosto del 2011 e per la quale si \u00e8 da poco chiusa la fase diocesana della causa di beatificazione. La sua storia, un inno alla vita che ha intercettato in modo trasversale la sensibilit\u00e0 di persone di diversa et\u00e0, estrazione sociale e culturale, \u00e8 raccontata nel libro \u201cUn gancio in mezzo al cielo\u201d (Edizioni Paoline, 2012, 16 ristampe, tradotto in 4 lingue) e in una video-testimonianza.<\/p>\n<p>Ne hanno parlato <strong>Antonio<\/strong> e <strong>Sara Gabrieli<\/strong>, genitori di Giulia e fondatori dell'associazione <strong>conGiulia Onlus<\/strong>,\u00a0 in dialogo con <strong>Fabio Finazzi<\/strong>, giornalista del Corriere della Sera.<\/p>\n<\/div>\n<\/div>\n<p>[\/et_pb_text][\/et_pb_column][\/et_pb_row][et_pb_row column_structure=\"1_2,1_2\" disabled_on=\"off|off|off\" admin_label=\"riga 1 cima\" _builder_version=\"4.16\" _module_preset=\"default\" global_colors_info=\"{}\"][et_pb_column type=\"1_2\" _builder_version=\"4.16\" _module_preset=\"default\" global_colors_info=\"{}\"][et_pb_text disabled_on=\"on|on|on\" _builder_version=\"4.16\" _module_preset=\"default\" text_text_color=\"#0075b5\" text_font_size=\"25px\" disabled=\"on\" global_colors_info=\"{}\"]<\/p>\n<p style=\"text-align: center;\">Venerd\u00ec scorso<\/p>\n<p>[\/et_pb_text][et_pb_video src=\"https:\/\/vimeo.com\/668311552\" thumbnail_overlay_color=\"rgba(0,0,0,0.6)\" admin_label=\"15 maggio\" _builder_version=\"4.16\" locked=\"off\" global_colors_info=\"{}\"][\/et_pb_video][et_pb_text disabled_on=\"off|off|off\" _builder_version=\"4.16\" _module_preset=\"default\" locked=\"off\" global_colors_info=\"{}\"]<\/p>\n<div dir=\"auto\">\n<div dir=\"auto\">\n<p>\"Il mondo nuovo, le sfide e le opportunit\u00e0 per ripartire dopo la pandemia\"<\/p>\n<p>Le sfide e le opportunit\u00e0 per ripartire dopo la pandemia.<\/p>\n<p>Ma anche in che modo aziende e risparmiatori possono contribuire al cambiamento.<\/p>\n<p>Questi alcuni dei temi affrontati da <strong>Mariangela Pira<\/strong>, una delle voci pi\u00f9 apprezzate dell'informazione quotidiana di Sky TG24 intervistata da <strong>Silvia Pagliuca<\/strong>, giornalista professionista specializzata in innovazione, sostenibilit\u00e0 e mercato del lavoro.<\/p>\n<\/div>\n<\/div>\n<p>[\/et_pb_text][\/et_pb_column][et_pb_column type=\"1_2\" _builder_version=\"4.16\" _module_preset=\"default\" global_colors_info=\"{}\"][et_pb_text disabled_on=\"on|on|on\" _builder_version=\"4.16\" _module_preset=\"default\" text_text_color=\"#0075b5\" text_font_size=\"25px\" disabled=\"on\" global_colors_info=\"{}\"]<\/p>\n<p style=\"text-align: center;\">Venerd\u00ec 21 gennaio<\/p>\n<p>[\/et_pb_text][et_pb_video src=\"https:\/\/vimeo.com\/665254949\" thumbnail_overlay_color=\"rgba(0,0,0,0.6)\" admin_label=\"15 maggio\" _builder_version=\"4.16\" locked=\"off\" global_colors_info=\"{}\"][\/et_pb_video][et_pb_text disabled_on=\"off|off|off\" _builder_version=\"4.16\" _module_preset=\"default\" locked=\"off\" global_colors_info=\"{}\"]<\/p>\n<div dir=\"auto\">\n<div dir=\"auto\">\n<p>\u00c8 uno dei musei pi\u00f9 conosciuti di Bergamo, un\u2019autentica istituzione che accoglie chiunque arrivi in Citt\u00e0 Alta.<\/p>\n<p><em>Ma quali sono le sfide che il museo di scienze naturali \u201cEnrico Caffi\u201d deve affrontare oggi e nel futuro?<\/em><\/p>\n<p>Ne abbiamo parlato con <strong>Marco Valle<\/strong>, Direttore del Museo Civico di Scienze Naturali \u201cEnrico Caffi\u201d e presidente della SISN - Societ\u00e0 Italiana Scienze Naturali, intervistato da <strong>Dino Nikpalj<\/strong>, giornalista de L\u2019Eco di Bergamo.<\/p>\n<\/div>\n<\/div>\n<p>[\/et_pb_text][\/et_pb_column][\/et_pb_row][et_pb_row _builder_version=\"4.16\" locked=\"off\" global_colors_info=\"{}\"][et_pb_column type=\"4_4\" _builder_version=\"4.16\" global_colors_info=\"{}\"][et_pb_button button_url=\"https:\/\/www.studiobnc.net\/sito\/archivio-2021-i-venerdi-dello-studio-bnc\/\" url_new_window=\"on\" button_text=\"Vuoi vedere gli eventi del 2021? Clicca QUI\" button_alignment=\"center\" _builder_version=\"4.19.0\" custom_margin=\"||||false|false\" locked=\"off\" global_colors_info=\"{}\"][\/et_pb_button][\/et_pb_column][\/et_pb_row][\/et_pb_section]<\/p>\n","protected":false},"excerpt":{"rendered":"<p>I venerd\u00ec dello Studio BNC - Eventi precedenti In Italia tre persone su quattro non capiscono le basi della finanza. Ci\u00f2 significa che milioni di italiani non sono in grado di cogliere potenziali opportunit\u00e0 di investimento e di conseguenza sono a rischio di truffe o raggiri. Questo divario nella cultura finanziaria ha un enorme impatto [&hellip;]<\/p>\n","protected":false},"author":1,"featured_media":329,"parent":0,"menu_order":0,"comment_status":"closed","ping_status":"closed","template":"","meta":{"_et_pb_use_builder":"on","_et_pb_old_content":"","_et_gb_content_width":"","footnotes":""},"class_list":["post-914","page","type-page","status-publish","has-post-thumbnail","hentry"],"yoast_head":"<!-- This site is optimized with the Yoast SEO plugin v27.4 - https:\/\/yoast.com\/product\/yoast-seo-wordpress\/ -->\n<title>Archivio precedenti - I venerd\u00ec dello studio BNC - Studio BNC<\/title>\n<meta name=\"robots\" content=\"index, follow, max-snippet:-1, max-image-preview:large, max-video-preview:-1\" \/>\n<link rel=\"canonical\" href=\"https:\/\/www.studiobnc.net\/sito\/archivio-i-venerdi-dello-studio-bnc\/\" \/>\n<meta property=\"og:locale\" content=\"it_IT\" \/>\n<meta property=\"og:type\" content=\"article\" \/>\n<meta property=\"og:title\" content=\"Archivio precedenti - I venerd\u00ec dello studio BNC - Studio BNC\" \/>\n<meta property=\"og:description\" content=\"I venerd\u00ec dello Studio BNC - Eventi precedenti In Italia tre persone su quattro non capiscono le basi della finanza. Ci\u00f2 significa che milioni di italiani non sono in grado di cogliere potenziali opportunit\u00e0 di investimento e di conseguenza sono a rischio di truffe o raggiri. Questo divario nella cultura finanziaria ha un enorme impatto [&hellip;]\" \/>\n<meta property=\"og:url\" content=\"https:\/\/www.studiobnc.net\/sito\/archivio-i-venerdi-dello-studio-bnc\/\" \/>\n<meta property=\"og:site_name\" content=\"Studio BNC\" \/>\n<meta property=\"article:modified_time\" content=\"2022-11-22T13:50:01+00:00\" \/>\n<meta property=\"og:image\" content=\"https:\/\/www.studiobnc.net\/sito\/wp-content\/uploads\/2020\/03\/BNC.png\" \/>\n\t<meta property=\"og:image:width\" content=\"1448\" \/>\n\t<meta property=\"og:image:height\" content=\"549\" \/>\n\t<meta property=\"og:image:type\" content=\"image\/png\" \/>\n<meta name=\"twitter:card\" content=\"summary_large_image\" \/>\n<script type=\"application\/ld+json\" class=\"yoast-schema-graph\">{\"@context\":\"https:\\\/\\\/schema.org\",\"@graph\":[{\"@type\":\"WebPage\",\"@id\":\"https:\\\/\\\/www.studiobnc.net\\\/sito\\\/archivio-i-venerdi-dello-studio-bnc\\\/\",\"url\":\"https:\\\/\\\/www.studiobnc.net\\\/sito\\\/archivio-i-venerdi-dello-studio-bnc\\\/\",\"name\":\"Archivio precedenti - I venerd\u00ec dello studio BNC - Studio BNC\",\"isPartOf\":{\"@id\":\"https:\\\/\\\/www.studiobnc.net\\\/sito\\\/#website\"},\"primaryImageOfPage\":{\"@id\":\"https:\\\/\\\/www.studiobnc.net\\\/sito\\\/archivio-i-venerdi-dello-studio-bnc\\\/#primaryimage\"},\"image\":{\"@id\":\"https:\\\/\\\/www.studiobnc.net\\\/sito\\\/archivio-i-venerdi-dello-studio-bnc\\\/#primaryimage\"},\"thumbnailUrl\":\"https:\\\/\\\/www.studiobnc.net\\\/sito\\\/wp-content\\\/uploads\\\/2020\\\/03\\\/BNC.png\",\"datePublished\":\"2020-05-12T14:08:43+00:00\",\"dateModified\":\"2022-11-22T13:50:01+00:00\",\"breadcrumb\":{\"@id\":\"https:\\\/\\\/www.studiobnc.net\\\/sito\\\/archivio-i-venerdi-dello-studio-bnc\\\/#breadcrumb\"},\"inLanguage\":\"it-IT\",\"potentialAction\":[{\"@type\":\"ReadAction\",\"target\":[\"https:\\\/\\\/www.studiobnc.net\\\/sito\\\/archivio-i-venerdi-dello-studio-bnc\\\/\"]}]},{\"@type\":\"ImageObject\",\"inLanguage\":\"it-IT\",\"@id\":\"https:\\\/\\\/www.studiobnc.net\\\/sito\\\/archivio-i-venerdi-dello-studio-bnc\\\/#primaryimage\",\"url\":\"https:\\\/\\\/www.studiobnc.net\\\/sito\\\/wp-content\\\/uploads\\\/2020\\\/03\\\/BNC.png\",\"contentUrl\":\"https:\\\/\\\/www.studiobnc.net\\\/sito\\\/wp-content\\\/uploads\\\/2020\\\/03\\\/BNC.png\",\"width\":1448,\"height\":549},{\"@type\":\"BreadcrumbList\",\"@id\":\"https:\\\/\\\/www.studiobnc.net\\\/sito\\\/archivio-i-venerdi-dello-studio-bnc\\\/#breadcrumb\",\"itemListElement\":[{\"@type\":\"ListItem\",\"position\":1,\"name\":\"Home\",\"item\":\"https:\\\/\\\/www.studiobnc.net\\\/sito\\\/\"},{\"@type\":\"ListItem\",\"position\":2,\"name\":\"Archivio precedenti &#8211; I venerd\u00ec dello studio BNC\"}]},{\"@type\":\"WebSite\",\"@id\":\"https:\\\/\\\/www.studiobnc.net\\\/sito\\\/#website\",\"url\":\"https:\\\/\\\/www.studiobnc.net\\\/sito\\\/\",\"name\":\"Circolari Studio BNC\",\"description\":\"Studio BNC\",\"publisher\":{\"@id\":\"https:\\\/\\\/www.studiobnc.net\\\/sito\\\/#organization\"},\"potentialAction\":[{\"@type\":\"SearchAction\",\"target\":{\"@type\":\"EntryPoint\",\"urlTemplate\":\"https:\\\/\\\/www.studiobnc.net\\\/sito\\\/?s={search_term_string}\"},\"query-input\":{\"@type\":\"PropertyValueSpecification\",\"valueRequired\":true,\"valueName\":\"search_term_string\"}}],\"inLanguage\":\"it-IT\"},{\"@type\":\"Organization\",\"@id\":\"https:\\\/\\\/www.studiobnc.net\\\/sito\\\/#organization\",\"name\":\"Studio BNC\",\"url\":\"https:\\\/\\\/www.studiobnc.net\\\/sito\\\/\",\"logo\":{\"@type\":\"ImageObject\",\"inLanguage\":\"it-IT\",\"@id\":\"https:\\\/\\\/www.studiobnc.net\\\/sito\\\/#\\\/schema\\\/logo\\\/image\\\/\",\"url\":\"https:\\\/\\\/www.studiobnc.net\\\/sito\\\/wp-content\\\/uploads\\\/2020\\\/03\\\/BNC.png\",\"contentUrl\":\"https:\\\/\\\/www.studiobnc.net\\\/sito\\\/wp-content\\\/uploads\\\/2020\\\/03\\\/BNC.png\",\"width\":1448,\"height\":549,\"caption\":\"Studio BNC\"},\"image\":{\"@id\":\"https:\\\/\\\/www.studiobnc.net\\\/sito\\\/#\\\/schema\\\/logo\\\/image\\\/\"},\"sameAs\":[\"http:\\\/\\\/linkedin.com\\\/company\\\/studio-bnc\"]}]}<\/script>\n<!-- \/ Yoast SEO plugin. -->","yoast_head_json":{"title":"Archivio precedenti - I venerd\u00ec dello studio BNC - Studio BNC","robots":{"index":"index","follow":"follow","max-snippet":"max-snippet:-1","max-image-preview":"max-image-preview:large","max-video-preview":"max-video-preview:-1"},"canonical":"https:\/\/www.studiobnc.net\/sito\/archivio-i-venerdi-dello-studio-bnc\/","og_locale":"it_IT","og_type":"article","og_title":"Archivio precedenti - I venerd\u00ec dello studio BNC - Studio BNC","og_description":"I venerd\u00ec dello Studio BNC - Eventi precedenti In Italia tre persone su quattro non capiscono le basi della finanza. Ci\u00f2 significa che milioni di italiani non sono in grado di cogliere potenziali opportunit\u00e0 di investimento e di conseguenza sono a rischio di truffe o raggiri. Questo divario nella cultura finanziaria ha un enorme impatto [&hellip;]","og_url":"https:\/\/www.studiobnc.net\/sito\/archivio-i-venerdi-dello-studio-bnc\/","og_site_name":"Studio BNC","article_modified_time":"2022-11-22T13:50:01+00:00","og_image":[{"width":1448,"height":549,"url":"https:\/\/www.studiobnc.net\/sito\/wp-content\/uploads\/2020\/03\/BNC.png","type":"image\/png"}],"twitter_card":"summary_large_image","schema":{"@context":"https:\/\/schema.org","@graph":[{"@type":"WebPage","@id":"https:\/\/www.studiobnc.net\/sito\/archivio-i-venerdi-dello-studio-bnc\/","url":"https:\/\/www.studiobnc.net\/sito\/archivio-i-venerdi-dello-studio-bnc\/","name":"Archivio precedenti - I venerd\u00ec dello studio BNC - Studio BNC","isPartOf":{"@id":"https:\/\/www.studiobnc.net\/sito\/#website"},"primaryImageOfPage":{"@id":"https:\/\/www.studiobnc.net\/sito\/archivio-i-venerdi-dello-studio-bnc\/#primaryimage"},"image":{"@id":"https:\/\/www.studiobnc.net\/sito\/archivio-i-venerdi-dello-studio-bnc\/#primaryimage"},"thumbnailUrl":"https:\/\/www.studiobnc.net\/sito\/wp-content\/uploads\/2020\/03\/BNC.png","datePublished":"2020-05-12T14:08:43+00:00","dateModified":"2022-11-22T13:50:01+00:00","breadcrumb":{"@id":"https:\/\/www.studiobnc.net\/sito\/archivio-i-venerdi-dello-studio-bnc\/#breadcrumb"},"inLanguage":"it-IT","potentialAction":[{"@type":"ReadAction","target":["https:\/\/www.studiobnc.net\/sito\/archivio-i-venerdi-dello-studio-bnc\/"]}]},{"@type":"ImageObject","inLanguage":"it-IT","@id":"https:\/\/www.studiobnc.net\/sito\/archivio-i-venerdi-dello-studio-bnc\/#primaryimage","url":"https:\/\/www.studiobnc.net\/sito\/wp-content\/uploads\/2020\/03\/BNC.png","contentUrl":"https:\/\/www.studiobnc.net\/sito\/wp-content\/uploads\/2020\/03\/BNC.png","width":1448,"height":549},{"@type":"BreadcrumbList","@id":"https:\/\/www.studiobnc.net\/sito\/archivio-i-venerdi-dello-studio-bnc\/#breadcrumb","itemListElement":[{"@type":"ListItem","position":1,"name":"Home","item":"https:\/\/www.studiobnc.net\/sito\/"},{"@type":"ListItem","position":2,"name":"Archivio precedenti &#8211; I venerd\u00ec dello studio BNC"}]},{"@type":"WebSite","@id":"https:\/\/www.studiobnc.net\/sito\/#website","url":"https:\/\/www.studiobnc.net\/sito\/","name":"Circolari Studio BNC","description":"Studio BNC","publisher":{"@id":"https:\/\/www.studiobnc.net\/sito\/#organization"},"potentialAction":[{"@type":"SearchAction","target":{"@type":"EntryPoint","urlTemplate":"https:\/\/www.studiobnc.net\/sito\/?s={search_term_string}"},"query-input":{"@type":"PropertyValueSpecification","valueRequired":true,"valueName":"search_term_string"}}],"inLanguage":"it-IT"},{"@type":"Organization","@id":"https:\/\/www.studiobnc.net\/sito\/#organization","name":"Studio BNC","url":"https:\/\/www.studiobnc.net\/sito\/","logo":{"@type":"ImageObject","inLanguage":"it-IT","@id":"https:\/\/www.studiobnc.net\/sito\/#\/schema\/logo\/image\/","url":"https:\/\/www.studiobnc.net\/sito\/wp-content\/uploads\/2020\/03\/BNC.png","contentUrl":"https:\/\/www.studiobnc.net\/sito\/wp-content\/uploads\/2020\/03\/BNC.png","width":1448,"height":549,"caption":"Studio BNC"},"image":{"@id":"https:\/\/www.studiobnc.net\/sito\/#\/schema\/logo\/image\/"},"sameAs":["http:\/\/linkedin.com\/company\/studio-bnc"]}]}},"_links":{"self":[{"href":"https:\/\/www.studiobnc.net\/sito\/wp-json\/wp\/v2\/pages\/914","targetHints":{"allow":["GET"]}}],"collection":[{"href":"https:\/\/www.studiobnc.net\/sito\/wp-json\/wp\/v2\/pages"}],"about":[{"href":"https:\/\/www.studiobnc.net\/sito\/wp-json\/wp\/v2\/types\/page"}],"author":[{"embeddable":true,"href":"https:\/\/www.studiobnc.net\/sito\/wp-json\/wp\/v2\/users\/1"}],"replies":[{"embeddable":true,"href":"https:\/\/www.studiobnc.net\/sito\/wp-json\/wp\/v2\/comments?post=914"}],"version-history":[{"count":0,"href":"https:\/\/www.studiobnc.net\/sito\/wp-json\/wp\/v2\/pages\/914\/revisions"}],"wp:featuredmedia":[{"embeddable":true,"href":"https:\/\/www.studiobnc.net\/sito\/wp-json\/wp\/v2\/media\/329"}],"wp:attachment":[{"href":"https:\/\/www.studiobnc.net\/sito\/wp-json\/wp\/v2\/media?parent=914"}],"curies":[{"name":"wp","href":"https:\/\/api.w.org\/{rel}","templated":true}]}}